
{"id":8388,"date":"2023-10-18T14:50:50","date_gmt":"2023-10-18T14:50:50","guid":{"rendered":"https:\/\/algarverealestate.com\/pt\/portugal\/praias-2\/"},"modified":"2026-02-04T13:48:07","modified_gmt":"2026-02-04T13:48:07","slug":"praias-2","status":"publish","type":"algarve","link":"https:\/\/algarverealestate.com\/pt\/algarve\/praias-2\/","title":{"rendered":"Praias 2"},"content":{"rendered":"<h2>As centenas de praias do Algarve<\/h2>\n<p>Uma viagem visual por centenas de fotos de praias algarvias capturadas ao longo dos anos. Atualizamos continuamente nossa cole\u00e7\u00e3o com novas imagens e as informa\u00e7\u00f5es mais recentes.<\/p>\n<figure class=\"wp-block-image\"><img src=\"https:\/\/algarverealestate.com\/pt\/wp-content\/uploads\/2026\/01\/algarve-portugal-beaches-map.jpg\" width=\"2000\" height=\"1477\" class=\"wp-image-8430\" alt=\"Mapa das 133 praias do Algarve\" srcset=\"https:\/\/algarverealestate.com\/pt\/wp-content\/uploads\/2026\/01\/algarve-portugal-beaches-map-125x83.jpg 125w, https:\/\/algarverealestate.com\/pt\/wp-content\/uploads\/2026\/01\/algarve-portugal-beaches-map-150x150.jpg 150w, https:\/\/algarverealestate.com\/pt\/wp-content\/uploads\/2026\/01\/algarve-portugal-beaches-map-300x222.jpg 300w, https:\/\/algarverealestate.com\/pt\/wp-content\/uploads\/2026\/01\/algarve-portugal-beaches-map-430x293.jpg 430w, https:\/\/algarverealestate.com\/pt\/wp-content\/uploads\/2026\/01\/algarve-portugal-beaches-map-768x567.jpg 768w, https:\/\/algarverealestate.com\/pt\/wp-content\/uploads\/2026\/01\/algarve-portugal-beaches-map-880x586.jpg 880w, https:\/\/algarverealestate.com\/pt\/wp-content\/uploads\/2026\/01\/algarve-portugal-beaches-map.jpg 2000w\" sizes=\"(max-width: 2000px) 100vw, 2000px\" loading=\"eager\" decoding=\"async\" fetchpriority=\"high\"><figcaption><em>A costa Sul de Portugal tem mais de 133 praias para descobrir!<\/em><br \/>O mapa das praias do Algarve foi criado para o ajudar a conhecer todas as praias existentes ao longo da costa algarvia, a partir de Vila Real de Santo Ant\u00f3nio na fronteira sul de Portugal com Espanha, passando pelas praias mais conhecidas, as praias mais rec\u00f4nditas, at\u00e9 Odeceixe, na costa algarvia fronteira com o Alentejo. Veja abaixo a lista das praias algarvias e conhe\u00e7a as principais caracter\u00edsticas de cada uma\u2026 s\u00e3o mais de 133 as praias do sul de Portugal por descobrir!<\/figcaption><\/figure>\n<h2>Praias da Costa Oeste Algarvia (Costa Vicentina)<\/h2>\n<p>O Barlavento Algarvio (Costa Vicentina) abrange as praias mais ocidentais do Algarve at\u00e9 ao Alentejo. Aqui as praias s\u00e3o um pouco mais selvagens, acidentadas e menos movimentadas, voltadas para o Atl\u00e2ntico e muitas vezes mais ventosas \u2013 ideais para o surf.<\/p>\n<ol start=\"01\">\n<li><a href=\"https:\/\/algarverealestate.com\/pt\/wp-content\/uploads\/2026\/01\/algarve-portugal-beaches-map.jpg\">ver n\u00famero de praia no mapa<\/a><\/li>\n<\/ol>\n<figure class=\"wp-block-image\"><img src=\"https:\/\/algarverealestate.com\/pt\/wp-content\/uploads\/2026\/01\/01-praia-de-odeceixe-aljezur.jpg\" width=\"1400\" height=\"933\" class=\"wp-image-8458\" alt=\"Uma vista panor\u00e2mica abre-se para a Praia de Odeceixe, um para\u00edso para os surfistas na costa oeste do Algarve, no distrito de Aljezur, em Portugal. Um banco de areia, moldado pelo rio, enfeita a cena, enquanto o rio encontra o oceano do lado direito da praia. \u00c0 esquerda, uma pequena aldeia de casas pitorescas empoleira-se no topo da fal\u00e9sia, com vista panor\u00e2mica para a costa.\" srcset=\"https:\/\/algarverealestate.com\/pt\/wp-content\/uploads\/2026\/01\/01-praia-de-odeceixe-aljezur-125x83.jpg 125w, https:\/\/algarverealestate.com\/pt\/wp-content\/uploads\/2026\/01\/01-praia-de-odeceixe-aljezur-150x150.jpg 150w, https:\/\/algarverealestate.com\/pt\/wp-content\/uploads\/2026\/01\/01-praia-de-odeceixe-aljezur-300x200.jpg 300w, https:\/\/algarverealestate.com\/pt\/wp-content\/uploads\/2026\/01\/01-praia-de-odeceixe-aljezur-430x293.jpg 430w, https:\/\/algarverealestate.com\/pt\/wp-content\/uploads\/2026\/01\/01-praia-de-odeceixe-aljezur-768x512.jpg 768w, https:\/\/algarverealestate.com\/pt\/wp-content\/uploads\/2026\/01\/01-praia-de-odeceixe-aljezur-880x586.jpg 880w, https:\/\/algarverealestate.com\/pt\/wp-content\/uploads\/2026\/01\/01-praia-de-odeceixe-aljezur.jpg 1400w\" sizes=\"(max-width: 1400px) 100vw, 1400px\" loading=\"lazy\" decoding=\"async\"><figcaption>Uma vista panor\u00e2mica abre-se para a Praia de Odeceixe, um para\u00edso para os surfistas na costa oeste do Algarve, no distrito de Aljezur, em Portugal. Um banco de areia, moldado pelo rio, enfeita a cena, enquanto o rio encontra o oceano do lado direito da praia. \u00c0 esquerda, uma pequena aldeia de casas pitorescas empoleira-se no topo da fal\u00e9sia, com vista panor\u00e2mica para a costa.<\/figcaption><\/figure>\n<ol start=\"03\">\n<li><a href=\"https:\/\/algarverealestate.com\/pt\/wp-content\/uploads\/2026\/01\/algarve-portugal-beaches-map.jpg\">ver n\u00famero de praia no mapa<\/a><\/li>\n<\/ol>\n<figure class=\"wp-block-image\"><img src=\"https:\/\/algarverealestate.com\/pt\/wp-content\/uploads\/2026\/01\/03-praia-vale-dos-homens3.jpg\" width=\"1400\" height=\"1051\" class=\"wp-image-8459\" alt=\"A Praia de Vale dos Homens \u00e9 um retiro tranquilo, com vista para sul dominada por altas fal\u00e9sias que criam um deslumbrante anfiteatro natural.\" srcset=\"https:\/\/algarverealestate.com\/pt\/wp-content\/uploads\/2026\/01\/03-praia-vale-dos-homens3-125x83.jpg 125w, https:\/\/algarverealestate.com\/pt\/wp-content\/uploads\/2026\/01\/03-praia-vale-dos-homens3-150x150.jpg 150w, https:\/\/algarverealestate.com\/pt\/wp-content\/uploads\/2026\/01\/03-praia-vale-dos-homens3-300x225.jpg 300w, https:\/\/algarverealestate.com\/pt\/wp-content\/uploads\/2026\/01\/03-praia-vale-dos-homens3-430x293.jpg 430w, https:\/\/algarverealestate.com\/pt\/wp-content\/uploads\/2026\/01\/03-praia-vale-dos-homens3-768x577.jpg 768w, https:\/\/algarverealestate.com\/pt\/wp-content\/uploads\/2026\/01\/03-praia-vale-dos-homens3-880x586.jpg 880w, https:\/\/algarverealestate.com\/pt\/wp-content\/uploads\/2026\/01\/03-praia-vale-dos-homens3.jpg 1400w\" sizes=\"(max-width: 1400px) 100vw, 1400px\" loading=\"lazy\" decoding=\"async\"><figcaption>A Praia de Vale dos Homens \u00e9 um retiro tranquilo, com vista para sul dominada por altas fal\u00e9sias que criam um deslumbrante anfiteatro natural.<\/figcaption><\/figure>\n<ol start=\"04\">\n<li><a href=\"https:\/\/algarverealestate.com\/pt\/wp-content\/uploads\/2026\/01\/algarve-portugal-beaches-map.jpg\">ver n\u00famero de praia no mapa<\/a><\/li>\n<\/ol>\n<figure class=\"wp-block-image\"><img src=\"https:\/\/algarverealestate.com\/pt\/wp-content\/uploads\/2026\/01\/04-praia-da-carriagem-3.jpg\" width=\"1400\" height=\"933\" class=\"wp-image-8460\" alt=\"A Praia da Carriagem no Rogil, Aljezur, Portugal apresenta uma vista \u00fanica das forma\u00e7\u00f5es rochosas na praia na mar\u00e9 baixa, ainda mais acentuada pelas impressionantes fal\u00e9sias que rodeiam este sereno local \u00e0 beira-mar.\" srcset=\"https:\/\/algarverealestate.com\/pt\/wp-content\/uploads\/2026\/01\/04-praia-da-carriagem-3-125x83.jpg 125w, https:\/\/algarverealestate.com\/pt\/wp-content\/uploads\/2026\/01\/04-praia-da-carriagem-3-150x150.jpg 150w, https:\/\/algarverealestate.com\/pt\/wp-content\/uploads\/2026\/01\/04-praia-da-carriagem-3-300x200.jpg 300w, https:\/\/algarverealestate.com\/pt\/wp-content\/uploads\/2026\/01\/04-praia-da-carriagem-3-430x293.jpg 430w, https:\/\/algarverealestate.com\/pt\/wp-content\/uploads\/2026\/01\/04-praia-da-carriagem-3-768x512.jpg 768w, https:\/\/algarverealestate.com\/pt\/wp-content\/uploads\/2026\/01\/04-praia-da-carriagem-3-880x586.jpg 880w, https:\/\/algarverealestate.com\/pt\/wp-content\/uploads\/2026\/01\/04-praia-da-carriagem-3.jpg 1400w\" sizes=\"(max-width: 1400px) 100vw, 1400px\" loading=\"lazy\" decoding=\"async\"><figcaption>A Praia da Carriagem no Rogil, Aljezur, Portugal apresenta uma vista \u00fanica das forma\u00e7\u00f5es rochosas na praia na mar\u00e9 baixa, ainda mais acentuada pelas impressionantes fal\u00e9sias que rodeiam este sereno local \u00e0 beira-mar.<\/figcaption><\/figure>\n<ol start=\"05\">\n<li><a href=\"https:\/\/algarverealestate.com\/pt\/wp-content\/uploads\/2026\/01\/algarve-portugal-beaches-map.jpg\">ver n\u00famero de praia no mapa<\/a><\/li>\n<\/ol>\n<figure class=\"wp-block-image\"><img src=\"https:\/\/algarverealestate.com\/pt\/wp-content\/uploads\/2026\/01\/05-amoreira-beach.jpg\" width=\"1400\" height=\"1050\" class=\"wp-image-8461\" alt=\"Do alto da fal\u00e9sia, a Praia da Amoreira revela uma paisagem de beleza natural de cortar a respira\u00e7\u00e3o. A vista \u00e9 marcada pelas dunas tendo como pano de fundo o oceano.\" srcset=\"https:\/\/algarverealestate.com\/pt\/wp-content\/uploads\/2026\/01\/05-amoreira-beach-125x83.jpg 125w, https:\/\/algarverealestate.com\/pt\/wp-content\/uploads\/2026\/01\/05-amoreira-beach-150x150.jpg 150w, https:\/\/algarverealestate.com\/pt\/wp-content\/uploads\/2026\/01\/05-amoreira-beach-300x225.jpg 300w, https:\/\/algarverealestate.com\/pt\/wp-content\/uploads\/2026\/01\/05-amoreira-beach-430x293.jpg 430w, https:\/\/algarverealestate.com\/pt\/wp-content\/uploads\/2026\/01\/05-amoreira-beach-768x576.jpg 768w, https:\/\/algarverealestate.com\/pt\/wp-content\/uploads\/2026\/01\/05-amoreira-beach-880x586.jpg 880w, https:\/\/algarverealestate.com\/pt\/wp-content\/uploads\/2026\/01\/05-amoreira-beach.jpg 1400w\" sizes=\"(max-width: 1400px) 100vw, 1400px\" loading=\"lazy\" decoding=\"async\"><figcaption>Do alto da fal\u00e9sia, a Praia da Amoreira revela uma paisagem de beleza natural de cortar a respira\u00e7\u00e3o. A vista \u00e9 marcada pelas dunas tendo como pano de fundo o oceano.<\/figcaption><\/figure>\n<ol start=\"05\">\n<li><a href=\"https:\/\/algarverealestate.com\/pt\/wp-content\/uploads\/2026\/01\/algarve-portugal-beaches-map.jpg\">ver n\u00famero de praia no mapa<\/a><\/li>\n<\/ol>\n<figure class=\"wp-block-image\"><img src=\"https:\/\/algarverealestate.com\/pt\/wp-content\/uploads\/2026\/01\/05-praia-da-amoreira-1.jpg\" width=\"1400\" height=\"1052\" class=\"wp-image-8462\" alt=\"Na Praia da Amoreira, no Algarve, Portugal, dram\u00e1ticas fal\u00e9sias rochosas marcham em dire\u00e7\u00e3o ao oceano, sua grandeza espelhada por intrigantes forma\u00e7\u00f5es rochosas reveladas na costa arenosa na mar\u00e9 baixa\" srcset=\"https:\/\/algarverealestate.com\/pt\/wp-content\/uploads\/2026\/01\/05-praia-da-amoreira-1-125x83.jpg 125w, https:\/\/algarverealestate.com\/pt\/wp-content\/uploads\/2026\/01\/05-praia-da-amoreira-1-150x150.jpg 150w, https:\/\/algarverealestate.com\/pt\/wp-content\/uploads\/2026\/01\/05-praia-da-amoreira-1-300x225.jpg 300w, https:\/\/algarverealestate.com\/pt\/wp-content\/uploads\/2026\/01\/05-praia-da-amoreira-1-430x293.jpg 430w, https:\/\/algarverealestate.com\/pt\/wp-content\/uploads\/2026\/01\/05-praia-da-amoreira-1-768x577.jpg 768w, https:\/\/algarverealestate.com\/pt\/wp-content\/uploads\/2026\/01\/05-praia-da-amoreira-1-880x586.jpg 880w, https:\/\/algarverealestate.com\/pt\/wp-content\/uploads\/2026\/01\/05-praia-da-amoreira-1.jpg 1400w\" sizes=\"(max-width: 1400px) 100vw, 1400px\" loading=\"lazy\" decoding=\"async\"><figcaption>Na Praia da Amoreira, no Algarve, Portugal, dram\u00e1ticas fal\u00e9sias rochosas marcham em dire\u00e7\u00e3o ao oceano, sua grandeza espelhada por intrigantes forma\u00e7\u00f5es rochosas reveladas na costa arenosa na mar\u00e9 baixa<\/figcaption><\/figure>\n<ol start=\"07\">\n<li><a href=\"https:\/\/algarverealestate.com\/pt\/wp-content\/uploads\/2026\/01\/algarve-portugal-beaches-map.jpg\">ver n\u00famero de praia no mapa<\/a><\/li>\n<\/ol>\n<figure class=\"wp-block-image\"><img src=\"https:\/\/algarverealestate.com\/pt\/wp-content\/uploads\/2026\/01\/07-monte-clerigo-beach-01.jpg\" width=\"1400\" height=\"1050\" class=\"wp-image-8463\" alt=\"A Praia do Monte Cl\u00e9rigo, vista de sul a norte, revela uma pitoresca orla em meia-lua adornada com casas. Na mar\u00e9 baixa, surgem forma\u00e7\u00f5es rochosas na praia.\" srcset=\"https:\/\/algarverealestate.com\/pt\/wp-content\/uploads\/2026\/01\/07-monte-clerigo-beach-01-125x83.jpg 125w, https:\/\/algarverealestate.com\/pt\/wp-content\/uploads\/2026\/01\/07-monte-clerigo-beach-01-150x150.jpg 150w, https:\/\/algarverealestate.com\/pt\/wp-content\/uploads\/2026\/01\/07-monte-clerigo-beach-01-300x225.jpg 300w, https:\/\/algarverealestate.com\/pt\/wp-content\/uploads\/2026\/01\/07-monte-clerigo-beach-01-430x293.jpg 430w, https:\/\/algarverealestate.com\/pt\/wp-content\/uploads\/2026\/01\/07-monte-clerigo-beach-01-768x576.jpg 768w, https:\/\/algarverealestate.com\/pt\/wp-content\/uploads\/2026\/01\/07-monte-clerigo-beach-01-880x586.jpg 880w, https:\/\/algarverealestate.com\/pt\/wp-content\/uploads\/2026\/01\/07-monte-clerigo-beach-01.jpg 1400w\" sizes=\"(max-width: 1400px) 100vw, 1400px\" loading=\"lazy\" decoding=\"async\"><figcaption>A Praia do Monte Cl\u00e9rigo, vista de sul a norte, revela uma pitoresca orla em meia-lua adornada com casas. Na mar\u00e9 baixa, surgem forma\u00e7\u00f5es rochosas na praia.<\/figcaption><\/figure>\n<ol start=\"07\">\n<li><a href=\"https:\/\/algarverealestate.com\/pt\/wp-content\/uploads\/2026\/01\/algarve-portugal-beaches-map.jpg\">ver n\u00famero de praia no mapa<\/a><\/li>\n<\/ol>\n<figure class=\"wp-block-image\"><img src=\"https:\/\/algarverealestate.com\/pt\/wp-content\/uploads\/2026\/01\/07-monte-clerigo-beach-02.jpg\" width=\"1400\" height=\"1050\" class=\"wp-image-8464\" alt=\"A vista Sul da Praia do Monte Cl\u00e9rigo na mar\u00e9 baixa revela uma paisagem diversificada. As forma\u00e7\u00f5es rochosas, entremeadas por areia lisa, destacam as impressionantes vistas das fal\u00e9sias, apresentando um retrato cativante desta zona costeira.\" srcset=\"https:\/\/algarverealestate.com\/pt\/wp-content\/uploads\/2026\/01\/07-monte-clerigo-beach-02-125x83.jpg 125w, https:\/\/algarverealestate.com\/pt\/wp-content\/uploads\/2026\/01\/07-monte-clerigo-beach-02-150x150.jpg 150w, https:\/\/algarverealestate.com\/pt\/wp-content\/uploads\/2026\/01\/07-monte-clerigo-beach-02-300x225.jpg 300w, https:\/\/algarverealestate.com\/pt\/wp-content\/uploads\/2026\/01\/07-monte-clerigo-beach-02-430x293.jpg 430w, https:\/\/algarverealestate.com\/pt\/wp-content\/uploads\/2026\/01\/07-monte-clerigo-beach-02-768x576.jpg 768w, https:\/\/algarverealestate.com\/pt\/wp-content\/uploads\/2026\/01\/07-monte-clerigo-beach-02-880x586.jpg 880w, https:\/\/algarverealestate.com\/pt\/wp-content\/uploads\/2026\/01\/07-monte-clerigo-beach-02.jpg 1400w\" sizes=\"(max-width: 1400px) 100vw, 1400px\" loading=\"lazy\" decoding=\"async\"><figcaption>A vista Sul da Praia do Monte Cl\u00e9rigo na mar\u00e9 baixa revela uma paisagem diversificada. As forma\u00e7\u00f5es rochosas, entremeadas por areia lisa, destacam as impressionantes vistas das fal\u00e9sias, apresentando um retrato cativante desta zona costeira.<\/figcaption><\/figure>\n<ol start=\"07\">\n<li><a href=\"https:\/\/algarverealestate.com\/pt\/wp-content\/uploads\/2026\/01\/algarve-portugal-beaches-map.jpg\">ver n\u00famero de praia no mapa<\/a><\/li>\n<\/ol>\n<figure class=\"wp-block-image\"><img src=\"https:\/\/algarverealestate.com\/pt\/wp-content\/uploads\/2026\/01\/07-praia-monte-clerigo1.jpg\" width=\"1400\" height=\"933\" class=\"wp-image-8465\" alt=\"O inverno na Praia de Monte Cl\u00e9rigo no Algarve, Portugal apresenta um ambiente tranquilo. A praia meia-lua \u00e9 cercada por uma pitoresca vila de casas, oferecendo um cen\u00e1rio panor\u00e2mico para uma caminhada r\u00e1pida ao longo da costa.\" srcset=\"https:\/\/algarverealestate.com\/pt\/wp-content\/uploads\/2026\/01\/07-praia-monte-clerigo1-125x83.jpg 125w, https:\/\/algarverealestate.com\/pt\/wp-content\/uploads\/2026\/01\/07-praia-monte-clerigo1-150x150.jpg 150w, https:\/\/algarverealestate.com\/pt\/wp-content\/uploads\/2026\/01\/07-praia-monte-clerigo1-300x200.jpg 300w, https:\/\/algarverealestate.com\/pt\/wp-content\/uploads\/2026\/01\/07-praia-monte-clerigo1-430x293.jpg 430w, https:\/\/algarverealestate.com\/pt\/wp-content\/uploads\/2026\/01\/07-praia-monte-clerigo1-768x512.jpg 768w, https:\/\/algarverealestate.com\/pt\/wp-content\/uploads\/2026\/01\/07-praia-monte-clerigo1-880x586.jpg 880w, https:\/\/algarverealestate.com\/pt\/wp-content\/uploads\/2026\/01\/07-praia-monte-clerigo1.jpg 1400w\" sizes=\"(max-width: 1400px) 100vw, 1400px\" loading=\"lazy\" decoding=\"async\"><figcaption>O inverno na Praia de Monte Cl\u00e9rigo no Algarve, Portugal apresenta um ambiente tranquilo. A praia meia-lua \u00e9 cercada por uma pitoresca vila de casas, oferecendo um cen\u00e1rio panor\u00e2mico para uma caminhada r\u00e1pida ao longo da costa.<\/figcaption><\/figure>\n<ol start=\"7\">\n<li><a href=\"https:\/\/algarverealestate.com\/pt\/wp-content\/uploads\/2026\/01\/algarve-portugal-beaches-map.jpg\">ver n\u00famero de praia no mapa<\/a><\/li>\n<\/ol>\n<figure class=\"wp-block-image\"><img src=\"https:\/\/algarverealestate.com\/pt\/wp-content\/uploads\/2026\/01\/7-ponta-da-atalaia.jpg\" width=\"1400\" height=\"1050\" class=\"wp-image-8466\" alt=\"Aprecie a vista deslumbrante da Praia do Medo da Fonte Santa, onde a Praia da Coelha forma uma silhueta pitoresca no horizonte. Foto tirada da cativante Ponta da Atalaia, criando um panorama deslumbrante de diversas belezas naturais.\" srcset=\"https:\/\/algarverealestate.com\/pt\/wp-content\/uploads\/2026\/01\/7-ponta-da-atalaia-125x83.jpg 125w, https:\/\/algarverealestate.com\/pt\/wp-content\/uploads\/2026\/01\/7-ponta-da-atalaia-150x150.jpg 150w, https:\/\/algarverealestate.com\/pt\/wp-content\/uploads\/2026\/01\/7-ponta-da-atalaia-300x225.jpg 300w, https:\/\/algarverealestate.com\/pt\/wp-content\/uploads\/2026\/01\/7-ponta-da-atalaia-430x293.jpg 430w, https:\/\/algarverealestate.com\/pt\/wp-content\/uploads\/2026\/01\/7-ponta-da-atalaia-768x576.jpg 768w, https:\/\/algarverealestate.com\/pt\/wp-content\/uploads\/2026\/01\/7-ponta-da-atalaia-880x586.jpg 880w, https:\/\/algarverealestate.com\/pt\/wp-content\/uploads\/2026\/01\/7-ponta-da-atalaia.jpg 1400w\" sizes=\"(max-width: 1400px) 100vw, 1400px\" loading=\"lazy\" decoding=\"async\"><figcaption>Aprecie a vista deslumbrante da Praia do Medo da Fonte Santa, onde a Praia da Coelha forma uma silhueta pitoresca no horizonte. Foto tirada da cativante Ponta da Atalaia, criando um panorama deslumbrante de diversas belezas naturais.<\/figcaption><\/figure>\n<ol start=\"08\">\n<li><a href=\"https:\/\/algarverealestate.com\/pt\/wp-content\/uploads\/2026\/01\/algarve-portugal-beaches-map.jpg\">ver n\u00famero de praia no mapa<\/a><\/li>\n<\/ol>\n<figure class=\"wp-block-image\"><img src=\"https:\/\/algarverealestate.com\/pt\/wp-content\/uploads\/2026\/01\/08-praia-da-arrifana.jpg\" width=\"1400\" height=\"933\" class=\"wp-image-8467\" alt=\"No Parque Natural do Sudoeste Alentejano e Costa Vicentina, Portugal, a Praia da Arrifana surge como um popular local de surf. Uma vis\u00e3o de norte a sul do topo das fal\u00e9sias revela a beleza deste cen\u00e1rio natural.\" srcset=\"https:\/\/algarverealestate.com\/pt\/wp-content\/uploads\/2026\/01\/08-praia-da-arrifana-125x83.jpg 125w, https:\/\/algarverealestate.com\/pt\/wp-content\/uploads\/2026\/01\/08-praia-da-arrifana-150x150.jpg 150w, https:\/\/algarverealestate.com\/pt\/wp-content\/uploads\/2026\/01\/08-praia-da-arrifana-300x200.jpg 300w, https:\/\/algarverealestate.com\/pt\/wp-content\/uploads\/2026\/01\/08-praia-da-arrifana-430x293.jpg 430w, https:\/\/algarverealestate.com\/pt\/wp-content\/uploads\/2026\/01\/08-praia-da-arrifana-768x512.jpg 768w, https:\/\/algarverealestate.com\/pt\/wp-content\/uploads\/2026\/01\/08-praia-da-arrifana-880x586.jpg 880w, https:\/\/algarverealestate.com\/pt\/wp-content\/uploads\/2026\/01\/08-praia-da-arrifana.jpg 1400w\" sizes=\"(max-width: 1400px) 100vw, 1400px\" loading=\"lazy\" decoding=\"async\"><figcaption>No Parque Natural do Sudoeste Alentejano e Costa Vicentina, Portugal, a Praia da Arrifana surge como um popular local de surf. Uma vis\u00e3o de norte a sul do topo das fal\u00e9sias revela a beleza deste cen\u00e1rio natural.<\/figcaption><\/figure>\n<ol start=\"09\">\n<li><a href=\"https:\/\/algarverealestate.com\/pt\/wp-content\/uploads\/2026\/01\/algarve-portugal-beaches-map.jpg\">ver n\u00famero de praia no mapa<\/a><\/li>\n<\/ol>\n<figure class=\"wp-block-image\"><img src=\"https:\/\/algarverealestate.com\/pt\/wp-content\/uploads\/2026\/01\/09-praia-do-canal.jpg\" width=\"1400\" height=\"1050\" class=\"wp-image-8440\" alt=\"A Praia do Canal em Aljezur, no Algarve, apresenta um panorama encantador de pequenas rochas, ondas ritmadas e o vasto oceano, culminando na silhueta distinta da Ponta da Agulha no horizonte.\" srcset=\"https:\/\/algarverealestate.com\/pt\/wp-content\/uploads\/2026\/01\/09-praia-do-canal-125x83.jpg 125w, https:\/\/algarverealestate.com\/pt\/wp-content\/uploads\/2026\/01\/09-praia-do-canal-150x150.jpg 150w, https:\/\/algarverealestate.com\/pt\/wp-content\/uploads\/2026\/01\/09-praia-do-canal-300x225.jpg 300w, https:\/\/algarverealestate.com\/pt\/wp-content\/uploads\/2026\/01\/09-praia-do-canal-430x293.jpg 430w, https:\/\/algarverealestate.com\/pt\/wp-content\/uploads\/2026\/01\/09-praia-do-canal-768x576.jpg 768w, https:\/\/algarverealestate.com\/pt\/wp-content\/uploads\/2026\/01\/09-praia-do-canal-880x586.jpg 880w, https:\/\/algarverealestate.com\/pt\/wp-content\/uploads\/2026\/01\/09-praia-do-canal.jpg 1400w\" sizes=\"(max-width: 1400px) 100vw, 1400px\" loading=\"lazy\" decoding=\"async\"><figcaption>A Praia do Canal em Aljezur, no Algarve, apresenta um panorama encantador de pequenas rochas, ondas ritmadas e o vasto oceano, culminando na silhueta distinta da Ponta da Agulha no horizonte.<\/figcaption><\/figure>\n<ol start=\"09\">\n<li><a href=\"https:\/\/algarverealestate.com\/pt\/wp-content\/uploads\/2026\/01\/algarve-portugal-beaches-map.jpg\">ver n\u00famero de praia no mapa<\/a><\/li>\n<\/ol>\n<figure class=\"wp-block-image\"><img src=\"https:\/\/algarverealestate.com\/pt\/wp-content\/uploads\/2026\/01\/09-sea-urchin.jpg\" width=\"1400\" height=\"1050\" class=\"wp-image-8468\" alt=\"Ouri\u00e7o-do-mar delicadamente posicionado dentro de uma pequena po\u00e7a de \u00e1gua das mar\u00e9s na Praia do Canal\" srcset=\"https:\/\/algarverealestate.com\/pt\/wp-content\/uploads\/2026\/01\/09-sea-urchin-125x83.jpg 125w, https:\/\/algarverealestate.com\/pt\/wp-content\/uploads\/2026\/01\/09-sea-urchin-150x150.jpg 150w, https:\/\/algarverealestate.com\/pt\/wp-content\/uploads\/2026\/01\/09-sea-urchin-300x225.jpg 300w, https:\/\/algarverealestate.com\/pt\/wp-content\/uploads\/2026\/01\/09-sea-urchin-430x293.jpg 430w, https:\/\/algarverealestate.com\/pt\/wp-content\/uploads\/2026\/01\/09-sea-urchin-768x576.jpg 768w, https:\/\/algarverealestate.com\/pt\/wp-content\/uploads\/2026\/01\/09-sea-urchin-880x586.jpg 880w, https:\/\/algarverealestate.com\/pt\/wp-content\/uploads\/2026\/01\/09-sea-urchin.jpg 1400w\" sizes=\"(max-width: 1400px) 100vw, 1400px\" loading=\"lazy\" decoding=\"async\"><figcaption>Ouri\u00e7o-do-mar delicadamente posicionado dentro de uma pequena po\u00e7a de \u00e1gua das mar\u00e9s na Praia do Canal<\/figcaption><\/figure>\n<ol start=\"09\">\n<li><a href=\"https:\/\/algarverealestate.com\/pt\/wp-content\/uploads\/2026\/01\/algarve-portugal-beaches-map.jpg\">ver n\u00famero de praia no mapa<\/a><\/li>\n<\/ol>\n<figure class=\"wp-block-image\"><img src=\"https:\/\/algarverealestate.com\/pt\/wp-content\/uploads\/2026\/01\/09-starfish.jpg\" width=\"1400\" height=\"1050\" class=\"wp-image-8469\" alt=\"Uma estrela do mar graciosamente submersa nas \u00e1guas rasas de Canal Beach\" srcset=\"https:\/\/algarverealestate.com\/pt\/wp-content\/uploads\/2026\/01\/09-starfish-125x83.jpg 125w, https:\/\/algarverealestate.com\/pt\/wp-content\/uploads\/2026\/01\/09-starfish-150x150.jpg 150w, https:\/\/algarverealestate.com\/pt\/wp-content\/uploads\/2026\/01\/09-starfish-300x225.jpg 300w, https:\/\/algarverealestate.com\/pt\/wp-content\/uploads\/2026\/01\/09-starfish-430x293.jpg 430w, https:\/\/algarverealestate.com\/pt\/wp-content\/uploads\/2026\/01\/09-starfish-768x576.jpg 768w, https:\/\/algarverealestate.com\/pt\/wp-content\/uploads\/2026\/01\/09-starfish-880x586.jpg 880w, https:\/\/algarverealestate.com\/pt\/wp-content\/uploads\/2026\/01\/09-starfish.jpg 1400w\" sizes=\"(max-width: 1400px) 100vw, 1400px\" loading=\"lazy\" decoding=\"async\"><figcaption>Uma estrela do mar graciosamente submersa nas \u00e1guas rasas de Canal Beach<\/figcaption><\/figure>\n<ol start=\"11\">\n<li><a href=\"https:\/\/algarverealestate.com\/pt\/wp-content\/uploads\/2026\/01\/algarve-portugal-beaches-map.jpg\">ver n\u00famero de praia no mapa<\/a><\/li>\n<\/ol>\n<figure class=\"wp-block-image\"><img src=\"https:\/\/algarverealestate.com\/pt\/wp-content\/uploads\/2026\/01\/11-bordeira-beach.jpg\" width=\"1400\" height=\"788\" class=\"wp-image-8470\" alt=\"A Praia da Bordeira apresenta um vasto areal, acentuado por bancos de areia que se revelam na mar\u00e9 baixa. A praia \u00e9 margeada por fal\u00e9sias exuberantes com vegeta\u00e7\u00e3o verde.\" srcset=\"https:\/\/algarverealestate.com\/pt\/wp-content\/uploads\/2026\/01\/11-bordeira-beach-125x83.jpg 125w, https:\/\/algarverealestate.com\/pt\/wp-content\/uploads\/2026\/01\/11-bordeira-beach-150x150.jpg 150w, https:\/\/algarverealestate.com\/pt\/wp-content\/uploads\/2026\/01\/11-bordeira-beach-300x169.jpg 300w, https:\/\/algarverealestate.com\/pt\/wp-content\/uploads\/2026\/01\/11-bordeira-beach-430x293.jpg 430w, https:\/\/algarverealestate.com\/pt\/wp-content\/uploads\/2026\/01\/11-bordeira-beach-768x432.jpg 768w, https:\/\/algarverealestate.com\/pt\/wp-content\/uploads\/2026\/01\/11-bordeira-beach-880x586.jpg 880w, https:\/\/algarverealestate.com\/pt\/wp-content\/uploads\/2026\/01\/11-bordeira-beach.jpg 1400w\" sizes=\"(max-width: 1400px) 100vw, 1400px\" loading=\"lazy\" decoding=\"async\"><figcaption>A Praia da Bordeira apresenta um vasto areal, acentuado por bancos de areia que se revelam na mar\u00e9 baixa. A praia \u00e9 margeada por fal\u00e9sias exuberantes com vegeta\u00e7\u00e3o verde.<\/figcaption><\/figure>\n<ol start=\"11\">\n<li><a href=\"https:\/\/algarverealestate.com\/pt\/wp-content\/uploads\/2026\/01\/algarve-portugal-beaches-map.jpg\">ver n\u00famero de praia no mapa<\/a><\/li>\n<\/ol>\n<figure class=\"wp-block-image\"><img src=\"https:\/\/algarverealestate.com\/pt\/wp-content\/uploads\/2026\/01\/11-praia-da-bordeira-5.jpg\" width=\"1400\" height=\"1046\" class=\"wp-image-8471\" alt=\"Na Carrapateira, Algarve, Portugal, a Praia da Bordeira \u00e9 acess\u00edvel atrav\u00e9s de um passadi\u00e7o de madeira. No inverno, a praia recebe ondas robustas e revela sua natureza selvagem\" srcset=\"https:\/\/algarverealestate.com\/pt\/wp-content\/uploads\/2026\/01\/11-praia-da-bordeira-5-125x83.jpg 125w, https:\/\/algarverealestate.com\/pt\/wp-content\/uploads\/2026\/01\/11-praia-da-bordeira-5-150x150.jpg 150w, https:\/\/algarverealestate.com\/pt\/wp-content\/uploads\/2026\/01\/11-praia-da-bordeira-5-300x224.jpg 300w, https:\/\/algarverealestate.com\/pt\/wp-content\/uploads\/2026\/01\/11-praia-da-bordeira-5-430x293.jpg 430w, https:\/\/algarverealestate.com\/pt\/wp-content\/uploads\/2026\/01\/11-praia-da-bordeira-5-768x574.jpg 768w, https:\/\/algarverealestate.com\/pt\/wp-content\/uploads\/2026\/01\/11-praia-da-bordeira-5-880x586.jpg 880w, https:\/\/algarverealestate.com\/pt\/wp-content\/uploads\/2026\/01\/11-praia-da-bordeira-5.jpg 1400w\" sizes=\"(max-width: 1400px) 100vw, 1400px\" loading=\"lazy\" decoding=\"async\"><figcaption>Na Carrapateira, Algarve, Portugal, a Praia da Bordeira \u00e9 acess\u00edvel atrav\u00e9s de um passadi\u00e7o de madeira. No inverno, a praia recebe ondas robustas e revela sua natureza selvagem<\/figcaption><\/figure>\n<ol start=\"12\">\n<li><a href=\"https:\/\/algarverealestate.com\/pt\/wp-content\/uploads\/2026\/01\/algarve-portugal-beaches-map.jpg\">ver n\u00famero de praia no mapa<\/a><\/li>\n<\/ol>\n<figure class=\"wp-block-image\"><img src=\"https:\/\/algarverealestate.com\/pt\/wp-content\/uploads\/2026\/01\/12-amado-beach.jpg\" width=\"1400\" height=\"788\" class=\"wp-image-8472\" alt=\"A vista da Praia do Amado a partir da fal\u00e9sia revela um cen\u00e1rio vibrante de surfistas a apanhar ondas f\u00e1ceis. Sendo a praia mais acess\u00edvel da Carrapateira na costa sudoeste, a sua popularidade \u00e9 evidente na atividade animada tendo como pano de fundo as belas vistas do oceano\" srcset=\"https:\/\/algarverealestate.com\/pt\/wp-content\/uploads\/2026\/01\/12-amado-beach-125x83.jpg 125w, https:\/\/algarverealestate.com\/pt\/wp-content\/uploads\/2026\/01\/12-amado-beach-150x150.jpg 150w, https:\/\/algarverealestate.com\/pt\/wp-content\/uploads\/2026\/01\/12-amado-beach-300x169.jpg 300w, https:\/\/algarverealestate.com\/pt\/wp-content\/uploads\/2026\/01\/12-amado-beach-430x293.jpg 430w, https:\/\/algarverealestate.com\/pt\/wp-content\/uploads\/2026\/01\/12-amado-beach-768x432.jpg 768w, https:\/\/algarverealestate.com\/pt\/wp-content\/uploads\/2026\/01\/12-amado-beach-880x586.jpg 880w, https:\/\/algarverealestate.com\/pt\/wp-content\/uploads\/2026\/01\/12-amado-beach.jpg 1400w\" sizes=\"(max-width: 1400px) 100vw, 1400px\" loading=\"lazy\" decoding=\"async\"><figcaption>A vista da Praia do Amado a partir da fal\u00e9sia revela um cen\u00e1rio vibrante de surfistas a apanhar ondas f\u00e1ceis. Sendo a praia mais acess\u00edvel da Carrapateira na costa sudoeste, a sua popularidade \u00e9 evidente na atividade animada tendo como pano de fundo as belas vistas do oceano<\/figcaption><\/figure>\n<ol start=\"12\">\n<li><a href=\"https:\/\/algarverealestate.com\/pt\/wp-content\/uploads\/2026\/01\/algarve-portugal-beaches-map.jpg\">ver n\u00famero de praia no mapa<\/a><\/li>\n<\/ol>\n<figure class=\"wp-block-image\"><img src=\"https:\/\/algarverealestate.com\/pt\/wp-content\/uploads\/2026\/01\/12-amado-beach-1.jpg\" width=\"1400\" height=\"1050\" class=\"wp-image-8473\" alt=\"Silhuetas de surfistas na Praia do Amado durante um p\u00f4r do sol de ver\u00e3o\" srcset=\"https:\/\/algarverealestate.com\/pt\/wp-content\/uploads\/2026\/01\/12-amado-beach-1-125x83.jpg 125w, https:\/\/algarverealestate.com\/pt\/wp-content\/uploads\/2026\/01\/12-amado-beach-1-150x150.jpg 150w, https:\/\/algarverealestate.com\/pt\/wp-content\/uploads\/2026\/01\/12-amado-beach-1-300x225.jpg 300w, https:\/\/algarverealestate.com\/pt\/wp-content\/uploads\/2026\/01\/12-amado-beach-1-430x293.jpg 430w, https:\/\/algarverealestate.com\/pt\/wp-content\/uploads\/2026\/01\/12-amado-beach-1-768x576.jpg 768w, https:\/\/algarverealestate.com\/pt\/wp-content\/uploads\/2026\/01\/12-amado-beach-1-880x586.jpg 880w, https:\/\/algarverealestate.com\/pt\/wp-content\/uploads\/2026\/01\/12-amado-beach-1.jpg 1400w\" sizes=\"(max-width: 1400px) 100vw, 1400px\" loading=\"lazy\" decoding=\"async\"><figcaption>Silhuetas de surfistas na Praia do Amado durante um p\u00f4r do sol de ver\u00e3o<\/figcaption><\/figure>\n<ol start=\"12\">\n<li><a href=\"https:\/\/algarverealestate.com\/pt\/wp-content\/uploads\/2026\/01\/algarve-portugal-beaches-map.jpg\">ver n\u00famero de praia no mapa<\/a><\/li>\n<\/ol>\n<figure class=\"wp-block-image\"><img src=\"https:\/\/algarverealestate.com\/pt\/wp-content\/uploads\/2026\/01\/12-amado-beach-from-nature.jpg\" width=\"1400\" height=\"1050\" class=\"wp-image-8474\" alt=\"Vista atrav\u00e9s de um enquadramento de natureza e plantas locais, a Praia do Amado revela a sua beleza tranquila.\" srcset=\"https:\/\/algarverealestate.com\/pt\/wp-content\/uploads\/2026\/01\/12-amado-beach-from-nature-125x83.jpg 125w, https:\/\/algarverealestate.com\/pt\/wp-content\/uploads\/2026\/01\/12-amado-beach-from-nature-150x150.jpg 150w, https:\/\/algarverealestate.com\/pt\/wp-content\/uploads\/2026\/01\/12-amado-beach-from-nature-300x225.jpg 300w, https:\/\/algarverealestate.com\/pt\/wp-content\/uploads\/2026\/01\/12-amado-beach-from-nature-430x293.jpg 430w, https:\/\/algarverealestate.com\/pt\/wp-content\/uploads\/2026\/01\/12-amado-beach-from-nature-768x576.jpg 768w, https:\/\/algarverealestate.com\/pt\/wp-content\/uploads\/2026\/01\/12-amado-beach-from-nature-880x586.jpg 880w, https:\/\/algarverealestate.com\/pt\/wp-content\/uploads\/2026\/01\/12-amado-beach-from-nature.jpg 1400w\" sizes=\"(max-width: 1400px) 100vw, 1400px\" loading=\"lazy\" decoding=\"async\"><figcaption>Vista atrav\u00e9s de um enquadramento de natureza e plantas locais, a Praia do Amado revela a sua beleza tranquila.<\/figcaption><\/figure>\n<ol start=\"12\">\n<li><a href=\"https:\/\/algarverealestate.com\/pt\/wp-content\/uploads\/2026\/01\/algarve-portugal-beaches-map.jpg\">ver n\u00famero de praia no mapa<\/a><\/li>\n<\/ol>\n<figure class=\"wp-block-image\"><img src=\"https:\/\/algarverealestate.com\/pt\/wp-content\/uploads\/2026\/01\/12-amado-beach-north.jpg\" width=\"1400\" height=\"1050\" class=\"wp-image-8475\" alt=\"Do lado norte da Praia do Amado na mar\u00e9 baixa, a vista de rochas verdes expostas e pequenas piscinas naturais oferece uma perspectiva \u00fanica sobre a beleza sempre em muta\u00e7\u00e3o desta praia.\" srcset=\"https:\/\/algarverealestate.com\/pt\/wp-content\/uploads\/2026\/01\/12-amado-beach-north-125x83.jpg 125w, https:\/\/algarverealestate.com\/pt\/wp-content\/uploads\/2026\/01\/12-amado-beach-north-150x150.jpg 150w, https:\/\/algarverealestate.com\/pt\/wp-content\/uploads\/2026\/01\/12-amado-beach-north-300x225.jpg 300w, https:\/\/algarverealestate.com\/pt\/wp-content\/uploads\/2026\/01\/12-amado-beach-north-430x293.jpg 430w, https:\/\/algarverealestate.com\/pt\/wp-content\/uploads\/2026\/01\/12-amado-beach-north-768x576.jpg 768w, https:\/\/algarverealestate.com\/pt\/wp-content\/uploads\/2026\/01\/12-amado-beach-north-880x586.jpg 880w, https:\/\/algarverealestate.com\/pt\/wp-content\/uploads\/2026\/01\/12-amado-beach-north.jpg 1400w\" sizes=\"(max-width: 1400px) 100vw, 1400px\" loading=\"lazy\" decoding=\"async\"><figcaption>Do lado norte da Praia do Amado na mar\u00e9 baixa, a vista de rochas verdes expostas e pequenas piscinas naturais oferece uma perspectiva \u00fanica sobre a beleza sempre em muta\u00e7\u00e3o desta praia.<\/figcaption><\/figure>\n<ol start=\"12\">\n<li><a href=\"https:\/\/algarverealestate.com\/pt\/wp-content\/uploads\/2026\/01\/algarve-portugal-beaches-map.jpg\">ver n\u00famero de praia no mapa<\/a><\/li>\n<\/ol>\n<figure class=\"wp-block-image\"><img src=\"https:\/\/algarverealestate.com\/pt\/wp-content\/uploads\/2026\/01\/12-amado-surf.jpg\" width=\"1400\" height=\"1049\" class=\"wp-image-8476\" alt=\"Do ponto de vista do surfista, a Praia do Amado \u00e9 uma vista emocionante de ondas ondulantes, criando uma sensa\u00e7\u00e3o visceral de estar no centro da a\u00e7\u00e3o, cercado pela for\u00e7a bruta e beleza do oceano.\" srcset=\"https:\/\/algarverealestate.com\/pt\/wp-content\/uploads\/2026\/01\/12-amado-surf-125x83.jpg 125w, https:\/\/algarverealestate.com\/pt\/wp-content\/uploads\/2026\/01\/12-amado-surf-150x150.jpg 150w, https:\/\/algarverealestate.com\/pt\/wp-content\/uploads\/2026\/01\/12-amado-surf-300x225.jpg 300w, https:\/\/algarverealestate.com\/pt\/wp-content\/uploads\/2026\/01\/12-amado-surf-430x293.jpg 430w, https:\/\/algarverealestate.com\/pt\/wp-content\/uploads\/2026\/01\/12-amado-surf-768x575.jpg 768w, https:\/\/algarverealestate.com\/pt\/wp-content\/uploads\/2026\/01\/12-amado-surf-880x586.jpg 880w, https:\/\/algarverealestate.com\/pt\/wp-content\/uploads\/2026\/01\/12-amado-surf.jpg 1400w\" sizes=\"(max-width: 1400px) 100vw, 1400px\" loading=\"lazy\" decoding=\"async\"><figcaption>Do ponto de vista do surfista, a Praia do Amado \u00e9 uma vista emocionante de ondas ondulantes, criando uma sensa\u00e7\u00e3o visceral de estar no centro da a\u00e7\u00e3o, cercado pela for\u00e7a bruta e beleza do oceano.<\/figcaption><\/figure>\n<ol start=\"15\">\n<li><a href=\"https:\/\/algarverealestate.com\/pt\/wp-content\/uploads\/2026\/01\/algarve-portugal-beaches-map.jpg\">ver n\u00famero de praia no mapa<\/a><\/li>\n<\/ol>\n<figure class=\"wp-block-image\"><img src=\"https:\/\/algarverealestate.com\/pt\/wp-content\/uploads\/2026\/01\/15-cordoama-view-point.jpg\" width=\"1400\" height=\"1050\" class=\"wp-image-8441\" alt=\"Uma manh\u00e3 serena na Praia da Cordoama, onde as \u00e1guas calmas refletem a luz suave do amanhecer.\" srcset=\"https:\/\/algarverealestate.com\/pt\/wp-content\/uploads\/2026\/01\/15-cordoama-view-point-125x83.jpg 125w, https:\/\/algarverealestate.com\/pt\/wp-content\/uploads\/2026\/01\/15-cordoama-view-point-150x150.jpg 150w, https:\/\/algarverealestate.com\/pt\/wp-content\/uploads\/2026\/01\/15-cordoama-view-point-300x225.jpg 300w, https:\/\/algarverealestate.com\/pt\/wp-content\/uploads\/2026\/01\/15-cordoama-view-point-430x293.jpg 430w, https:\/\/algarverealestate.com\/pt\/wp-content\/uploads\/2026\/01\/15-cordoama-view-point-768x576.jpg 768w, https:\/\/algarverealestate.com\/pt\/wp-content\/uploads\/2026\/01\/15-cordoama-view-point-880x586.jpg 880w, https:\/\/algarverealestate.com\/pt\/wp-content\/uploads\/2026\/01\/15-cordoama-view-point.jpg 1400w\" sizes=\"(max-width: 1400px) 100vw, 1400px\" loading=\"lazy\" decoding=\"async\"><figcaption>Uma manh\u00e3 serena na Praia da Cordoama, onde as \u00e1guas calmas refletem a luz suave do amanhecer.<\/figcaption><\/figure>\n<ol start=\"15\">\n<li><a href=\"https:\/\/algarverealestate.com\/pt\/wp-content\/uploads\/2026\/01\/algarve-portugal-beaches-map.jpg\">ver n\u00famero de praia no mapa<\/a><\/li>\n<\/ol>\n<figure class=\"wp-block-image\"><img src=\"https:\/\/algarverealestate.com\/pt\/wp-content\/uploads\/2026\/01\/15-cordoama-view-point.jpg\" width=\"1400\" height=\"1050\" class=\"wp-image-8441\" alt=\"Do miradouro da Cordoama descortina-se uma panor\u00e2mica imponente, tal como em Agosto de 2003. Apesar do passar dos anos, a paisagem mant\u00e9m a sua beleza e esplendor intemporais, testemunho da majestade perene da natureza.\" srcset=\"https:\/\/algarverealestate.com\/pt\/wp-content\/uploads\/2026\/01\/15-cordoama-view-point-125x83.jpg 125w, https:\/\/algarverealestate.com\/pt\/wp-content\/uploads\/2026\/01\/15-cordoama-view-point-150x150.jpg 150w, https:\/\/algarverealestate.com\/pt\/wp-content\/uploads\/2026\/01\/15-cordoama-view-point-300x225.jpg 300w, https:\/\/algarverealestate.com\/pt\/wp-content\/uploads\/2026\/01\/15-cordoama-view-point-430x293.jpg 430w, https:\/\/algarverealestate.com\/pt\/wp-content\/uploads\/2026\/01\/15-cordoama-view-point-768x576.jpg 768w, https:\/\/algarverealestate.com\/pt\/wp-content\/uploads\/2026\/01\/15-cordoama-view-point-880x586.jpg 880w, https:\/\/algarverealestate.com\/pt\/wp-content\/uploads\/2026\/01\/15-cordoama-view-point.jpg 1400w\" sizes=\"(max-width: 1400px) 100vw, 1400px\" loading=\"lazy\" decoding=\"async\"><figcaption>Do miradouro da Cordoama descortina-se uma panor\u00e2mica imponente, tal como em Agosto de 2003. Apesar do passar dos anos, a paisagem mant\u00e9m a sua beleza e esplendor intemporais, testemunho da majestade perene da natureza.<\/figcaption><\/figure>\n<ol start=\"16\">\n<li><a href=\"https:\/\/algarverealestate.com\/pt\/wp-content\/uploads\/2026\/01\/algarve-portugal-beaches-map.jpg\">ver n\u00famero de praia no mapa<\/a><\/li>\n<\/ol>\n<figure class=\"wp-block-image\"><img src=\"https:\/\/algarverealestate.com\/pt\/wp-content\/uploads\/2026\/01\/16-castelejo.jpg\" width=\"1400\" height=\"1050\" class=\"wp-image-8478\" alt=\"Do miradouro contemple o panorama espetacular das praias do Castelejo e da Cordoama. \u00c0 esquerda, revela-se o encanto agreste da praia do Castelejo e, \u00e0 direita, a vasta extens\u00e3o da praia da Cordoama, criando uma vista deslumbrante onde a terra se encontra com o mar.\" srcset=\"https:\/\/algarverealestate.com\/pt\/wp-content\/uploads\/2026\/01\/16-castelejo-125x83.jpg 125w, https:\/\/algarverealestate.com\/pt\/wp-content\/uploads\/2026\/01\/16-castelejo-150x150.jpg 150w, https:\/\/algarverealestate.com\/pt\/wp-content\/uploads\/2026\/01\/16-castelejo-300x225.jpg 300w, https:\/\/algarverealestate.com\/pt\/wp-content\/uploads\/2026\/01\/16-castelejo-430x293.jpg 430w, https:\/\/algarverealestate.com\/pt\/wp-content\/uploads\/2026\/01\/16-castelejo-768x576.jpg 768w, https:\/\/algarverealestate.com\/pt\/wp-content\/uploads\/2026\/01\/16-castelejo-880x586.jpg 880w, https:\/\/algarverealestate.com\/pt\/wp-content\/uploads\/2026\/01\/16-castelejo.jpg 1400w\" sizes=\"(max-width: 1400px) 100vw, 1400px\" loading=\"lazy\" decoding=\"async\"><figcaption>Do miradouro contemple o panorama espetacular das praias do Castelejo e da Cordoama. \u00c0 esquerda, revela-se o encanto agreste da praia do Castelejo e, \u00e0 direita, a vasta extens\u00e3o da praia da Cordoama, criando uma vista deslumbrante onde a terra se encontra com o mar.<\/figcaption><\/figure>\n<ol start=\"16\">\n<li><a href=\"https:\/\/algarverealestate.com\/pt\/wp-content\/uploads\/2026\/01\/algarve-portugal-beaches-map.jpg\">ver n\u00famero de praia no mapa<\/a><\/li>\n<\/ol>\n<figure class=\"wp-block-image\"><img src=\"https:\/\/algarverealestate.com\/pt\/wp-content\/uploads\/2026\/01\/16-castelejo-1.jpg\" width=\"1400\" height=\"933\" class=\"wp-image-8479\" alt=\"De uma perspectiva elevada, as Praias do Castelejo e da Cordoama ficam \u00e0 vista, ondas brancas dominando a cena em um poderoso swell de mar\u00e7o, uma demonstra\u00e7\u00e3o v\u00edvida da grandeza da natureza.\" srcset=\"https:\/\/algarverealestate.com\/pt\/wp-content\/uploads\/2026\/01\/16-castelejo-1-125x83.jpg 125w, https:\/\/algarverealestate.com\/pt\/wp-content\/uploads\/2026\/01\/16-castelejo-1-150x150.jpg 150w, https:\/\/algarverealestate.com\/pt\/wp-content\/uploads\/2026\/01\/16-castelejo-1-300x200.jpg 300w, https:\/\/algarverealestate.com\/pt\/wp-content\/uploads\/2026\/01\/16-castelejo-1-430x293.jpg 430w, https:\/\/algarverealestate.com\/pt\/wp-content\/uploads\/2026\/01\/16-castelejo-1-768x512.jpg 768w, https:\/\/algarverealestate.com\/pt\/wp-content\/uploads\/2026\/01\/16-castelejo-1-880x586.jpg 880w, https:\/\/algarverealestate.com\/pt\/wp-content\/uploads\/2026\/01\/16-castelejo-1.jpg 1400w\" sizes=\"(max-width: 1400px) 100vw, 1400px\" loading=\"lazy\" decoding=\"async\"><figcaption>De uma perspectiva elevada, as Praias do Castelejo e da Cordoama ficam \u00e0 vista, ondas brancas dominando a cena em um poderoso swell de mar\u00e7o, uma demonstra\u00e7\u00e3o v\u00edvida da grandeza da natureza.<\/figcaption><\/figure>\n<ol start=\"16\">\n<li><a href=\"https:\/\/algarverealestate.com\/pt\/wp-content\/uploads\/2026\/01\/algarve-portugal-beaches-map.jpg\">ver n\u00famero de praia no mapa<\/a><\/li>\n<\/ol>\n<figure class=\"wp-block-image\"><img src=\"https:\/\/algarverealestate.com\/pt\/wp-content\/uploads\/2026\/01\/16-sagres-.jpg\" width=\"1400\" height=\"933\" class=\"wp-image-8480\" alt=\"Uma exposi\u00e7\u00e3o da Costa Vicentina &amp; Fauna local do Sudoeste Alentejano apresentada num painel informativo municipal, mostrando a rica biodiversidade da regi\u00e3o e o compromisso com a conserva\u00e7\u00e3o.\" srcset=\"https:\/\/algarverealestate.com\/pt\/wp-content\/uploads\/2026\/01\/16-sagres--125x83.jpg 125w, https:\/\/algarverealestate.com\/pt\/wp-content\/uploads\/2026\/01\/16-sagres--150x150.jpg 150w, https:\/\/algarverealestate.com\/pt\/wp-content\/uploads\/2026\/01\/16-sagres--300x200.jpg 300w, https:\/\/algarverealestate.com\/pt\/wp-content\/uploads\/2026\/01\/16-sagres--430x293.jpg 430w, https:\/\/algarverealestate.com\/pt\/wp-content\/uploads\/2026\/01\/16-sagres--768x512.jpg 768w, https:\/\/algarverealestate.com\/pt\/wp-content\/uploads\/2026\/01\/16-sagres--880x586.jpg 880w, https:\/\/algarverealestate.com\/pt\/wp-content\/uploads\/2026\/01\/16-sagres-.jpg 1400w\" sizes=\"(max-width: 1400px) 100vw, 1400px\" loading=\"lazy\" decoding=\"async\"><figcaption>Uma exposi\u00e7\u00e3o da Costa Vicentina &amp; Fauna local do Sudoeste Alentejano apresentada num painel informativo municipal, mostrando a rica biodiversidade da regi\u00e3o e o compromisso com a conserva\u00e7\u00e3o.<\/figcaption><\/figure>\n<ol start=\"17\">\n<li><a href=\"https:\/\/algarverealestate.com\/pt\/wp-content\/uploads\/2026\/01\/algarve-portugal-beaches-map.jpg\">ver n\u00famero de praia no mapa<\/a><\/li>\n<\/ol>\n<figure class=\"wp-block-image\"><img src=\"https:\/\/algarverealestate.com\/pt\/wp-content\/uploads\/2026\/01\/17-ponta-ruiva.jpg\" width=\"1400\" height=\"933\" class=\"wp-image-8481\" alt=\"Vista cativante da Praia de Ponta Ruiva a partir do oceano, destacando-se a famosa rocha Ruiva \u00e0 direita, as ondas dan\u00e7ando da esquerda para a direita e uma dram\u00e1tica fal\u00e9sia enfeitando o lado direito da imagem. Um para\u00edso de surfe secreto, acessado apenas por uma estrada de terra isolada.\" srcset=\"https:\/\/algarverealestate.com\/pt\/wp-content\/uploads\/2026\/01\/17-ponta-ruiva-125x83.jpg 125w, https:\/\/algarverealestate.com\/pt\/wp-content\/uploads\/2026\/01\/17-ponta-ruiva-150x150.jpg 150w, https:\/\/algarverealestate.com\/pt\/wp-content\/uploads\/2026\/01\/17-ponta-ruiva-300x200.jpg 300w, https:\/\/algarverealestate.com\/pt\/wp-content\/uploads\/2026\/01\/17-ponta-ruiva-430x293.jpg 430w, https:\/\/algarverealestate.com\/pt\/wp-content\/uploads\/2026\/01\/17-ponta-ruiva-768x512.jpg 768w, https:\/\/algarverealestate.com\/pt\/wp-content\/uploads\/2026\/01\/17-ponta-ruiva-880x586.jpg 880w, https:\/\/algarverealestate.com\/pt\/wp-content\/uploads\/2026\/01\/17-ponta-ruiva.jpg 1400w\" sizes=\"(max-width: 1400px) 100vw, 1400px\" loading=\"lazy\" decoding=\"async\"><figcaption>Vista cativante da Praia de Ponta Ruiva a partir do oceano, destacando-se a famosa rocha Ruiva \u00e0 direita, as ondas dan\u00e7ando da esquerda para a direita e uma dram\u00e1tica fal\u00e9sia enfeitando o lado direito da imagem. Um para\u00edso de surfe secreto, acessado apenas por uma estrada de terra isolada.<\/figcaption><\/figure>\n<ol start=\"17\">\n<li><a href=\"https:\/\/algarverealestate.com\/pt\/wp-content\/uploads\/2026\/01\/algarve-portugal-beaches-map.jpg\">ver n\u00famero de praia no mapa<\/a><\/li>\n<\/ol>\n<figure class=\"wp-block-image\"><img src=\"https:\/\/algarverealestate.com\/pt\/wp-content\/uploads\/2026\/01\/17-ponta-ruiva-beach.jpg\" width=\"1400\" height=\"788\" class=\"wp-image-8482\" alt=\"Vista da Praia de Ponta Ruiva, do miradouro da imponente fal\u00e9sia, revelando a sua beleza intocada e a sua orla serena.\" srcset=\"https:\/\/algarverealestate.com\/pt\/wp-content\/uploads\/2026\/01\/17-ponta-ruiva-beach-125x83.jpg 125w, https:\/\/algarverealestate.com\/pt\/wp-content\/uploads\/2026\/01\/17-ponta-ruiva-beach-150x150.jpg 150w, https:\/\/algarverealestate.com\/pt\/wp-content\/uploads\/2026\/01\/17-ponta-ruiva-beach-300x169.jpg 300w, https:\/\/algarverealestate.com\/pt\/wp-content\/uploads\/2026\/01\/17-ponta-ruiva-beach-430x293.jpg 430w, https:\/\/algarverealestate.com\/pt\/wp-content\/uploads\/2026\/01\/17-ponta-ruiva-beach-768x432.jpg 768w, https:\/\/algarverealestate.com\/pt\/wp-content\/uploads\/2026\/01\/17-ponta-ruiva-beach-880x586.jpg 880w, https:\/\/algarverealestate.com\/pt\/wp-content\/uploads\/2026\/01\/17-ponta-ruiva-beach.jpg 1400w\" sizes=\"(max-width: 1400px) 100vw, 1400px\" loading=\"lazy\" decoding=\"async\"><figcaption>Vista da Praia de Ponta Ruiva, do miradouro da imponente fal\u00e9sia, revelando a sua beleza intocada e a sua orla serena.<\/figcaption><\/figure>\n<ol start=\"18\">\n<li><a href=\"https:\/\/algarverealestate.com\/pt\/wp-content\/uploads\/2026\/01\/algarve-portugal-beaches-map.jpg\">ver n\u00famero de praia no mapa<\/a><\/li>\n<\/ol>\n<figure class=\"wp-block-image\"><img src=\"https:\/\/algarverealestate.com\/pt\/wp-content\/uploads\/2026\/01\/18-telheiro.jpg\" width=\"1400\" height=\"788\" class=\"wp-image-8483\" alt=\"A Praia do Telheiro \u00e9 envolta por arribas de rocha escura que formam uma barreira natural ao longo do areal.\" srcset=\"https:\/\/algarverealestate.com\/pt\/wp-content\/uploads\/2026\/01\/18-telheiro-125x83.jpg 125w, https:\/\/algarverealestate.com\/pt\/wp-content\/uploads\/2026\/01\/18-telheiro-150x150.jpg 150w, https:\/\/algarverealestate.com\/pt\/wp-content\/uploads\/2026\/01\/18-telheiro-300x169.jpg 300w, https:\/\/algarverealestate.com\/pt\/wp-content\/uploads\/2026\/01\/18-telheiro-430x293.jpg 430w, https:\/\/algarverealestate.com\/pt\/wp-content\/uploads\/2026\/01\/18-telheiro-768x432.jpg 768w, https:\/\/algarverealestate.com\/pt\/wp-content\/uploads\/2026\/01\/18-telheiro-880x586.jpg 880w, https:\/\/algarverealestate.com\/pt\/wp-content\/uploads\/2026\/01\/18-telheiro.jpg 1400w\" sizes=\"(max-width: 1400px) 100vw, 1400px\" loading=\"lazy\" decoding=\"async\"><figcaption>A Praia do Telheiro \u00e9 envolta por arribas de rocha escura que formam uma barreira natural ao longo do areal.<\/figcaption><\/figure>\n<ol start=\"19\">\n<li><a href=\"https:\/\/algarverealestate.com\/pt\/wp-content\/uploads\/2026\/01\/algarve-portugal-beaches-map.jpg\">ver n\u00famero de praia no mapa<\/a><\/li>\n<\/ol>\n<figure class=\"wp-block-image\"><img src=\"https:\/\/algarverealestate.com\/pt\/wp-content\/uploads\/2026\/01\/19-beliche.jpg\" width=\"1400\" height=\"934\" class=\"wp-image-8484\" alt=\"A Praia do Beliche, localizada a uma curta viagem de Sagres, lindamente capturada com a vila de Sagres e o dram\u00e1tico promont\u00f3rio de Sagres formando um cen\u00e1rio pitoresco.\" srcset=\"https:\/\/algarverealestate.com\/pt\/wp-content\/uploads\/2026\/01\/19-beliche-125x83.jpg 125w, https:\/\/algarverealestate.com\/pt\/wp-content\/uploads\/2026\/01\/19-beliche-150x150.jpg 150w, https:\/\/algarverealestate.com\/pt\/wp-content\/uploads\/2026\/01\/19-beliche-300x200.jpg 300w, https:\/\/algarverealestate.com\/pt\/wp-content\/uploads\/2026\/01\/19-beliche-430x293.jpg 430w, https:\/\/algarverealestate.com\/pt\/wp-content\/uploads\/2026\/01\/19-beliche-768x512.jpg 768w, https:\/\/algarverealestate.com\/pt\/wp-content\/uploads\/2026\/01\/19-beliche-880x586.jpg 880w, https:\/\/algarverealestate.com\/pt\/wp-content\/uploads\/2026\/01\/19-beliche.jpg 1400w\" sizes=\"(max-width: 1400px) 100vw, 1400px\" loading=\"lazy\" decoding=\"async\"><figcaption>A Praia do Beliche, localizada a uma curta viagem de Sagres, lindamente capturada com a vila de Sagres e o dram\u00e1tico promont\u00f3rio de Sagres formando um cen\u00e1rio pitoresco.<\/figcaption><\/figure>\n<ol start=\"19\">\n<li><a href=\"https:\/\/algarverealestate.com\/pt\/wp-content\/uploads\/2026\/01\/algarve-portugal-beaches-map.jpg\">ver n\u00famero de praia no mapa<\/a><\/li>\n<\/ol>\n<figure class=\"wp-block-image\"><img src=\"https:\/\/algarverealestate.com\/pt\/wp-content\/uploads\/2026\/01\/19-beliche-beach.jpg\" width=\"1400\" height=\"788\" class=\"wp-image-8485\" alt=\"Vista imponente do topo da fal\u00e9sia sobre a Praia do Beliche, com o distante Farol do Cabo de S\u00e3o Vicente pontuando o horizonte, criando um quadro deslumbrante da costa intocada de Portugal.\" srcset=\"https:\/\/algarverealestate.com\/pt\/wp-content\/uploads\/2026\/01\/19-beliche-beach-125x83.jpg 125w, https:\/\/algarverealestate.com\/pt\/wp-content\/uploads\/2026\/01\/19-beliche-beach-150x150.jpg 150w, https:\/\/algarverealestate.com\/pt\/wp-content\/uploads\/2026\/01\/19-beliche-beach-300x169.jpg 300w, https:\/\/algarverealestate.com\/pt\/wp-content\/uploads\/2026\/01\/19-beliche-beach-430x293.jpg 430w, https:\/\/algarverealestate.com\/pt\/wp-content\/uploads\/2026\/01\/19-beliche-beach-768x432.jpg 768w, https:\/\/algarverealestate.com\/pt\/wp-content\/uploads\/2026\/01\/19-beliche-beach-880x586.jpg 880w, https:\/\/algarverealestate.com\/pt\/wp-content\/uploads\/2026\/01\/19-beliche-beach.jpg 1400w\" sizes=\"(max-width: 1400px) 100vw, 1400px\" loading=\"lazy\" decoding=\"async\"><figcaption>Vista imponente do topo da fal\u00e9sia sobre a Praia do Beliche, com o distante Farol do Cabo de S\u00e3o Vicente pontuando o horizonte, criando um quadro deslumbrante da costa intocada de Portugal.<\/figcaption><\/figure>\n<ol start=\"20\">\n<li><a href=\"https:\/\/algarverealestate.com\/pt\/wp-content\/uploads\/2026\/01\/algarve-portugal-beaches-map.jpg\">ver n\u00famero de praia no mapa<\/a><\/li>\n<\/ol>\n<figure class=\"wp-block-image\"><img src=\"https:\/\/algarverealestate.com\/pt\/wp-content\/uploads\/2026\/01\/20-tonel-beach.jpg\" width=\"1400\" height=\"935\" class=\"wp-image-8486\" alt=\"A tempestade de inverno pinta uma cena dram\u00e1tica na Praia do Tonel, com ondas turbulentas quebrando sob um c\u00e9u sombrio, e a est\u00f3ica Fortaleza de Sagres em vig\u00edlia em primeiro plano.\" srcset=\"https:\/\/algarverealestate.com\/pt\/wp-content\/uploads\/2026\/01\/20-tonel-beach-125x83.jpg 125w, https:\/\/algarverealestate.com\/pt\/wp-content\/uploads\/2026\/01\/20-tonel-beach-150x150.jpg 150w, https:\/\/algarverealestate.com\/pt\/wp-content\/uploads\/2026\/01\/20-tonel-beach-300x200.jpg 300w, https:\/\/algarverealestate.com\/pt\/wp-content\/uploads\/2026\/01\/20-tonel-beach-430x293.jpg 430w, https:\/\/algarverealestate.com\/pt\/wp-content\/uploads\/2026\/01\/20-tonel-beach-768x513.jpg 768w, https:\/\/algarverealestate.com\/pt\/wp-content\/uploads\/2026\/01\/20-tonel-beach-880x586.jpg 880w, https:\/\/algarverealestate.com\/pt\/wp-content\/uploads\/2026\/01\/20-tonel-beach.jpg 1400w\" sizes=\"(max-width: 1400px) 100vw, 1400px\" loading=\"lazy\" decoding=\"async\"><figcaption>A tempestade de inverno pinta uma cena dram\u00e1tica na Praia do Tonel, com ondas turbulentas quebrando sob um c\u00e9u sombrio, e a est\u00f3ica Fortaleza de Sagres em vig\u00edlia em primeiro plano.<\/figcaption><\/figure>\n<ol start=\"20\">\n<li><a href=\"https:\/\/algarverealestate.com\/pt\/wp-content\/uploads\/2026\/01\/algarve-portugal-beaches-map.jpg\">ver n\u00famero de praia no mapa<\/a><\/li>\n<\/ol>\n<figure class=\"wp-block-image\"><img src=\"https:\/\/algarverealestate.com\/pt\/wp-content\/uploads\/2026\/01\/20-tonel-beach-001.jpg\" width=\"1400\" height=\"788\" class=\"wp-image-8487\" alt=\"Dia de outubro na Praia do Tonel, salpicado de escolas de surf, criando um quadro vibrante contra a calma paisagem mar\u00edtima de outono.\" srcset=\"https:\/\/algarverealestate.com\/pt\/wp-content\/uploads\/2026\/01\/20-tonel-beach-001-125x83.jpg 125w, https:\/\/algarverealestate.com\/pt\/wp-content\/uploads\/2026\/01\/20-tonel-beach-001-150x150.jpg 150w, https:\/\/algarverealestate.com\/pt\/wp-content\/uploads\/2026\/01\/20-tonel-beach-001-300x169.jpg 300w, https:\/\/algarverealestate.com\/pt\/wp-content\/uploads\/2026\/01\/20-tonel-beach-001-430x293.jpg 430w, https:\/\/algarverealestate.com\/pt\/wp-content\/uploads\/2026\/01\/20-tonel-beach-001-768x432.jpg 768w, https:\/\/algarverealestate.com\/pt\/wp-content\/uploads\/2026\/01\/20-tonel-beach-001-880x586.jpg 880w, https:\/\/algarverealestate.com\/pt\/wp-content\/uploads\/2026\/01\/20-tonel-beach-001.jpg 1400w\" sizes=\"(max-width: 1400px) 100vw, 1400px\" loading=\"lazy\" decoding=\"async\"><figcaption>Dia de outubro na Praia do Tonel, salpicado de escolas de surf, criando um quadro vibrante contra a calma paisagem mar\u00edtima de outono.<\/figcaption><\/figure>\n<ol start=\"20\">\n<li><a href=\"https:\/\/algarverealestate.com\/pt\/wp-content\/uploads\/2026\/01\/algarve-portugal-beaches-map.jpg\">ver n\u00famero de praia no mapa<\/a><\/li>\n<\/ol>\n<figure class=\"wp-block-image\"><img src=\"https:\/\/algarverealestate.com\/pt\/wp-content\/uploads\/2026\/01\/20-tonel-beach-002.jpg\" width=\"1400\" height=\"788\" class=\"wp-image-8488\" alt=\"A Praia do Tonel oferece uma vista deslumbrante para norte, onde altas fal\u00e9sias se encontram com o mar, compondo um panorama litoral imponente.\" srcset=\"https:\/\/algarverealestate.com\/pt\/wp-content\/uploads\/2026\/01\/20-tonel-beach-002-125x83.jpg 125w, https:\/\/algarverealestate.com\/pt\/wp-content\/uploads\/2026\/01\/20-tonel-beach-002-150x150.jpg 150w, https:\/\/algarverealestate.com\/pt\/wp-content\/uploads\/2026\/01\/20-tonel-beach-002-300x169.jpg 300w, https:\/\/algarverealestate.com\/pt\/wp-content\/uploads\/2026\/01\/20-tonel-beach-002-430x293.jpg 430w, https:\/\/algarverealestate.com\/pt\/wp-content\/uploads\/2026\/01\/20-tonel-beach-002-768x432.jpg 768w, https:\/\/algarverealestate.com\/pt\/wp-content\/uploads\/2026\/01\/20-tonel-beach-002-880x586.jpg 880w, https:\/\/algarverealestate.com\/pt\/wp-content\/uploads\/2026\/01\/20-tonel-beach-002.jpg 1400w\" sizes=\"(max-width: 1400px) 100vw, 1400px\" loading=\"lazy\" decoding=\"async\"><figcaption>A Praia do Tonel oferece uma vista deslumbrante para norte, onde altas fal\u00e9sias se encontram com o mar, compondo um panorama litoral imponente.<\/figcaption><\/figure>\n<ol start=\"20\">\n<li><a href=\"https:\/\/algarverealestate.com\/pt\/wp-content\/uploads\/2026\/01\/algarve-portugal-beaches-map.jpg\">ver n\u00famero de praia no mapa<\/a><\/li>\n<\/ol>\n<figure class=\"wp-block-image\"><img src=\"https:\/\/algarverealestate.com\/pt\/wp-content\/uploads\/2026\/01\/20-tonel-beach-03.jpg\" width=\"1400\" height=\"788\" class=\"wp-image-8490\" alt=\"A Praia do Tonel brilha ao sol, vista da fal\u00e9sia. A oeste, nada al\u00e9m da extens\u00e3o infinita do brilhante oceano azul.\" srcset=\"https:\/\/algarverealestate.com\/pt\/wp-content\/uploads\/2026\/01\/20-tonel-beach-03-125x83.jpg 125w, https:\/\/algarverealestate.com\/pt\/wp-content\/uploads\/2026\/01\/20-tonel-beach-03-150x150.jpg 150w, https:\/\/algarverealestate.com\/pt\/wp-content\/uploads\/2026\/01\/20-tonel-beach-03-300x169.jpg 300w, https:\/\/algarverealestate.com\/pt\/wp-content\/uploads\/2026\/01\/20-tonel-beach-03-430x293.jpg 430w, https:\/\/algarverealestate.com\/pt\/wp-content\/uploads\/2026\/01\/20-tonel-beach-03-768x432.jpg 768w, https:\/\/algarverealestate.com\/pt\/wp-content\/uploads\/2026\/01\/20-tonel-beach-03-880x586.jpg 880w, https:\/\/algarverealestate.com\/pt\/wp-content\/uploads\/2026\/01\/20-tonel-beach-03.jpg 1400w\" sizes=\"(max-width: 1400px) 100vw, 1400px\" loading=\"lazy\" decoding=\"async\"><figcaption>A Praia do Tonel brilha ao sol, vista da fal\u00e9sia. A oeste, nada al\u00e9m da extens\u00e3o infinita do brilhante oceano azul.<\/figcaption><\/figure>\n<ol start=\"21\">\n<li><a href=\"https:\/\/algarverealestate.com\/pt\/wp-content\/uploads\/2026\/01\/algarve-portugal-beaches-map.jpg\">ver n\u00famero de praia no mapa<\/a><\/li>\n<\/ol>\n<figure class=\"wp-block-image\"><img src=\"https:\/\/algarverealestate.com\/pt\/wp-content\/uploads\/2026\/01\/21-mareta-beach.jpg\" width=\"1400\" height=\"1050\" class=\"wp-image-8491\" alt=\"A Praia de areta em Sagres, convenientemente acess\u00edvel a p\u00e9 a partir da vila, oferece uma vista deslumbrante da imponente Fortaleza de Sagres que se ergue orgulhosamente em primeiro plano.\" srcset=\"https:\/\/algarverealestate.com\/pt\/wp-content\/uploads\/2026\/01\/21-mareta-beach-125x83.jpg 125w, https:\/\/algarverealestate.com\/pt\/wp-content\/uploads\/2026\/01\/21-mareta-beach-150x150.jpg 150w, https:\/\/algarverealestate.com\/pt\/wp-content\/uploads\/2026\/01\/21-mareta-beach-300x225.jpg 300w, https:\/\/algarverealestate.com\/pt\/wp-content\/uploads\/2026\/01\/21-mareta-beach-430x293.jpg 430w, https:\/\/algarverealestate.com\/pt\/wp-content\/uploads\/2026\/01\/21-mareta-beach-768x576.jpg 768w, https:\/\/algarverealestate.com\/pt\/wp-content\/uploads\/2026\/01\/21-mareta-beach-880x586.jpg 880w, https:\/\/algarverealestate.com\/pt\/wp-content\/uploads\/2026\/01\/21-mareta-beach.jpg 1400w\" sizes=\"(max-width: 1400px) 100vw, 1400px\" loading=\"lazy\" decoding=\"async\"><figcaption>A Praia de areta em Sagres, convenientemente acess\u00edvel a p\u00e9 a partir da vila, oferece uma vista deslumbrante da imponente Fortaleza de Sagres que se ergue orgulhosamente em primeiro plano.<\/figcaption><\/figure>\n<ol start=\"21\">\n<li><a href=\"https:\/\/algarverealestate.com\/pt\/wp-content\/uploads\/2026\/01\/algarve-portugal-beaches-map.jpg\">ver n\u00famero de praia no mapa<\/a><\/li>\n<\/ol>\n<figure class=\"wp-block-image\"><img src=\"https:\/\/algarverealestate.com\/pt\/wp-content\/uploads\/2026\/01\/21-sagres-point.jpg\" width=\"1400\" height=\"933\" class=\"wp-image-8442\" alt=\"A Ponta de Sagres (Ponta de Sagres) \u00e9 um local natural, com a ic\u00f3nica Fortaleza de Sagres (Fortaleza de Sagres), a grande rosa dos ventos incrustada no solo (a Rosa dos Ventos) e a pequena capela do s\u00e9culo XIV de Nossa Senhora da Gra\u00e7a .\" srcset=\"https:\/\/algarverealestate.com\/pt\/wp-content\/uploads\/2026\/01\/21-sagres-point-125x83.jpg 125w, https:\/\/algarverealestate.com\/pt\/wp-content\/uploads\/2026\/01\/21-sagres-point-150x150.jpg 150w, https:\/\/algarverealestate.com\/pt\/wp-content\/uploads\/2026\/01\/21-sagres-point-300x200.jpg 300w, https:\/\/algarverealestate.com\/pt\/wp-content\/uploads\/2026\/01\/21-sagres-point-430x293.jpg 430w, https:\/\/algarverealestate.com\/pt\/wp-content\/uploads\/2026\/01\/21-sagres-point-768x512.jpg 768w, https:\/\/algarverealestate.com\/pt\/wp-content\/uploads\/2026\/01\/21-sagres-point-880x586.jpg 880w, https:\/\/algarverealestate.com\/pt\/wp-content\/uploads\/2026\/01\/21-sagres-point.jpg 1400w\" sizes=\"(max-width: 1400px) 100vw, 1400px\" loading=\"lazy\" decoding=\"async\"><figcaption>A Ponta de Sagres (Ponta de Sagres) \u00e9 um local natural, com a ic\u00f3nica Fortaleza de Sagres (Fortaleza de Sagres), a grande rosa dos ventos incrustada no solo (a Rosa dos Ventos) e a pequena capela do s\u00e9culo XIV de Nossa Senhora da Gra\u00e7a .<\/p>\n<p>As vistas panor\u00e2micas sobre o Oceano Atl\u00e2ntico, as fal\u00e9sias austeras e a for\u00e7a bruta do mar a bater nas rochas fazem da Ponta de Sagres um local de visita obrigat\u00f3ria para quem viaja para a regi\u00e3o do Algarve em Portugal. A \u00e1rea tamb\u00e9m \u00e9 um para\u00edso para os observadores de p\u00e1ssaros, pois \u00e9 um local privilegiado para a observa\u00e7\u00e3o de aves migrat\u00f3rias.<\/figcaption><\/figure>\n<h2>Praias do Barlavento Algarvio (Sagres a Arma\u00e7\u00e3o de P\u00eara)<\/h2>\n<p>O Barlavento Algarve abrange a costa desde Sagres at\u00e9 Arma\u00e7\u00e3o de P\u00eara. Este trecho \u00e9 uma mistura harmoniosa de beleza natural com diversas paisagens que v\u00e3o desde imponentes fal\u00e9sias a extensas praias arenosas. A presen\u00e7a de ba\u00edas tranquilas e praias abertas. Com locais populares como a Praia da Rocha, a Praia do Vau e a Praia de S\u00e3o Rafael.<\/p>\n<ol start=\"22\">\n<li><a href=\"https:\/\/algarverealestate.com\/pt\/wp-content\/uploads\/2026\/01\/algarve-portugal-beaches-map.jpg\">ver n\u00famero de praia no mapa<\/a><\/li>\n<\/ol>\n<figure class=\"wp-block-image\"><img src=\"https:\/\/algarverealestate.com\/pt\/wp-content\/uploads\/2026\/01\/22-baleeiral-martinhal.jpg\" width=\"1400\" height=\"1050\" class=\"wp-image-8443\" alt=\"A paisagem serena que envolve a Balleira em Sagres, com a majestosa Praia do Martinhal a tra\u00e7ar o horizonte distante.\" srcset=\"https:\/\/algarverealestate.com\/pt\/wp-content\/uploads\/2026\/01\/22-baleeiral-martinhal-125x83.jpg 125w, https:\/\/algarverealestate.com\/pt\/wp-content\/uploads\/2026\/01\/22-baleeiral-martinhal-150x150.jpg 150w, https:\/\/algarverealestate.com\/pt\/wp-content\/uploads\/2026\/01\/22-baleeiral-martinhal-300x225.jpg 300w, https:\/\/algarverealestate.com\/pt\/wp-content\/uploads\/2026\/01\/22-baleeiral-martinhal-430x293.jpg 430w, https:\/\/algarverealestate.com\/pt\/wp-content\/uploads\/2026\/01\/22-baleeiral-martinhal-768x576.jpg 768w, https:\/\/algarverealestate.com\/pt\/wp-content\/uploads\/2026\/01\/22-baleeiral-martinhal-880x586.jpg 880w, https:\/\/algarverealestate.com\/pt\/wp-content\/uploads\/2026\/01\/22-baleeiral-martinhal.jpg 1400w\" sizes=\"(max-width: 1400px) 100vw, 1400px\" loading=\"lazy\" decoding=\"async\"><figcaption>A paisagem serena que envolve a Balleira em Sagres, com a majestosa Praia do Martinhal a tra\u00e7ar o horizonte distante.<\/figcaption><\/figure>\n<ol start=\"22\">\n<li><a href=\"https:\/\/algarverealestate.com\/pt\/wp-content\/uploads\/2026\/01\/algarve-portugal-beaches-map.jpg\">ver n\u00famero de praia no mapa<\/a><\/li>\n<\/ol>\n<figure class=\"wp-block-image\"><img src=\"https:\/\/algarverealestate.com\/pt\/wp-content\/uploads\/2026\/01\/22-martinha-beach.jpg\" width=\"1400\" height=\"933\" class=\"wp-image-8492\" alt=\"A aurora de Dezembro surge sobre a Praia do Martinhal, banhando a paisagem invernal com uma luz suave e et\u00e9rea, oferecendo um in\u00edcio de noite sereno.\" srcset=\"https:\/\/algarverealestate.com\/pt\/wp-content\/uploads\/2026\/01\/22-martinha-beach-125x83.jpg 125w, https:\/\/algarverealestate.com\/pt\/wp-content\/uploads\/2026\/01\/22-martinha-beach-150x150.jpg 150w, https:\/\/algarverealestate.com\/pt\/wp-content\/uploads\/2026\/01\/22-martinha-beach-300x200.jpg 300w, https:\/\/algarverealestate.com\/pt\/wp-content\/uploads\/2026\/01\/22-martinha-beach-430x293.jpg 430w, https:\/\/algarverealestate.com\/pt\/wp-content\/uploads\/2026\/01\/22-martinha-beach-768x512.jpg 768w, https:\/\/algarverealestate.com\/pt\/wp-content\/uploads\/2026\/01\/22-martinha-beach-880x586.jpg 880w, https:\/\/algarverealestate.com\/pt\/wp-content\/uploads\/2026\/01\/22-martinha-beach.jpg 1400w\" sizes=\"(max-width: 1400px) 100vw, 1400px\" loading=\"lazy\" decoding=\"async\"><figcaption>A aurora de Dezembro surge sobre a Praia do Martinhal, banhando a paisagem invernal com uma luz suave e et\u00e9rea, oferecendo um in\u00edcio de noite sereno.<\/figcaption><\/figure>\n<ol start=\"26\">\n<li><a href=\"https:\/\/algarverealestate.com\/pt\/wp-content\/uploads\/2026\/01\/algarve-portugal-beaches-map.jpg\">ver n\u00famero de praia no mapa<\/a><\/li>\n<\/ol>\n<figure class=\"wp-block-image\"><img src=\"https:\/\/algarverealestate.com\/pt\/wp-content\/uploads\/2026\/01\/26-zavial.jpg\" width=\"1400\" height=\"1046\" class=\"wp-image-8493\" alt=\"Swell de sul na Praia do Zavial, a costa sul ganha vida com o espet\u00e1culo dram\u00e1tico das ondas, mostrando a for\u00e7a e a beleza brutas da natureza\" srcset=\"https:\/\/algarverealestate.com\/pt\/wp-content\/uploads\/2026\/01\/26-zavial-125x83.jpg 125w, https:\/\/algarverealestate.com\/pt\/wp-content\/uploads\/2026\/01\/26-zavial-150x150.jpg 150w, https:\/\/algarverealestate.com\/pt\/wp-content\/uploads\/2026\/01\/26-zavial-300x224.jpg 300w, https:\/\/algarverealestate.com\/pt\/wp-content\/uploads\/2026\/01\/26-zavial-430x293.jpg 430w, https:\/\/algarverealestate.com\/pt\/wp-content\/uploads\/2026\/01\/26-zavial-768x574.jpg 768w, https:\/\/algarverealestate.com\/pt\/wp-content\/uploads\/2026\/01\/26-zavial-880x586.jpg 880w, https:\/\/algarverealestate.com\/pt\/wp-content\/uploads\/2026\/01\/26-zavial.jpg 1400w\" sizes=\"(max-width: 1400px) 100vw, 1400px\" loading=\"lazy\" decoding=\"async\"><figcaption>Swell de sul na Praia do Zavial, a costa sul ganha vida com o espet\u00e1culo dram\u00e1tico das ondas, mostrando a for\u00e7a e a beleza brutas da natureza<\/figcaption><\/figure>\n<ol start=\"26\">\n<li><a href=\"https:\/\/algarverealestate.com\/pt\/wp-content\/uploads\/2026\/01\/algarve-portugal-beaches-map.jpg\">ver n\u00famero de praia no mapa<\/a><\/li>\n<\/ol>\n<figure class=\"wp-block-image\"><img src=\"https:\/\/algarverealestate.com\/pt\/wp-content\/uploads\/2026\/01\/26-zavial-beach-2.jpg\" width=\"1400\" height=\"933\" class=\"wp-image-8494\" alt=\"Com os p\u00e9s na \u00e1gua na Praia do Zavial, uma vista arrebatadora se estende de leste a oeste, revelando a extensa linha costeira em toda a sua gl\u00f3ria natural.\" srcset=\"https:\/\/algarverealestate.com\/pt\/wp-content\/uploads\/2026\/01\/26-zavial-beach-2-125x83.jpg 125w, https:\/\/algarverealestate.com\/pt\/wp-content\/uploads\/2026\/01\/26-zavial-beach-2-150x150.jpg 150w, https:\/\/algarverealestate.com\/pt\/wp-content\/uploads\/2026\/01\/26-zavial-beach-2-300x200.jpg 300w, https:\/\/algarverealestate.com\/pt\/wp-content\/uploads\/2026\/01\/26-zavial-beach-2-430x293.jpg 430w, https:\/\/algarverealestate.com\/pt\/wp-content\/uploads\/2026\/01\/26-zavial-beach-2-768x512.jpg 768w, https:\/\/algarverealestate.com\/pt\/wp-content\/uploads\/2026\/01\/26-zavial-beach-2-880x586.jpg 880w, https:\/\/algarverealestate.com\/pt\/wp-content\/uploads\/2026\/01\/26-zavial-beach-2.jpg 1400w\" sizes=\"(max-width: 1400px) 100vw, 1400px\" loading=\"lazy\" decoding=\"async\"><figcaption>Com os p\u00e9s na \u00e1gua na Praia do Zavial, uma vista arrebatadora se estende de leste a oeste, revelando a extensa linha costeira em toda a sua gl\u00f3ria natural.<\/figcaption><\/figure>\n<ol start=\"26\">\n<li><a href=\"https:\/\/algarverealestate.com\/pt\/wp-content\/uploads\/2026\/01\/algarve-portugal-beaches-map.jpg\">ver n\u00famero de praia no mapa<\/a><\/li>\n<\/ol>\n<figure class=\"wp-block-image\"><img src=\"https:\/\/algarverealestate.com\/pt\/wp-content\/uploads\/2026\/01\/26-zavial-surf-2.jpg\" width=\"1400\" height=\"933\" class=\"wp-image-8495\" alt=\"Na Praia do Zavial, as ondas do oeste quebram dramaticamente, amplificadas pela fal\u00e9sia pr\u00f3xima. Silhuetas de surfistas pontilham o topo do penhasco, enquanto outros surfam nas ondas abaixo, criando um cen\u00e1rio din\u00e2mico de aventura e poder da natureza.\" srcset=\"https:\/\/algarverealestate.com\/pt\/wp-content\/uploads\/2026\/01\/26-zavial-surf-2-125x83.jpg 125w, https:\/\/algarverealestate.com\/pt\/wp-content\/uploads\/2026\/01\/26-zavial-surf-2-150x150.jpg 150w, https:\/\/algarverealestate.com\/pt\/wp-content\/uploads\/2026\/01\/26-zavial-surf-2-300x200.jpg 300w, https:\/\/algarverealestate.com\/pt\/wp-content\/uploads\/2026\/01\/26-zavial-surf-2-430x293.jpg 430w, https:\/\/algarverealestate.com\/pt\/wp-content\/uploads\/2026\/01\/26-zavial-surf-2-768x512.jpg 768w, https:\/\/algarverealestate.com\/pt\/wp-content\/uploads\/2026\/01\/26-zavial-surf-2-880x586.jpg 880w, https:\/\/algarverealestate.com\/pt\/wp-content\/uploads\/2026\/01\/26-zavial-surf-2.jpg 1400w\" sizes=\"(max-width: 1400px) 100vw, 1400px\" loading=\"lazy\" decoding=\"async\"><figcaption>Na Praia do Zavial, as ondas do oeste quebram dramaticamente, amplificadas pela fal\u00e9sia pr\u00f3xima. Silhuetas de surfistas pontilham o topo do penhasco, enquanto outros surfam nas ondas abaixo, criando um cen\u00e1rio din\u00e2mico de aventura e poder da natureza.<\/figcaption><\/figure>\n<ol start=\"29\">\n<li><a href=\"https:\/\/algarverealestate.com\/pt\/wp-content\/uploads\/2026\/01\/algarve-portugal-beaches-map.jpg\">ver n\u00famero de praia no mapa<\/a><\/li>\n<\/ol>\n<figure class=\"wp-block-image\"><img src=\"https:\/\/algarverealestate.com\/pt\/wp-content\/uploads\/2026\/01\/29-salema.jpg\" width=\"1400\" height=\"935\" class=\"wp-image-8496\" alt=\"Janeiro traz os surfistas \u00e0 Praia de Salema, aninhada na ba\u00eda em frente \u00e0 pitoresca vila de Salema. A cena captura o charme da vida \u00e0 beira-mar, perfeitamente combinada com a emo\u00e7\u00e3o de surfar nas ondas do inverno.\" srcset=\"https:\/\/algarverealestate.com\/pt\/wp-content\/uploads\/2026\/01\/29-salema-125x83.jpg 125w, https:\/\/algarverealestate.com\/pt\/wp-content\/uploads\/2026\/01\/29-salema-150x150.jpg 150w, https:\/\/algarverealestate.com\/pt\/wp-content\/uploads\/2026\/01\/29-salema-300x200.jpg 300w, https:\/\/algarverealestate.com\/pt\/wp-content\/uploads\/2026\/01\/29-salema-430x293.jpg 430w, https:\/\/algarverealestate.com\/pt\/wp-content\/uploads\/2026\/01\/29-salema-768x513.jpg 768w, https:\/\/algarverealestate.com\/pt\/wp-content\/uploads\/2026\/01\/29-salema-880x586.jpg 880w, https:\/\/algarverealestate.com\/pt\/wp-content\/uploads\/2026\/01\/29-salema.jpg 1400w\" sizes=\"(max-width: 1400px) 100vw, 1400px\" loading=\"lazy\" decoding=\"async\"><figcaption>Janeiro traz os surfistas \u00e0 Praia de Salema, aninhada na ba\u00eda em frente \u00e0 pitoresca vila de Salema. A cena captura o charme da vida \u00e0 beira-mar, perfeitamente combinada com a emo\u00e7\u00e3o de surfar nas ondas do inverno.<\/figcaption><\/figure>\n<ol start=\"30\">\n<li><a href=\"https:\/\/algarverealestate.com\/pt\/wp-content\/uploads\/2026\/01\/algarve-portugal-beaches-map.jpg\">ver n\u00famero de praia no mapa<\/a><\/li>\n<\/ol>\n<figure class=\"wp-block-image\"><img src=\"https:\/\/algarverealestate.com\/pt\/wp-content\/uploads\/2026\/01\/30-boca-de-rio-beach.jpg\" width=\"1400\" height=\"1050\" class=\"wp-image-8497\" alt=\"A Praia Boca do Rio, uma pequena ba\u00eda protegida lindamente embalada pela natureza circundante, oferece um retiro sereno e isolado longe da agita\u00e7\u00e3o.\" srcset=\"https:\/\/algarverealestate.com\/pt\/wp-content\/uploads\/2026\/01\/30-boca-de-rio-beach-125x83.jpg 125w, https:\/\/algarverealestate.com\/pt\/wp-content\/uploads\/2026\/01\/30-boca-de-rio-beach-150x150.jpg 150w, https:\/\/algarverealestate.com\/pt\/wp-content\/uploads\/2026\/01\/30-boca-de-rio-beach-300x225.jpg 300w, https:\/\/algarverealestate.com\/pt\/wp-content\/uploads\/2026\/01\/30-boca-de-rio-beach-430x293.jpg 430w, https:\/\/algarverealestate.com\/pt\/wp-content\/uploads\/2026\/01\/30-boca-de-rio-beach-768x576.jpg 768w, https:\/\/algarverealestate.com\/pt\/wp-content\/uploads\/2026\/01\/30-boca-de-rio-beach-880x586.jpg 880w, https:\/\/algarverealestate.com\/pt\/wp-content\/uploads\/2026\/01\/30-boca-de-rio-beach.jpg 1400w\" sizes=\"(max-width: 1400px) 100vw, 1400px\" loading=\"lazy\" decoding=\"async\"><figcaption>A Praia Boca do Rio, uma pequena ba\u00eda protegida lindamente embalada pela natureza circundante, oferece um retiro sereno e isolado longe da agita\u00e7\u00e3o.<\/figcaption><\/figure>\n<ol start=\"30\">\n<li><a href=\"https:\/\/algarverealestate.com\/pt\/wp-content\/uploads\/2026\/01\/algarve-portugal-beaches-map.jpg\">ver n\u00famero de praia no mapa<\/a><\/li>\n<\/ol>\n<figure class=\"wp-block-image\"><img src=\"https:\/\/algarverealestate.com\/pt\/wp-content\/uploads\/2026\/01\/30-boca-do-rico-beach.jpg\" width=\"1400\" height=\"934\" class=\"wp-image-8498\" alt=\"No inverno, a Praia da Boca do Rio se transforma em uma paisagem tranquila, seu charme sossegado acentuado pela esta\u00e7\u00e3o mais fria\" srcset=\"https:\/\/algarverealestate.com\/pt\/wp-content\/uploads\/2026\/01\/30-boca-do-rico-beach-125x83.jpg 125w, https:\/\/algarverealestate.com\/pt\/wp-content\/uploads\/2026\/01\/30-boca-do-rico-beach-150x150.jpg 150w, https:\/\/algarverealestate.com\/pt\/wp-content\/uploads\/2026\/01\/30-boca-do-rico-beach-300x200.jpg 300w, https:\/\/algarverealestate.com\/pt\/wp-content\/uploads\/2026\/01\/30-boca-do-rico-beach-430x293.jpg 430w, https:\/\/algarverealestate.com\/pt\/wp-content\/uploads\/2026\/01\/30-boca-do-rico-beach-768x512.jpg 768w, https:\/\/algarverealestate.com\/pt\/wp-content\/uploads\/2026\/01\/30-boca-do-rico-beach-880x586.jpg 880w, https:\/\/algarverealestate.com\/pt\/wp-content\/uploads\/2026\/01\/30-boca-do-rico-beach.jpg 1400w\" sizes=\"(max-width: 1400px) 100vw, 1400px\" loading=\"lazy\" decoding=\"async\"><figcaption>No inverno, a Praia da Boca do Rio se transforma em uma paisagem tranquila, seu charme sossegado acentuado pela esta\u00e7\u00e3o mais fria<\/figcaption><\/figure>\n<ol start=\"31\">\n<li><a href=\"https:\/\/algarverealestate.com\/pt\/wp-content\/uploads\/2026\/01\/algarve-portugal-beaches-map.jpg\">ver n\u00famero de praia no mapa<\/a><\/li>\n<\/ol>\n<figure class=\"wp-block-image\"><img src=\"https:\/\/algarverealestate.com\/pt\/wp-content\/uploads\/2026\/01\/31-cabanas-velhas-almadena-01.jpg\" width=\"1400\" height=\"1050\" class=\"wp-image-8499\" alt=\"Praia de Cabanas Velhas em Almadena\" srcset=\"https:\/\/algarverealestate.com\/pt\/wp-content\/uploads\/2026\/01\/31-cabanas-velhas-almadena-01-125x83.jpg 125w, https:\/\/algarverealestate.com\/pt\/wp-content\/uploads\/2026\/01\/31-cabanas-velhas-almadena-01-150x150.jpg 150w, https:\/\/algarverealestate.com\/pt\/wp-content\/uploads\/2026\/01\/31-cabanas-velhas-almadena-01-300x225.jpg 300w, https:\/\/algarverealestate.com\/pt\/wp-content\/uploads\/2026\/01\/31-cabanas-velhas-almadena-01-430x293.jpg 430w, https:\/\/algarverealestate.com\/pt\/wp-content\/uploads\/2026\/01\/31-cabanas-velhas-almadena-01-768x576.jpg 768w, https:\/\/algarverealestate.com\/pt\/wp-content\/uploads\/2026\/01\/31-cabanas-velhas-almadena-01-880x586.jpg 880w, https:\/\/algarverealestate.com\/pt\/wp-content\/uploads\/2026\/01\/31-cabanas-velhas-almadena-01.jpg 1400w\" sizes=\"(max-width: 1400px) 100vw, 1400px\" loading=\"lazy\" decoding=\"async\"><figcaption>Praia de Cabanas Velhas em Almadena<\/figcaption><\/figure>\n<ol start=\"31\">\n<li><a href=\"https:\/\/algarverealestate.com\/pt\/wp-content\/uploads\/2026\/01\/algarve-portugal-beaches-map.jpg\">ver n\u00famero de praia no mapa<\/a><\/li>\n<\/ol>\n<figure class=\"wp-block-image\"><img src=\"https:\/\/algarverealestate.com\/pt\/wp-content\/uploads\/2026\/01\/31-cabanas-velhas-almadena-02.jpg\" width=\"1400\" height=\"1050\" class=\"wp-image-8500\" alt=\"Praia de Cabanas Velhas em Almadena\" srcset=\"https:\/\/algarverealestate.com\/pt\/wp-content\/uploads\/2026\/01\/31-cabanas-velhas-almadena-02-125x83.jpg 125w, https:\/\/algarverealestate.com\/pt\/wp-content\/uploads\/2026\/01\/31-cabanas-velhas-almadena-02-150x150.jpg 150w, https:\/\/algarverealestate.com\/pt\/wp-content\/uploads\/2026\/01\/31-cabanas-velhas-almadena-02-300x225.jpg 300w, https:\/\/algarverealestate.com\/pt\/wp-content\/uploads\/2026\/01\/31-cabanas-velhas-almadena-02-430x293.jpg 430w, https:\/\/algarverealestate.com\/pt\/wp-content\/uploads\/2026\/01\/31-cabanas-velhas-almadena-02-768x576.jpg 768w, https:\/\/algarverealestate.com\/pt\/wp-content\/uploads\/2026\/01\/31-cabanas-velhas-almadena-02-880x586.jpg 880w, https:\/\/algarverealestate.com\/pt\/wp-content\/uploads\/2026\/01\/31-cabanas-velhas-almadena-02.jpg 1400w\" sizes=\"(max-width: 1400px) 100vw, 1400px\" loading=\"lazy\" decoding=\"async\"><figcaption>Praia de Cabanas Velhas em Almadena<\/figcaption><\/figure>\n<ol start=\"31\">\n<li><a href=\"https:\/\/algarverealestate.com\/pt\/wp-content\/uploads\/2026\/01\/algarve-portugal-beaches-map.jpg\">ver n\u00famero de praia no mapa<\/a><\/li>\n<\/ol>\n<figure class=\"wp-block-image\"><img src=\"https:\/\/algarverealestate.com\/pt\/wp-content\/uploads\/2026\/01\/31-cabanas-velhas-almadena-03.jpg\" width=\"1400\" height=\"1050\" class=\"wp-image-8501\" alt=\"Praia de Cabanas Velhas em Almadena\" srcset=\"https:\/\/algarverealestate.com\/pt\/wp-content\/uploads\/2026\/01\/31-cabanas-velhas-almadena-03-125x83.jpg 125w, https:\/\/algarverealestate.com\/pt\/wp-content\/uploads\/2026\/01\/31-cabanas-velhas-almadena-03-150x150.jpg 150w, https:\/\/algarverealestate.com\/pt\/wp-content\/uploads\/2026\/01\/31-cabanas-velhas-almadena-03-300x225.jpg 300w, https:\/\/algarverealestate.com\/pt\/wp-content\/uploads\/2026\/01\/31-cabanas-velhas-almadena-03-430x293.jpg 430w, https:\/\/algarverealestate.com\/pt\/wp-content\/uploads\/2026\/01\/31-cabanas-velhas-almadena-03-768x576.jpg 768w, https:\/\/algarverealestate.com\/pt\/wp-content\/uploads\/2026\/01\/31-cabanas-velhas-almadena-03-880x586.jpg 880w, https:\/\/algarverealestate.com\/pt\/wp-content\/uploads\/2026\/01\/31-cabanas-velhas-almadena-03.jpg 1400w\" sizes=\"(max-width: 1400px) 100vw, 1400px\" loading=\"lazy\" decoding=\"async\"><figcaption>Praia de Cabanas Velhas em Almadena<\/figcaption><\/figure>\n<ol start=\"032\">\n<li><a href=\"https:\/\/algarverealestate.com\/pt\/wp-content\/uploads\/2026\/01\/algarve-portugal-beaches-map.jpg\">ver n\u00famero de praia no mapa<\/a><\/li>\n<\/ol>\n<figure class=\"wp-block-image\"><img src=\"https:\/\/algarverealestate.com\/pt\/wp-content\/uploads\/2026\/01\/032-burgau-beach.jpg\" width=\"1400\" height=\"933\" class=\"wp-image-8502\" alt=\"Portugal\" srcset=\"https:\/\/algarverealestate.com\/pt\/wp-content\/uploads\/2026\/01\/032-burgau-beach-125x83.jpg 125w, https:\/\/algarverealestate.com\/pt\/wp-content\/uploads\/2026\/01\/032-burgau-beach-150x150.jpg 150w, https:\/\/algarverealestate.com\/pt\/wp-content\/uploads\/2026\/01\/032-burgau-beach-300x200.jpg 300w, https:\/\/algarverealestate.com\/pt\/wp-content\/uploads\/2026\/01\/032-burgau-beach-430x293.jpg 430w, https:\/\/algarverealestate.com\/pt\/wp-content\/uploads\/2026\/01\/032-burgau-beach-768x512.jpg 768w, https:\/\/algarverealestate.com\/pt\/wp-content\/uploads\/2026\/01\/032-burgau-beach-880x586.jpg 880w, https:\/\/algarverealestate.com\/pt\/wp-content\/uploads\/2026\/01\/032-burgau-beach.jpg 1400w\" sizes=\"(max-width: 1400px) 100vw, 1400px\" loading=\"lazy\" decoding=\"async\"><\/figure>\n<ol start=\"32\">\n<li><a href=\"https:\/\/algarverealestate.com\/pt\/wp-content\/uploads\/2026\/01\/algarve-portugal-beaches-map.jpg\">ver n\u00famero de praia no mapa<\/a><\/li>\n<\/ol>\n<figure class=\"wp-block-image\"><img src=\"https:\/\/algarverealestate.com\/pt\/wp-content\/uploads\/2026\/01\/32-burgau-01.jpg\" width=\"1400\" height=\"1050\" class=\"wp-image-8503\" alt=\"Praia do Burgau\" srcset=\"https:\/\/algarverealestate.com\/pt\/wp-content\/uploads\/2026\/01\/32-burgau-01-125x83.jpg 125w, https:\/\/algarverealestate.com\/pt\/wp-content\/uploads\/2026\/01\/32-burgau-01-150x150.jpg 150w, https:\/\/algarverealestate.com\/pt\/wp-content\/uploads\/2026\/01\/32-burgau-01-300x225.jpg 300w, https:\/\/algarverealestate.com\/pt\/wp-content\/uploads\/2026\/01\/32-burgau-01-430x293.jpg 430w, https:\/\/algarverealestate.com\/pt\/wp-content\/uploads\/2026\/01\/32-burgau-01-768x576.jpg 768w, https:\/\/algarverealestate.com\/pt\/wp-content\/uploads\/2026\/01\/32-burgau-01-880x586.jpg 880w, https:\/\/algarverealestate.com\/pt\/wp-content\/uploads\/2026\/01\/32-burgau-01.jpg 1400w\" sizes=\"(max-width: 1400px) 100vw, 1400px\" loading=\"lazy\" decoding=\"async\"><figcaption>Praia do Burgau<\/figcaption><\/figure>\n<ol start=\"32\">\n<li><a href=\"https:\/\/algarverealestate.com\/pt\/wp-content\/uploads\/2026\/01\/algarve-portugal-beaches-map.jpg\">ver n\u00famero de praia no mapa<\/a><\/li>\n<\/ol>\n<figure class=\"wp-block-image\"><img src=\"https:\/\/algarverealestate.com\/pt\/wp-content\/uploads\/2026\/01\/32-burgau-02.jpg\" width=\"1400\" height=\"1050\" class=\"wp-image-8444\" alt=\"Praia do Burgau\" srcset=\"https:\/\/algarverealestate.com\/pt\/wp-content\/uploads\/2026\/01\/32-burgau-02-125x83.jpg 125w, https:\/\/algarverealestate.com\/pt\/wp-content\/uploads\/2026\/01\/32-burgau-02-150x150.jpg 150w, https:\/\/algarverealestate.com\/pt\/wp-content\/uploads\/2026\/01\/32-burgau-02-300x225.jpg 300w, https:\/\/algarverealestate.com\/pt\/wp-content\/uploads\/2026\/01\/32-burgau-02-430x293.jpg 430w, https:\/\/algarverealestate.com\/pt\/wp-content\/uploads\/2026\/01\/32-burgau-02-768x576.jpg 768w, https:\/\/algarverealestate.com\/pt\/wp-content\/uploads\/2026\/01\/32-burgau-02-880x586.jpg 880w, https:\/\/algarverealestate.com\/pt\/wp-content\/uploads\/2026\/01\/32-burgau-02.jpg 1400w\" sizes=\"(max-width: 1400px) 100vw, 1400px\" loading=\"lazy\" decoding=\"async\"><figcaption>Praia do Burgau<\/figcaption><\/figure>\n<ol start=\"33\">\n<li><a href=\"https:\/\/algarverealestate.com\/pt\/wp-content\/uploads\/2026\/01\/algarve-portugal-beaches-map.jpg\">ver n\u00famero de praia no mapa<\/a><\/li>\n<\/ol>\n<figure class=\"wp-block-image\"><img src=\"https:\/\/algarverealestate.com\/pt\/wp-content\/uploads\/2026\/01\/33-praia-da-luz-01.jpg\" width=\"1400\" height=\"933\" class=\"wp-image-8504\" alt=\"A Praia da Luz situa-se a 7 quil\u00f3metros de Lagos. A Praia da Luz \u00e9 uma vila piscat\u00f3ria tradicional. A Praia da Luz tamb\u00e9m \u00e9 conhecida como Vila da Luz. Nos \u00faltimos anos, a Vila da Luz tem tido um grande crescimento tur\u00edstico\" srcset=\"https:\/\/algarverealestate.com\/pt\/wp-content\/uploads\/2026\/01\/33-praia-da-luz-01-125x83.jpg 125w, https:\/\/algarverealestate.com\/pt\/wp-content\/uploads\/2026\/01\/33-praia-da-luz-01-150x150.jpg 150w, https:\/\/algarverealestate.com\/pt\/wp-content\/uploads\/2026\/01\/33-praia-da-luz-01-300x200.jpg 300w, https:\/\/algarverealestate.com\/pt\/wp-content\/uploads\/2026\/01\/33-praia-da-luz-01-430x293.jpg 430w, https:\/\/algarverealestate.com\/pt\/wp-content\/uploads\/2026\/01\/33-praia-da-luz-01-768x512.jpg 768w, https:\/\/algarverealestate.com\/pt\/wp-content\/uploads\/2026\/01\/33-praia-da-luz-01-880x586.jpg 880w, https:\/\/algarverealestate.com\/pt\/wp-content\/uploads\/2026\/01\/33-praia-da-luz-01.jpg 1400w\" sizes=\"(max-width: 1400px) 100vw, 1400px\" loading=\"lazy\" decoding=\"async\"><figcaption>A Praia da Luz situa-se a 7 quil\u00f3metros de Lagos. A Praia da Luz \u00e9 uma vila piscat\u00f3ria tradicional. A Praia da Luz tamb\u00e9m \u00e9 conhecida como Vila da Luz. Nos \u00faltimos anos, a Vila da Luz tem tido um grande crescimento tur\u00edstico<\/figcaption><\/figure>\n<ol start=\"33\">\n<li><a href=\"https:\/\/algarverealestate.com\/pt\/wp-content\/uploads\/2026\/01\/algarve-portugal-beaches-map.jpg\">ver n\u00famero de praia no mapa<\/a><\/li>\n<\/ol>\n<figure class=\"wp-block-image\"><img src=\"https:\/\/algarverealestate.com\/pt\/wp-content\/uploads\/2026\/01\/33-praia-da-luz-02.jpg\" width=\"1400\" height=\"933\" class=\"wp-image-8505\" alt=\"Na costa da Vila da Luz podemos desfrutar de vistas verdadeiramente tranquilas sobre o mar\" srcset=\"https:\/\/algarverealestate.com\/pt\/wp-content\/uploads\/2026\/01\/33-praia-da-luz-02-125x83.jpg 125w, https:\/\/algarverealestate.com\/pt\/wp-content\/uploads\/2026\/01\/33-praia-da-luz-02-150x150.jpg 150w, https:\/\/algarverealestate.com\/pt\/wp-content\/uploads\/2026\/01\/33-praia-da-luz-02-300x200.jpg 300w, https:\/\/algarverealestate.com\/pt\/wp-content\/uploads\/2026\/01\/33-praia-da-luz-02-430x293.jpg 430w, https:\/\/algarverealestate.com\/pt\/wp-content\/uploads\/2026\/01\/33-praia-da-luz-02-768x512.jpg 768w, https:\/\/algarverealestate.com\/pt\/wp-content\/uploads\/2026\/01\/33-praia-da-luz-02-880x586.jpg 880w, https:\/\/algarverealestate.com\/pt\/wp-content\/uploads\/2026\/01\/33-praia-da-luz-02.jpg 1400w\" sizes=\"(max-width: 1400px) 100vw, 1400px\" loading=\"lazy\" decoding=\"async\"><figcaption>Na costa da Vila da Luz podemos desfrutar de vistas verdadeiramente tranquilas sobre o mar<\/figcaption><\/figure>\n<ol start=\"33\">\n<li><a href=\"https:\/\/algarverealestate.com\/pt\/wp-content\/uploads\/2026\/01\/algarve-portugal-beaches-map.jpg\">ver n\u00famero de praia no mapa<\/a><\/li>\n<\/ol>\n<figure class=\"wp-block-image\"><img src=\"https:\/\/algarverealestate.com\/pt\/wp-content\/uploads\/2026\/01\/33-praia-da-luz-03.jpg\" width=\"1400\" height=\"933\" class=\"wp-image-8506\" alt=\"A Praia da Luz est\u00e1 dividida em duas partes. A parte da praia com pedras fica no lado oeste da vila.\" srcset=\"https:\/\/algarverealestate.com\/pt\/wp-content\/uploads\/2026\/01\/33-praia-da-luz-03-125x83.jpg 125w, https:\/\/algarverealestate.com\/pt\/wp-content\/uploads\/2026\/01\/33-praia-da-luz-03-150x150.jpg 150w, https:\/\/algarverealestate.com\/pt\/wp-content\/uploads\/2026\/01\/33-praia-da-luz-03-300x200.jpg 300w, https:\/\/algarverealestate.com\/pt\/wp-content\/uploads\/2026\/01\/33-praia-da-luz-03-430x293.jpg 430w, https:\/\/algarverealestate.com\/pt\/wp-content\/uploads\/2026\/01\/33-praia-da-luz-03-768x512.jpg 768w, https:\/\/algarverealestate.com\/pt\/wp-content\/uploads\/2026\/01\/33-praia-da-luz-03-880x586.jpg 880w, https:\/\/algarverealestate.com\/pt\/wp-content\/uploads\/2026\/01\/33-praia-da-luz-03.jpg 1400w\" sizes=\"(max-width: 1400px) 100vw, 1400px\" loading=\"lazy\" decoding=\"async\"><figcaption>A Praia da Luz est\u00e1 dividida em duas partes. A parte da praia com pedras fica no lado oeste da vila.<\/figcaption><\/figure>\n<ol start=\"33\">\n<li><a href=\"https:\/\/algarverealestate.com\/pt\/wp-content\/uploads\/2026\/01\/algarve-portugal-beaches-map.jpg\">ver n\u00famero de praia no mapa<\/a><\/li>\n<\/ol>\n<figure class=\"wp-block-image\"><img src=\"https:\/\/algarverealestate.com\/pt\/wp-content\/uploads\/2026\/01\/33-praia-da-luz-04.jpg\" width=\"1400\" height=\"933\" class=\"wp-image-8507\" alt=\"Zona Oeste da Vila da Luz\" srcset=\"https:\/\/algarverealestate.com\/pt\/wp-content\/uploads\/2026\/01\/33-praia-da-luz-04-125x83.jpg 125w, https:\/\/algarverealestate.com\/pt\/wp-content\/uploads\/2026\/01\/33-praia-da-luz-04-150x150.jpg 150w, https:\/\/algarverealestate.com\/pt\/wp-content\/uploads\/2026\/01\/33-praia-da-luz-04-300x200.jpg 300w, https:\/\/algarverealestate.com\/pt\/wp-content\/uploads\/2026\/01\/33-praia-da-luz-04-430x293.jpg 430w, https:\/\/algarverealestate.com\/pt\/wp-content\/uploads\/2026\/01\/33-praia-da-luz-04-768x512.jpg 768w, https:\/\/algarverealestate.com\/pt\/wp-content\/uploads\/2026\/01\/33-praia-da-luz-04-880x586.jpg 880w, https:\/\/algarverealestate.com\/pt\/wp-content\/uploads\/2026\/01\/33-praia-da-luz-04.jpg 1400w\" sizes=\"(max-width: 1400px) 100vw, 1400px\" loading=\"lazy\" decoding=\"async\"><figcaption>Zona Oeste da Vila da Luz<\/figcaption><\/figure>\n<ol start=\"33\">\n<li><a href=\"https:\/\/algarverealestate.com\/pt\/wp-content\/uploads\/2026\/01\/algarve-portugal-beaches-map.jpg\">ver n\u00famero de praia no mapa<\/a><\/li>\n<\/ol>\n<figure class=\"wp-block-image\"><img src=\"https:\/\/algarverealestate.com\/pt\/wp-content\/uploads\/2026\/01\/33-praia-da-luz-05.jpg\" width=\"1400\" height=\"933\" class=\"wp-image-8508\" alt=\"A Praia da Luz mais conhecida \u00e9 a parte oriental, localizada na parte baixa da vila. Nesta enseada podemos encontrar uma praia com cerca de 1000 metros de extens\u00e3o. No topo da praia encontramos restaurantes \u00e0 beira-mar com refei\u00e7\u00f5es tradicionais de peixe grelhado e outros pratos regionais.\" srcset=\"https:\/\/algarverealestate.com\/pt\/wp-content\/uploads\/2026\/01\/33-praia-da-luz-05-125x83.jpg 125w, https:\/\/algarverealestate.com\/pt\/wp-content\/uploads\/2026\/01\/33-praia-da-luz-05-150x150.jpg 150w, https:\/\/algarverealestate.com\/pt\/wp-content\/uploads\/2026\/01\/33-praia-da-luz-05-300x200.jpg 300w, https:\/\/algarverealestate.com\/pt\/wp-content\/uploads\/2026\/01\/33-praia-da-luz-05-430x293.jpg 430w, https:\/\/algarverealestate.com\/pt\/wp-content\/uploads\/2026\/01\/33-praia-da-luz-05-768x512.jpg 768w, https:\/\/algarverealestate.com\/pt\/wp-content\/uploads\/2026\/01\/33-praia-da-luz-05-880x586.jpg 880w, https:\/\/algarverealestate.com\/pt\/wp-content\/uploads\/2026\/01\/33-praia-da-luz-05.jpg 1400w\" sizes=\"(max-width: 1400px) 100vw, 1400px\" loading=\"lazy\" decoding=\"async\"><figcaption>A Praia da Luz mais conhecida \u00e9 a parte oriental, localizada na parte baixa da vila. Nesta enseada podemos encontrar uma praia com cerca de 1000 metros de extens\u00e3o. No topo da praia encontramos restaurantes \u00e0 beira-mar com refei\u00e7\u00f5es tradicionais de peixe grelhado e outros pratos regionais.<\/figcaption><\/figure>\n<ol start=\"33\">\n<li><a href=\"https:\/\/algarverealestate.com\/pt\/wp-content\/uploads\/2026\/01\/algarve-portugal-beaches-map.jpg\">ver n\u00famero de praia no mapa<\/a><\/li>\n<\/ol>\n<figure class=\"wp-block-image\"><img src=\"https:\/\/algarverealestate.com\/pt\/wp-content\/uploads\/2026\/01\/33-praia-da-luz-06.jpg\" width=\"1400\" height=\"933\" class=\"wp-image-8509\" alt=\"As duas partes da Praia da Luz s\u00e3o ligadas por um caminho costeiro, ideal para caminhadas.\" srcset=\"https:\/\/algarverealestate.com\/pt\/wp-content\/uploads\/2026\/01\/33-praia-da-luz-06-125x83.jpg 125w, https:\/\/algarverealestate.com\/pt\/wp-content\/uploads\/2026\/01\/33-praia-da-luz-06-150x150.jpg 150w, https:\/\/algarverealestate.com\/pt\/wp-content\/uploads\/2026\/01\/33-praia-da-luz-06-300x200.jpg 300w, https:\/\/algarverealestate.com\/pt\/wp-content\/uploads\/2026\/01\/33-praia-da-luz-06-430x293.jpg 430w, https:\/\/algarverealestate.com\/pt\/wp-content\/uploads\/2026\/01\/33-praia-da-luz-06-768x512.jpg 768w, https:\/\/algarverealestate.com\/pt\/wp-content\/uploads\/2026\/01\/33-praia-da-luz-06-880x586.jpg 880w, https:\/\/algarverealestate.com\/pt\/wp-content\/uploads\/2026\/01\/33-praia-da-luz-06.jpg 1400w\" sizes=\"(max-width: 1400px) 100vw, 1400px\" loading=\"lazy\" decoding=\"async\"><figcaption>As duas partes da Praia da Luz s\u00e3o ligadas por um caminho costeiro, ideal para caminhadas.<\/figcaption><\/figure>\n<ol start=\"33\">\n<li><a href=\"https:\/\/algarverealestate.com\/pt\/wp-content\/uploads\/2026\/01\/algarve-portugal-beaches-map.jpg\">ver n\u00famero de praia no mapa<\/a><\/li>\n<\/ol>\n<figure class=\"wp-block-image\"><img src=\"https:\/\/algarverealestate.com\/pt\/wp-content\/uploads\/2026\/01\/33-praia-da-luz-07.jpg\" width=\"1400\" height=\"933\" class=\"wp-image-8510\" alt=\"luz zona oeste\" srcset=\"https:\/\/algarverealestate.com\/pt\/wp-content\/uploads\/2026\/01\/33-praia-da-luz-07-125x83.jpg 125w, https:\/\/algarverealestate.com\/pt\/wp-content\/uploads\/2026\/01\/33-praia-da-luz-07-150x150.jpg 150w, https:\/\/algarverealestate.com\/pt\/wp-content\/uploads\/2026\/01\/33-praia-da-luz-07-300x200.jpg 300w, https:\/\/algarverealestate.com\/pt\/wp-content\/uploads\/2026\/01\/33-praia-da-luz-07-430x293.jpg 430w, https:\/\/algarverealestate.com\/pt\/wp-content\/uploads\/2026\/01\/33-praia-da-luz-07-768x512.jpg 768w, https:\/\/algarverealestate.com\/pt\/wp-content\/uploads\/2026\/01\/33-praia-da-luz-07-880x586.jpg 880w, https:\/\/algarverealestate.com\/pt\/wp-content\/uploads\/2026\/01\/33-praia-da-luz-07.jpg 1400w\" sizes=\"(max-width: 1400px) 100vw, 1400px\" loading=\"lazy\" decoding=\"async\"><figcaption>luz zona oeste<\/figcaption><\/figure>\n<ol start=\"33\">\n<li><a href=\"https:\/\/algarverealestate.com\/pt\/wp-content\/uploads\/2026\/01\/algarve-portugal-beaches-map.jpg\">ver n\u00famero de praia no mapa<\/a><\/li>\n<\/ol>\n<figure class=\"wp-block-image\"><img src=\"https:\/\/algarverealestate.com\/pt\/wp-content\/uploads\/2026\/01\/33-praia-da-luz-08.jpg\" width=\"1400\" height=\"933\" class=\"wp-image-8511\" alt=\"Esta fotografia mostra a Praia da Luz no in\u00edcio do ver\u00e3o\" srcset=\"https:\/\/algarverealestate.com\/pt\/wp-content\/uploads\/2026\/01\/33-praia-da-luz-08-125x83.jpg 125w, https:\/\/algarverealestate.com\/pt\/wp-content\/uploads\/2026\/01\/33-praia-da-luz-08-150x150.jpg 150w, https:\/\/algarverealestate.com\/pt\/wp-content\/uploads\/2026\/01\/33-praia-da-luz-08-300x200.jpg 300w, https:\/\/algarverealestate.com\/pt\/wp-content\/uploads\/2026\/01\/33-praia-da-luz-08-430x293.jpg 430w, https:\/\/algarverealestate.com\/pt\/wp-content\/uploads\/2026\/01\/33-praia-da-luz-08-768x512.jpg 768w, https:\/\/algarverealestate.com\/pt\/wp-content\/uploads\/2026\/01\/33-praia-da-luz-08-880x586.jpg 880w, https:\/\/algarverealestate.com\/pt\/wp-content\/uploads\/2026\/01\/33-praia-da-luz-08.jpg 1400w\" sizes=\"(max-width: 1400px) 100vw, 1400px\" loading=\"lazy\" decoding=\"async\"><figcaption>Esta fotografia mostra a Praia da Luz no in\u00edcio do ver\u00e3o<\/figcaption><\/figure>\n<ol start=\"33\">\n<li><a href=\"https:\/\/algarverealestate.com\/pt\/wp-content\/uploads\/2026\/01\/algarve-portugal-beaches-map.jpg\">ver n\u00famero de praia no mapa<\/a><\/li>\n<\/ol>\n<figure class=\"wp-block-image\"><img src=\"https:\/\/algarverealestate.com\/pt\/wp-content\/uploads\/2026\/01\/33-praia-da-luz-09.jpg\" width=\"1400\" height=\"933\" class=\"wp-image-8512\" alt=\"Na vertente nascente da Praia da Luz, existe uma colina de onde se avista uma vista panor\u00e2mica sobre toda a Vila da Luz, praia e mar.\" srcset=\"https:\/\/algarverealestate.com\/pt\/wp-content\/uploads\/2026\/01\/33-praia-da-luz-09-125x83.jpg 125w, https:\/\/algarverealestate.com\/pt\/wp-content\/uploads\/2026\/01\/33-praia-da-luz-09-150x150.jpg 150w, https:\/\/algarverealestate.com\/pt\/wp-content\/uploads\/2026\/01\/33-praia-da-luz-09-300x200.jpg 300w, https:\/\/algarverealestate.com\/pt\/wp-content\/uploads\/2026\/01\/33-praia-da-luz-09-430x293.jpg 430w, https:\/\/algarverealestate.com\/pt\/wp-content\/uploads\/2026\/01\/33-praia-da-luz-09-768x512.jpg 768w, https:\/\/algarverealestate.com\/pt\/wp-content\/uploads\/2026\/01\/33-praia-da-luz-09-880x586.jpg 880w, https:\/\/algarverealestate.com\/pt\/wp-content\/uploads\/2026\/01\/33-praia-da-luz-09.jpg 1400w\" sizes=\"(max-width: 1400px) 100vw, 1400px\" loading=\"lazy\" decoding=\"async\"><figcaption>Na vertente nascente da Praia da Luz, existe uma colina de onde se avista uma vista panor\u00e2mica sobre toda a Vila da Luz, praia e mar.<\/figcaption><\/figure>\n<ol start=\"33\">\n<li><a href=\"https:\/\/algarverealestate.com\/pt\/wp-content\/uploads\/2026\/01\/algarve-portugal-beaches-map.jpg\">ver n\u00famero de praia no mapa<\/a><\/li>\n<\/ol>\n<figure class=\"wp-block-image\"><img src=\"https:\/\/algarverealestate.com\/pt\/wp-content\/uploads\/2026\/01\/33-praia-da-luz-10.jpg\" width=\"1400\" height=\"933\" class=\"wp-image-8513\" alt=\"Arriba alta situada a nascente da Praia da Luz, de onde podemos observar o mar e caminhar pela arriba at\u00e9 \u00e0 cidade de Lagos\" srcset=\"https:\/\/algarverealestate.com\/pt\/wp-content\/uploads\/2026\/01\/33-praia-da-luz-10-125x83.jpg 125w, https:\/\/algarverealestate.com\/pt\/wp-content\/uploads\/2026\/01\/33-praia-da-luz-10-150x150.jpg 150w, https:\/\/algarverealestate.com\/pt\/wp-content\/uploads\/2026\/01\/33-praia-da-luz-10-300x200.jpg 300w, https:\/\/algarverealestate.com\/pt\/wp-content\/uploads\/2026\/01\/33-praia-da-luz-10-430x293.jpg 430w, https:\/\/algarverealestate.com\/pt\/wp-content\/uploads\/2026\/01\/33-praia-da-luz-10-768x512.jpg 768w, https:\/\/algarverealestate.com\/pt\/wp-content\/uploads\/2026\/01\/33-praia-da-luz-10-880x586.jpg 880w, https:\/\/algarverealestate.com\/pt\/wp-content\/uploads\/2026\/01\/33-praia-da-luz-10.jpg 1400w\" sizes=\"(max-width: 1400px) 100vw, 1400px\" loading=\"lazy\" decoding=\"async\"><figcaption>Arriba alta situada a nascente da Praia da Luz, de onde podemos observar o mar e caminhar pela arriba at\u00e9 \u00e0 cidade de Lagos<\/figcaption><\/figure>\n<ol start=\"34\">\n<li><a href=\"https:\/\/algarverealestate.com\/pt\/wp-content\/uploads\/2026\/01\/algarve-portugal-beaches-map.jpg\">ver n\u00famero de praia no mapa<\/a><\/li>\n<\/ol>\n<figure class=\"wp-block-image\"><img src=\"https:\/\/algarverealestate.com\/pt\/wp-content\/uploads\/2026\/01\/34-mos-beach-beach.jpg\" width=\"1400\" height=\"1050\" class=\"wp-image-8514\" alt=\"Praia de Porto de M\u00f4s vista de poente para nascente, com a vila de Porto de m\u00f4s (Lagos)\" srcset=\"https:\/\/algarverealestate.com\/pt\/wp-content\/uploads\/2026\/01\/34-mos-beach-beach-125x83.jpg 125w, https:\/\/algarverealestate.com\/pt\/wp-content\/uploads\/2026\/01\/34-mos-beach-beach-150x150.jpg 150w, https:\/\/algarverealestate.com\/pt\/wp-content\/uploads\/2026\/01\/34-mos-beach-beach-300x225.jpg 300w, https:\/\/algarverealestate.com\/pt\/wp-content\/uploads\/2026\/01\/34-mos-beach-beach-430x293.jpg 430w, https:\/\/algarverealestate.com\/pt\/wp-content\/uploads\/2026\/01\/34-mos-beach-beach-768x576.jpg 768w, https:\/\/algarverealestate.com\/pt\/wp-content\/uploads\/2026\/01\/34-mos-beach-beach-880x586.jpg 880w, https:\/\/algarverealestate.com\/pt\/wp-content\/uploads\/2026\/01\/34-mos-beach-beach.jpg 1400w\" sizes=\"(max-width: 1400px) 100vw, 1400px\" loading=\"lazy\" decoding=\"async\"><figcaption>Praia de Porto de M\u00f4s vista de poente para nascente, com a vila de Porto de m\u00f4s (Lagos)<\/figcaption><\/figure>\n<ol start=\"34\">\n<li><a href=\"https:\/\/algarverealestate.com\/pt\/wp-content\/uploads\/2026\/01\/algarve-portugal-beaches-map.jpg\">ver n\u00famero de praia no mapa<\/a><\/li>\n<\/ol>\n<figure class=\"wp-block-image\"><img src=\"https:\/\/algarverealestate.com\/pt\/wp-content\/uploads\/2026\/01\/34-porto-de-mos-beach-01.jpg\" width=\"1400\" height=\"933\" class=\"wp-image-8515\" alt=\"Praia de Porto de M\u00f4s\" srcset=\"https:\/\/algarverealestate.com\/pt\/wp-content\/uploads\/2026\/01\/34-porto-de-mos-beach-01-125x83.jpg 125w, https:\/\/algarverealestate.com\/pt\/wp-content\/uploads\/2026\/01\/34-porto-de-mos-beach-01-150x150.jpg 150w, https:\/\/algarverealestate.com\/pt\/wp-content\/uploads\/2026\/01\/34-porto-de-mos-beach-01-300x200.jpg 300w, https:\/\/algarverealestate.com\/pt\/wp-content\/uploads\/2026\/01\/34-porto-de-mos-beach-01-430x293.jpg 430w, https:\/\/algarverealestate.com\/pt\/wp-content\/uploads\/2026\/01\/34-porto-de-mos-beach-01-768x512.jpg 768w, https:\/\/algarverealestate.com\/pt\/wp-content\/uploads\/2026\/01\/34-porto-de-mos-beach-01-880x586.jpg 880w, https:\/\/algarverealestate.com\/pt\/wp-content\/uploads\/2026\/01\/34-porto-de-mos-beach-01.jpg 1400w\" sizes=\"(max-width: 1400px) 100vw, 1400px\" loading=\"lazy\" decoding=\"async\"><figcaption>Praia de Porto de M\u00f4s<\/figcaption><\/figure>\n<ol start=\"34\">\n<li><a href=\"https:\/\/algarverealestate.com\/pt\/wp-content\/uploads\/2026\/01\/algarve-portugal-beaches-map.jpg\">ver n\u00famero de praia no mapa<\/a><\/li>\n<\/ol>\n<figure class=\"wp-block-image\"><img src=\"https:\/\/algarverealestate.com\/pt\/wp-content\/uploads\/2026\/01\/34-porto-de-mos-beach-02.jpg\" width=\"1400\" height=\"933\" class=\"wp-image-8516\" alt=\"Praia de Porto de M\u00f4s\" srcset=\"https:\/\/algarverealestate.com\/pt\/wp-content\/uploads\/2026\/01\/34-porto-de-mos-beach-02-125x83.jpg 125w, https:\/\/algarverealestate.com\/pt\/wp-content\/uploads\/2026\/01\/34-porto-de-mos-beach-02-150x150.jpg 150w, https:\/\/algarverealestate.com\/pt\/wp-content\/uploads\/2026\/01\/34-porto-de-mos-beach-02-300x200.jpg 300w, https:\/\/algarverealestate.com\/pt\/wp-content\/uploads\/2026\/01\/34-porto-de-mos-beach-02-430x293.jpg 430w, https:\/\/algarverealestate.com\/pt\/wp-content\/uploads\/2026\/01\/34-porto-de-mos-beach-02-768x512.jpg 768w, https:\/\/algarverealestate.com\/pt\/wp-content\/uploads\/2026\/01\/34-porto-de-mos-beach-02-880x586.jpg 880w, https:\/\/algarverealestate.com\/pt\/wp-content\/uploads\/2026\/01\/34-porto-de-mos-beach-02.jpg 1400w\" sizes=\"(max-width: 1400px) 100vw, 1400px\" loading=\"lazy\" decoding=\"async\"><figcaption>Praia de Porto de M\u00f4s<\/figcaption><\/figure>\n<ol start=\"34\">\n<li><a href=\"https:\/\/algarverealestate.com\/pt\/wp-content\/uploads\/2026\/01\/algarve-portugal-beaches-map.jpg\">ver n\u00famero de praia no mapa<\/a><\/li>\n<\/ol>\n<figure class=\"wp-block-image\"><img src=\"https:\/\/algarverealestate.com\/pt\/wp-content\/uploads\/2026\/01\/34-porto-de-mos-beach-03.jpg\" width=\"1400\" height=\"933\" class=\"wp-image-8517\" alt=\"Praia de Porto de M\u00f4s\" srcset=\"https:\/\/algarverealestate.com\/pt\/wp-content\/uploads\/2026\/01\/34-porto-de-mos-beach-03-125x83.jpg 125w, https:\/\/algarverealestate.com\/pt\/wp-content\/uploads\/2026\/01\/34-porto-de-mos-beach-03-150x150.jpg 150w, https:\/\/algarverealestate.com\/pt\/wp-content\/uploads\/2026\/01\/34-porto-de-mos-beach-03-300x200.jpg 300w, https:\/\/algarverealestate.com\/pt\/wp-content\/uploads\/2026\/01\/34-porto-de-mos-beach-03-430x293.jpg 430w, https:\/\/algarverealestate.com\/pt\/wp-content\/uploads\/2026\/01\/34-porto-de-mos-beach-03-768x512.jpg 768w, https:\/\/algarverealestate.com\/pt\/wp-content\/uploads\/2026\/01\/34-porto-de-mos-beach-03-880x586.jpg 880w, https:\/\/algarverealestate.com\/pt\/wp-content\/uploads\/2026\/01\/34-porto-de-mos-beach-03.jpg 1400w\" sizes=\"(max-width: 1400px) 100vw, 1400px\" loading=\"lazy\" decoding=\"async\"><figcaption>Praia de Porto de M\u00f4s<\/figcaption><\/figure>\n<ol start=\"036\">\n<li><a href=\"https:\/\/algarverealestate.com\/pt\/wp-content\/uploads\/2026\/01\/algarve-portugal-beaches-map.jpg\">ver n\u00famero de praia no mapa<\/a><\/li>\n<\/ol>\n<figure class=\"wp-block-image\"><img src=\"https:\/\/algarverealestate.com\/pt\/wp-content\/uploads\/2026\/01\/036-ponta-da-piedade.jpg\" width=\"1400\" height=\"933\" class=\"wp-image-8518\" alt=\"Ponta da Piedade, Algarve, Portugal\" srcset=\"https:\/\/algarverealestate.com\/pt\/wp-content\/uploads\/2026\/01\/036-ponta-da-piedade-125x83.jpg 125w, https:\/\/algarverealestate.com\/pt\/wp-content\/uploads\/2026\/01\/036-ponta-da-piedade-150x150.jpg 150w, https:\/\/algarverealestate.com\/pt\/wp-content\/uploads\/2026\/01\/036-ponta-da-piedade-300x200.jpg 300w, https:\/\/algarverealestate.com\/pt\/wp-content\/uploads\/2026\/01\/036-ponta-da-piedade-430x293.jpg 430w, https:\/\/algarverealestate.com\/pt\/wp-content\/uploads\/2026\/01\/036-ponta-da-piedade-768x512.jpg 768w, https:\/\/algarverealestate.com\/pt\/wp-content\/uploads\/2026\/01\/036-ponta-da-piedade-880x586.jpg 880w, https:\/\/algarverealestate.com\/pt\/wp-content\/uploads\/2026\/01\/036-ponta-da-piedade.jpg 1400w\" sizes=\"(max-width: 1400px) 100vw, 1400px\" loading=\"lazy\" decoding=\"async\"><figcaption>Ponta da Piedade, Algarve, Portugal<\/figcaption><\/figure>\n<ol start=\"36\">\n<li><a href=\"https:\/\/algarverealestate.com\/pt\/wp-content\/uploads\/2026\/01\/algarve-portugal-beaches-map.jpg\">ver n\u00famero de praia no mapa<\/a><\/li>\n<\/ol>\n<figure class=\"wp-block-image\"><img src=\"https:\/\/algarverealestate.com\/pt\/wp-content\/uploads\/2026\/01\/36-balanca.jpg\" width=\"1400\" height=\"933\" class=\"wp-image-8519\" alt=\"Praia da Balan\u00e7a em Lagos\" srcset=\"https:\/\/algarverealestate.com\/pt\/wp-content\/uploads\/2026\/01\/36-balanca-125x83.jpg 125w, https:\/\/algarverealestate.com\/pt\/wp-content\/uploads\/2026\/01\/36-balanca-150x150.jpg 150w, https:\/\/algarverealestate.com\/pt\/wp-content\/uploads\/2026\/01\/36-balanca-300x200.jpg 300w, https:\/\/algarverealestate.com\/pt\/wp-content\/uploads\/2026\/01\/36-balanca-430x293.jpg 430w, https:\/\/algarverealestate.com\/pt\/wp-content\/uploads\/2026\/01\/36-balanca-768x512.jpg 768w, https:\/\/algarverealestate.com\/pt\/wp-content\/uploads\/2026\/01\/36-balanca-880x586.jpg 880w, https:\/\/algarverealestate.com\/pt\/wp-content\/uploads\/2026\/01\/36-balanca.jpg 1400w\" sizes=\"(max-width: 1400px) 100vw, 1400px\" loading=\"lazy\" decoding=\"async\"><figcaption>Praia da Balan\u00e7a em Lagos<\/figcaption><\/figure>\n<ol start=\"36\">\n<li><a href=\"https:\/\/algarverealestate.com\/pt\/wp-content\/uploads\/2026\/01\/algarve-portugal-beaches-map.jpg\">ver n\u00famero de praia no mapa<\/a><\/li>\n<\/ol>\n<figure class=\"wp-block-image\"><img src=\"https:\/\/algarverealestate.com\/pt\/wp-content\/uploads\/2026\/01\/36-balanca-beach.jpg\" width=\"1400\" height=\"933\" class=\"wp-image-8520\" alt=\"Praia da Balan\u00e7a\" srcset=\"https:\/\/algarverealestate.com\/pt\/wp-content\/uploads\/2026\/01\/36-balanca-beach-125x83.jpg 125w, https:\/\/algarverealestate.com\/pt\/wp-content\/uploads\/2026\/01\/36-balanca-beach-150x150.jpg 150w, https:\/\/algarverealestate.com\/pt\/wp-content\/uploads\/2026\/01\/36-balanca-beach-300x200.jpg 300w, https:\/\/algarverealestate.com\/pt\/wp-content\/uploads\/2026\/01\/36-balanca-beach-430x293.jpg 430w, https:\/\/algarverealestate.com\/pt\/wp-content\/uploads\/2026\/01\/36-balanca-beach-768x512.jpg 768w, https:\/\/algarverealestate.com\/pt\/wp-content\/uploads\/2026\/01\/36-balanca-beach-880x586.jpg 880w, https:\/\/algarverealestate.com\/pt\/wp-content\/uploads\/2026\/01\/36-balanca-beach.jpg 1400w\" sizes=\"(max-width: 1400px) 100vw, 1400px\" loading=\"lazy\" decoding=\"async\"><figcaption>Praia da Balan\u00e7a<\/figcaption><\/figure>\n<ol start=\"36\">\n<li><a href=\"https:\/\/algarverealestate.com\/pt\/wp-content\/uploads\/2026\/01\/algarve-portugal-beaches-map.jpg\">ver n\u00famero de praia no mapa<\/a><\/li>\n<\/ol>\n<figure class=\"wp-block-image\"><img src=\"https:\/\/algarverealestate.com\/pt\/wp-content\/uploads\/2026\/01\/036-ponta-da-piedade.jpg\" width=\"1400\" height=\"933\" class=\"wp-image-8518\" alt=\"A Ponta da Piedade \u00e9 caracterizada por imponentes fal\u00e9sias calc\u00e1rias que foram erodidas ao longo do tempo pelo vento e pela \u00e1gua, criando forma\u00e7\u00f5es \u00fanicas, grutas e cavernas marinhas. Conhecida por sua beleza natural estonteante, com s\u00e9ries de fal\u00e9sias, forma\u00e7\u00f5es rochosas e praias de areia dourada, com vista panor\u00e2mica para o Oceano Atl\u00e2ntico. Situado perto da cidade de Lagos, os visitantes da Ponta da Piedade normalmente exploram a \u00e1rea fazendo um passeio de barco ou caminhando pelos caminhos no topo da fal\u00e9sia.\" srcset=\"https:\/\/algarverealestate.com\/pt\/wp-content\/uploads\/2026\/01\/036-ponta-da-piedade-125x83.jpg 125w, https:\/\/algarverealestate.com\/pt\/wp-content\/uploads\/2026\/01\/036-ponta-da-piedade-150x150.jpg 150w, https:\/\/algarverealestate.com\/pt\/wp-content\/uploads\/2026\/01\/036-ponta-da-piedade-300x200.jpg 300w, https:\/\/algarverealestate.com\/pt\/wp-content\/uploads\/2026\/01\/036-ponta-da-piedade-430x293.jpg 430w, https:\/\/algarverealestate.com\/pt\/wp-content\/uploads\/2026\/01\/036-ponta-da-piedade-768x512.jpg 768w, https:\/\/algarverealestate.com\/pt\/wp-content\/uploads\/2026\/01\/036-ponta-da-piedade-880x586.jpg 880w, https:\/\/algarverealestate.com\/pt\/wp-content\/uploads\/2026\/01\/036-ponta-da-piedade.jpg 1400w\" sizes=\"(max-width: 1400px) 100vw, 1400px\" loading=\"lazy\" decoding=\"async\"><figcaption>A Ponta da Piedade \u00e9 caracterizada por imponentes fal\u00e9sias calc\u00e1rias que foram erodidas ao longo do tempo pelo vento e pela \u00e1gua, criando forma\u00e7\u00f5es \u00fanicas, grutas e cavernas marinhas. Conhecida por sua beleza natural estonteante, com s\u00e9ries de fal\u00e9sias, forma\u00e7\u00f5es rochosas e praias de areia dourada, com vista panor\u00e2mica para o Oceano Atl\u00e2ntico. Situado perto da cidade de Lagos, os visitantes da Ponta da Piedade normalmente exploram a \u00e1rea fazendo um passeio de barco ou caminhando pelos caminhos no topo da fal\u00e9sia.<\/figcaption><\/figure>\n<ol start=\"37\">\n<li><a href=\"https:\/\/algarverealestate.com\/pt\/wp-content\/uploads\/2026\/01\/algarve-portugal-beaches-map.jpg\">ver n\u00famero de praia no mapa<\/a><\/li>\n<\/ol>\n<figure class=\"wp-block-image\"><img src=\"https:\/\/algarverealestate.com\/pt\/wp-content\/uploads\/2026\/01\/37-boneca-beach.jpg\" width=\"1400\" height=\"933\" class=\"wp-image-8522\" alt=\"A praia da Boneca (tamb\u00e9m conhecida pela praia dos Pinheiros) \u00e9 uma pequena praia com acesso dif\u00edcil por entre as fal\u00e9sias\" srcset=\"https:\/\/algarverealestate.com\/pt\/wp-content\/uploads\/2026\/01\/37-boneca-beach-125x83.jpg 125w, https:\/\/algarverealestate.com\/pt\/wp-content\/uploads\/2026\/01\/37-boneca-beach-150x150.jpg 150w, https:\/\/algarverealestate.com\/pt\/wp-content\/uploads\/2026\/01\/37-boneca-beach-300x200.jpg 300w, https:\/\/algarverealestate.com\/pt\/wp-content\/uploads\/2026\/01\/37-boneca-beach-430x293.jpg 430w, https:\/\/algarverealestate.com\/pt\/wp-content\/uploads\/2026\/01\/37-boneca-beach-768x512.jpg 768w, https:\/\/algarverealestate.com\/pt\/wp-content\/uploads\/2026\/01\/37-boneca-beach-880x586.jpg 880w, https:\/\/algarverealestate.com\/pt\/wp-content\/uploads\/2026\/01\/37-boneca-beach.jpg 1400w\" sizes=\"(max-width: 1400px) 100vw, 1400px\" loading=\"lazy\" decoding=\"async\"><figcaption>A praia da Boneca (tamb\u00e9m conhecida pela praia dos Pinheiros) \u00e9 uma pequena praia com acesso dif\u00edcil por entre as fal\u00e9sias<\/figcaption><\/figure>\n<ol start=\"38\">\n<li><a href=\"https:\/\/algarverealestate.com\/pt\/wp-content\/uploads\/2026\/01\/algarve-portugal-beaches-map.jpg\">ver n\u00famero de praia no mapa<\/a><\/li>\n<\/ol>\n<figure class=\"wp-block-image\"><img src=\"https:\/\/algarverealestate.com\/pt\/wp-content\/uploads\/2026\/01\/38-camilo-beach.jpg\" width=\"1400\" height=\"933\" class=\"wp-image-8523\" alt=\"A praia do Camilo \u00e9 uma praia com acesso feito por uma enorme escadaria de madeira. No topo da fal\u00e9sia existe um restaurante com o mesmo nome da praia: &quot;restaurante do Camilo&quot;. Deve ser coincid\u00eancia!\" srcset=\"https:\/\/algarverealestate.com\/pt\/wp-content\/uploads\/2026\/01\/38-camilo-beach-125x83.jpg 125w, https:\/\/algarverealestate.com\/pt\/wp-content\/uploads\/2026\/01\/38-camilo-beach-150x150.jpg 150w, https:\/\/algarverealestate.com\/pt\/wp-content\/uploads\/2026\/01\/38-camilo-beach-300x200.jpg 300w, https:\/\/algarverealestate.com\/pt\/wp-content\/uploads\/2026\/01\/38-camilo-beach-430x293.jpg 430w, https:\/\/algarverealestate.com\/pt\/wp-content\/uploads\/2026\/01\/38-camilo-beach-768x512.jpg 768w, https:\/\/algarverealestate.com\/pt\/wp-content\/uploads\/2026\/01\/38-camilo-beach-880x586.jpg 880w, https:\/\/algarverealestate.com\/pt\/wp-content\/uploads\/2026\/01\/38-camilo-beach.jpg 1400w\" sizes=\"(max-width: 1400px) 100vw, 1400px\" loading=\"lazy\" decoding=\"async\"><figcaption>A praia do Camilo \u00e9 uma praia com acesso feito por uma enorme escadaria de madeira. No topo da fal\u00e9sia existe um restaurante com o mesmo nome da praia: &#8220;restaurante do Camilo&#8221;. Deve ser coincid\u00eancia!<\/figcaption><\/figure>\n<ol start=\"039\">\n<li><a href=\"https:\/\/algarverealestate.com\/pt\/wp-content\/uploads\/2026\/01\/algarve-portugal-beaches-map.jpg\">ver n\u00famero de praia no mapa<\/a><\/li>\n<\/ol>\n<figure class=\"wp-block-image\"><img src=\"https:\/\/algarverealestate.com\/pt\/wp-content\/uploads\/2026\/01\/039-dona-ana.jpg\" width=\"1400\" height=\"933\" class=\"wp-image-8524\" alt=\"y a su derecha\" srcset=\"https:\/\/algarverealestate.com\/pt\/wp-content\/uploads\/2026\/01\/039-dona-ana-125x83.jpg 125w, https:\/\/algarverealestate.com\/pt\/wp-content\/uploads\/2026\/01\/039-dona-ana-150x150.jpg 150w, https:\/\/algarverealestate.com\/pt\/wp-content\/uploads\/2026\/01\/039-dona-ana-300x200.jpg 300w, https:\/\/algarverealestate.com\/pt\/wp-content\/uploads\/2026\/01\/039-dona-ana-430x293.jpg 430w, https:\/\/algarverealestate.com\/pt\/wp-content\/uploads\/2026\/01\/039-dona-ana-768x512.jpg 768w, https:\/\/algarverealestate.com\/pt\/wp-content\/uploads\/2026\/01\/039-dona-ana-880x586.jpg 880w, https:\/\/algarverealestate.com\/pt\/wp-content\/uploads\/2026\/01\/039-dona-ana.jpg 1400w\" sizes=\"(max-width: 1400px) 100vw, 1400px\" loading=\"lazy\" decoding=\"async\"><\/figure>\n<ol start=\"40\">\n<li><a href=\"https:\/\/algarverealestate.com\/pt\/wp-content\/uploads\/2026\/01\/algarve-portugal-beaches-map.jpg\">ver n\u00famero de praia no mapa<\/a><\/li>\n<\/ol>\n<figure class=\"wp-block-image\"><img src=\"https:\/\/algarverealestate.com\/pt\/wp-content\/uploads\/2026\/01\/40-pinhao-beach.jpg\" width=\"1400\" height=\"933\" class=\"wp-image-8525\" alt=\"praia do pinh\u00e3o\" srcset=\"https:\/\/algarverealestate.com\/pt\/wp-content\/uploads\/2026\/01\/40-pinhao-beach-125x83.jpg 125w, https:\/\/algarverealestate.com\/pt\/wp-content\/uploads\/2026\/01\/40-pinhao-beach-150x150.jpg 150w, https:\/\/algarverealestate.com\/pt\/wp-content\/uploads\/2026\/01\/40-pinhao-beach-300x200.jpg 300w, https:\/\/algarverealestate.com\/pt\/wp-content\/uploads\/2026\/01\/40-pinhao-beach-430x293.jpg 430w, https:\/\/algarverealestate.com\/pt\/wp-content\/uploads\/2026\/01\/40-pinhao-beach-768x512.jpg 768w, https:\/\/algarverealestate.com\/pt\/wp-content\/uploads\/2026\/01\/40-pinhao-beach-880x586.jpg 880w, https:\/\/algarverealestate.com\/pt\/wp-content\/uploads\/2026\/01\/40-pinhao-beach.jpg 1400w\" sizes=\"(max-width: 1400px) 100vw, 1400px\" loading=\"lazy\" decoding=\"async\"><figcaption>praia do pinh\u00e3o<\/figcaption><\/figure>\n<ol start=\"40\">\n<li><a href=\"https:\/\/algarverealestate.com\/pt\/wp-content\/uploads\/2026\/01\/algarve-portugal-beaches-map.jpg\">ver n\u00famero de praia no mapa<\/a><\/li>\n<\/ol>\n<figure class=\"wp-block-image\"><img src=\"https:\/\/algarverealestate.com\/pt\/wp-content\/uploads\/2026\/01\/40-pinhao-beach-02.jpg\" width=\"1400\" height=\"933\" class=\"wp-image-8526\" alt=\"praia do pinh\u00e3o\" srcset=\"https:\/\/algarverealestate.com\/pt\/wp-content\/uploads\/2026\/01\/40-pinhao-beach-02-125x83.jpg 125w, https:\/\/algarverealestate.com\/pt\/wp-content\/uploads\/2026\/01\/40-pinhao-beach-02-150x150.jpg 150w, https:\/\/algarverealestate.com\/pt\/wp-content\/uploads\/2026\/01\/40-pinhao-beach-02-300x200.jpg 300w, https:\/\/algarverealestate.com\/pt\/wp-content\/uploads\/2026\/01\/40-pinhao-beach-02-430x293.jpg 430w, https:\/\/algarverealestate.com\/pt\/wp-content\/uploads\/2026\/01\/40-pinhao-beach-02-768x512.jpg 768w, https:\/\/algarverealestate.com\/pt\/wp-content\/uploads\/2026\/01\/40-pinhao-beach-02-880x586.jpg 880w, https:\/\/algarverealestate.com\/pt\/wp-content\/uploads\/2026\/01\/40-pinhao-beach-02.jpg 1400w\" sizes=\"(max-width: 1400px) 100vw, 1400px\" loading=\"lazy\" decoding=\"async\"><figcaption>praia do pinh\u00e3o<\/figcaption><\/figure>\n<ol start=\"41\">\n<li><a href=\"https:\/\/algarverealestate.com\/pt\/wp-content\/uploads\/2026\/01\/algarve-portugal-beaches-map.jpg\">ver n\u00famero de praia no mapa<\/a><\/li>\n<\/ol>\n<figure class=\"wp-block-image\"><img src=\"https:\/\/algarverealestate.com\/pt\/wp-content\/uploads\/2026\/01\/41-estudantes-beach-01.jpg\" width=\"1400\" height=\"933\" class=\"wp-image-8527\" alt=\"Praia dos Estudantes, em Lagos, Portugal\" srcset=\"https:\/\/algarverealestate.com\/pt\/wp-content\/uploads\/2026\/01\/41-estudantes-beach-01-125x83.jpg 125w, https:\/\/algarverealestate.com\/pt\/wp-content\/uploads\/2026\/01\/41-estudantes-beach-01-150x150.jpg 150w, https:\/\/algarverealestate.com\/pt\/wp-content\/uploads\/2026\/01\/41-estudantes-beach-01-300x200.jpg 300w, https:\/\/algarverealestate.com\/pt\/wp-content\/uploads\/2026\/01\/41-estudantes-beach-01-430x293.jpg 430w, https:\/\/algarverealestate.com\/pt\/wp-content\/uploads\/2026\/01\/41-estudantes-beach-01-768x512.jpg 768w, https:\/\/algarverealestate.com\/pt\/wp-content\/uploads\/2026\/01\/41-estudantes-beach-01-880x586.jpg 880w, https:\/\/algarverealestate.com\/pt\/wp-content\/uploads\/2026\/01\/41-estudantes-beach-01.jpg 1400w\" sizes=\"(max-width: 1400px) 100vw, 1400px\" loading=\"lazy\" decoding=\"async\"><figcaption>Praia dos Estudantes, em Lagos, Portugal<\/figcaption><\/figure>\n<ol start=\"42\">\n<li><a href=\"https:\/\/algarverealestate.com\/pt\/wp-content\/uploads\/2026\/01\/algarve-portugal-beaches-map.jpg\">ver n\u00famero de praia no mapa<\/a><\/li>\n<\/ol>\n<figure class=\"wp-block-image\"><img src=\"https:\/\/algarverealestate.com\/pt\/wp-content\/uploads\/2026\/01\/42-praia-da-batata-01.jpg\" width=\"1400\" height=\"933\" class=\"wp-image-8528\" alt=\"Praia da Batata\" srcset=\"https:\/\/algarverealestate.com\/pt\/wp-content\/uploads\/2026\/01\/42-praia-da-batata-01-125x83.jpg 125w, https:\/\/algarverealestate.com\/pt\/wp-content\/uploads\/2026\/01\/42-praia-da-batata-01-150x150.jpg 150w, https:\/\/algarverealestate.com\/pt\/wp-content\/uploads\/2026\/01\/42-praia-da-batata-01-300x200.jpg 300w, https:\/\/algarverealestate.com\/pt\/wp-content\/uploads\/2026\/01\/42-praia-da-batata-01-430x293.jpg 430w, https:\/\/algarverealestate.com\/pt\/wp-content\/uploads\/2026\/01\/42-praia-da-batata-01-768x512.jpg 768w, https:\/\/algarverealestate.com\/pt\/wp-content\/uploads\/2026\/01\/42-praia-da-batata-01-880x586.jpg 880w, https:\/\/algarverealestate.com\/pt\/wp-content\/uploads\/2026\/01\/42-praia-da-batata-01.jpg 1400w\" sizes=\"(max-width: 1400px) 100vw, 1400px\" loading=\"lazy\" decoding=\"async\"><figcaption><em>Praia da Batata<\/em><br \/>Poente da Marina de Lagos, pr\u00f3ximo da cidade. Ideal para escapadelas r\u00e1pidas. A entrada fica ao lado do pont\u00e3o da marina.<\/figcaption><\/figure>\n<ol start=\"42\">\n<li><a href=\"https:\/\/algarverealestate.com\/pt\/wp-content\/uploads\/2026\/01\/algarve-portugal-beaches-map.jpg\">ver n\u00famero de praia no mapa<\/a><\/li>\n<\/ol>\n<figure class=\"wp-block-image\"><img src=\"https:\/\/algarverealestate.com\/pt\/wp-content\/uploads\/2026\/01\/42-praia-da-batata-03.jpg\" width=\"1400\" height=\"933\" class=\"wp-image-8529\" alt=\"Praia da Batata vista do Pont\u00e3o\" srcset=\"https:\/\/algarverealestate.com\/pt\/wp-content\/uploads\/2026\/01\/42-praia-da-batata-03-125x83.jpg 125w, https:\/\/algarverealestate.com\/pt\/wp-content\/uploads\/2026\/01\/42-praia-da-batata-03-150x150.jpg 150w, https:\/\/algarverealestate.com\/pt\/wp-content\/uploads\/2026\/01\/42-praia-da-batata-03-300x200.jpg 300w, https:\/\/algarverealestate.com\/pt\/wp-content\/uploads\/2026\/01\/42-praia-da-batata-03-430x293.jpg 430w, https:\/\/algarverealestate.com\/pt\/wp-content\/uploads\/2026\/01\/42-praia-da-batata-03-768x512.jpg 768w, https:\/\/algarverealestate.com\/pt\/wp-content\/uploads\/2026\/01\/42-praia-da-batata-03-880x586.jpg 880w, https:\/\/algarverealestate.com\/pt\/wp-content\/uploads\/2026\/01\/42-praia-da-batata-03.jpg 1400w\" sizes=\"(max-width: 1400px) 100vw, 1400px\" loading=\"lazy\" decoding=\"async\"><figcaption><em>Praia da Batata vista do Pont\u00e3o<\/em><br \/>Praia da Batata a partir do pont\u00e3o, enquadrada por fal\u00e9sias e apartamentos citadinos como pano de fundo.<\/figcaption><\/figure>\n<ol start=\"43\">\n<li><a href=\"https:\/\/algarverealestate.com\/pt\/wp-content\/uploads\/2026\/01\/algarve-portugal-beaches-map.jpg\">ver n\u00famero de praia no mapa<\/a><\/li>\n<\/ol>\n<figure class=\"wp-block-image\"><img src=\"https:\/\/algarverealestate.com\/pt\/wp-content\/uploads\/2026\/01\/43-meia-praia-03.jpg\" width=\"1400\" height=\"933\" class=\"wp-image-8530\" alt=\"Praia da Meia Praia\" srcset=\"https:\/\/algarverealestate.com\/pt\/wp-content\/uploads\/2026\/01\/43-meia-praia-03-125x83.jpg 125w, https:\/\/algarverealestate.com\/pt\/wp-content\/uploads\/2026\/01\/43-meia-praia-03-150x150.jpg 150w, https:\/\/algarverealestate.com\/pt\/wp-content\/uploads\/2026\/01\/43-meia-praia-03-300x200.jpg 300w, https:\/\/algarverealestate.com\/pt\/wp-content\/uploads\/2026\/01\/43-meia-praia-03-430x293.jpg 430w, https:\/\/algarverealestate.com\/pt\/wp-content\/uploads\/2026\/01\/43-meia-praia-03-768x512.jpg 768w, https:\/\/algarverealestate.com\/pt\/wp-content\/uploads\/2026\/01\/43-meia-praia-03-880x586.jpg 880w, https:\/\/algarverealestate.com\/pt\/wp-content\/uploads\/2026\/01\/43-meia-praia-03.jpg 1400w\" sizes=\"(max-width: 1400px) 100vw, 1400px\" loading=\"lazy\" decoding=\"async\"><figcaption><em>Praia da Meia Praia<\/em><br \/>A leste da cidade de Lagos, areal com 5km de extens\u00e3o, ideal para longas caminhadas. O acesso \u00e0 praia desde a cidade faz-se pela ponte da marina.<\/figcaption><\/figure>\n<ol start=\"43\">\n<li><a href=\"https:\/\/algarverealestate.com\/pt\/wp-content\/uploads\/2026\/01\/algarve-portugal-beaches-map.jpg\">ver n\u00famero de praia no mapa<\/a><\/li>\n<\/ol>\n<figure class=\"wp-block-image\"><img src=\"https:\/\/algarverealestate.com\/pt\/wp-content\/uploads\/2026\/01\/43-meia-praia-04.jpg\" width=\"1400\" height=\"933\" class=\"wp-image-8531\" alt=\"Meia Praia a\u00e9rea do Roger\" srcset=\"https:\/\/algarverealestate.com\/pt\/wp-content\/uploads\/2026\/01\/43-meia-praia-04-125x83.jpg 125w, https:\/\/algarverealestate.com\/pt\/wp-content\/uploads\/2026\/01\/43-meia-praia-04-150x150.jpg 150w, https:\/\/algarverealestate.com\/pt\/wp-content\/uploads\/2026\/01\/43-meia-praia-04-300x200.jpg 300w, https:\/\/algarverealestate.com\/pt\/wp-content\/uploads\/2026\/01\/43-meia-praia-04-430x293.jpg 430w, https:\/\/algarverealestate.com\/pt\/wp-content\/uploads\/2026\/01\/43-meia-praia-04-768x512.jpg 768w, https:\/\/algarverealestate.com\/pt\/wp-content\/uploads\/2026\/01\/43-meia-praia-04-880x586.jpg 880w, https:\/\/algarverealestate.com\/pt\/wp-content\/uploads\/2026\/01\/43-meia-praia-04.jpg 1400w\" sizes=\"(max-width: 1400px) 100vw, 1400px\" loading=\"lazy\" decoding=\"async\"><figcaption><em>Meia Praia a\u00e9rea do Roger<\/em><br \/>O paraquedista Roger desliza sobre a hipnotizante costa do Algarve, apresentando praias: Meia Praia, Ria do Alvor, Praia do Alvor, Praianha, Barranco das Canas, Vau, Careanos, Amado, Tr\u00eas Castelos, e Rocha.<\/figcaption><\/figure>\n<ol start=\"43\">\n<li><a href=\"https:\/\/algarverealestate.com\/pt\/wp-content\/uploads\/2026\/01\/algarve-portugal-beaches-map.jpg\">ver n\u00famero de praia no mapa<\/a><\/li>\n<\/ol>\n<figure class=\"wp-block-image\"><img src=\"https:\/\/algarverealestate.com\/pt\/wp-content\/uploads\/2026\/01\/43-meia-praia-05.jpg\" width=\"1400\" height=\"933\" class=\"wp-image-8532\" alt=\"Meia Praia a partir do Golfe dos Palmares\" srcset=\"https:\/\/algarverealestate.com\/pt\/wp-content\/uploads\/2026\/01\/43-meia-praia-05-125x83.jpg 125w, https:\/\/algarverealestate.com\/pt\/wp-content\/uploads\/2026\/01\/43-meia-praia-05-150x150.jpg 150w, https:\/\/algarverealestate.com\/pt\/wp-content\/uploads\/2026\/01\/43-meia-praia-05-300x200.jpg 300w, https:\/\/algarverealestate.com\/pt\/wp-content\/uploads\/2026\/01\/43-meia-praia-05-430x293.jpg 430w, https:\/\/algarverealestate.com\/pt\/wp-content\/uploads\/2026\/01\/43-meia-praia-05-768x512.jpg 768w, https:\/\/algarverealestate.com\/pt\/wp-content\/uploads\/2026\/01\/43-meia-praia-05-880x586.jpg 880w, https:\/\/algarverealestate.com\/pt\/wp-content\/uploads\/2026\/01\/43-meia-praia-05.jpg 1400w\" sizes=\"(max-width: 1400px) 100vw, 1400px\" loading=\"lazy\" decoding=\"async\"><figcaption><em>Meia Praia a partir do Golfe dos Palmares<\/em><br \/>Vista panor\u00e2mica dos greens dos Palmares, emoldurando a extensa linha costeira da Meia Praia. Uma mistura harmoniosa de golfe e esplendor \u00e0 beira-mar.<\/figcaption><\/figure>\n<ol start=\"45\">\n<li><a href=\"https:\/\/algarverealestate.com\/pt\/wp-content\/uploads\/2026\/01\/algarve-portugal-beaches-map.jpg\">ver n\u00famero de praia no mapa<\/a><\/li>\n<\/ol>\n<figure class=\"wp-block-image\"><img src=\"https:\/\/algarverealestate.com\/pt\/wp-content\/uploads\/2026\/01\/45-alvor-beach-01.jpg\" width=\"1400\" height=\"1023\" class=\"wp-image-8533\" alt=\"Praia de Alvor vista de cima\" srcset=\"https:\/\/algarverealestate.com\/pt\/wp-content\/uploads\/2026\/01\/45-alvor-beach-01-125x83.jpg 125w, https:\/\/algarverealestate.com\/pt\/wp-content\/uploads\/2026\/01\/45-alvor-beach-01-150x150.jpg 150w, https:\/\/algarverealestate.com\/pt\/wp-content\/uploads\/2026\/01\/45-alvor-beach-01-300x219.jpg 300w, https:\/\/algarverealestate.com\/pt\/wp-content\/uploads\/2026\/01\/45-alvor-beach-01-430x293.jpg 430w, https:\/\/algarverealestate.com\/pt\/wp-content\/uploads\/2026\/01\/45-alvor-beach-01-768x561.jpg 768w, https:\/\/algarverealestate.com\/pt\/wp-content\/uploads\/2026\/01\/45-alvor-beach-01-880x586.jpg 880w, https:\/\/algarverealestate.com\/pt\/wp-content\/uploads\/2026\/01\/45-alvor-beach-01.jpg 1400w\" sizes=\"(max-width: 1400px) 100vw, 1400px\" loading=\"lazy\" decoding=\"async\"><figcaption>Praia de Alvor vista de cima<\/figcaption><\/figure>\n<ol start=\"45\">\n<li><a href=\"https:\/\/algarverealestate.com\/pt\/wp-content\/uploads\/2026\/01\/algarve-portugal-beaches-map.jpg\">ver n\u00famero de praia no mapa<\/a><\/li>\n<\/ol>\n<figure class=\"wp-block-image\"><img src=\"https:\/\/algarverealestate.com\/pt\/wp-content\/uploads\/2026\/01\/45-alvor-beach-02.jpg\" width=\"1400\" height=\"933\" class=\"wp-image-8445\" alt=\"Praia do Alvor\" srcset=\"https:\/\/algarverealestate.com\/pt\/wp-content\/uploads\/2026\/01\/45-alvor-beach-02-125x83.jpg 125w, https:\/\/algarverealestate.com\/pt\/wp-content\/uploads\/2026\/01\/45-alvor-beach-02-150x150.jpg 150w, https:\/\/algarverealestate.com\/pt\/wp-content\/uploads\/2026\/01\/45-alvor-beach-02-300x200.jpg 300w, https:\/\/algarverealestate.com\/pt\/wp-content\/uploads\/2026\/01\/45-alvor-beach-02-430x293.jpg 430w, https:\/\/algarverealestate.com\/pt\/wp-content\/uploads\/2026\/01\/45-alvor-beach-02-768x512.jpg 768w, https:\/\/algarverealestate.com\/pt\/wp-content\/uploads\/2026\/01\/45-alvor-beach-02-880x586.jpg 880w, https:\/\/algarverealestate.com\/pt\/wp-content\/uploads\/2026\/01\/45-alvor-beach-02.jpg 1400w\" sizes=\"(max-width: 1400px) 100vw, 1400px\" loading=\"lazy\" decoding=\"async\"><figcaption><em>Praia do Alvor<\/em><br \/>Extens\u00e3o de 3,3 km a nascente da Meia Praia. Apresenta uma passarela natural de madeira a oeste, justaposta \u00e0s cavernas de calc\u00e1rio a leste.<\/figcaption><\/figure>\n<ol start=\"45\">\n<li><a href=\"https:\/\/algarverealestate.com\/pt\/wp-content\/uploads\/2026\/01\/algarve-portugal-beaches-map.jpg\">ver n\u00famero de praia no mapa<\/a><\/li>\n<\/ol>\n<figure class=\"wp-block-image\"><img src=\"https:\/\/algarverealestate.com\/pt\/wp-content\/uploads\/2026\/01\/45-alvor-beach-03.jpg\" width=\"1400\" height=\"933\" class=\"wp-image-8534\" alt=\"Praia de Alvor vista do molhe do porto\" srcset=\"https:\/\/algarverealestate.com\/pt\/wp-content\/uploads\/2026\/01\/45-alvor-beach-03-125x83.jpg 125w, https:\/\/algarverealestate.com\/pt\/wp-content\/uploads\/2026\/01\/45-alvor-beach-03-150x150.jpg 150w, https:\/\/algarverealestate.com\/pt\/wp-content\/uploads\/2026\/01\/45-alvor-beach-03-300x200.jpg 300w, https:\/\/algarverealestate.com\/pt\/wp-content\/uploads\/2026\/01\/45-alvor-beach-03-430x293.jpg 430w, https:\/\/algarverealestate.com\/pt\/wp-content\/uploads\/2026\/01\/45-alvor-beach-03-768x512.jpg 768w, https:\/\/algarverealestate.com\/pt\/wp-content\/uploads\/2026\/01\/45-alvor-beach-03-880x586.jpg 880w, https:\/\/algarverealestate.com\/pt\/wp-content\/uploads\/2026\/01\/45-alvor-beach-03.jpg 1400w\" sizes=\"(max-width: 1400px) 100vw, 1400px\" loading=\"lazy\" decoding=\"async\"><figcaption>Praia de Alvor vista do molhe do porto<\/figcaption><\/figure>\n<ol start=\"46\">\n<li><a href=\"https:\/\/algarverealestate.com\/pt\/wp-content\/uploads\/2026\/01\/algarve-portugal-beaches-map.jpg\">ver n\u00famero de praia no mapa<\/a><\/li>\n<\/ol>\n<figure class=\"wp-block-image\"><img src=\"https:\/\/algarverealestate.com\/pt\/wp-content\/uploads\/2026\/01\/46-prainha-01.jpg\" width=\"1400\" height=\"933\" class=\"wp-image-8535\" alt=\"Praia da Prainha\" srcset=\"https:\/\/algarverealestate.com\/pt\/wp-content\/uploads\/2026\/01\/46-prainha-01-125x83.jpg 125w, https:\/\/algarverealestate.com\/pt\/wp-content\/uploads\/2026\/01\/46-prainha-01-150x150.jpg 150w, https:\/\/algarverealestate.com\/pt\/wp-content\/uploads\/2026\/01\/46-prainha-01-300x200.jpg 300w, https:\/\/algarverealestate.com\/pt\/wp-content\/uploads\/2026\/01\/46-prainha-01-430x293.jpg 430w, https:\/\/algarverealestate.com\/pt\/wp-content\/uploads\/2026\/01\/46-prainha-01-768x512.jpg 768w, https:\/\/algarverealestate.com\/pt\/wp-content\/uploads\/2026\/01\/46-prainha-01-880x586.jpg 880w, https:\/\/algarverealestate.com\/pt\/wp-content\/uploads\/2026\/01\/46-prainha-01.jpg 1400w\" sizes=\"(max-width: 1400px) 100vw, 1400px\" loading=\"lazy\" decoding=\"async\"><figcaption><em>Praia da Prainha<\/em><br \/>Localizada a leste de Alvor, a caminho de Portim\u00e3o, Portugal.<\/figcaption><\/figure>\n<ol start=\"46\">\n<li><a href=\"https:\/\/algarverealestate.com\/pt\/wp-content\/uploads\/2026\/01\/algarve-portugal-beaches-map.jpg\">ver n\u00famero de praia no mapa<\/a><\/li>\n<\/ol>\n<figure class=\"wp-block-image\"><img src=\"https:\/\/algarverealestate.com\/pt\/wp-content\/uploads\/2026\/01\/46-prainha-02.jpg\" width=\"1400\" height=\"933\" class=\"wp-image-8536\" alt=\"Prainha, Alvor a Portim\u00e3o, Portugal\" srcset=\"https:\/\/algarverealestate.com\/pt\/wp-content\/uploads\/2026\/01\/46-prainha-02-125x83.jpg 125w, https:\/\/algarverealestate.com\/pt\/wp-content\/uploads\/2026\/01\/46-prainha-02-150x150.jpg 150w, https:\/\/algarverealestate.com\/pt\/wp-content\/uploads\/2026\/01\/46-prainha-02-300x200.jpg 300w, https:\/\/algarverealestate.com\/pt\/wp-content\/uploads\/2026\/01\/46-prainha-02-430x293.jpg 430w, https:\/\/algarverealestate.com\/pt\/wp-content\/uploads\/2026\/01\/46-prainha-02-768x512.jpg 768w, https:\/\/algarverealestate.com\/pt\/wp-content\/uploads\/2026\/01\/46-prainha-02-880x586.jpg 880w, https:\/\/algarverealestate.com\/pt\/wp-content\/uploads\/2026\/01\/46-prainha-02.jpg 1400w\" sizes=\"(max-width: 1400px) 100vw, 1400px\" loading=\"lazy\" decoding=\"async\"><figcaption>Prainha, Alvor a Portim\u00e3o, Portugal<\/figcaption><\/figure>\n<ol start=\"46\">\n<li><a href=\"https:\/\/algarverealestate.com\/pt\/wp-content\/uploads\/2026\/01\/algarve-portugal-beaches-map.jpg\">ver n\u00famero de praia no mapa<\/a><\/li>\n<\/ol>\n<figure class=\"wp-block-image\"><img src=\"https:\/\/algarverealestate.com\/pt\/wp-content\/uploads\/2026\/01\/46-prainha-03.jpg\" width=\"1400\" height=\"933\" class=\"wp-image-8537\" alt=\"Cavernas de calc\u00e1rio da praia da Prainha, Alvor a Portim\u00e3o, Portugal\" srcset=\"https:\/\/algarverealestate.com\/pt\/wp-content\/uploads\/2026\/01\/46-prainha-03-125x83.jpg 125w, https:\/\/algarverealestate.com\/pt\/wp-content\/uploads\/2026\/01\/46-prainha-03-150x150.jpg 150w, https:\/\/algarverealestate.com\/pt\/wp-content\/uploads\/2026\/01\/46-prainha-03-300x200.jpg 300w, https:\/\/algarverealestate.com\/pt\/wp-content\/uploads\/2026\/01\/46-prainha-03-430x293.jpg 430w, https:\/\/algarverealestate.com\/pt\/wp-content\/uploads\/2026\/01\/46-prainha-03-768x512.jpg 768w, https:\/\/algarverealestate.com\/pt\/wp-content\/uploads\/2026\/01\/46-prainha-03-880x586.jpg 880w, https:\/\/algarverealestate.com\/pt\/wp-content\/uploads\/2026\/01\/46-prainha-03.jpg 1400w\" sizes=\"(max-width: 1400px) 100vw, 1400px\" loading=\"lazy\" decoding=\"async\"><figcaption>Cavernas de calc\u00e1rio da praia da Prainha, Alvor a Portim\u00e3o, Portugal<\/figcaption><\/figure>\n<ol start=\"46\">\n<li><a href=\"https:\/\/algarverealestate.com\/pt\/wp-content\/uploads\/2026\/01\/algarve-portugal-beaches-map.jpg\">ver n\u00famero de praia no mapa<\/a><\/li>\n<\/ol>\n<figure class=\"wp-block-image\"><img src=\"https:\/\/algarverealestate.com\/pt\/wp-content\/uploads\/2026\/01\/46-prainha-04.jpg\" width=\"1400\" height=\"706\" class=\"wp-image-8538\" alt=\"Prainha praia escondida praia, Alvor para Portim\u00e3o, Portugal\" srcset=\"https:\/\/algarverealestate.com\/pt\/wp-content\/uploads\/2026\/01\/46-prainha-04-125x83.jpg 125w, https:\/\/algarverealestate.com\/pt\/wp-content\/uploads\/2026\/01\/46-prainha-04-150x150.jpg 150w, https:\/\/algarverealestate.com\/pt\/wp-content\/uploads\/2026\/01\/46-prainha-04-300x151.jpg 300w, https:\/\/algarverealestate.com\/pt\/wp-content\/uploads\/2026\/01\/46-prainha-04-430x293.jpg 430w, https:\/\/algarverealestate.com\/pt\/wp-content\/uploads\/2026\/01\/46-prainha-04-768x387.jpg 768w, https:\/\/algarverealestate.com\/pt\/wp-content\/uploads\/2026\/01\/46-prainha-04-880x586.jpg 880w, https:\/\/algarverealestate.com\/pt\/wp-content\/uploads\/2026\/01\/46-prainha-04.jpg 1400w\" sizes=\"(max-width: 1400px) 100vw, 1400px\" loading=\"lazy\" decoding=\"async\"><figcaption>Prainha praia escondida praia, Alvor para Portim\u00e3o, Portugal<\/figcaption><\/figure>\n<ol start=\"46\">\n<li><a href=\"https:\/\/algarverealestate.com\/pt\/wp-content\/uploads\/2026\/01\/algarve-portugal-beaches-map.jpg\">ver n\u00famero de praia no mapa<\/a><\/li>\n<\/ol>\n<figure class=\"wp-block-image\"><img src=\"https:\/\/algarverealestate.com\/pt\/wp-content\/uploads\/2026\/01\/46-prainha-05.jpg\" width=\"1400\" height=\"933\" class=\"wp-image-8539\" alt=\"Prainha, Alvor a Portim\u00e3o, Portugal\" srcset=\"https:\/\/algarverealestate.com\/pt\/wp-content\/uploads\/2026\/01\/46-prainha-05-125x83.jpg 125w, https:\/\/algarverealestate.com\/pt\/wp-content\/uploads\/2026\/01\/46-prainha-05-150x150.jpg 150w, https:\/\/algarverealestate.com\/pt\/wp-content\/uploads\/2026\/01\/46-prainha-05-300x200.jpg 300w, https:\/\/algarverealestate.com\/pt\/wp-content\/uploads\/2026\/01\/46-prainha-05-430x293.jpg 430w, https:\/\/algarverealestate.com\/pt\/wp-content\/uploads\/2026\/01\/46-prainha-05-768x512.jpg 768w, https:\/\/algarverealestate.com\/pt\/wp-content\/uploads\/2026\/01\/46-prainha-05-880x586.jpg 880w, https:\/\/algarverealestate.com\/pt\/wp-content\/uploads\/2026\/01\/46-prainha-05.jpg 1400w\" sizes=\"(max-width: 1400px) 100vw, 1400px\" loading=\"lazy\" decoding=\"async\"><figcaption>Prainha, Alvor a Portim\u00e3o, Portugal<\/figcaption><\/figure>\n<ol start=\"46\">\n<li><a href=\"https:\/\/algarverealestate.com\/pt\/wp-content\/uploads\/2026\/01\/algarve-portugal-beaches-map.jpg\">ver n\u00famero de praia no mapa<\/a><\/li>\n<\/ol>\n<figure class=\"wp-block-image\"><img src=\"https:\/\/algarverealestate.com\/pt\/wp-content\/uploads\/2026\/01\/46-prainha-06.jpg\" width=\"1400\" height=\"933\" class=\"wp-image-8540\" alt=\"Prainha, Alvor a Portim\u00e3o, Portugal\" srcset=\"https:\/\/algarverealestate.com\/pt\/wp-content\/uploads\/2026\/01\/46-prainha-06-125x83.jpg 125w, https:\/\/algarverealestate.com\/pt\/wp-content\/uploads\/2026\/01\/46-prainha-06-150x150.jpg 150w, https:\/\/algarverealestate.com\/pt\/wp-content\/uploads\/2026\/01\/46-prainha-06-300x200.jpg 300w, https:\/\/algarverealestate.com\/pt\/wp-content\/uploads\/2026\/01\/46-prainha-06-430x293.jpg 430w, https:\/\/algarverealestate.com\/pt\/wp-content\/uploads\/2026\/01\/46-prainha-06-768x512.jpg 768w, https:\/\/algarverealestate.com\/pt\/wp-content\/uploads\/2026\/01\/46-prainha-06-880x586.jpg 880w, https:\/\/algarverealestate.com\/pt\/wp-content\/uploads\/2026\/01\/46-prainha-06.jpg 1400w\" sizes=\"(max-width: 1400px) 100vw, 1400px\" loading=\"lazy\" decoding=\"async\"><figcaption>Prainha, Alvor a Portim\u00e3o, Portugal<\/figcaption><\/figure>\n<ol start=\"46\">\n<li><a href=\"https:\/\/algarverealestate.com\/pt\/wp-content\/uploads\/2026\/01\/algarve-portugal-beaches-map.jpg\">ver n\u00famero de praia no mapa<\/a><\/li>\n<\/ol>\n<figure class=\"wp-block-image\"><img src=\"https:\/\/algarverealestate.com\/pt\/wp-content\/uploads\/2026\/01\/46-prainha-07.jpg\" width=\"1400\" height=\"933\" class=\"wp-image-8541\" alt=\"Praia da Prainha da fal\u00e9sia, Alvor a Portim\u00e3o, Portugal\" srcset=\"https:\/\/algarverealestate.com\/pt\/wp-content\/uploads\/2026\/01\/46-prainha-07-125x83.jpg 125w, https:\/\/algarverealestate.com\/pt\/wp-content\/uploads\/2026\/01\/46-prainha-07-150x150.jpg 150w, https:\/\/algarverealestate.com\/pt\/wp-content\/uploads\/2026\/01\/46-prainha-07-300x200.jpg 300w, https:\/\/algarverealestate.com\/pt\/wp-content\/uploads\/2026\/01\/46-prainha-07-430x293.jpg 430w, https:\/\/algarverealestate.com\/pt\/wp-content\/uploads\/2026\/01\/46-prainha-07-768x512.jpg 768w, https:\/\/algarverealestate.com\/pt\/wp-content\/uploads\/2026\/01\/46-prainha-07-880x586.jpg 880w, https:\/\/algarverealestate.com\/pt\/wp-content\/uploads\/2026\/01\/46-prainha-07.jpg 1400w\" sizes=\"(max-width: 1400px) 100vw, 1400px\" loading=\"lazy\" decoding=\"async\"><figcaption>Praia da Prainha da fal\u00e9sia, Alvor a Portim\u00e3o, Portugal<\/figcaption><\/figure>\n<ol start=\"46\">\n<li><a href=\"https:\/\/algarverealestate.com\/pt\/wp-content\/uploads\/2026\/01\/algarve-portugal-beaches-map.jpg\">ver n\u00famero de praia no mapa<\/a><\/li>\n<\/ol>\n<figure class=\"wp-block-image\"><img src=\"https:\/\/algarverealestate.com\/pt\/wp-content\/uploads\/2026\/01\/46-prainha-08.jpg\" width=\"1400\" height=\"933\" class=\"wp-image-8542\" alt=\"Prainha, Alvor a Portim\u00e3o, Portugal\" srcset=\"https:\/\/algarverealestate.com\/pt\/wp-content\/uploads\/2026\/01\/46-prainha-08-125x83.jpg 125w, https:\/\/algarverealestate.com\/pt\/wp-content\/uploads\/2026\/01\/46-prainha-08-150x150.jpg 150w, https:\/\/algarverealestate.com\/pt\/wp-content\/uploads\/2026\/01\/46-prainha-08-300x200.jpg 300w, https:\/\/algarverealestate.com\/pt\/wp-content\/uploads\/2026\/01\/46-prainha-08-430x293.jpg 430w, https:\/\/algarverealestate.com\/pt\/wp-content\/uploads\/2026\/01\/46-prainha-08-768x512.jpg 768w, https:\/\/algarverealestate.com\/pt\/wp-content\/uploads\/2026\/01\/46-prainha-08-880x586.jpg 880w, https:\/\/algarverealestate.com\/pt\/wp-content\/uploads\/2026\/01\/46-prainha-08.jpg 1400w\" sizes=\"(max-width: 1400px) 100vw, 1400px\" loading=\"lazy\" decoding=\"async\"><figcaption>Prainha, Alvor a Portim\u00e3o, Portugal<\/figcaption><\/figure>\n<ol start=\"46\">\n<li><a href=\"https:\/\/algarverealestate.com\/pt\/wp-content\/uploads\/2026\/01\/algarve-portugal-beaches-map.jpg\">ver n\u00famero de praia no mapa<\/a><\/li>\n<\/ol>\n<figure class=\"wp-block-image\"><img src=\"https:\/\/algarverealestate.com\/pt\/wp-content\/uploads\/2026\/01\/46-prainha-09.jpg\" width=\"1400\" height=\"933\" class=\"wp-image-8543\" alt=\"Prainha, Alvor a Portim\u00e3o, Portugal\" srcset=\"https:\/\/algarverealestate.com\/pt\/wp-content\/uploads\/2026\/01\/46-prainha-09-125x83.jpg 125w, https:\/\/algarverealestate.com\/pt\/wp-content\/uploads\/2026\/01\/46-prainha-09-150x150.jpg 150w, https:\/\/algarverealestate.com\/pt\/wp-content\/uploads\/2026\/01\/46-prainha-09-300x200.jpg 300w, https:\/\/algarverealestate.com\/pt\/wp-content\/uploads\/2026\/01\/46-prainha-09-430x293.jpg 430w, https:\/\/algarverealestate.com\/pt\/wp-content\/uploads\/2026\/01\/46-prainha-09-768x512.jpg 768w, https:\/\/algarverealestate.com\/pt\/wp-content\/uploads\/2026\/01\/46-prainha-09-880x586.jpg 880w, https:\/\/algarverealestate.com\/pt\/wp-content\/uploads\/2026\/01\/46-prainha-09.jpg 1400w\" sizes=\"(max-width: 1400px) 100vw, 1400px\" loading=\"lazy\" decoding=\"async\"><figcaption>Prainha, Alvor a Portim\u00e3o, Portugal<\/figcaption><\/figure>\n<ol start=\"46\">\n<li><a href=\"https:\/\/algarverealestate.com\/pt\/wp-content\/uploads\/2026\/01\/algarve-portugal-beaches-map.jpg\">ver n\u00famero de praia no mapa<\/a><\/li>\n<\/ol>\n<figure class=\"wp-block-image\"><img src=\"https:\/\/algarverealestate.com\/pt\/wp-content\/uploads\/2026\/01\/46-prainha-10.jpg\" width=\"1400\" height=\"933\" class=\"wp-image-8544\" alt=\"Prainha, Alvor a Portim\u00e3o, Portugal\" srcset=\"https:\/\/algarverealestate.com\/pt\/wp-content\/uploads\/2026\/01\/46-prainha-10-125x83.jpg 125w, https:\/\/algarverealestate.com\/pt\/wp-content\/uploads\/2026\/01\/46-prainha-10-150x150.jpg 150w, https:\/\/algarverealestate.com\/pt\/wp-content\/uploads\/2026\/01\/46-prainha-10-300x200.jpg 300w, https:\/\/algarverealestate.com\/pt\/wp-content\/uploads\/2026\/01\/46-prainha-10-430x293.jpg 430w, https:\/\/algarverealestate.com\/pt\/wp-content\/uploads\/2026\/01\/46-prainha-10-768x512.jpg 768w, https:\/\/algarverealestate.com\/pt\/wp-content\/uploads\/2026\/01\/46-prainha-10-880x586.jpg 880w, https:\/\/algarverealestate.com\/pt\/wp-content\/uploads\/2026\/01\/46-prainha-10.jpg 1400w\" sizes=\"(max-width: 1400px) 100vw, 1400px\" loading=\"lazy\" decoding=\"async\"><figcaption>Prainha, Alvor a Portim\u00e3o, Portugal<\/figcaption><\/figure>\n<ol start=\"46\">\n<li><a href=\"https:\/\/algarverealestate.com\/pt\/wp-content\/uploads\/2026\/01\/algarve-portugal-beaches-map.jpg\">ver n\u00famero de praia no mapa<\/a><\/li>\n<\/ol>\n<figure class=\"wp-block-image\"><img src=\"https:\/\/algarverealestate.com\/pt\/wp-content\/uploads\/2026\/01\/46-prainha-11.jpg\" width=\"1400\" height=\"933\" class=\"wp-image-8545\" alt=\"Prainha, Alvor a Portim\u00e3o, Portugal\" srcset=\"https:\/\/algarverealestate.com\/pt\/wp-content\/uploads\/2026\/01\/46-prainha-11-125x83.jpg 125w, https:\/\/algarverealestate.com\/pt\/wp-content\/uploads\/2026\/01\/46-prainha-11-150x150.jpg 150w, https:\/\/algarverealestate.com\/pt\/wp-content\/uploads\/2026\/01\/46-prainha-11-300x200.jpg 300w, https:\/\/algarverealestate.com\/pt\/wp-content\/uploads\/2026\/01\/46-prainha-11-430x293.jpg 430w, https:\/\/algarverealestate.com\/pt\/wp-content\/uploads\/2026\/01\/46-prainha-11-768x512.jpg 768w, https:\/\/algarverealestate.com\/pt\/wp-content\/uploads\/2026\/01\/46-prainha-11-880x586.jpg 880w, https:\/\/algarverealestate.com\/pt\/wp-content\/uploads\/2026\/01\/46-prainha-11.jpg 1400w\" sizes=\"(max-width: 1400px) 100vw, 1400px\" loading=\"lazy\" decoding=\"async\"><figcaption>Prainha, Alvor a Portim\u00e3o, Portugal<\/figcaption><\/figure>\n<ol start=\"46\">\n<li><a href=\"https:\/\/algarverealestate.com\/pt\/wp-content\/uploads\/2026\/01\/algarve-portugal-beaches-map.jpg\">ver n\u00famero de praia no mapa<\/a><\/li>\n<\/ol>\n<figure class=\"wp-block-image\"><img src=\"https:\/\/algarverealestate.com\/pt\/wp-content\/uploads\/2026\/01\/46-prainha-12.jpg\" width=\"1400\" height=\"1050\" class=\"wp-image-8546\" alt=\"Prainha, Alvor a Portim\u00e3o, Portugal\" srcset=\"https:\/\/algarverealestate.com\/pt\/wp-content\/uploads\/2026\/01\/46-prainha-12-125x83.jpg 125w, https:\/\/algarverealestate.com\/pt\/wp-content\/uploads\/2026\/01\/46-prainha-12-150x150.jpg 150w, https:\/\/algarverealestate.com\/pt\/wp-content\/uploads\/2026\/01\/46-prainha-12-300x225.jpg 300w, https:\/\/algarverealestate.com\/pt\/wp-content\/uploads\/2026\/01\/46-prainha-12-430x293.jpg 430w, https:\/\/algarverealestate.com\/pt\/wp-content\/uploads\/2026\/01\/46-prainha-12-768x576.jpg 768w, https:\/\/algarverealestate.com\/pt\/wp-content\/uploads\/2026\/01\/46-prainha-12-880x586.jpg 880w, https:\/\/algarverealestate.com\/pt\/wp-content\/uploads\/2026\/01\/46-prainha-12.jpg 1400w\" sizes=\"(max-width: 1400px) 100vw, 1400px\" loading=\"lazy\" decoding=\"async\"><figcaption>Prainha, Alvor a Portim\u00e3o, Portugal<\/figcaption><\/figure>\n<ol start=\"47\">\n<li><a href=\"https:\/\/algarverealestate.com\/pt\/wp-content\/uploads\/2026\/01\/algarve-portugal-beaches-map.jpg\">ver n\u00famero de praia no mapa<\/a><\/li>\n<\/ol>\n<figure class=\"wp-block-image\"><img src=\"https:\/\/algarverealestate.com\/pt\/wp-content\/uploads\/2026\/01\/47-barranco-das-canas-alemao-01.jpg\" width=\"1400\" height=\"933\" class=\"wp-image-8547\" alt=\"Praia do Barranco das Canas, a oeste de Portim\u00e3o\" srcset=\"https:\/\/algarverealestate.com\/pt\/wp-content\/uploads\/2026\/01\/47-barranco-das-canas-alemao-01-125x83.jpg 125w, https:\/\/algarverealestate.com\/pt\/wp-content\/uploads\/2026\/01\/47-barranco-das-canas-alemao-01-150x150.jpg 150w, https:\/\/algarverealestate.com\/pt\/wp-content\/uploads\/2026\/01\/47-barranco-das-canas-alemao-01-300x200.jpg 300w, https:\/\/algarverealestate.com\/pt\/wp-content\/uploads\/2026\/01\/47-barranco-das-canas-alemao-01-430x293.jpg 430w, https:\/\/algarverealestate.com\/pt\/wp-content\/uploads\/2026\/01\/47-barranco-das-canas-alemao-01-768x512.jpg 768w, https:\/\/algarverealestate.com\/pt\/wp-content\/uploads\/2026\/01\/47-barranco-das-canas-alemao-01-880x586.jpg 880w, https:\/\/algarverealestate.com\/pt\/wp-content\/uploads\/2026\/01\/47-barranco-das-canas-alemao-01.jpg 1400w\" sizes=\"(max-width: 1400px) 100vw, 1400px\" loading=\"lazy\" decoding=\"async\"><figcaption>Praia do Barranco das Canas, a oeste de Portim\u00e3o<\/figcaption><\/figure>\n<ol start=\"47\">\n<li><a href=\"https:\/\/algarverealestate.com\/pt\/wp-content\/uploads\/2026\/01\/algarve-portugal-beaches-map.jpg\">ver n\u00famero de praia no mapa<\/a><\/li>\n<\/ol>\n<figure class=\"wp-block-image\"><img src=\"https:\/\/algarverealestate.com\/pt\/wp-content\/uploads\/2026\/01\/47-barranco-das-canas-alemao-02.jpg\" width=\"1400\" height=\"933\" class=\"wp-image-8549\" alt=\"Barranco das Canas\" srcset=\"https:\/\/algarverealestate.com\/pt\/wp-content\/uploads\/2026\/01\/47-barranco-das-canas-alemao-02-125x83.jpg 125w, https:\/\/algarverealestate.com\/pt\/wp-content\/uploads\/2026\/01\/47-barranco-das-canas-alemao-02-150x150.jpg 150w, https:\/\/algarverealestate.com\/pt\/wp-content\/uploads\/2026\/01\/47-barranco-das-canas-alemao-02-300x200.jpg 300w, https:\/\/algarverealestate.com\/pt\/wp-content\/uploads\/2026\/01\/47-barranco-das-canas-alemao-02-430x293.jpg 430w, https:\/\/algarverealestate.com\/pt\/wp-content\/uploads\/2026\/01\/47-barranco-das-canas-alemao-02-768x512.jpg 768w, https:\/\/algarverealestate.com\/pt\/wp-content\/uploads\/2026\/01\/47-barranco-das-canas-alemao-02-880x586.jpg 880w, https:\/\/algarverealestate.com\/pt\/wp-content\/uploads\/2026\/01\/47-barranco-das-canas-alemao-02.jpg 1400w\" sizes=\"(max-width: 1400px) 100vw, 1400px\" loading=\"lazy\" decoding=\"async\"><figcaption>Barranco das Canas<\/figcaption><\/figure>\n<ol start=\"47\">\n<li><a href=\"https:\/\/algarverealestate.com\/pt\/wp-content\/uploads\/2026\/01\/algarve-portugal-beaches-map.jpg\">ver n\u00famero de praia no mapa<\/a><\/li>\n<\/ol>\n<figure class=\"wp-block-image\"><img src=\"https:\/\/algarverealestate.com\/pt\/wp-content\/uploads\/2026\/01\/47-barranco-das-canas-alemao-03.jpg\" width=\"1400\" height=\"933\" class=\"wp-image-8551\" alt=\"Barranco das Canas\" srcset=\"https:\/\/algarverealestate.com\/pt\/wp-content\/uploads\/2026\/01\/47-barranco-das-canas-alemao-03-125x83.jpg 125w, https:\/\/algarverealestate.com\/pt\/wp-content\/uploads\/2026\/01\/47-barranco-das-canas-alemao-03-150x150.jpg 150w, https:\/\/algarverealestate.com\/pt\/wp-content\/uploads\/2026\/01\/47-barranco-das-canas-alemao-03-300x200.jpg 300w, https:\/\/algarverealestate.com\/pt\/wp-content\/uploads\/2026\/01\/47-barranco-das-canas-alemao-03-430x293.jpg 430w, https:\/\/algarverealestate.com\/pt\/wp-content\/uploads\/2026\/01\/47-barranco-das-canas-alemao-03-768x512.jpg 768w, https:\/\/algarverealestate.com\/pt\/wp-content\/uploads\/2026\/01\/47-barranco-das-canas-alemao-03-880x586.jpg 880w, https:\/\/algarverealestate.com\/pt\/wp-content\/uploads\/2026\/01\/47-barranco-das-canas-alemao-03.jpg 1400w\" sizes=\"(max-width: 1400px) 100vw, 1400px\" loading=\"lazy\" decoding=\"async\"><figcaption>Barranco das Canas<\/figcaption><\/figure>\n<ol start=\"47\">\n<li><a href=\"https:\/\/algarverealestate.com\/pt\/wp-content\/uploads\/2026\/01\/algarve-portugal-beaches-map.jpg\">ver n\u00famero de praia no mapa<\/a><\/li>\n<\/ol>\n<figure class=\"wp-block-image\"><img src=\"https:\/\/algarverealestate.com\/pt\/wp-content\/uploads\/2026\/01\/47-praia-secreta-01.jpg\" width=\"1400\" height=\"933\" class=\"wp-image-8552\" alt=\"Praia da Secreta, situada entre Alvor e Portim\u00e3o, v\u00e1rias pequenas praias de dif\u00edcil acesso, com um fant\u00e1stico percurso pedestre ao longo da fal\u00e9sia...\" srcset=\"https:\/\/algarverealestate.com\/pt\/wp-content\/uploads\/2026\/01\/47-praia-secreta-01-125x83.jpg 125w, https:\/\/algarverealestate.com\/pt\/wp-content\/uploads\/2026\/01\/47-praia-secreta-01-150x150.jpg 150w, https:\/\/algarverealestate.com\/pt\/wp-content\/uploads\/2026\/01\/47-praia-secreta-01-300x200.jpg 300w, https:\/\/algarverealestate.com\/pt\/wp-content\/uploads\/2026\/01\/47-praia-secreta-01-430x293.jpg 430w, https:\/\/algarverealestate.com\/pt\/wp-content\/uploads\/2026\/01\/47-praia-secreta-01-768x512.jpg 768w, https:\/\/algarverealestate.com\/pt\/wp-content\/uploads\/2026\/01\/47-praia-secreta-01-880x586.jpg 880w, https:\/\/algarverealestate.com\/pt\/wp-content\/uploads\/2026\/01\/47-praia-secreta-01.jpg 1400w\" sizes=\"(max-width: 1400px) 100vw, 1400px\" loading=\"lazy\" decoding=\"async\"><figcaption>Praia da Secreta, situada entre Alvor e Portim\u00e3o, v\u00e1rias pequenas praias de dif\u00edcil acesso, com um fant\u00e1stico percurso pedestre ao longo da fal\u00e9sia&#8230;<\/figcaption><\/figure>\n<ol start=\"47\">\n<li><a href=\"https:\/\/algarverealestate.com\/pt\/wp-content\/uploads\/2026\/01\/algarve-portugal-beaches-map.jpg\">ver n\u00famero de praia no mapa<\/a><\/li>\n<\/ol>\n<figure class=\"wp-block-image\"><img src=\"https:\/\/algarverealestate.com\/pt\/wp-content\/uploads\/2026\/01\/47-praia-secreta-02.jpg\" width=\"1400\" height=\"933\" class=\"wp-image-8553\" alt=\"Praia da Secreta, situada entre Alvor e Portim\u00e3o, v\u00e1rias pequenas praias de dif\u00edcil acesso, com um fant\u00e1stico percurso pedestre ao longo da fal\u00e9sia...\" srcset=\"https:\/\/algarverealestate.com\/pt\/wp-content\/uploads\/2026\/01\/47-praia-secreta-02-125x83.jpg 125w, https:\/\/algarverealestate.com\/pt\/wp-content\/uploads\/2026\/01\/47-praia-secreta-02-150x150.jpg 150w, https:\/\/algarverealestate.com\/pt\/wp-content\/uploads\/2026\/01\/47-praia-secreta-02-300x200.jpg 300w, https:\/\/algarverealestate.com\/pt\/wp-content\/uploads\/2026\/01\/47-praia-secreta-02-430x293.jpg 430w, https:\/\/algarverealestate.com\/pt\/wp-content\/uploads\/2026\/01\/47-praia-secreta-02-768x512.jpg 768w, https:\/\/algarverealestate.com\/pt\/wp-content\/uploads\/2026\/01\/47-praia-secreta-02-880x586.jpg 880w, https:\/\/algarverealestate.com\/pt\/wp-content\/uploads\/2026\/01\/47-praia-secreta-02.jpg 1400w\" sizes=\"(max-width: 1400px) 100vw, 1400px\" loading=\"lazy\" decoding=\"async\"><figcaption>Praia da Secreta, situada entre Alvor e Portim\u00e3o, v\u00e1rias pequenas praias de dif\u00edcil acesso, com um fant\u00e1stico percurso pedestre ao longo da fal\u00e9sia&#8230;<\/figcaption><\/figure>\n<ol start=\"47\">\n<li><a href=\"https:\/\/algarverealestate.com\/pt\/wp-content\/uploads\/2026\/01\/algarve-portugal-beaches-map.jpg\">ver n\u00famero de praia no mapa<\/a><\/li>\n<\/ol>\n<figure class=\"wp-block-image\"><img src=\"https:\/\/algarverealestate.com\/pt\/wp-content\/uploads\/2026\/01\/47-praia-secreta-03.jpg\" width=\"1400\" height=\"933\" class=\"wp-image-8554\" alt=\"Praia da Secreta, situada entre Alvor e Portim\u00e3o, v\u00e1rias pequenas praias de dif\u00edcil acesso, com um fant\u00e1stico percurso pedestre ao longo da fal\u00e9sia...\" srcset=\"https:\/\/algarverealestate.com\/pt\/wp-content\/uploads\/2026\/01\/47-praia-secreta-03-125x83.jpg 125w, https:\/\/algarverealestate.com\/pt\/wp-content\/uploads\/2026\/01\/47-praia-secreta-03-150x150.jpg 150w, https:\/\/algarverealestate.com\/pt\/wp-content\/uploads\/2026\/01\/47-praia-secreta-03-300x200.jpg 300w, https:\/\/algarverealestate.com\/pt\/wp-content\/uploads\/2026\/01\/47-praia-secreta-03-430x293.jpg 430w, https:\/\/algarverealestate.com\/pt\/wp-content\/uploads\/2026\/01\/47-praia-secreta-03-768x512.jpg 768w, https:\/\/algarverealestate.com\/pt\/wp-content\/uploads\/2026\/01\/47-praia-secreta-03-880x586.jpg 880w, https:\/\/algarverealestate.com\/pt\/wp-content\/uploads\/2026\/01\/47-praia-secreta-03.jpg 1400w\" sizes=\"(max-width: 1400px) 100vw, 1400px\" loading=\"lazy\" decoding=\"async\"><figcaption>Praia da Secreta, situada entre Alvor e Portim\u00e3o, v\u00e1rias pequenas praias de dif\u00edcil acesso, com um fant\u00e1stico percurso pedestre ao longo da fal\u00e9sia&#8230;<\/figcaption><\/figure>\n<ol start=\"47\">\n<li><a href=\"https:\/\/algarverealestate.com\/pt\/wp-content\/uploads\/2026\/01\/algarve-portugal-beaches-map.jpg\">ver n\u00famero de praia no mapa<\/a><\/li>\n<\/ol>\n<figure class=\"wp-block-image\"><img src=\"https:\/\/algarverealestate.com\/pt\/wp-content\/uploads\/2026\/01\/47-praia-secreta-04.jpg\" width=\"1400\" height=\"933\" class=\"wp-image-8555\" alt=\"Praia da Secreta, situada entre Alvor e Portim\u00e3o, v\u00e1rias pequenas praias de dif\u00edcil acesso, com um fant\u00e1stico percurso pedestre ao longo da fal\u00e9sia...\" srcset=\"https:\/\/algarverealestate.com\/pt\/wp-content\/uploads\/2026\/01\/47-praia-secreta-04-125x83.jpg 125w, https:\/\/algarverealestate.com\/pt\/wp-content\/uploads\/2026\/01\/47-praia-secreta-04-150x150.jpg 150w, https:\/\/algarverealestate.com\/pt\/wp-content\/uploads\/2026\/01\/47-praia-secreta-04-300x200.jpg 300w, https:\/\/algarverealestate.com\/pt\/wp-content\/uploads\/2026\/01\/47-praia-secreta-04-430x293.jpg 430w, https:\/\/algarverealestate.com\/pt\/wp-content\/uploads\/2026\/01\/47-praia-secreta-04-768x512.jpg 768w, https:\/\/algarverealestate.com\/pt\/wp-content\/uploads\/2026\/01\/47-praia-secreta-04-880x586.jpg 880w, https:\/\/algarverealestate.com\/pt\/wp-content\/uploads\/2026\/01\/47-praia-secreta-04.jpg 1400w\" sizes=\"(max-width: 1400px) 100vw, 1400px\" loading=\"lazy\" decoding=\"async\"><figcaption>Praia da Secreta, situada entre Alvor e Portim\u00e3o, v\u00e1rias pequenas praias de dif\u00edcil acesso, com um fant\u00e1stico percurso pedestre ao longo da fal\u00e9sia&#8230;<\/figcaption><\/figure>\n<ol start=\"47\">\n<li><a href=\"https:\/\/algarverealestate.com\/pt\/wp-content\/uploads\/2026\/01\/algarve-portugal-beaches-map.jpg\">ver n\u00famero de praia no mapa<\/a><\/li>\n<\/ol>\n<figure class=\"wp-block-image\"><img src=\"https:\/\/algarverealestate.com\/pt\/wp-content\/uploads\/2026\/01\/47-praia-secreta-05.jpg\" width=\"1400\" height=\"933\" class=\"wp-image-8557\" alt=\"Praia da Secreta, situada entre Alvor e Portim\u00e3o, v\u00e1rias pequenas praias de dif\u00edcil acesso, com um fant\u00e1stico percurso pedestre ao longo da fal\u00e9sia...\" srcset=\"https:\/\/algarverealestate.com\/pt\/wp-content\/uploads\/2026\/01\/47-praia-secreta-05-125x83.jpg 125w, https:\/\/algarverealestate.com\/pt\/wp-content\/uploads\/2026\/01\/47-praia-secreta-05-150x150.jpg 150w, https:\/\/algarverealestate.com\/pt\/wp-content\/uploads\/2026\/01\/47-praia-secreta-05-300x200.jpg 300w, https:\/\/algarverealestate.com\/pt\/wp-content\/uploads\/2026\/01\/47-praia-secreta-05-430x293.jpg 430w, https:\/\/algarverealestate.com\/pt\/wp-content\/uploads\/2026\/01\/47-praia-secreta-05-768x512.jpg 768w, https:\/\/algarverealestate.com\/pt\/wp-content\/uploads\/2026\/01\/47-praia-secreta-05-880x586.jpg 880w, https:\/\/algarverealestate.com\/pt\/wp-content\/uploads\/2026\/01\/47-praia-secreta-05.jpg 1400w\" sizes=\"(max-width: 1400px) 100vw, 1400px\" loading=\"lazy\" decoding=\"async\"><figcaption>Praia da Secreta, situada entre Alvor e Portim\u00e3o, v\u00e1rias pequenas praias de dif\u00edcil acesso, com um fant\u00e1stico percurso pedestre ao longo da fal\u00e9sia&#8230;<\/figcaption><\/figure>\n<ol start=\"47\">\n<li><a href=\"https:\/\/algarverealestate.com\/pt\/wp-content\/uploads\/2026\/01\/algarve-portugal-beaches-map.jpg\">ver n\u00famero de praia no mapa<\/a><\/li>\n<\/ol>\n<figure class=\"wp-block-image\"><img src=\"https:\/\/algarverealestate.com\/pt\/wp-content\/uploads\/2026\/01\/47-praia-secreta-06.jpg\" width=\"1400\" height=\"933\" class=\"wp-image-8559\" alt=\"Praia da Secreta, situada entre Alvor e Portim\u00e3o, v\u00e1rias pequenas praias de dif\u00edcil acesso, com um fant\u00e1stico percurso pedestre ao longo da fal\u00e9sia...\" srcset=\"https:\/\/algarverealestate.com\/pt\/wp-content\/uploads\/2026\/01\/47-praia-secreta-06-125x83.jpg 125w, https:\/\/algarverealestate.com\/pt\/wp-content\/uploads\/2026\/01\/47-praia-secreta-06-150x150.jpg 150w, https:\/\/algarverealestate.com\/pt\/wp-content\/uploads\/2026\/01\/47-praia-secreta-06-300x200.jpg 300w, https:\/\/algarverealestate.com\/pt\/wp-content\/uploads\/2026\/01\/47-praia-secreta-06-430x293.jpg 430w, https:\/\/algarverealestate.com\/pt\/wp-content\/uploads\/2026\/01\/47-praia-secreta-06-768x512.jpg 768w, https:\/\/algarverealestate.com\/pt\/wp-content\/uploads\/2026\/01\/47-praia-secreta-06-880x586.jpg 880w, https:\/\/algarverealestate.com\/pt\/wp-content\/uploads\/2026\/01\/47-praia-secreta-06.jpg 1400w\" sizes=\"(max-width: 1400px) 100vw, 1400px\" loading=\"lazy\" decoding=\"async\"><figcaption>Praia da Secreta, situada entre Alvor e Portim\u00e3o, v\u00e1rias pequenas praias de dif\u00edcil acesso, com um fant\u00e1stico percurso pedestre ao longo da fal\u00e9sia&#8230;<\/figcaption><\/figure>\n<ol start=\"47\">\n<li><a href=\"https:\/\/algarverealestate.com\/pt\/wp-content\/uploads\/2026\/01\/algarve-portugal-beaches-map.jpg\">ver n\u00famero de praia no mapa<\/a><\/li>\n<\/ol>\n<figure class=\"wp-block-image\"><img src=\"https:\/\/algarverealestate.com\/pt\/wp-content\/uploads\/2026\/01\/47-praia-secreta-07.jpg\" width=\"1400\" height=\"933\" class=\"wp-image-8561\" alt=\"Praia da Secreta, situada entre Alvor e Portim\u00e3o, v\u00e1rias pequenas praias de dif\u00edcil acesso, com um fant\u00e1stico percurso pedestre ao longo da fal\u00e9sia...\" srcset=\"https:\/\/algarverealestate.com\/pt\/wp-content\/uploads\/2026\/01\/47-praia-secreta-07-125x83.jpg 125w, https:\/\/algarverealestate.com\/pt\/wp-content\/uploads\/2026\/01\/47-praia-secreta-07-150x150.jpg 150w, https:\/\/algarverealestate.com\/pt\/wp-content\/uploads\/2026\/01\/47-praia-secreta-07-300x200.jpg 300w, https:\/\/algarverealestate.com\/pt\/wp-content\/uploads\/2026\/01\/47-praia-secreta-07-430x293.jpg 430w, https:\/\/algarverealestate.com\/pt\/wp-content\/uploads\/2026\/01\/47-praia-secreta-07-768x512.jpg 768w, https:\/\/algarverealestate.com\/pt\/wp-content\/uploads\/2026\/01\/47-praia-secreta-07-880x586.jpg 880w, https:\/\/algarverealestate.com\/pt\/wp-content\/uploads\/2026\/01\/47-praia-secreta-07.jpg 1400w\" sizes=\"(max-width: 1400px) 100vw, 1400px\" loading=\"lazy\" decoding=\"async\"><figcaption>Praia da Secreta, situada entre Alvor e Portim\u00e3o, v\u00e1rias pequenas praias de dif\u00edcil acesso, com um fant\u00e1stico percurso pedestre ao longo da fal\u00e9sia&#8230;<\/figcaption><\/figure>\n<ol start=\"47\">\n<li><a href=\"https:\/\/algarverealestate.com\/pt\/wp-content\/uploads\/2026\/01\/algarve-portugal-beaches-map.jpg\">ver n\u00famero de praia no mapa<\/a><\/li>\n<\/ol>\n<figure class=\"wp-block-image\"><img src=\"https:\/\/algarverealestate.com\/pt\/wp-content\/uploads\/2026\/01\/47-praia-secreta-08.jpg\" width=\"1400\" height=\"933\" class=\"wp-image-8563\" alt=\"Praia da Secreta, situada entre Alvor e Portim\u00e3o, v\u00e1rias pequenas praias de dif\u00edcil acesso, com um fant\u00e1stico percurso pedestre ao longo da fal\u00e9sia...\" srcset=\"https:\/\/algarverealestate.com\/pt\/wp-content\/uploads\/2026\/01\/47-praia-secreta-08-125x83.jpg 125w, https:\/\/algarverealestate.com\/pt\/wp-content\/uploads\/2026\/01\/47-praia-secreta-08-150x150.jpg 150w, https:\/\/algarverealestate.com\/pt\/wp-content\/uploads\/2026\/01\/47-praia-secreta-08-300x200.jpg 300w, https:\/\/algarverealestate.com\/pt\/wp-content\/uploads\/2026\/01\/47-praia-secreta-08-430x293.jpg 430w, https:\/\/algarverealestate.com\/pt\/wp-content\/uploads\/2026\/01\/47-praia-secreta-08-768x512.jpg 768w, https:\/\/algarverealestate.com\/pt\/wp-content\/uploads\/2026\/01\/47-praia-secreta-08-880x586.jpg 880w, https:\/\/algarverealestate.com\/pt\/wp-content\/uploads\/2026\/01\/47-praia-secreta-08.jpg 1400w\" sizes=\"(max-width: 1400px) 100vw, 1400px\" loading=\"lazy\" decoding=\"async\"><figcaption>Praia da Secreta, situada entre Alvor e Portim\u00e3o, v\u00e1rias pequenas praias de dif\u00edcil acesso, com um fant\u00e1stico percurso pedestre ao longo da fal\u00e9sia&#8230;<\/figcaption><\/figure>\n<ol start=\"47\">\n<li><a href=\"https:\/\/algarverealestate.com\/pt\/wp-content\/uploads\/2026\/01\/algarve-portugal-beaches-map.jpg\">ver n\u00famero de praia no mapa<\/a><\/li>\n<\/ol>\n<figure class=\"wp-block-image\"><img src=\"https:\/\/algarverealestate.com\/pt\/wp-content\/uploads\/2026\/01\/47-praia-secreta-09.jpg\" width=\"1400\" height=\"933\" class=\"wp-image-8564\" alt=\"Praia da Secreta, situada entre Alvor e Portim\u00e3o, v\u00e1rias pequenas praias de dif\u00edcil acesso, com um fant\u00e1stico percurso pedestre ao longo da fal\u00e9sia...\" srcset=\"https:\/\/algarverealestate.com\/pt\/wp-content\/uploads\/2026\/01\/47-praia-secreta-09-125x83.jpg 125w, https:\/\/algarverealestate.com\/pt\/wp-content\/uploads\/2026\/01\/47-praia-secreta-09-150x150.jpg 150w, https:\/\/algarverealestate.com\/pt\/wp-content\/uploads\/2026\/01\/47-praia-secreta-09-300x200.jpg 300w, https:\/\/algarverealestate.com\/pt\/wp-content\/uploads\/2026\/01\/47-praia-secreta-09-430x293.jpg 430w, https:\/\/algarverealestate.com\/pt\/wp-content\/uploads\/2026\/01\/47-praia-secreta-09-768x512.jpg 768w, https:\/\/algarverealestate.com\/pt\/wp-content\/uploads\/2026\/01\/47-praia-secreta-09-880x586.jpg 880w, https:\/\/algarverealestate.com\/pt\/wp-content\/uploads\/2026\/01\/47-praia-secreta-09.jpg 1400w\" sizes=\"(max-width: 1400px) 100vw, 1400px\" loading=\"lazy\" decoding=\"async\"><figcaption>Praia da Secreta, situada entre Alvor e Portim\u00e3o, v\u00e1rias pequenas praias de dif\u00edcil acesso, com um fant\u00e1stico percurso pedestre ao longo da fal\u00e9sia&#8230;<\/figcaption><\/figure>\n<ol start=\"47\">\n<li><a href=\"https:\/\/algarverealestate.com\/pt\/wp-content\/uploads\/2026\/01\/algarve-portugal-beaches-map.jpg\">ver n\u00famero de praia no mapa<\/a><\/li>\n<\/ol>\n<figure class=\"wp-block-image\"><img src=\"https:\/\/algarverealestate.com\/pt\/wp-content\/uploads\/2026\/01\/47-praia-secreta-10.jpg\" width=\"1400\" height=\"933\" class=\"wp-image-8565\" alt=\"Praia da Secreta, situada entre Alvor e Portim\u00e3o, v\u00e1rias pequenas praias de dif\u00edcil acesso, com um fant\u00e1stico percurso pedestre ao longo da fal\u00e9sia...\" srcset=\"https:\/\/algarverealestate.com\/pt\/wp-content\/uploads\/2026\/01\/47-praia-secreta-10-125x83.jpg 125w, https:\/\/algarverealestate.com\/pt\/wp-content\/uploads\/2026\/01\/47-praia-secreta-10-150x150.jpg 150w, https:\/\/algarverealestate.com\/pt\/wp-content\/uploads\/2026\/01\/47-praia-secreta-10-300x200.jpg 300w, https:\/\/algarverealestate.com\/pt\/wp-content\/uploads\/2026\/01\/47-praia-secreta-10-430x293.jpg 430w, https:\/\/algarverealestate.com\/pt\/wp-content\/uploads\/2026\/01\/47-praia-secreta-10-768x512.jpg 768w, https:\/\/algarverealestate.com\/pt\/wp-content\/uploads\/2026\/01\/47-praia-secreta-10-880x586.jpg 880w, https:\/\/algarverealestate.com\/pt\/wp-content\/uploads\/2026\/01\/47-praia-secreta-10.jpg 1400w\" sizes=\"(max-width: 1400px) 100vw, 1400px\" loading=\"lazy\" decoding=\"async\"><figcaption>Praia da Secreta, situada entre Alvor e Portim\u00e3o, v\u00e1rias pequenas praias de dif\u00edcil acesso, com um fant\u00e1stico percurso pedestre ao longo da fal\u00e9sia&#8230;<\/figcaption><\/figure>\n<ol start=\"47\">\n<li><a href=\"https:\/\/algarverealestate.com\/pt\/wp-content\/uploads\/2026\/01\/algarve-portugal-beaches-map.jpg\">ver n\u00famero de praia no mapa<\/a><\/li>\n<\/ol>\n<figure class=\"wp-block-image\"><img src=\"https:\/\/algarverealestate.com\/pt\/wp-content\/uploads\/2026\/01\/47-praia-secreta-11.jpg\" width=\"1400\" height=\"933\" class=\"wp-image-8566\" alt=\"Praia da Secreta, situada entre Alvor e Portim\u00e3o, v\u00e1rias pequenas praias de dif\u00edcil acesso, com um fant\u00e1stico percurso pedestre ao longo da fal\u00e9sia...\" srcset=\"https:\/\/algarverealestate.com\/pt\/wp-content\/uploads\/2026\/01\/47-praia-secreta-11-125x83.jpg 125w, https:\/\/algarverealestate.com\/pt\/wp-content\/uploads\/2026\/01\/47-praia-secreta-11-150x150.jpg 150w, https:\/\/algarverealestate.com\/pt\/wp-content\/uploads\/2026\/01\/47-praia-secreta-11-300x200.jpg 300w, https:\/\/algarverealestate.com\/pt\/wp-content\/uploads\/2026\/01\/47-praia-secreta-11-430x293.jpg 430w, https:\/\/algarverealestate.com\/pt\/wp-content\/uploads\/2026\/01\/47-praia-secreta-11-768x512.jpg 768w, https:\/\/algarverealestate.com\/pt\/wp-content\/uploads\/2026\/01\/47-praia-secreta-11-880x586.jpg 880w, https:\/\/algarverealestate.com\/pt\/wp-content\/uploads\/2026\/01\/47-praia-secreta-11.jpg 1400w\" sizes=\"(max-width: 1400px) 100vw, 1400px\" loading=\"lazy\" decoding=\"async\"><figcaption>Praia da Secreta, situada entre Alvor e Portim\u00e3o, v\u00e1rias pequenas praias de dif\u00edcil acesso, com um fant\u00e1stico percurso pedestre ao longo da fal\u00e9sia&#8230;<\/figcaption><\/figure>\n<ol start=\"47\">\n<li><a href=\"https:\/\/algarverealestate.com\/pt\/wp-content\/uploads\/2026\/01\/algarve-portugal-beaches-map.jpg\">ver n\u00famero de praia no mapa<\/a><\/li>\n<\/ol>\n<figure class=\"wp-block-image\"><img src=\"https:\/\/algarverealestate.com\/pt\/wp-content\/uploads\/2026\/01\/47-praia-secreta-12.jpg\" width=\"1400\" height=\"933\" class=\"wp-image-8568\" alt=\"Praia da Secreta, situada entre Alvor e Portim\u00e3o, v\u00e1rias pequenas praias de dif\u00edcil acesso, com um fant\u00e1stico percurso pedestre ao longo da fal\u00e9sia...\" srcset=\"https:\/\/algarverealestate.com\/pt\/wp-content\/uploads\/2026\/01\/47-praia-secreta-12-125x83.jpg 125w, https:\/\/algarverealestate.com\/pt\/wp-content\/uploads\/2026\/01\/47-praia-secreta-12-150x150.jpg 150w, https:\/\/algarverealestate.com\/pt\/wp-content\/uploads\/2026\/01\/47-praia-secreta-12-300x200.jpg 300w, https:\/\/algarverealestate.com\/pt\/wp-content\/uploads\/2026\/01\/47-praia-secreta-12-430x293.jpg 430w, https:\/\/algarverealestate.com\/pt\/wp-content\/uploads\/2026\/01\/47-praia-secreta-12-768x512.jpg 768w, https:\/\/algarverealestate.com\/pt\/wp-content\/uploads\/2026\/01\/47-praia-secreta-12-880x586.jpg 880w, https:\/\/algarverealestate.com\/pt\/wp-content\/uploads\/2026\/01\/47-praia-secreta-12.jpg 1400w\" sizes=\"(max-width: 1400px) 100vw, 1400px\" loading=\"lazy\" decoding=\"async\"><figcaption>Praia da Secreta, situada entre Alvor e Portim\u00e3o, v\u00e1rias pequenas praias de dif\u00edcil acesso, com um fant\u00e1stico percurso pedestre ao longo da fal\u00e9sia&#8230;<\/figcaption><\/figure>\n<ol start=\"47\">\n<li><a href=\"https:\/\/algarverealestate.com\/pt\/wp-content\/uploads\/2026\/01\/algarve-portugal-beaches-map.jpg\">ver n\u00famero de praia no mapa<\/a><\/li>\n<\/ol>\n<figure class=\"wp-block-image\"><img src=\"https:\/\/algarverealestate.com\/pt\/wp-content\/uploads\/2026\/01\/47-praia-secreta-13.jpg\" width=\"1400\" height=\"933\" class=\"wp-image-8570\" alt=\"Praia da Secreta, situada entre Alvor e Portim\u00e3o, v\u00e1rias pequenas praias de dif\u00edcil acesso, com um fant\u00e1stico percurso pedestre ao longo da fal\u00e9sia...\" srcset=\"https:\/\/algarverealestate.com\/pt\/wp-content\/uploads\/2026\/01\/47-praia-secreta-13-125x83.jpg 125w, https:\/\/algarverealestate.com\/pt\/wp-content\/uploads\/2026\/01\/47-praia-secreta-13-150x150.jpg 150w, https:\/\/algarverealestate.com\/pt\/wp-content\/uploads\/2026\/01\/47-praia-secreta-13-300x200.jpg 300w, https:\/\/algarverealestate.com\/pt\/wp-content\/uploads\/2026\/01\/47-praia-secreta-13-430x293.jpg 430w, https:\/\/algarverealestate.com\/pt\/wp-content\/uploads\/2026\/01\/47-praia-secreta-13-768x512.jpg 768w, https:\/\/algarverealestate.com\/pt\/wp-content\/uploads\/2026\/01\/47-praia-secreta-13-880x586.jpg 880w, https:\/\/algarverealestate.com\/pt\/wp-content\/uploads\/2026\/01\/47-praia-secreta-13.jpg 1400w\" sizes=\"(max-width: 1400px) 100vw, 1400px\" loading=\"lazy\" decoding=\"async\"><figcaption>Praia da Secreta, situada entre Alvor e Portim\u00e3o, v\u00e1rias pequenas praias de dif\u00edcil acesso, com um fant\u00e1stico percurso pedestre ao longo da fal\u00e9sia&#8230;<\/figcaption><\/figure>\n<ol start=\"47\">\n<li><a href=\"https:\/\/algarverealestate.com\/pt\/wp-content\/uploads\/2026\/01\/algarve-portugal-beaches-map.jpg\">ver n\u00famero de praia no mapa<\/a><\/li>\n<\/ol>\n<figure class=\"wp-block-image\"><img src=\"https:\/\/algarverealestate.com\/pt\/wp-content\/uploads\/2026\/01\/47-praia-secreta-14.jpg\" width=\"1400\" height=\"933\" class=\"wp-image-8636\" alt=\"Praia da Secreta, situada entre Alvor e Portim\u00e3o, v\u00e1rias pequenas praias de dif\u00edcil acesso, com um fant\u00e1stico percurso pedestre ao longo da fal\u00e9sia...\" srcset=\"https:\/\/algarverealestate.com\/pt\/wp-content\/uploads\/2026\/01\/47-praia-secreta-14-125x83.jpg 125w, https:\/\/algarverealestate.com\/pt\/wp-content\/uploads\/2026\/01\/47-praia-secreta-14-150x150.jpg 150w, https:\/\/algarverealestate.com\/pt\/wp-content\/uploads\/2026\/01\/47-praia-secreta-14-300x200.jpg 300w, https:\/\/algarverealestate.com\/pt\/wp-content\/uploads\/2026\/01\/47-praia-secreta-14-430x293.jpg 430w, https:\/\/algarverealestate.com\/pt\/wp-content\/uploads\/2026\/01\/47-praia-secreta-14-768x512.jpg 768w, https:\/\/algarverealestate.com\/pt\/wp-content\/uploads\/2026\/01\/47-praia-secreta-14-880x586.jpg 880w, https:\/\/algarverealestate.com\/pt\/wp-content\/uploads\/2026\/01\/47-praia-secreta-14.jpg 1400w\" sizes=\"(max-width: 1400px) 100vw, 1400px\" loading=\"lazy\" decoding=\"async\"><figcaption>Praia da Secreta, situada entre Alvor e Portim\u00e3o, v\u00e1rias pequenas praias de dif\u00edcil acesso, com um fant\u00e1stico percurso pedestre ao longo da fal\u00e9sia&#8230;<\/figcaption><\/figure>\n<ol start=\"47\">\n<li><a href=\"https:\/\/algarverealestate.com\/pt\/wp-content\/uploads\/2026\/01\/algarve-portugal-beaches-map.jpg\">ver n\u00famero de praia no mapa<\/a><\/li>\n<\/ol>\n<figure class=\"wp-block-image\"><img src=\"https:\/\/algarverealestate.com\/pt\/wp-content\/uploads\/2026\/01\/47-praia-secreta-15.jpg\" width=\"1400\" height=\"933\" class=\"wp-image-8638\" alt=\"Praia da Secreta, situada entre Alvor e Portim\u00e3o, v\u00e1rias pequenas praias de dif\u00edcil acesso, com um fant\u00e1stico percurso pedestre ao longo da fal\u00e9sia...\" srcset=\"https:\/\/algarverealestate.com\/pt\/wp-content\/uploads\/2026\/01\/47-praia-secreta-15-125x83.jpg 125w, https:\/\/algarverealestate.com\/pt\/wp-content\/uploads\/2026\/01\/47-praia-secreta-15-150x150.jpg 150w, https:\/\/algarverealestate.com\/pt\/wp-content\/uploads\/2026\/01\/47-praia-secreta-15-300x200.jpg 300w, https:\/\/algarverealestate.com\/pt\/wp-content\/uploads\/2026\/01\/47-praia-secreta-15-430x293.jpg 430w, https:\/\/algarverealestate.com\/pt\/wp-content\/uploads\/2026\/01\/47-praia-secreta-15-768x512.jpg 768w, https:\/\/algarverealestate.com\/pt\/wp-content\/uploads\/2026\/01\/47-praia-secreta-15-880x586.jpg 880w, https:\/\/algarverealestate.com\/pt\/wp-content\/uploads\/2026\/01\/47-praia-secreta-15.jpg 1400w\" sizes=\"(max-width: 1400px) 100vw, 1400px\" loading=\"lazy\" decoding=\"async\"><figcaption>Praia da Secreta, situada entre Alvor e Portim\u00e3o, v\u00e1rias pequenas praias de dif\u00edcil acesso, com um fant\u00e1stico percurso pedestre ao longo da fal\u00e9sia&#8230;<\/figcaption><\/figure>\n<ol start=\"48\">\n<li><a href=\"https:\/\/algarverealestate.com\/pt\/wp-content\/uploads\/2026\/01\/algarve-portugal-beaches-map.jpg\">ver n\u00famero de praia no mapa<\/a><\/li>\n<\/ol>\n<figure class=\"wp-block-image\"><img src=\"https:\/\/algarverealestate.com\/pt\/wp-content\/uploads\/2026\/01\/48-vau-01.jpg\" width=\"1400\" height=\"933\" class=\"wp-image-8639\" alt=\"praia do vau\" srcset=\"https:\/\/algarverealestate.com\/pt\/wp-content\/uploads\/2026\/01\/48-vau-01-125x83.jpg 125w, https:\/\/algarverealestate.com\/pt\/wp-content\/uploads\/2026\/01\/48-vau-01-150x150.jpg 150w, https:\/\/algarverealestate.com\/pt\/wp-content\/uploads\/2026\/01\/48-vau-01-300x200.jpg 300w, https:\/\/algarverealestate.com\/pt\/wp-content\/uploads\/2026\/01\/48-vau-01-430x293.jpg 430w, https:\/\/algarverealestate.com\/pt\/wp-content\/uploads\/2026\/01\/48-vau-01-768x512.jpg 768w, https:\/\/algarverealestate.com\/pt\/wp-content\/uploads\/2026\/01\/48-vau-01-880x586.jpg 880w, https:\/\/algarverealestate.com\/pt\/wp-content\/uploads\/2026\/01\/48-vau-01.jpg 1400w\" sizes=\"(max-width: 1400px) 100vw, 1400px\" loading=\"lazy\" decoding=\"async\"><figcaption>praia do vau<\/figcaption><\/figure>\n<ol start=\"48\">\n<li><a href=\"https:\/\/algarverealestate.com\/pt\/wp-content\/uploads\/2026\/01\/algarve-portugal-beaches-map.jpg\">ver n\u00famero de praia no mapa<\/a><\/li>\n<\/ol>\n<figure class=\"wp-block-image\"><img src=\"https:\/\/algarverealestate.com\/pt\/wp-content\/uploads\/2026\/01\/48-vau-02.jpg\" width=\"1400\" height=\"933\" class=\"wp-image-8640\" alt=\"praia do vau\" srcset=\"https:\/\/algarverealestate.com\/pt\/wp-content\/uploads\/2026\/01\/48-vau-02-125x83.jpg 125w, https:\/\/algarverealestate.com\/pt\/wp-content\/uploads\/2026\/01\/48-vau-02-150x150.jpg 150w, https:\/\/algarverealestate.com\/pt\/wp-content\/uploads\/2026\/01\/48-vau-02-300x200.jpg 300w, https:\/\/algarverealestate.com\/pt\/wp-content\/uploads\/2026\/01\/48-vau-02-430x293.jpg 430w, https:\/\/algarverealestate.com\/pt\/wp-content\/uploads\/2026\/01\/48-vau-02-768x512.jpg 768w, https:\/\/algarverealestate.com\/pt\/wp-content\/uploads\/2026\/01\/48-vau-02-880x586.jpg 880w, https:\/\/algarverealestate.com\/pt\/wp-content\/uploads\/2026\/01\/48-vau-02.jpg 1400w\" sizes=\"(max-width: 1400px) 100vw, 1400px\" loading=\"lazy\" decoding=\"async\"><figcaption>praia do vau<\/figcaption><\/figure>\n<ol start=\"49\">\n<li><a href=\"https:\/\/algarverealestate.com\/pt\/wp-content\/uploads\/2026\/01\/algarve-portugal-beaches-map.jpg\">ver n\u00famero de praia no mapa<\/a><\/li>\n<\/ol>\n<figure class=\"wp-block-image\"><img src=\"https:\/\/algarverealestate.com\/pt\/wp-content\/uploads\/2026\/01\/49-careanos.jpg\" width=\"1400\" height=\"933\" class=\"wp-image-8641\" alt=\"praia dos careanos\" srcset=\"https:\/\/algarverealestate.com\/pt\/wp-content\/uploads\/2026\/01\/49-careanos-125x83.jpg 125w, https:\/\/algarverealestate.com\/pt\/wp-content\/uploads\/2026\/01\/49-careanos-150x150.jpg 150w, https:\/\/algarverealestate.com\/pt\/wp-content\/uploads\/2026\/01\/49-careanos-300x200.jpg 300w, https:\/\/algarverealestate.com\/pt\/wp-content\/uploads\/2026\/01\/49-careanos-430x293.jpg 430w, https:\/\/algarverealestate.com\/pt\/wp-content\/uploads\/2026\/01\/49-careanos-768x512.jpg 768w, https:\/\/algarverealestate.com\/pt\/wp-content\/uploads\/2026\/01\/49-careanos-880x586.jpg 880w, https:\/\/algarverealestate.com\/pt\/wp-content\/uploads\/2026\/01\/49-careanos.jpg 1400w\" sizes=\"(max-width: 1400px) 100vw, 1400px\" loading=\"lazy\" decoding=\"async\"><figcaption>praia dos careanos<\/figcaption><\/figure>\n<ol start=\"50\">\n<li><a href=\"https:\/\/algarverealestate.com\/pt\/wp-content\/uploads\/2026\/01\/algarve-portugal-beaches-map.jpg\">ver n\u00famero de praia no mapa<\/a><\/li>\n<\/ol>\n<figure class=\"wp-block-image\"><img src=\"https:\/\/algarverealestate.com\/pt\/wp-content\/uploads\/2026\/01\/50-amado01.jpg\" width=\"1400\" height=\"934\" class=\"wp-image-8642\" alt=\"A Praia do Amado, situada na encantadora cidade de Portim\u00e3o, na costa sul de Portugal, \u00e9 um o\u00e1sis tranquilo distinto da conhecida Praia do Amado Surf, mais a oeste. Este local encantador est\u00e1 situado em uma parte mais tranquila da cidade, proporcionando uma fuga serena da agita\u00e7\u00e3o.\" srcset=\"https:\/\/algarverealestate.com\/pt\/wp-content\/uploads\/2026\/01\/50-amado01-125x83.jpg 125w, https:\/\/algarverealestate.com\/pt\/wp-content\/uploads\/2026\/01\/50-amado01-150x150.jpg 150w, https:\/\/algarverealestate.com\/pt\/wp-content\/uploads\/2026\/01\/50-amado01-300x200.jpg 300w, https:\/\/algarverealestate.com\/pt\/wp-content\/uploads\/2026\/01\/50-amado01-430x293.jpg 430w, https:\/\/algarverealestate.com\/pt\/wp-content\/uploads\/2026\/01\/50-amado01-768x512.jpg 768w, https:\/\/algarverealestate.com\/pt\/wp-content\/uploads\/2026\/01\/50-amado01-880x586.jpg 880w, https:\/\/algarverealestate.com\/pt\/wp-content\/uploads\/2026\/01\/50-amado01.jpg 1400w\" sizes=\"(max-width: 1400px) 100vw, 1400px\" loading=\"lazy\" decoding=\"async\"><figcaption>A Praia do Amado, situada na encantadora cidade de Portim\u00e3o, na costa sul de Portugal, \u00e9 um o\u00e1sis tranquilo distinto da conhecida Praia do Amado Surf, mais a oeste. Este local encantador est\u00e1 situado em uma parte mais tranquila da cidade, proporcionando uma fuga serena da agita\u00e7\u00e3o.<\/figcaption><\/figure>\n<ol start=\"50\">\n<li><a href=\"https:\/\/algarverealestate.com\/pt\/wp-content\/uploads\/2026\/01\/algarve-portugal-beaches-map.jpg\">ver n\u00famero de praia no mapa<\/a><\/li>\n<\/ol>\n<figure class=\"wp-block-image\"><img src=\"https:\/\/algarverealestate.com\/pt\/wp-content\/uploads\/2026\/01\/50-amado02.jpg\" width=\"1400\" height=\"933\" class=\"wp-image-8644\" alt=\"A Praia do Amado, situada na encantadora cidade de Portim\u00e3o, na costa sul de Portugal, \u00e9 um o\u00e1sis tranquilo distinto da conhecida Praia do Amado Surf, mais a oeste. Este local encantador est\u00e1 situado em uma parte mais tranquila da cidade, proporcionando uma fuga serena da agita\u00e7\u00e3o.\" srcset=\"https:\/\/algarverealestate.com\/pt\/wp-content\/uploads\/2026\/01\/50-amado02-125x83.jpg 125w, https:\/\/algarverealestate.com\/pt\/wp-content\/uploads\/2026\/01\/50-amado02-150x150.jpg 150w, https:\/\/algarverealestate.com\/pt\/wp-content\/uploads\/2026\/01\/50-amado02-300x200.jpg 300w, https:\/\/algarverealestate.com\/pt\/wp-content\/uploads\/2026\/01\/50-amado02-430x293.jpg 430w, https:\/\/algarverealestate.com\/pt\/wp-content\/uploads\/2026\/01\/50-amado02-768x512.jpg 768w, https:\/\/algarverealestate.com\/pt\/wp-content\/uploads\/2026\/01\/50-amado02-880x586.jpg 880w, https:\/\/algarverealestate.com\/pt\/wp-content\/uploads\/2026\/01\/50-amado02.jpg 1400w\" sizes=\"(max-width: 1400px) 100vw, 1400px\" loading=\"lazy\" decoding=\"async\"><figcaption>A Praia do Amado, situada na encantadora cidade de Portim\u00e3o, na costa sul de Portugal, \u00e9 um o\u00e1sis tranquilo distinto da conhecida Praia do Amado Surf, mais a oeste. Este local encantador est\u00e1 situado em uma parte mais tranquila da cidade, proporcionando uma fuga serena da agita\u00e7\u00e3o.<\/figcaption><\/figure>\n<ol start=\"051\">\n<li><a href=\"https:\/\/algarverealestate.com\/pt\/wp-content\/uploads\/2026\/01\/algarve-portugal-beaches-map.jpg\">ver n\u00famero de praia no mapa<\/a><\/li>\n<\/ol>\n<figure class=\"wp-block-image\"><img src=\"https:\/\/algarverealestate.com\/pt\/wp-content\/uploads\/2026\/01\/051-tres-castelos.jpg\" width=\"1400\" height=\"933\" class=\"wp-image-8646\" alt=\"Praia dos Tr\u00eas Castelos\" srcset=\"https:\/\/algarverealestate.com\/pt\/wp-content\/uploads\/2026\/01\/051-tres-castelos-125x83.jpg 125w, https:\/\/algarverealestate.com\/pt\/wp-content\/uploads\/2026\/01\/051-tres-castelos-150x150.jpg 150w, https:\/\/algarverealestate.com\/pt\/wp-content\/uploads\/2026\/01\/051-tres-castelos-300x200.jpg 300w, https:\/\/algarverealestate.com\/pt\/wp-content\/uploads\/2026\/01\/051-tres-castelos-430x293.jpg 430w, https:\/\/algarverealestate.com\/pt\/wp-content\/uploads\/2026\/01\/051-tres-castelos-768x512.jpg 768w, https:\/\/algarverealestate.com\/pt\/wp-content\/uploads\/2026\/01\/051-tres-castelos-880x586.jpg 880w, https:\/\/algarverealestate.com\/pt\/wp-content\/uploads\/2026\/01\/051-tres-castelos.jpg 1400w\" sizes=\"(max-width: 1400px) 100vw, 1400px\" loading=\"lazy\" decoding=\"async\"><figcaption>Praia dos Tr\u00eas Castelos<\/figcaption><\/figure>\n<ol start=\"51\">\n<li><a href=\"https:\/\/algarverealestate.com\/pt\/wp-content\/uploads\/2026\/01\/algarve-portugal-beaches-map.jpg\">ver n\u00famero de praia no mapa<\/a><\/li>\n<\/ol>\n<figure class=\"wp-block-image\"><img src=\"https:\/\/algarverealestate.com\/pt\/wp-content\/uploads\/2026\/01\/51-tres-castelos-beach.jpg\" width=\"1400\" height=\"1050\" class=\"wp-image-8648\" alt=\"Praia dos Tr\u00eas Castelos\" srcset=\"https:\/\/algarverealestate.com\/pt\/wp-content\/uploads\/2026\/01\/51-tres-castelos-beach-125x83.jpg 125w, https:\/\/algarverealestate.com\/pt\/wp-content\/uploads\/2026\/01\/51-tres-castelos-beach-150x150.jpg 150w, https:\/\/algarverealestate.com\/pt\/wp-content\/uploads\/2026\/01\/51-tres-castelos-beach-300x225.jpg 300w, https:\/\/algarverealestate.com\/pt\/wp-content\/uploads\/2026\/01\/51-tres-castelos-beach-430x293.jpg 430w, https:\/\/algarverealestate.com\/pt\/wp-content\/uploads\/2026\/01\/51-tres-castelos-beach-768x576.jpg 768w, https:\/\/algarverealestate.com\/pt\/wp-content\/uploads\/2026\/01\/51-tres-castelos-beach-880x586.jpg 880w, https:\/\/algarverealestate.com\/pt\/wp-content\/uploads\/2026\/01\/51-tres-castelos-beach.jpg 1400w\" sizes=\"(max-width: 1400px) 100vw, 1400px\" loading=\"lazy\" decoding=\"async\"><figcaption>Praia dos Tr\u00eas Castelos<\/figcaption><\/figure>\n<ol start=\"51\">\n<li><a href=\"https:\/\/algarverealestate.com\/pt\/wp-content\/uploads\/2026\/01\/algarve-portugal-beaches-map.jpg\">ver n\u00famero de praia no mapa<\/a><\/li>\n<\/ol>\n<figure class=\"wp-block-image\"><img src=\"https:\/\/algarverealestate.com\/pt\/wp-content\/uploads\/2026\/01\/51-tres-castelos-bveach-01.jpg\" width=\"1400\" height=\"1050\" class=\"wp-image-8650\" alt=\"Nascer do sol na praia dos Tr\u00eas Castelos, com pescador no horizonte\" srcset=\"https:\/\/algarverealestate.com\/pt\/wp-content\/uploads\/2026\/01\/51-tres-castelos-bveach-01-125x83.jpg 125w, https:\/\/algarverealestate.com\/pt\/wp-content\/uploads\/2026\/01\/51-tres-castelos-bveach-01-150x150.jpg 150w, https:\/\/algarverealestate.com\/pt\/wp-content\/uploads\/2026\/01\/51-tres-castelos-bveach-01-300x225.jpg 300w, https:\/\/algarverealestate.com\/pt\/wp-content\/uploads\/2026\/01\/51-tres-castelos-bveach-01-430x293.jpg 430w, https:\/\/algarverealestate.com\/pt\/wp-content\/uploads\/2026\/01\/51-tres-castelos-bveach-01-768x576.jpg 768w, https:\/\/algarverealestate.com\/pt\/wp-content\/uploads\/2026\/01\/51-tres-castelos-bveach-01-880x586.jpg 880w, https:\/\/algarverealestate.com\/pt\/wp-content\/uploads\/2026\/01\/51-tres-castelos-bveach-01.jpg 1400w\" sizes=\"(max-width: 1400px) 100vw, 1400px\" loading=\"lazy\" decoding=\"async\"><figcaption>Nascer do sol na praia dos Tr\u00eas Castelos, com pescador no horizonte<\/figcaption><\/figure>\n<ol start=\"51\">\n<li><a href=\"https:\/\/algarverealestate.com\/pt\/wp-content\/uploads\/2026\/01\/algarve-portugal-beaches-map.jpg\">ver n\u00famero de praia no mapa<\/a><\/li>\n<\/ol>\n<figure class=\"wp-block-image\"><img src=\"https:\/\/algarverealestate.com\/pt\/wp-content\/uploads\/2026\/01\/51-tres-irmaos-01.jpg\" width=\"1400\" height=\"933\" class=\"wp-image-8652\" alt=\"praia dos tr\u00eas irm\u00e3os\" srcset=\"https:\/\/algarverealestate.com\/pt\/wp-content\/uploads\/2026\/01\/51-tres-irmaos-01-125x83.jpg 125w, https:\/\/algarverealestate.com\/pt\/wp-content\/uploads\/2026\/01\/51-tres-irmaos-01-150x150.jpg 150w, https:\/\/algarverealestate.com\/pt\/wp-content\/uploads\/2026\/01\/51-tres-irmaos-01-300x200.jpg 300w, https:\/\/algarverealestate.com\/pt\/wp-content\/uploads\/2026\/01\/51-tres-irmaos-01-430x293.jpg 430w, https:\/\/algarverealestate.com\/pt\/wp-content\/uploads\/2026\/01\/51-tres-irmaos-01-768x512.jpg 768w, https:\/\/algarverealestate.com\/pt\/wp-content\/uploads\/2026\/01\/51-tres-irmaos-01-880x586.jpg 880w, https:\/\/algarverealestate.com\/pt\/wp-content\/uploads\/2026\/01\/51-tres-irmaos-01.jpg 1400w\" sizes=\"(max-width: 1400px) 100vw, 1400px\" loading=\"lazy\" decoding=\"async\"><figcaption>praia dos tr\u00eas irm\u00e3os<\/figcaption><\/figure>\n<ol start=\"51\">\n<li><a href=\"https:\/\/algarverealestate.com\/pt\/wp-content\/uploads\/2026\/01\/algarve-portugal-beaches-map.jpg\">ver n\u00famero de praia no mapa<\/a><\/li>\n<\/ol>\n<figure class=\"wp-block-image\"><img src=\"https:\/\/algarverealestate.com\/pt\/wp-content\/uploads\/2026\/01\/51-tres-irmaos-02.jpg\" width=\"1400\" height=\"933\" class=\"wp-image-8654\" alt=\"praia dos tr\u00eas irm\u00e3os\" srcset=\"https:\/\/algarverealestate.com\/pt\/wp-content\/uploads\/2026\/01\/51-tres-irmaos-02-125x83.jpg 125w, https:\/\/algarverealestate.com\/pt\/wp-content\/uploads\/2026\/01\/51-tres-irmaos-02-150x150.jpg 150w, https:\/\/algarverealestate.com\/pt\/wp-content\/uploads\/2026\/01\/51-tres-irmaos-02-300x200.jpg 300w, https:\/\/algarverealestate.com\/pt\/wp-content\/uploads\/2026\/01\/51-tres-irmaos-02-430x293.jpg 430w, https:\/\/algarverealestate.com\/pt\/wp-content\/uploads\/2026\/01\/51-tres-irmaos-02-768x512.jpg 768w, https:\/\/algarverealestate.com\/pt\/wp-content\/uploads\/2026\/01\/51-tres-irmaos-02-880x586.jpg 880w, https:\/\/algarverealestate.com\/pt\/wp-content\/uploads\/2026\/01\/51-tres-irmaos-02.jpg 1400w\" sizes=\"(max-width: 1400px) 100vw, 1400px\" loading=\"lazy\" decoding=\"async\"><figcaption>praia dos tr\u00eas irm\u00e3os<\/figcaption><\/figure>\n<ol start=\"51\">\n<li><a href=\"https:\/\/algarverealestate.com\/pt\/wp-content\/uploads\/2026\/01\/algarve-portugal-beaches-map.jpg\">ver n\u00famero de praia no mapa<\/a><\/li>\n<\/ol>\n<figure class=\"wp-block-image\"><img src=\"https:\/\/algarverealestate.com\/pt\/wp-content\/uploads\/2026\/01\/51-tres-irmaos-03.jpg\" width=\"1400\" height=\"933\" class=\"wp-image-8656\" alt=\"praia dos tr\u00eas irm\u00e3os\" srcset=\"https:\/\/algarverealestate.com\/pt\/wp-content\/uploads\/2026\/01\/51-tres-irmaos-03-125x83.jpg 125w, https:\/\/algarverealestate.com\/pt\/wp-content\/uploads\/2026\/01\/51-tres-irmaos-03-150x150.jpg 150w, https:\/\/algarverealestate.com\/pt\/wp-content\/uploads\/2026\/01\/51-tres-irmaos-03-300x200.jpg 300w, https:\/\/algarverealestate.com\/pt\/wp-content\/uploads\/2026\/01\/51-tres-irmaos-03-430x293.jpg 430w, https:\/\/algarverealestate.com\/pt\/wp-content\/uploads\/2026\/01\/51-tres-irmaos-03-768x512.jpg 768w, https:\/\/algarverealestate.com\/pt\/wp-content\/uploads\/2026\/01\/51-tres-irmaos-03-880x586.jpg 880w, https:\/\/algarverealestate.com\/pt\/wp-content\/uploads\/2026\/01\/51-tres-irmaos-03.jpg 1400w\" sizes=\"(max-width: 1400px) 100vw, 1400px\" loading=\"lazy\" decoding=\"async\"><figcaption>praia dos tr\u00eas irm\u00e3os<\/figcaption><\/figure>\n<ol start=\"52\">\n<li><a href=\"https:\/\/algarverealestate.com\/pt\/wp-content\/uploads\/2026\/01\/algarve-portugal-beaches-map.jpg\">ver n\u00famero de praia no mapa<\/a><\/li>\n<\/ol>\n<figure class=\"wp-block-image\"><img src=\"https:\/\/algarverealestate.com\/pt\/wp-content\/uploads\/2026\/01\/52-praia-da-rocha-01.jpg\" width=\"1400\" height=\"905\" class=\"wp-image-8446\" alt=\"Praia da Rocha\" srcset=\"https:\/\/algarverealestate.com\/pt\/wp-content\/uploads\/2026\/01\/52-praia-da-rocha-01-125x83.jpg 125w, https:\/\/algarverealestate.com\/pt\/wp-content\/uploads\/2026\/01\/52-praia-da-rocha-01-150x150.jpg 150w, https:\/\/algarverealestate.com\/pt\/wp-content\/uploads\/2026\/01\/52-praia-da-rocha-01-300x194.jpg 300w, https:\/\/algarverealestate.com\/pt\/wp-content\/uploads\/2026\/01\/52-praia-da-rocha-01-430x293.jpg 430w, https:\/\/algarverealestate.com\/pt\/wp-content\/uploads\/2026\/01\/52-praia-da-rocha-01-768x496.jpg 768w, https:\/\/algarverealestate.com\/pt\/wp-content\/uploads\/2026\/01\/52-praia-da-rocha-01-880x586.jpg 880w, https:\/\/algarverealestate.com\/pt\/wp-content\/uploads\/2026\/01\/52-praia-da-rocha-01.jpg 1400w\" sizes=\"(max-width: 1400px) 100vw, 1400px\" loading=\"lazy\" decoding=\"async\"><figcaption>Praia da Rocha<\/figcaption><\/figure>\n<ol start=\"52\">\n<li><a href=\"https:\/\/algarverealestate.com\/pt\/wp-content\/uploads\/2026\/01\/algarve-portugal-beaches-map.jpg\">ver n\u00famero de praia no mapa<\/a><\/li>\n<\/ol>\n<figure class=\"wp-block-image\"><img src=\"https:\/\/algarverealestate.com\/pt\/wp-content\/uploads\/2026\/01\/52-praia-da-rocha-02.jpg\" width=\"1400\" height=\"1050\" class=\"wp-image-8658\" alt=\"Praia da Rocha\" srcset=\"https:\/\/algarverealestate.com\/pt\/wp-content\/uploads\/2026\/01\/52-praia-da-rocha-02-125x83.jpg 125w, https:\/\/algarverealestate.com\/pt\/wp-content\/uploads\/2026\/01\/52-praia-da-rocha-02-150x150.jpg 150w, https:\/\/algarverealestate.com\/pt\/wp-content\/uploads\/2026\/01\/52-praia-da-rocha-02-300x225.jpg 300w, https:\/\/algarverealestate.com\/pt\/wp-content\/uploads\/2026\/01\/52-praia-da-rocha-02-430x293.jpg 430w, https:\/\/algarverealestate.com\/pt\/wp-content\/uploads\/2026\/01\/52-praia-da-rocha-02-768x576.jpg 768w, https:\/\/algarverealestate.com\/pt\/wp-content\/uploads\/2026\/01\/52-praia-da-rocha-02-880x586.jpg 880w, https:\/\/algarverealestate.com\/pt\/wp-content\/uploads\/2026\/01\/52-praia-da-rocha-02.jpg 1400w\" sizes=\"(max-width: 1400px) 100vw, 1400px\" loading=\"lazy\" decoding=\"async\"><figcaption>Praia da Rocha<\/figcaption><\/figure>\n<ol start=\"52\">\n<li><a href=\"https:\/\/algarverealestate.com\/pt\/wp-content\/uploads\/2026\/01\/algarve-portugal-beaches-map.jpg\">ver n\u00famero de praia no mapa<\/a><\/li>\n<\/ol>\n<figure class=\"wp-block-image\"><img src=\"https:\/\/algarverealestate.com\/pt\/wp-content\/uploads\/2026\/01\/52-praia-da-rocha-03.jpg\" width=\"1400\" height=\"930\" class=\"wp-image-8659\" alt=\"Praia da Rocha\" srcset=\"https:\/\/algarverealestate.com\/pt\/wp-content\/uploads\/2026\/01\/52-praia-da-rocha-03-125x83.jpg 125w, https:\/\/algarverealestate.com\/pt\/wp-content\/uploads\/2026\/01\/52-praia-da-rocha-03-150x150.jpg 150w, https:\/\/algarverealestate.com\/pt\/wp-content\/uploads\/2026\/01\/52-praia-da-rocha-03-300x199.jpg 300w, https:\/\/algarverealestate.com\/pt\/wp-content\/uploads\/2026\/01\/52-praia-da-rocha-03-430x293.jpg 430w, https:\/\/algarverealestate.com\/pt\/wp-content\/uploads\/2026\/01\/52-praia-da-rocha-03-768x510.jpg 768w, https:\/\/algarverealestate.com\/pt\/wp-content\/uploads\/2026\/01\/52-praia-da-rocha-03-880x586.jpg 880w, https:\/\/algarverealestate.com\/pt\/wp-content\/uploads\/2026\/01\/52-praia-da-rocha-03.jpg 1400w\" sizes=\"(max-width: 1400px) 100vw, 1400px\" loading=\"lazy\" decoding=\"async\"><figcaption>Praia da Rocha<\/figcaption><\/figure>\n<ol start=\"52\">\n<li><a href=\"https:\/\/algarverealestate.com\/pt\/wp-content\/uploads\/2026\/01\/algarve-portugal-beaches-map.jpg\">ver n\u00famero de praia no mapa<\/a><\/li>\n<\/ol>\n<figure class=\"wp-block-image\"><img src=\"https:\/\/algarverealestate.com\/pt\/wp-content\/uploads\/2026\/01\/52-rocha-beach.jpg\" width=\"1400\" height=\"1050\" class=\"wp-image-8660\" alt=\"praia da rocha\" srcset=\"https:\/\/algarverealestate.com\/pt\/wp-content\/uploads\/2026\/01\/52-rocha-beach-125x83.jpg 125w, https:\/\/algarverealestate.com\/pt\/wp-content\/uploads\/2026\/01\/52-rocha-beach-150x150.jpg 150w, https:\/\/algarverealestate.com\/pt\/wp-content\/uploads\/2026\/01\/52-rocha-beach-300x225.jpg 300w, https:\/\/algarverealestate.com\/pt\/wp-content\/uploads\/2026\/01\/52-rocha-beach-430x293.jpg 430w, https:\/\/algarverealestate.com\/pt\/wp-content\/uploads\/2026\/01\/52-rocha-beach-768x576.jpg 768w, https:\/\/algarverealestate.com\/pt\/wp-content\/uploads\/2026\/01\/52-rocha-beach-880x586.jpg 880w, https:\/\/algarverealestate.com\/pt\/wp-content\/uploads\/2026\/01\/52-rocha-beach.jpg 1400w\" sizes=\"(max-width: 1400px) 100vw, 1400px\" loading=\"lazy\" decoding=\"async\"><figcaption>praia da rocha<\/figcaption><\/figure>\n<ol start=\"52\">\n<li><a href=\"https:\/\/algarverealestate.com\/pt\/wp-content\/uploads\/2026\/01\/algarve-portugal-beaches-map.jpg\">ver n\u00famero de praia no mapa<\/a><\/li>\n<\/ol>\n<figure class=\"wp-block-image\"><img src=\"https:\/\/algarverealestate.com\/pt\/wp-content\/uploads\/2026\/01\/52-rocha-beach-01.jpg\" width=\"1400\" height=\"1050\" class=\"wp-image-8661\" alt=\"Praia da Rocha areia extensa\" srcset=\"https:\/\/algarverealestate.com\/pt\/wp-content\/uploads\/2026\/01\/52-rocha-beach-01-125x83.jpg 125w, https:\/\/algarverealestate.com\/pt\/wp-content\/uploads\/2026\/01\/52-rocha-beach-01-150x150.jpg 150w, https:\/\/algarverealestate.com\/pt\/wp-content\/uploads\/2026\/01\/52-rocha-beach-01-300x225.jpg 300w, https:\/\/algarverealestate.com\/pt\/wp-content\/uploads\/2026\/01\/52-rocha-beach-01-430x293.jpg 430w, https:\/\/algarverealestate.com\/pt\/wp-content\/uploads\/2026\/01\/52-rocha-beach-01-768x576.jpg 768w, https:\/\/algarverealestate.com\/pt\/wp-content\/uploads\/2026\/01\/52-rocha-beach-01-880x586.jpg 880w, https:\/\/algarverealestate.com\/pt\/wp-content\/uploads\/2026\/01\/52-rocha-beach-01.jpg 1400w\" sizes=\"(max-width: 1400px) 100vw, 1400px\" loading=\"lazy\" decoding=\"async\"><figcaption>Praia da Rocha areia extensa<\/figcaption><\/figure>\n<ol start=\"52\">\n<li><a href=\"https:\/\/algarverealestate.com\/pt\/wp-content\/uploads\/2026\/01\/algarve-portugal-beaches-map.jpg\">ver n\u00famero de praia no mapa<\/a><\/li>\n<\/ol>\n<figure class=\"wp-block-image\"><img src=\"https:\/\/algarverealestate.com\/pt\/wp-content\/uploads\/2026\/01\/52-rocha-beach-sunset.jpg\" width=\"1400\" height=\"1050\" class=\"wp-image-8662\" alt=\"Praia da Rocha P\u00f4r do Sol\" srcset=\"https:\/\/algarverealestate.com\/pt\/wp-content\/uploads\/2026\/01\/52-rocha-beach-sunset-125x83.jpg 125w, https:\/\/algarverealestate.com\/pt\/wp-content\/uploads\/2026\/01\/52-rocha-beach-sunset-150x150.jpg 150w, https:\/\/algarverealestate.com\/pt\/wp-content\/uploads\/2026\/01\/52-rocha-beach-sunset-300x225.jpg 300w, https:\/\/algarverealestate.com\/pt\/wp-content\/uploads\/2026\/01\/52-rocha-beach-sunset-430x293.jpg 430w, https:\/\/algarverealestate.com\/pt\/wp-content\/uploads\/2026\/01\/52-rocha-beach-sunset-768x576.jpg 768w, https:\/\/algarverealestate.com\/pt\/wp-content\/uploads\/2026\/01\/52-rocha-beach-sunset-880x586.jpg 880w, https:\/\/algarverealestate.com\/pt\/wp-content\/uploads\/2026\/01\/52-rocha-beach-sunset.jpg 1400w\" sizes=\"(max-width: 1400px) 100vw, 1400px\" loading=\"lazy\" decoding=\"async\"><figcaption>Praia da Rocha P\u00f4r do Sol<\/figcaption><\/figure>\n<ol start=\"52\">\n<li><a href=\"https:\/\/algarverealestate.com\/pt\/wp-content\/uploads\/2026\/01\/algarve-portugal-beaches-map.jpg\">ver n\u00famero de praia no mapa<\/a><\/li>\n<\/ol>\n<figure class=\"wp-block-image\"><img src=\"https:\/\/algarverealestate.com\/pt\/wp-content\/uploads\/2026\/01\/52-rocha-surf.jpg\" width=\"1400\" height=\"1050\" class=\"wp-image-8663\" alt=\"Fotografar os surfistas na praia da Rocha, por Jos\u00e9 F\u00e9ria, o fot\u00f3grafo por detr\u00e1s de todas as imagens do ARE\" srcset=\"https:\/\/algarverealestate.com\/pt\/wp-content\/uploads\/2026\/01\/52-rocha-surf-125x83.jpg 125w, https:\/\/algarverealestate.com\/pt\/wp-content\/uploads\/2026\/01\/52-rocha-surf-150x150.jpg 150w, https:\/\/algarverealestate.com\/pt\/wp-content\/uploads\/2026\/01\/52-rocha-surf-300x225.jpg 300w, https:\/\/algarverealestate.com\/pt\/wp-content\/uploads\/2026\/01\/52-rocha-surf-430x293.jpg 430w, https:\/\/algarverealestate.com\/pt\/wp-content\/uploads\/2026\/01\/52-rocha-surf-768x576.jpg 768w, https:\/\/algarverealestate.com\/pt\/wp-content\/uploads\/2026\/01\/52-rocha-surf-880x586.jpg 880w, https:\/\/algarverealestate.com\/pt\/wp-content\/uploads\/2026\/01\/52-rocha-surf.jpg 1400w\" sizes=\"(max-width: 1400px) 100vw, 1400px\" loading=\"lazy\" decoding=\"async\"><figcaption>Fotografar os surfistas na praia da Rocha, por Jos\u00e9 F\u00e9ria, o fot\u00f3grafo por detr\u00e1s de todas as imagens do ARE<\/figcaption><\/figure>\n<ol start=\"53\">\n<li><a href=\"https:\/\/algarverealestate.com\/pt\/wp-content\/uploads\/2026\/01\/algarve-portugal-beaches-map.jpg\">ver n\u00famero de praia no mapa<\/a><\/li>\n<\/ol>\n<figure class=\"wp-block-image\"><img src=\"https:\/\/algarverealestate.com\/pt\/wp-content\/uploads\/2026\/01\/53-marinha-beach.jpg\" width=\"1400\" height=\"1050\" class=\"wp-image-8665\" alt=\"Nascer do sol na praia da Marinha em Portim\u00e3o\" srcset=\"https:\/\/algarverealestate.com\/pt\/wp-content\/uploads\/2026\/01\/53-marinha-beach-125x83.jpg 125w, https:\/\/algarverealestate.com\/pt\/wp-content\/uploads\/2026\/01\/53-marinha-beach-150x150.jpg 150w, https:\/\/algarverealestate.com\/pt\/wp-content\/uploads\/2026\/01\/53-marinha-beach-300x225.jpg 300w, https:\/\/algarverealestate.com\/pt\/wp-content\/uploads\/2026\/01\/53-marinha-beach-430x293.jpg 430w, https:\/\/algarverealestate.com\/pt\/wp-content\/uploads\/2026\/01\/53-marinha-beach-768x576.jpg 768w, https:\/\/algarverealestate.com\/pt\/wp-content\/uploads\/2026\/01\/53-marinha-beach-880x586.jpg 880w, https:\/\/algarverealestate.com\/pt\/wp-content\/uploads\/2026\/01\/53-marinha-beach.jpg 1400w\" sizes=\"(max-width: 1400px) 100vw, 1400px\" loading=\"lazy\" decoding=\"async\"><figcaption>Nascer do sol na praia da Marinha em Portim\u00e3o<\/figcaption><\/figure>\n<ol start=\"57\">\n<li><a href=\"https:\/\/algarverealestate.com\/pt\/wp-content\/uploads\/2026\/01\/algarve-portugal-beaches-map.jpg\">ver n\u00famero de praia no mapa<\/a><\/li>\n<\/ol>\n<figure class=\"wp-block-image\"><img src=\"https:\/\/algarverealestate.com\/pt\/wp-content\/uploads\/2026\/01\/57-pintadinho-beach.jpg\" width=\"1400\" height=\"1050\" class=\"wp-image-8666\" alt=\"Praia do Pintadinho, com a cidade de Portim\u00e3o na paisagem\" srcset=\"https:\/\/algarverealestate.com\/pt\/wp-content\/uploads\/2026\/01\/57-pintadinho-beach-125x83.jpg 125w, https:\/\/algarverealestate.com\/pt\/wp-content\/uploads\/2026\/01\/57-pintadinho-beach-150x150.jpg 150w, https:\/\/algarverealestate.com\/pt\/wp-content\/uploads\/2026\/01\/57-pintadinho-beach-300x225.jpg 300w, https:\/\/algarverealestate.com\/pt\/wp-content\/uploads\/2026\/01\/57-pintadinho-beach-430x293.jpg 430w, https:\/\/algarverealestate.com\/pt\/wp-content\/uploads\/2026\/01\/57-pintadinho-beach-768x576.jpg 768w, https:\/\/algarverealestate.com\/pt\/wp-content\/uploads\/2026\/01\/57-pintadinho-beach-880x586.jpg 880w, https:\/\/algarverealestate.com\/pt\/wp-content\/uploads\/2026\/01\/57-pintadinho-beach.jpg 1400w\" sizes=\"(max-width: 1400px) 100vw, 1400px\" loading=\"lazy\" decoding=\"async\"><figcaption>Praia do Pintadinho, com a cidade de Portim\u00e3o na paisagem<\/figcaption><\/figure>\n<ol start=\"59\">\n<li><a href=\"https:\/\/algarverealestate.com\/pt\/wp-content\/uploads\/2026\/01\/algarve-portugal-beaches-map.jpg\">ver n\u00famero de praia no mapa<\/a><\/li>\n<\/ol>\n<figure class=\"wp-block-image\"><img src=\"https:\/\/algarverealestate.com\/pt\/wp-content\/uploads\/2026\/01\/59-afurada-beach.jpg\" width=\"1400\" height=\"1050\" class=\"wp-image-8667\" alt=\"Praia da Afurada, uma praia apenas acess\u00edvel por mar. Localizado entre a Praia dos Caneiros e a Praia do Carvoeiro\" srcset=\"https:\/\/algarverealestate.com\/pt\/wp-content\/uploads\/2026\/01\/59-afurada-beach-125x83.jpg 125w, https:\/\/algarverealestate.com\/pt\/wp-content\/uploads\/2026\/01\/59-afurada-beach-150x150.jpg 150w, https:\/\/algarverealestate.com\/pt\/wp-content\/uploads\/2026\/01\/59-afurada-beach-300x225.jpg 300w, https:\/\/algarverealestate.com\/pt\/wp-content\/uploads\/2026\/01\/59-afurada-beach-430x293.jpg 430w, https:\/\/algarverealestate.com\/pt\/wp-content\/uploads\/2026\/01\/59-afurada-beach-768x576.jpg 768w, https:\/\/algarverealestate.com\/pt\/wp-content\/uploads\/2026\/01\/59-afurada-beach-880x586.jpg 880w, https:\/\/algarverealestate.com\/pt\/wp-content\/uploads\/2026\/01\/59-afurada-beach.jpg 1400w\" sizes=\"(max-width: 1400px) 100vw, 1400px\" loading=\"lazy\" decoding=\"async\"><figcaption>Praia da Afurada, uma praia apenas acess\u00edvel por mar. Localizado entre a Praia dos Caneiros e a Praia do Carvoeiro<\/figcaption><\/figure>\n<ol start=\"59\">\n<li><a href=\"https:\/\/algarverealestate.com\/pt\/wp-content\/uploads\/2026\/01\/algarve-portugal-beaches-map.jpg\">ver n\u00famero de praia no mapa<\/a><\/li>\n<\/ol>\n<figure class=\"wp-block-image\"><img src=\"https:\/\/algarverealestate.com\/pt\/wp-content\/uploads\/2026\/01\/59-caneiros-beach.jpg\" width=\"1400\" height=\"1050\" class=\"wp-image-8668\" alt=\"praia dos caneiros\" srcset=\"https:\/\/algarverealestate.com\/pt\/wp-content\/uploads\/2026\/01\/59-caneiros-beach-125x83.jpg 125w, https:\/\/algarverealestate.com\/pt\/wp-content\/uploads\/2026\/01\/59-caneiros-beach-150x150.jpg 150w, https:\/\/algarverealestate.com\/pt\/wp-content\/uploads\/2026\/01\/59-caneiros-beach-300x225.jpg 300w, https:\/\/algarverealestate.com\/pt\/wp-content\/uploads\/2026\/01\/59-caneiros-beach-430x293.jpg 430w, https:\/\/algarverealestate.com\/pt\/wp-content\/uploads\/2026\/01\/59-caneiros-beach-768x576.jpg 768w, https:\/\/algarverealestate.com\/pt\/wp-content\/uploads\/2026\/01\/59-caneiros-beach-880x586.jpg 880w, https:\/\/algarverealestate.com\/pt\/wp-content\/uploads\/2026\/01\/59-caneiros-beach.jpg 1400w\" sizes=\"(max-width: 1400px) 100vw, 1400px\" loading=\"lazy\" decoding=\"async\"><figcaption>praia dos caneiros<\/figcaption><\/figure>\n<ol start=\"63\">\n<li><a href=\"https:\/\/algarverealestate.com\/pt\/wp-content\/uploads\/2026\/01\/algarve-portugal-beaches-map.jpg\">ver n\u00famero de praia no mapa<\/a><\/li>\n<\/ol>\n<figure class=\"wp-block-image\"><img src=\"https:\/\/algarverealestate.com\/pt\/wp-content\/uploads\/2026\/01\/63-carvalho-beach-01.jpg\" width=\"1280\" height=\"960\" class=\"wp-image-8675\" alt=\"praia do carvalho\" srcset=\"https:\/\/algarverealestate.com\/pt\/wp-content\/uploads\/2026\/01\/63-carvalho-beach-01-125x83.jpg 125w, https:\/\/algarverealestate.com\/pt\/wp-content\/uploads\/2026\/01\/63-carvalho-beach-01-150x150.jpg 150w, https:\/\/algarverealestate.com\/pt\/wp-content\/uploads\/2026\/01\/63-carvalho-beach-01-300x225.jpg 300w, https:\/\/algarverealestate.com\/pt\/wp-content\/uploads\/2026\/01\/63-carvalho-beach-01-430x293.jpg 430w, https:\/\/algarverealestate.com\/pt\/wp-content\/uploads\/2026\/01\/63-carvalho-beach-01-768x576.jpg 768w, https:\/\/algarverealestate.com\/pt\/wp-content\/uploads\/2026\/01\/63-carvalho-beach-01-880x586.jpg 880w, https:\/\/algarverealestate.com\/pt\/wp-content\/uploads\/2026\/01\/63-carvalho-beach-01.jpg 1280w\" sizes=\"(max-width: 1280px) 100vw, 1280px\" loading=\"lazy\" decoding=\"async\"><figcaption>praia do carvalho<\/figcaption><\/figure>\n<ol start=\"63\">\n<li><a href=\"https:\/\/algarverealestate.com\/pt\/wp-content\/uploads\/2026\/01\/algarve-portugal-beaches-map.jpg\">ver n\u00famero de praia no mapa<\/a><\/li>\n<\/ol>\n<figure class=\"wp-block-image\"><img src=\"https:\/\/algarverealestate.com\/pt\/wp-content\/uploads\/2026\/01\/63-carvalho-beach-02.jpg\" width=\"1400\" height=\"929\" class=\"wp-image-8676\" alt=\"Praia do Carvalho\" srcset=\"https:\/\/algarverealestate.com\/pt\/wp-content\/uploads\/2026\/01\/63-carvalho-beach-02-125x83.jpg 125w, https:\/\/algarverealestate.com\/pt\/wp-content\/uploads\/2026\/01\/63-carvalho-beach-02-150x150.jpg 150w, https:\/\/algarverealestate.com\/pt\/wp-content\/uploads\/2026\/01\/63-carvalho-beach-02-300x199.jpg 300w, https:\/\/algarverealestate.com\/pt\/wp-content\/uploads\/2026\/01\/63-carvalho-beach-02-430x293.jpg 430w, https:\/\/algarverealestate.com\/pt\/wp-content\/uploads\/2026\/01\/63-carvalho-beach-02-768x510.jpg 768w, https:\/\/algarverealestate.com\/pt\/wp-content\/uploads\/2026\/01\/63-carvalho-beach-02-880x586.jpg 880w, https:\/\/algarverealestate.com\/pt\/wp-content\/uploads\/2026\/01\/63-carvalho-beach-02.jpg 1400w\" sizes=\"(max-width: 1400px) 100vw, 1400px\" loading=\"lazy\" decoding=\"async\"><figcaption><em>Praia do Carvalho<\/em><br \/>Escondida, com acesso pelo desafio da fal\u00e9sia.<\/figcaption><\/figure>\n<ol start=\"64\">\n<li><a href=\"https:\/\/algarverealestate.com\/pt\/wp-content\/uploads\/2026\/01\/algarve-portugal-beaches-map.jpg\">ver n\u00famero de praia no mapa<\/a><\/li>\n<\/ol>\n<figure class=\"wp-block-image\"><img src=\"https:\/\/algarverealestate.com\/pt\/wp-content\/uploads\/2026\/01\/64-1-benagil-cave.jpg\" width=\"1400\" height=\"933\" class=\"wp-image-8677\" alt=\"Gruta da Praia de Benagil\" srcset=\"https:\/\/algarverealestate.com\/pt\/wp-content\/uploads\/2026\/01\/64-1-benagil-cave-125x83.jpg 125w, https:\/\/algarverealestate.com\/pt\/wp-content\/uploads\/2026\/01\/64-1-benagil-cave-150x150.jpg 150w, https:\/\/algarverealestate.com\/pt\/wp-content\/uploads\/2026\/01\/64-1-benagil-cave-300x200.jpg 300w, https:\/\/algarverealestate.com\/pt\/wp-content\/uploads\/2026\/01\/64-1-benagil-cave-430x293.jpg 430w, https:\/\/algarverealestate.com\/pt\/wp-content\/uploads\/2026\/01\/64-1-benagil-cave-768x512.jpg 768w, https:\/\/algarverealestate.com\/pt\/wp-content\/uploads\/2026\/01\/64-1-benagil-cave-880x586.jpg 880w, https:\/\/algarverealestate.com\/pt\/wp-content\/uploads\/2026\/01\/64-1-benagil-cave.jpg 1400w\" sizes=\"(max-width: 1400px) 100vw, 1400px\" loading=\"lazy\" decoding=\"async\"><figcaption><em>Gruta da Praia de Benagil<\/em><br \/>Uma ic\u00f3nica maravilha natural algarvia, onde o mar esculpiu uma imponente caverna semelhante a uma catedral na costa.<\/figcaption><\/figure>\n<ol start=\"64\">\n<li><a href=\"https:\/\/algarverealestate.com\/pt\/wp-content\/uploads\/2026\/01\/algarve-portugal-beaches-map.jpg\">ver n\u00famero de praia no mapa<\/a><\/li>\n<\/ol>\n<figure class=\"wp-block-image\"><img src=\"https:\/\/algarverealestate.com\/pt\/wp-content\/uploads\/2026\/01\/64-2-algar-benagil.jpg\" width=\"1400\" height=\"933\" class=\"wp-image-8678\" alt=\"Gruta de Benagil - Uma Atra\u00e7\u00e3o Natural no Algarve\" srcset=\"https:\/\/algarverealestate.com\/pt\/wp-content\/uploads\/2026\/01\/64-2-algar-benagil-125x83.jpg 125w, https:\/\/algarverealestate.com\/pt\/wp-content\/uploads\/2026\/01\/64-2-algar-benagil-150x150.jpg 150w, https:\/\/algarverealestate.com\/pt\/wp-content\/uploads\/2026\/01\/64-2-algar-benagil-300x200.jpg 300w, https:\/\/algarverealestate.com\/pt\/wp-content\/uploads\/2026\/01\/64-2-algar-benagil-430x293.jpg 430w, https:\/\/algarverealestate.com\/pt\/wp-content\/uploads\/2026\/01\/64-2-algar-benagil-768x512.jpg 768w, https:\/\/algarverealestate.com\/pt\/wp-content\/uploads\/2026\/01\/64-2-algar-benagil-880x586.jpg 880w, https:\/\/algarverealestate.com\/pt\/wp-content\/uploads\/2026\/01\/64-2-algar-benagil.jpg 1400w\" sizes=\"(max-width: 1400px) 100vw, 1400px\" loading=\"lazy\" decoding=\"async\"><figcaption><em>Gruta de Benagil &#8211; Uma Atra\u00e7\u00e3o Natural no Algarve<\/em><br \/>A Gruta de Benagil \u00e9 uma maravilha cativante no Algarve. A beleza da caverna atrai visitantes que buscam uma experi\u00eancia \u00fanica. Considere uma viagem de barco de meio dia de Albufeira, Portim\u00e3o ou Vilamoura para uma viagem perspicaz, incluindo paradas em pontos tur\u00edsticos pr\u00f3ximos. Como alternativa, dirija at\u00e9 a Praia de Benagil para uma aventura econ\u00f4mica. Alugue caiaques ou pedalinhos para explorar a caverna no seu pr\u00f3prio ritmo, cercada por \u00e1guas serenas e paisagens pitorescas. Desfrute da tranquilidade desta explora\u00e7\u00e3o aut\u00f3noma.<\/figcaption><\/figure>\n<ol start=\"64\">\n<li><a href=\"https:\/\/algarverealestate.com\/pt\/wp-content\/uploads\/2026\/01\/algarve-portugal-beaches-map.jpg\">ver n\u00famero de praia no mapa<\/a><\/li>\n<\/ol>\n<figure class=\"wp-block-image\"><img src=\"https:\/\/algarverealestate.com\/pt\/wp-content\/uploads\/2026\/01\/64-3-benagil.jpg\" width=\"1400\" height=\"1050\" class=\"wp-image-8679\" alt=\"praia de beangil\" srcset=\"https:\/\/algarverealestate.com\/pt\/wp-content\/uploads\/2026\/01\/64-3-benagil-125x83.jpg 125w, https:\/\/algarverealestate.com\/pt\/wp-content\/uploads\/2026\/01\/64-3-benagil-150x150.jpg 150w, https:\/\/algarverealestate.com\/pt\/wp-content\/uploads\/2026\/01\/64-3-benagil-300x225.jpg 300w, https:\/\/algarverealestate.com\/pt\/wp-content\/uploads\/2026\/01\/64-3-benagil-430x293.jpg 430w, https:\/\/algarverealestate.com\/pt\/wp-content\/uploads\/2026\/01\/64-3-benagil-768x576.jpg 768w, https:\/\/algarverealestate.com\/pt\/wp-content\/uploads\/2026\/01\/64-3-benagil-880x586.jpg 880w, https:\/\/algarverealestate.com\/pt\/wp-content\/uploads\/2026\/01\/64-3-benagil.jpg 1400w\" sizes=\"(max-width: 1400px) 100vw, 1400px\" loading=\"lazy\" decoding=\"async\"><figcaption>praia de beangil<\/figcaption><\/figure>\n<ol start=\"64\">\n<li><a href=\"https:\/\/algarverealestate.com\/pt\/wp-content\/uploads\/2026\/01\/algarve-portugal-beaches-map.jpg\">ver n\u00famero de praia no mapa<\/a><\/li>\n<\/ol>\n<figure class=\"wp-block-image\"><img src=\"https:\/\/algarverealestate.com\/pt\/wp-content\/uploads\/2026\/01\/64-4-praia-benagil.jpg\" width=\"1400\" height=\"1002\" class=\"wp-image-8680\" alt=\"Praia de Beangil vista das fal\u00e9sias\" srcset=\"https:\/\/algarverealestate.com\/pt\/wp-content\/uploads\/2026\/01\/64-4-praia-benagil-125x83.jpg 125w, https:\/\/algarverealestate.com\/pt\/wp-content\/uploads\/2026\/01\/64-4-praia-benagil-150x150.jpg 150w, https:\/\/algarverealestate.com\/pt\/wp-content\/uploads\/2026\/01\/64-4-praia-benagil-300x215.jpg 300w, https:\/\/algarverealestate.com\/pt\/wp-content\/uploads\/2026\/01\/64-4-praia-benagil-430x293.jpg 430w, https:\/\/algarverealestate.com\/pt\/wp-content\/uploads\/2026\/01\/64-4-praia-benagil-768x550.jpg 768w, https:\/\/algarverealestate.com\/pt\/wp-content\/uploads\/2026\/01\/64-4-praia-benagil-880x586.jpg 880w, https:\/\/algarverealestate.com\/pt\/wp-content\/uploads\/2026\/01\/64-4-praia-benagil.jpg 1400w\" sizes=\"(max-width: 1400px) 100vw, 1400px\" loading=\"lazy\" decoding=\"async\"><figcaption>Praia de Beangil vista das fal\u00e9sias<\/figcaption><\/figure>\n<ol start=\"64\">\n<li><a href=\"https:\/\/algarverealestate.com\/pt\/wp-content\/uploads\/2026\/01\/algarve-portugal-beaches-map.jpg\">ver n\u00famero de praia no mapa<\/a><\/li>\n<\/ol>\n<figure class=\"wp-block-image\"><img src=\"https:\/\/algarverealestate.com\/pt\/wp-content\/uploads\/2026\/01\/64-5-panorama-benagil.jpg\" width=\"1400\" height=\"678\" class=\"wp-image-8681\" alt=\"panorama da praia de Beangil\" srcset=\"https:\/\/algarverealestate.com\/pt\/wp-content\/uploads\/2026\/01\/64-5-panorama-benagil-125x83.jpg 125w, https:\/\/algarverealestate.com\/pt\/wp-content\/uploads\/2026\/01\/64-5-panorama-benagil-150x150.jpg 150w, https:\/\/algarverealestate.com\/pt\/wp-content\/uploads\/2026\/01\/64-5-panorama-benagil-300x145.jpg 300w, https:\/\/algarverealestate.com\/pt\/wp-content\/uploads\/2026\/01\/64-5-panorama-benagil-430x293.jpg 430w, https:\/\/algarverealestate.com\/pt\/wp-content\/uploads\/2026\/01\/64-5-panorama-benagil-768x372.jpg 768w, https:\/\/algarverealestate.com\/pt\/wp-content\/uploads\/2026\/01\/64-5-panorama-benagil-880x586.jpg 880w, https:\/\/algarverealestate.com\/pt\/wp-content\/uploads\/2026\/01\/64-5-panorama-benagil.jpg 1400w\" sizes=\"(max-width: 1400px) 100vw, 1400px\" loading=\"lazy\" decoding=\"async\"><figcaption>panorama da praia de Beangil<\/figcaption><\/figure>\n<ol start=\"64\">\n<li><a href=\"https:\/\/algarverealestate.com\/pt\/wp-content\/uploads\/2026\/01\/algarve-portugal-beaches-map.jpg\">ver n\u00famero de praia no mapa<\/a><\/li>\n<\/ol>\n<figure class=\"wp-block-image\"><img src=\"https:\/\/algarverealestate.com\/pt\/wp-content\/uploads\/2026\/01\/64-algar.jpg\" width=\"1400\" height=\"1050\" class=\"wp-image-8682\" alt=\"Algar descri\u00e7\u00e3o\" srcset=\"https:\/\/algarverealestate.com\/pt\/wp-content\/uploads\/2026\/01\/64-algar-125x83.jpg 125w, https:\/\/algarverealestate.com\/pt\/wp-content\/uploads\/2026\/01\/64-algar-150x150.jpg 150w, https:\/\/algarverealestate.com\/pt\/wp-content\/uploads\/2026\/01\/64-algar-300x225.jpg 300w, https:\/\/algarverealestate.com\/pt\/wp-content\/uploads\/2026\/01\/64-algar-430x293.jpg 430w, https:\/\/algarverealestate.com\/pt\/wp-content\/uploads\/2026\/01\/64-algar-768x576.jpg 768w, https:\/\/algarverealestate.com\/pt\/wp-content\/uploads\/2026\/01\/64-algar-880x586.jpg 880w, https:\/\/algarverealestate.com\/pt\/wp-content\/uploads\/2026\/01\/64-algar.jpg 1400w\" sizes=\"(max-width: 1400px) 100vw, 1400px\" loading=\"lazy\" decoding=\"async\"><figcaption>Algar descri\u00e7\u00e3o<\/figcaption><\/figure>\n<ol start=\"065\">\n<li><a href=\"https:\/\/algarverealestate.com\/pt\/wp-content\/uploads\/2026\/01\/algarve-portugal-beaches-map.jpg\">ver n\u00famero de praia no mapa<\/a><\/li>\n<\/ol>\n<figure class=\"wp-block-image\"><img src=\"https:\/\/algarverealestate.com\/pt\/wp-content\/uploads\/2026\/01\/065-marinha-beach-01.jpg\" width=\"1400\" height=\"933\" class=\"wp-image-8683\" alt=\"Praia da Marinha, onde podemos encontrar a rocha em forma de cora\u00e7\u00e3o no Algarve na costa sul de Portugal\" srcset=\"https:\/\/algarverealestate.com\/pt\/wp-content\/uploads\/2026\/01\/065-marinha-beach-01-125x83.jpg 125w, https:\/\/algarverealestate.com\/pt\/wp-content\/uploads\/2026\/01\/065-marinha-beach-01-150x150.jpg 150w, https:\/\/algarverealestate.com\/pt\/wp-content\/uploads\/2026\/01\/065-marinha-beach-01-300x200.jpg 300w, https:\/\/algarverealestate.com\/pt\/wp-content\/uploads\/2026\/01\/065-marinha-beach-01-430x293.jpg 430w, https:\/\/algarverealestate.com\/pt\/wp-content\/uploads\/2026\/01\/065-marinha-beach-01-768x512.jpg 768w, https:\/\/algarverealestate.com\/pt\/wp-content\/uploads\/2026\/01\/065-marinha-beach-01-880x586.jpg 880w, https:\/\/algarverealestate.com\/pt\/wp-content\/uploads\/2026\/01\/065-marinha-beach-01.jpg 1400w\" sizes=\"(max-width: 1400px) 100vw, 1400px\" loading=\"lazy\" decoding=\"async\"><figcaption>Praia da Marinha, onde podemos encontrar a rocha em forma de cora\u00e7\u00e3o no Algarve na costa sul de Portugal<\/figcaption><\/figure>\n<ol start=\"065\">\n<li><a href=\"https:\/\/algarverealestate.com\/pt\/wp-content\/uploads\/2026\/01\/algarve-portugal-beaches-map.jpg\">ver n\u00famero de praia no mapa<\/a><\/li>\n<\/ol>\n<figure class=\"wp-block-image\"><img src=\"https:\/\/algarverealestate.com\/pt\/wp-content\/uploads\/2026\/01\/065-marinha-beach-02.jpg\" width=\"1280\" height=\"960\" class=\"wp-image-8684\" alt=\"A Rocha em forma de cora\u00e7\u00e3o \u00e9 de fato uma bela forma\u00e7\u00e3o natural, aninhada na paisagem c\u00eanica da Praia da Marinha, na regi\u00e3o do Algarve, no sul de Portugal.\" srcset=\"https:\/\/algarverealestate.com\/pt\/wp-content\/uploads\/2026\/01\/065-marinha-beach-02-125x83.jpg 125w, https:\/\/algarverealestate.com\/pt\/wp-content\/uploads\/2026\/01\/065-marinha-beach-02-150x150.jpg 150w, https:\/\/algarverealestate.com\/pt\/wp-content\/uploads\/2026\/01\/065-marinha-beach-02-300x225.jpg 300w, https:\/\/algarverealestate.com\/pt\/wp-content\/uploads\/2026\/01\/065-marinha-beach-02-430x293.jpg 430w, https:\/\/algarverealestate.com\/pt\/wp-content\/uploads\/2026\/01\/065-marinha-beach-02-768x576.jpg 768w, https:\/\/algarverealestate.com\/pt\/wp-content\/uploads\/2026\/01\/065-marinha-beach-02-880x586.jpg 880w, https:\/\/algarverealestate.com\/pt\/wp-content\/uploads\/2026\/01\/065-marinha-beach-02.jpg 1280w\" sizes=\"(max-width: 1280px) 100vw, 1280px\" loading=\"lazy\" decoding=\"async\"><figcaption>A Rocha em forma de cora\u00e7\u00e3o \u00e9 de fato uma bela forma\u00e7\u00e3o natural, aninhada na paisagem c\u00eanica da Praia da Marinha, na regi\u00e3o do Algarve, no sul de Portugal.<\/figcaption><\/figure>\n<ol start=\"065\">\n<li><a href=\"https:\/\/algarverealestate.com\/pt\/wp-content\/uploads\/2026\/01\/algarve-portugal-beaches-map.jpg\">ver n\u00famero de praia no mapa<\/a><\/li>\n<\/ol>\n<figure class=\"wp-block-image\"><img src=\"https:\/\/algarverealestate.com\/pt\/wp-content\/uploads\/2026\/01\/065-marinha-beach-03.jpg\" width=\"1280\" height=\"960\" class=\"wp-image-8685\" alt=\"praia da marinha a oeste\" srcset=\"https:\/\/algarverealestate.com\/pt\/wp-content\/uploads\/2026\/01\/065-marinha-beach-03-125x83.jpg 125w, https:\/\/algarverealestate.com\/pt\/wp-content\/uploads\/2026\/01\/065-marinha-beach-03-150x150.jpg 150w, https:\/\/algarverealestate.com\/pt\/wp-content\/uploads\/2026\/01\/065-marinha-beach-03-300x225.jpg 300w, https:\/\/algarverealestate.com\/pt\/wp-content\/uploads\/2026\/01\/065-marinha-beach-03-430x293.jpg 430w, https:\/\/algarverealestate.com\/pt\/wp-content\/uploads\/2026\/01\/065-marinha-beach-03-768x576.jpg 768w, https:\/\/algarverealestate.com\/pt\/wp-content\/uploads\/2026\/01\/065-marinha-beach-03-880x586.jpg 880w, https:\/\/algarverealestate.com\/pt\/wp-content\/uploads\/2026\/01\/065-marinha-beach-03.jpg 1280w\" sizes=\"(max-width: 1280px) 100vw, 1280px\" loading=\"lazy\" decoding=\"async\"><figcaption>praia da marinha a oeste<\/figcaption><\/figure>\n<ol start=\"065\">\n<li><a href=\"https:\/\/algarverealestate.com\/pt\/wp-content\/uploads\/2026\/01\/algarve-portugal-beaches-map.jpg\">ver n\u00famero de praia no mapa<\/a><\/li>\n<\/ol>\n<figure class=\"wp-block-image\"><img src=\"https:\/\/algarverealestate.com\/pt\/wp-content\/uploads\/2026\/01\/065-marinha-beach-04.jpg\" width=\"1400\" height=\"1050\" class=\"wp-image-8686\" alt=\"Praia da Marinha vista de cima\" srcset=\"https:\/\/algarverealestate.com\/pt\/wp-content\/uploads\/2026\/01\/065-marinha-beach-04-125x83.jpg 125w, https:\/\/algarverealestate.com\/pt\/wp-content\/uploads\/2026\/01\/065-marinha-beach-04-150x150.jpg 150w, https:\/\/algarverealestate.com\/pt\/wp-content\/uploads\/2026\/01\/065-marinha-beach-04-300x225.jpg 300w, https:\/\/algarverealestate.com\/pt\/wp-content\/uploads\/2026\/01\/065-marinha-beach-04-430x293.jpg 430w, https:\/\/algarverealestate.com\/pt\/wp-content\/uploads\/2026\/01\/065-marinha-beach-04-768x576.jpg 768w, https:\/\/algarverealestate.com\/pt\/wp-content\/uploads\/2026\/01\/065-marinha-beach-04-880x586.jpg 880w, https:\/\/algarverealestate.com\/pt\/wp-content\/uploads\/2026\/01\/065-marinha-beach-04.jpg 1400w\" sizes=\"(max-width: 1400px) 100vw, 1400px\" loading=\"lazy\" decoding=\"async\"><figcaption>Praia da Marinha vista de cima<\/figcaption><\/figure>\n<ol start=\"065\">\n<li><a href=\"https:\/\/algarverealestate.com\/pt\/wp-content\/uploads\/2026\/01\/algarve-portugal-beaches-map.jpg\">ver n\u00famero de praia no mapa<\/a><\/li>\n<\/ol>\n<figure class=\"wp-block-image\"><img src=\"https:\/\/algarverealestate.com\/pt\/wp-content\/uploads\/2026\/01\/065-marinha-beach-05.jpg\" width=\"1400\" height=\"1158\" class=\"wp-image-8687\" alt=\"Praia da Marinha a Este\" srcset=\"https:\/\/algarverealestate.com\/pt\/wp-content\/uploads\/2026\/01\/065-marinha-beach-05-125x83.jpg 125w, https:\/\/algarverealestate.com\/pt\/wp-content\/uploads\/2026\/01\/065-marinha-beach-05-150x150.jpg 150w, https:\/\/algarverealestate.com\/pt\/wp-content\/uploads\/2026\/01\/065-marinha-beach-05-300x248.jpg 300w, https:\/\/algarverealestate.com\/pt\/wp-content\/uploads\/2026\/01\/065-marinha-beach-05-430x293.jpg 430w, https:\/\/algarverealestate.com\/pt\/wp-content\/uploads\/2026\/01\/065-marinha-beach-05-768x635.jpg 768w, https:\/\/algarverealestate.com\/pt\/wp-content\/uploads\/2026\/01\/065-marinha-beach-05-880x586.jpg 880w, https:\/\/algarverealestate.com\/pt\/wp-content\/uploads\/2026\/01\/065-marinha-beach-05.jpg 1400w\" sizes=\"(max-width: 1400px) 100vw, 1400px\" loading=\"lazy\" decoding=\"async\"><figcaption>Praia da Marinha a Este<\/figcaption><\/figure>\n<ol start=\"065\">\n<li><a href=\"https:\/\/algarverealestate.com\/pt\/wp-content\/uploads\/2026\/01\/algarve-portugal-beaches-map.jpg\">ver n\u00famero de praia no mapa<\/a><\/li>\n<\/ol>\n<figure class=\"wp-block-image\"><img src=\"https:\/\/algarverealestate.com\/pt\/wp-content\/uploads\/2026\/01\/065-marinha-beach-06.jpg\" width=\"1400\" height=\"1050\" class=\"wp-image-8688\" alt=\"perspectiva da praia da Marinha\" srcset=\"https:\/\/algarverealestate.com\/pt\/wp-content\/uploads\/2026\/01\/065-marinha-beach-06-125x83.jpg 125w, https:\/\/algarverealestate.com\/pt\/wp-content\/uploads\/2026\/01\/065-marinha-beach-06-150x150.jpg 150w, https:\/\/algarverealestate.com\/pt\/wp-content\/uploads\/2026\/01\/065-marinha-beach-06-300x225.jpg 300w, https:\/\/algarverealestate.com\/pt\/wp-content\/uploads\/2026\/01\/065-marinha-beach-06-430x293.jpg 430w, https:\/\/algarverealestate.com\/pt\/wp-content\/uploads\/2026\/01\/065-marinha-beach-06-768x576.jpg 768w, https:\/\/algarverealestate.com\/pt\/wp-content\/uploads\/2026\/01\/065-marinha-beach-06-880x586.jpg 880w, https:\/\/algarverealestate.com\/pt\/wp-content\/uploads\/2026\/01\/065-marinha-beach-06.jpg 1400w\" sizes=\"(max-width: 1400px) 100vw, 1400px\" loading=\"lazy\" decoding=\"async\"><figcaption>perspectiva da praia da Marinha<\/figcaption><\/figure>\n<ol start=\"065\">\n<li><a href=\"https:\/\/algarverealestate.com\/pt\/wp-content\/uploads\/2026\/01\/algarve-portugal-beaches-map.jpg\">ver n\u00famero de praia no mapa<\/a><\/li>\n<\/ol>\n<figure class=\"wp-block-image\"><img src=\"https:\/\/algarverealestate.com\/pt\/wp-content\/uploads\/2026\/01\/065-marinha-beach-07.jpg\" width=\"1400\" height=\"937\" class=\"wp-image-8689\" alt=\"praia da caverna e um barco no algarve, sul de portugal, praia da Marinha\" srcset=\"https:\/\/algarverealestate.com\/pt\/wp-content\/uploads\/2026\/01\/065-marinha-beach-07-125x83.jpg 125w, https:\/\/algarverealestate.com\/pt\/wp-content\/uploads\/2026\/01\/065-marinha-beach-07-150x150.jpg 150w, https:\/\/algarverealestate.com\/pt\/wp-content\/uploads\/2026\/01\/065-marinha-beach-07-300x201.jpg 300w, https:\/\/algarverealestate.com\/pt\/wp-content\/uploads\/2026\/01\/065-marinha-beach-07-430x293.jpg 430w, https:\/\/algarverealestate.com\/pt\/wp-content\/uploads\/2026\/01\/065-marinha-beach-07-768x514.jpg 768w, https:\/\/algarverealestate.com\/pt\/wp-content\/uploads\/2026\/01\/065-marinha-beach-07-880x586.jpg 880w, https:\/\/algarverealestate.com\/pt\/wp-content\/uploads\/2026\/01\/065-marinha-beach-07.jpg 1400w\" sizes=\"(max-width: 1400px) 100vw, 1400px\" loading=\"lazy\" decoding=\"async\"><figcaption>praia da caverna e um barco no algarve, sul de portugal, praia da Marinha<\/figcaption><\/figure>\n<ol start=\"065\">\n<li><a href=\"https:\/\/algarverealestate.com\/pt\/wp-content\/uploads\/2026\/01\/algarve-portugal-beaches-map.jpg\">ver n\u00famero de praia no mapa<\/a><\/li>\n<\/ol>\n<figure class=\"wp-block-image\"><img src=\"https:\/\/algarverealestate.com\/pt\/wp-content\/uploads\/2026\/01\/065-marinha-beach-08.jpg\" width=\"1400\" height=\"1050\" class=\"wp-image-8690\" alt=\"p\u00f4r do sol praia da marinha\" srcset=\"https:\/\/algarverealestate.com\/pt\/wp-content\/uploads\/2026\/01\/065-marinha-beach-08-125x83.jpg 125w, https:\/\/algarverealestate.com\/pt\/wp-content\/uploads\/2026\/01\/065-marinha-beach-08-150x150.jpg 150w, https:\/\/algarverealestate.com\/pt\/wp-content\/uploads\/2026\/01\/065-marinha-beach-08-300x225.jpg 300w, https:\/\/algarverealestate.com\/pt\/wp-content\/uploads\/2026\/01\/065-marinha-beach-08-430x293.jpg 430w, https:\/\/algarverealestate.com\/pt\/wp-content\/uploads\/2026\/01\/065-marinha-beach-08-768x576.jpg 768w, https:\/\/algarverealestate.com\/pt\/wp-content\/uploads\/2026\/01\/065-marinha-beach-08-880x586.jpg 880w, https:\/\/algarverealestate.com\/pt\/wp-content\/uploads\/2026\/01\/065-marinha-beach-08.jpg 1400w\" sizes=\"(max-width: 1400px) 100vw, 1400px\" loading=\"lazy\" decoding=\"async\"><figcaption>p\u00f4r do sol praia da marinha<\/figcaption><\/figure>\n<ol start=\"065\">\n<li><a href=\"https:\/\/algarverealestate.com\/pt\/wp-content\/uploads\/2026\/01\/algarve-portugal-beaches-map.jpg\">ver n\u00famero de praia no mapa<\/a><\/li>\n<\/ol>\n<figure class=\"wp-block-image\"><img src=\"https:\/\/algarverealestate.com\/pt\/wp-content\/uploads\/2026\/01\/065-marinha-seven-valleys-suspended-cliffs-walk-path-01.jpg\" width=\"1400\" height=\"1050\" class=\"wp-image-8691\" alt=\"Os Sete Vales da Marinha\" srcset=\"https:\/\/algarverealestate.com\/pt\/wp-content\/uploads\/2026\/01\/065-marinha-seven-valleys-suspended-cliffs-walk-path-01-125x83.jpg 125w, https:\/\/algarverealestate.com\/pt\/wp-content\/uploads\/2026\/01\/065-marinha-seven-valleys-suspended-cliffs-walk-path-01-150x150.jpg 150w, https:\/\/algarverealestate.com\/pt\/wp-content\/uploads\/2026\/01\/065-marinha-seven-valleys-suspended-cliffs-walk-path-01-300x225.jpg 300w, https:\/\/algarverealestate.com\/pt\/wp-content\/uploads\/2026\/01\/065-marinha-seven-valleys-suspended-cliffs-walk-path-01-430x293.jpg 430w, https:\/\/algarverealestate.com\/pt\/wp-content\/uploads\/2026\/01\/065-marinha-seven-valleys-suspended-cliffs-walk-path-01-768x576.jpg 768w, https:\/\/algarverealestate.com\/pt\/wp-content\/uploads\/2026\/01\/065-marinha-seven-valleys-suspended-cliffs-walk-path-01-880x586.jpg 880w, https:\/\/algarverealestate.com\/pt\/wp-content\/uploads\/2026\/01\/065-marinha-seven-valleys-suspended-cliffs-walk-path-01.jpg 1400w\" sizes=\"(max-width: 1400px) 100vw, 1400px\" loading=\"lazy\" decoding=\"async\"><figcaption><em>Os Sete Vales da Marinha<\/em>Embarque numa viagem entre a Praia da Marinha e a Praia de Vale Centeanes, fazendo um percurso c\u00e9nico pelos Sete Vales da Marinha, conhecidos pelo dram\u00e1tico percurso pedestre pelas fal\u00e9sias suspensas. Esta caminhada de ida e volta de 12 km, com dura\u00e7\u00e3o m\u00e9dia de cerca de 6 horas, acompanha voc\u00ea ao longo da borda de altas fal\u00e9sias, oferecendo vistas deslumbrantes dos vales e do mar reluzente abaixo. Deixe-se cativar por esta mistura incompar\u00e1vel de beleza natural e alturas de tirar o f\u00f4lego, uma caminhada que realmente fica gravada na mem\u00f3ria.<\/figcaption><\/figure>\n<ol start=\"065\">\n<li><a href=\"https:\/\/algarverealestate.com\/pt\/wp-content\/uploads\/2026\/01\/algarve-portugal-beaches-map.jpg\">ver n\u00famero de praia no mapa<\/a><\/li>\n<\/ol>\n<figure class=\"wp-block-image\"><img src=\"https:\/\/algarverealestate.com\/pt\/wp-content\/uploads\/2026\/01\/065-marinha-seven-valleys-suspended-cliffs-walk-path-02.jpg\" width=\"1400\" height=\"1050\" class=\"wp-image-8693\" alt=\"Os Sete Vales da Marinha, conhecidos pelo dram\u00e1tico caminho a p\u00e9 pelas fal\u00e9sias suspensas.\" srcset=\"https:\/\/algarverealestate.com\/pt\/wp-content\/uploads\/2026\/01\/065-marinha-seven-valleys-suspended-cliffs-walk-path-02-125x83.jpg 125w, https:\/\/algarverealestate.com\/pt\/wp-content\/uploads\/2026\/01\/065-marinha-seven-valleys-suspended-cliffs-walk-path-02-150x150.jpg 150w, https:\/\/algarverealestate.com\/pt\/wp-content\/uploads\/2026\/01\/065-marinha-seven-valleys-suspended-cliffs-walk-path-02-300x225.jpg 300w, https:\/\/algarverealestate.com\/pt\/wp-content\/uploads\/2026\/01\/065-marinha-seven-valleys-suspended-cliffs-walk-path-02-430x293.jpg 430w, https:\/\/algarverealestate.com\/pt\/wp-content\/uploads\/2026\/01\/065-marinha-seven-valleys-suspended-cliffs-walk-path-02-768x576.jpg 768w, https:\/\/algarverealestate.com\/pt\/wp-content\/uploads\/2026\/01\/065-marinha-seven-valleys-suspended-cliffs-walk-path-02-880x586.jpg 880w, https:\/\/algarverealestate.com\/pt\/wp-content\/uploads\/2026\/01\/065-marinha-seven-valleys-suspended-cliffs-walk-path-02.jpg 1400w\" sizes=\"(max-width: 1400px) 100vw, 1400px\" loading=\"lazy\" decoding=\"async\"><figcaption>Os Sete Vales da Marinha, conhecidos pelo dram\u00e1tico caminho a p\u00e9 pelas fal\u00e9sias suspensas.<\/figcaption><\/figure>\n<ol start=\"066\">\n<li><a href=\"https:\/\/algarverealestate.com\/pt\/wp-content\/uploads\/2026\/01\/algarve-portugal-beaches-map.jpg\">ver n\u00famero de praia no mapa<\/a><\/li>\n<\/ol>\n<figure class=\"wp-block-image\"><img src=\"https:\/\/algarverealestate.com\/pt\/wp-content\/uploads\/2026\/01\/066-67-cave-beach.jpg\" width=\"1400\" height=\"1050\" class=\"wp-image-8694\" alt=\"Situado entre a Praia da Albandeira e a Praia Nova, encontra-se uma j\u00f3ia escondida, um Algar menos conhecido que o Algar de Benagil, mas igualmente deslumbrante. Esta caverna secreta, acess\u00edvel apenas por paddle surf ou canoa, oferece uma aventura \u00fanica para quem procura explorar a beleza intocada do Algarve. Uma vez l\u00e1 dentro, voc\u00ea ficar\u00e1 maravilhado com as forma\u00e7\u00f5es naturais e as \u00e1guas serenas e cristalinas. \u00c9 uma experi\u00eancia que combina a emo\u00e7\u00e3o da explora\u00e7\u00e3o com a tranquilidade da natureza. Lembre-se de trazer sua c\u00e2mera \u00e0 prova d\" srcset=\"https:\/\/algarverealestate.com\/pt\/wp-content\/uploads\/2026\/01\/066-67-cave-beach-125x83.jpg 125w, https:\/\/algarverealestate.com\/pt\/wp-content\/uploads\/2026\/01\/066-67-cave-beach-150x150.jpg 150w, https:\/\/algarverealestate.com\/pt\/wp-content\/uploads\/2026\/01\/066-67-cave-beach-300x225.jpg 300w, https:\/\/algarverealestate.com\/pt\/wp-content\/uploads\/2026\/01\/066-67-cave-beach-430x293.jpg 430w, https:\/\/algarverealestate.com\/pt\/wp-content\/uploads\/2026\/01\/066-67-cave-beach-768x576.jpg 768w, https:\/\/algarverealestate.com\/pt\/wp-content\/uploads\/2026\/01\/066-67-cave-beach-880x586.jpg 880w, https:\/\/algarverealestate.com\/pt\/wp-content\/uploads\/2026\/01\/066-67-cave-beach.jpg 1400w\" sizes=\"(max-width: 1400px) 100vw, 1400px\" loading=\"lazy\" decoding=\"async\"><figcaption>Situado entre a Praia da Albandeira e a Praia Nova, encontra-se uma j\u00f3ia escondida, um Algar menos conhecido que o Algar de Benagil, mas igualmente deslumbrante. Esta caverna secreta, acess\u00edvel apenas por paddle surf ou canoa, oferece uma aventura \u00fanica para quem procura explorar a beleza intocada do Algarve. Uma vez l\u00e1 dentro, voc\u00ea ficar\u00e1 maravilhado com as forma\u00e7\u00f5es naturais e as \u00e1guas serenas e cristalinas. \u00c9 uma experi\u00eancia que combina a emo\u00e7\u00e3o da explora\u00e7\u00e3o com a tranquilidade da natureza. Lembre-se de trazer sua c\u00e2mera \u00e0 prova d&#8217;\u00e1gua para capturar esta cena \u00fanica e espetacular.<\/figcaption><\/figure>\n<ol start=\"66\">\n<li><a href=\"https:\/\/algarverealestate.com\/pt\/wp-content\/uploads\/2026\/01\/algarve-portugal-beaches-map.jpg\">ver n\u00famero de praia no mapa<\/a><\/li>\n<\/ol>\n<figure class=\"wp-block-image\"><img src=\"https:\/\/algarverealestate.com\/pt\/wp-content\/uploads\/2026\/01\/66-albandeira-beach-01.jpg\" width=\"1400\" height=\"933\" class=\"wp-image-8695\" alt=\"praia de albandeira\" srcset=\"https:\/\/algarverealestate.com\/pt\/wp-content\/uploads\/2026\/01\/66-albandeira-beach-01-125x83.jpg 125w, https:\/\/algarverealestate.com\/pt\/wp-content\/uploads\/2026\/01\/66-albandeira-beach-01-150x150.jpg 150w, https:\/\/algarverealestate.com\/pt\/wp-content\/uploads\/2026\/01\/66-albandeira-beach-01-300x200.jpg 300w, https:\/\/algarverealestate.com\/pt\/wp-content\/uploads\/2026\/01\/66-albandeira-beach-01-430x293.jpg 430w, https:\/\/algarverealestate.com\/pt\/wp-content\/uploads\/2026\/01\/66-albandeira-beach-01-768x512.jpg 768w, https:\/\/algarverealestate.com\/pt\/wp-content\/uploads\/2026\/01\/66-albandeira-beach-01-880x586.jpg 880w, https:\/\/algarverealestate.com\/pt\/wp-content\/uploads\/2026\/01\/66-albandeira-beach-01.jpg 1400w\" sizes=\"(max-width: 1400px) 100vw, 1400px\" loading=\"lazy\" decoding=\"async\"><figcaption>praia de albandeira<\/figcaption><\/figure>\n<ol start=\"66\">\n<li><a href=\"https:\/\/algarverealestate.com\/pt\/wp-content\/uploads\/2026\/01\/algarve-portugal-beaches-map.jpg\">ver n\u00famero de praia no mapa<\/a><\/li>\n<\/ol>\n<figure class=\"wp-block-image\"><img src=\"https:\/\/algarverealestate.com\/pt\/wp-content\/uploads\/2026\/01\/66-albandeira-beach-02.jpg\" width=\"1400\" height=\"933\" class=\"wp-image-8696\" alt=\"Fotografia art\u00edstica da praia de Albandeira\" srcset=\"https:\/\/algarverealestate.com\/pt\/wp-content\/uploads\/2026\/01\/66-albandeira-beach-02-125x83.jpg 125w, https:\/\/algarverealestate.com\/pt\/wp-content\/uploads\/2026\/01\/66-albandeira-beach-02-150x150.jpg 150w, https:\/\/algarverealestate.com\/pt\/wp-content\/uploads\/2026\/01\/66-albandeira-beach-02-300x200.jpg 300w, https:\/\/algarverealestate.com\/pt\/wp-content\/uploads\/2026\/01\/66-albandeira-beach-02-430x293.jpg 430w, https:\/\/algarverealestate.com\/pt\/wp-content\/uploads\/2026\/01\/66-albandeira-beach-02-768x512.jpg 768w, https:\/\/algarverealestate.com\/pt\/wp-content\/uploads\/2026\/01\/66-albandeira-beach-02-880x586.jpg 880w, https:\/\/algarverealestate.com\/pt\/wp-content\/uploads\/2026\/01\/66-albandeira-beach-02.jpg 1400w\" sizes=\"(max-width: 1400px) 100vw, 1400px\" loading=\"lazy\" decoding=\"async\"><figcaption>Fotografia art\u00edstica da praia de Albandeira<\/figcaption><\/figure>\n<ol start=\"66\">\n<li><a href=\"https:\/\/algarverealestate.com\/pt\/wp-content\/uploads\/2026\/01\/algarve-portugal-beaches-map.jpg\">ver n\u00famero de praia no mapa<\/a><\/li>\n<\/ol>\n<figure class=\"wp-block-image\"><img src=\"https:\/\/algarverealestate.com\/pt\/wp-content\/uploads\/2026\/01\/66-albandeira-beach-03.jpg\" width=\"1400\" height=\"1050\" class=\"wp-image-8698\" alt=\"Praia de Albandeira desde a entrada\" srcset=\"https:\/\/algarverealestate.com\/pt\/wp-content\/uploads\/2026\/01\/66-albandeira-beach-03-125x83.jpg 125w, https:\/\/algarverealestate.com\/pt\/wp-content\/uploads\/2026\/01\/66-albandeira-beach-03-150x150.jpg 150w, https:\/\/algarverealestate.com\/pt\/wp-content\/uploads\/2026\/01\/66-albandeira-beach-03-300x225.jpg 300w, https:\/\/algarverealestate.com\/pt\/wp-content\/uploads\/2026\/01\/66-albandeira-beach-03-430x293.jpg 430w, https:\/\/algarverealestate.com\/pt\/wp-content\/uploads\/2026\/01\/66-albandeira-beach-03-768x576.jpg 768w, https:\/\/algarverealestate.com\/pt\/wp-content\/uploads\/2026\/01\/66-albandeira-beach-03-880x586.jpg 880w, https:\/\/algarverealestate.com\/pt\/wp-content\/uploads\/2026\/01\/66-albandeira-beach-03.jpg 1400w\" sizes=\"(max-width: 1400px) 100vw, 1400px\" loading=\"lazy\" decoding=\"async\"><figcaption>Praia de Albandeira desde a entrada<\/figcaption><\/figure>\n<ol start=\"66\">\n<li><a href=\"https:\/\/algarverealestate.com\/pt\/wp-content\/uploads\/2026\/01\/algarve-portugal-beaches-map.jpg\">ver n\u00famero de praia no mapa<\/a><\/li>\n<\/ol>\n<figure class=\"wp-block-image\"><img src=\"https:\/\/algarverealestate.com\/pt\/wp-content\/uploads\/2026\/01\/66-albandeira-beach-04.jpg\" width=\"1400\" height=\"1050\" class=\"wp-image-8700\" alt=\"perspectiva da praia de albandeira\" srcset=\"https:\/\/algarverealestate.com\/pt\/wp-content\/uploads\/2026\/01\/66-albandeira-beach-04-125x83.jpg 125w, https:\/\/algarverealestate.com\/pt\/wp-content\/uploads\/2026\/01\/66-albandeira-beach-04-150x150.jpg 150w, https:\/\/algarverealestate.com\/pt\/wp-content\/uploads\/2026\/01\/66-albandeira-beach-04-300x225.jpg 300w, https:\/\/algarverealestate.com\/pt\/wp-content\/uploads\/2026\/01\/66-albandeira-beach-04-430x293.jpg 430w, https:\/\/algarverealestate.com\/pt\/wp-content\/uploads\/2026\/01\/66-albandeira-beach-04-768x576.jpg 768w, https:\/\/algarverealestate.com\/pt\/wp-content\/uploads\/2026\/01\/66-albandeira-beach-04-880x586.jpg 880w, https:\/\/algarverealestate.com\/pt\/wp-content\/uploads\/2026\/01\/66-albandeira-beach-04.jpg 1400w\" sizes=\"(max-width: 1400px) 100vw, 1400px\" loading=\"lazy\" decoding=\"async\"><figcaption>perspectiva da praia de albandeira<\/figcaption><\/figure>\n<ol start=\"067\">\n<li><a href=\"https:\/\/algarverealestate.com\/pt\/wp-content\/uploads\/2026\/01\/algarve-portugal-beaches-map.jpg\">ver n\u00famero de praia no mapa<\/a><\/li>\n<\/ol>\n<figure class=\"wp-block-image\"><img loading=\"lazy\" decoding=\"async\" class=\"size-full wp-image-83437\" src=\"https:\/\/algarverealestate.com\/property\/067-nova-beach-1.jpg\" alt=\"Praia Nova\" width=\"1400\" height=\"1050\" \/><figcaption><em>Praia Nova<\/em>Situada mesmo junto \u00e0 ic\u00f3nica Nossa Senhora da Rocha, a Praia Nova \u00e9 um o\u00e1sis paisag\u00edstico \u00e0 espera de ser descoberto.<\/figcaption><\/figure>\n<ol start=\"067\">\n<li><a href=\"https:\/\/algarverealestate.com\/pt\/wp-content\/uploads\/2026\/01\/algarve-portugal-beaches-map.jpg\">ver n\u00famero de praia no mapa<\/a><\/li>\n<\/ol>\n<figure class=\"wp-block-image\"><img src=\"https:\/\/algarverealestate.com\/pt\/wp-content\/uploads\/2026\/01\/067-nova-beach-2.jpg\" width=\"1400\" height=\"1050\" class=\"wp-image-8702\" alt=\"Praia Nova\" srcset=\"https:\/\/algarverealestate.com\/pt\/wp-content\/uploads\/2026\/01\/067-nova-beach-2-125x83.jpg 125w, https:\/\/algarverealestate.com\/pt\/wp-content\/uploads\/2026\/01\/067-nova-beach-2-150x150.jpg 150w, https:\/\/algarverealestate.com\/pt\/wp-content\/uploads\/2026\/01\/067-nova-beach-2-300x225.jpg 300w, https:\/\/algarverealestate.com\/pt\/wp-content\/uploads\/2026\/01\/067-nova-beach-2-430x293.jpg 430w, https:\/\/algarverealestate.com\/pt\/wp-content\/uploads\/2026\/01\/067-nova-beach-2-768x576.jpg 768w, https:\/\/algarverealestate.com\/pt\/wp-content\/uploads\/2026\/01\/067-nova-beach-2-880x586.jpg 880w, https:\/\/algarverealestate.com\/pt\/wp-content\/uploads\/2026\/01\/067-nova-beach-2.jpg 1400w\" sizes=\"(max-width: 1400px) 100vw, 1400px\" loading=\"lazy\" decoding=\"async\"><figcaption>Praia Nova<\/figcaption><\/figure>\n<ol start=\"68\">\n<li><a href=\"https:\/\/algarverealestate.com\/pt\/wp-content\/uploads\/2026\/01\/algarve-portugal-beaches-map.jpg\">ver n\u00famero de praia no mapa<\/a><\/li>\n<\/ol>\n<figure class=\"wp-block-image\"><img src=\"https:\/\/algarverealestate.com\/pt\/wp-content\/uploads\/2026\/01\/68-nossa-senhora-da-rocha-beach-01.jpg\" width=\"1400\" height=\"1050\" class=\"wp-image-8703\" alt=\"Praia Nossa Senhora da Rocha. Esses totens coloridos com dist\u00e2ncias mundiais continuam a fascinar as pessoas para tirar fotos...\" srcset=\"https:\/\/algarverealestate.com\/pt\/wp-content\/uploads\/2026\/01\/68-nossa-senhora-da-rocha-beach-01-125x83.jpg 125w, https:\/\/algarverealestate.com\/pt\/wp-content\/uploads\/2026\/01\/68-nossa-senhora-da-rocha-beach-01-150x150.jpg 150w, https:\/\/algarverealestate.com\/pt\/wp-content\/uploads\/2026\/01\/68-nossa-senhora-da-rocha-beach-01-300x225.jpg 300w, https:\/\/algarverealestate.com\/pt\/wp-content\/uploads\/2026\/01\/68-nossa-senhora-da-rocha-beach-01-430x293.jpg 430w, https:\/\/algarverealestate.com\/pt\/wp-content\/uploads\/2026\/01\/68-nossa-senhora-da-rocha-beach-01-768x576.jpg 768w, https:\/\/algarverealestate.com\/pt\/wp-content\/uploads\/2026\/01\/68-nossa-senhora-da-rocha-beach-01-880x586.jpg 880w, https:\/\/algarverealestate.com\/pt\/wp-content\/uploads\/2026\/01\/68-nossa-senhora-da-rocha-beach-01.jpg 1400w\" sizes=\"(max-width: 1400px) 100vw, 1400px\" loading=\"lazy\" decoding=\"async\"><figcaption>Praia Nossa Senhora da Rocha. Esses totens coloridos com dist\u00e2ncias mundiais continuam a fascinar as pessoas para tirar fotos&#8230;<\/figcaption><\/figure>\n<ol start=\"68\">\n<li><a href=\"https:\/\/algarverealestate.com\/pt\/wp-content\/uploads\/2026\/01\/algarve-portugal-beaches-map.jpg\">ver n\u00famero de praia no mapa<\/a><\/li>\n<\/ol>\n<figure class=\"wp-block-image\"><img src=\"https:\/\/algarverealestate.com\/pt\/wp-content\/uploads\/2026\/01\/68-nossa-senhora-da-rocha-beach-02.jpg\" width=\"1400\" height=\"1050\" class=\"wp-image-8704\" alt=\"Igreja e praia de Nossa Senhora da Rocha.\" srcset=\"https:\/\/algarverealestate.com\/pt\/wp-content\/uploads\/2026\/01\/68-nossa-senhora-da-rocha-beach-02-125x83.jpg 125w, https:\/\/algarverealestate.com\/pt\/wp-content\/uploads\/2026\/01\/68-nossa-senhora-da-rocha-beach-02-150x150.jpg 150w, https:\/\/algarverealestate.com\/pt\/wp-content\/uploads\/2026\/01\/68-nossa-senhora-da-rocha-beach-02-300x225.jpg 300w, https:\/\/algarverealestate.com\/pt\/wp-content\/uploads\/2026\/01\/68-nossa-senhora-da-rocha-beach-02-430x293.jpg 430w, https:\/\/algarverealestate.com\/pt\/wp-content\/uploads\/2026\/01\/68-nossa-senhora-da-rocha-beach-02-768x576.jpg 768w, https:\/\/algarverealestate.com\/pt\/wp-content\/uploads\/2026\/01\/68-nossa-senhora-da-rocha-beach-02-880x586.jpg 880w, https:\/\/algarverealestate.com\/pt\/wp-content\/uploads\/2026\/01\/68-nossa-senhora-da-rocha-beach-02.jpg 1400w\" sizes=\"(max-width: 1400px) 100vw, 1400px\" loading=\"lazy\" decoding=\"async\"><figcaption>Igreja e praia de Nossa Senhora da Rocha.<\/figcaption><\/figure>\n<ol start=\"68\">\n<li><a href=\"https:\/\/algarverealestate.com\/pt\/wp-content\/uploads\/2026\/01\/algarve-portugal-beaches-map.jpg\">ver n\u00famero de praia no mapa<\/a><\/li>\n<\/ol>\n<figure class=\"wp-block-image\"><img src=\"https:\/\/algarverealestate.com\/pt\/wp-content\/uploads\/2026\/01\/68-nossa-senhora-da-rocha-beach-03.jpg\" width=\"1400\" height=\"1050\" class=\"wp-image-8705\" alt=\"Praia Nossa Senhora da Rocha\" srcset=\"https:\/\/algarverealestate.com\/pt\/wp-content\/uploads\/2026\/01\/68-nossa-senhora-da-rocha-beach-03-125x83.jpg 125w, https:\/\/algarverealestate.com\/pt\/wp-content\/uploads\/2026\/01\/68-nossa-senhora-da-rocha-beach-03-150x150.jpg 150w, https:\/\/algarverealestate.com\/pt\/wp-content\/uploads\/2026\/01\/68-nossa-senhora-da-rocha-beach-03-300x225.jpg 300w, https:\/\/algarverealestate.com\/pt\/wp-content\/uploads\/2026\/01\/68-nossa-senhora-da-rocha-beach-03-430x293.jpg 430w, https:\/\/algarverealestate.com\/pt\/wp-content\/uploads\/2026\/01\/68-nossa-senhora-da-rocha-beach-03-768x576.jpg 768w, https:\/\/algarverealestate.com\/pt\/wp-content\/uploads\/2026\/01\/68-nossa-senhora-da-rocha-beach-03-880x586.jpg 880w, https:\/\/algarverealestate.com\/pt\/wp-content\/uploads\/2026\/01\/68-nossa-senhora-da-rocha-beach-03.jpg 1400w\" sizes=\"(max-width: 1400px) 100vw, 1400px\" loading=\"lazy\" decoding=\"async\"><figcaption>Praia Nossa Senhora da Rocha<\/figcaption><\/figure>\n<ol start=\"70\">\n<li><a href=\"https:\/\/algarverealestate.com\/pt\/wp-content\/uploads\/2026\/01\/algarve-portugal-beaches-map.jpg\">ver n\u00famero de praia no mapa<\/a><\/li>\n<\/ol>\n<figure class=\"wp-block-image\"><img src=\"https:\/\/algarverealestate.com\/pt\/wp-content\/uploads\/2026\/01\/70-71-tremocos-beijinhos.jpg\" width=\"1400\" height=\"1050\" class=\"wp-image-8706\" alt=\"Praia de Tremo\u00e7os\" srcset=\"https:\/\/algarverealestate.com\/pt\/wp-content\/uploads\/2026\/01\/70-71-tremocos-beijinhos-125x83.jpg 125w, https:\/\/algarverealestate.com\/pt\/wp-content\/uploads\/2026\/01\/70-71-tremocos-beijinhos-150x150.jpg 150w, https:\/\/algarverealestate.com\/pt\/wp-content\/uploads\/2026\/01\/70-71-tremocos-beijinhos-300x225.jpg 300w, https:\/\/algarverealestate.com\/pt\/wp-content\/uploads\/2026\/01\/70-71-tremocos-beijinhos-430x293.jpg 430w, https:\/\/algarverealestate.com\/pt\/wp-content\/uploads\/2026\/01\/70-71-tremocos-beijinhos-768x576.jpg 768w, https:\/\/algarverealestate.com\/pt\/wp-content\/uploads\/2026\/01\/70-71-tremocos-beijinhos-880x586.jpg 880w, https:\/\/algarverealestate.com\/pt\/wp-content\/uploads\/2026\/01\/70-71-tremocos-beijinhos.jpg 1400w\" sizes=\"(max-width: 1400px) 100vw, 1400px\" loading=\"lazy\" decoding=\"async\"><figcaption>Praia de Tremo\u00e7os<\/figcaption><\/figure>\n<h2>Praias do Centro Algarvio (Gal\u00e9, \u00e0 Fal\u00e9sia, Vilamoura \u00e0 Ria Formosa de Faro)<\/h2>\n<p>O Algarve Central, que se estende desde a Gal\u00e9 at\u00e9 \u00e0s deslumbrantes fal\u00e9sias da Praia da Fal\u00e9sia, e desde Vilamoura at\u00e9 ao singular sistema lagunar da Ria Formosa no Cabo de Santa Maria, oferece uma experi\u00eancia costeira diversificada. Este tro\u00e7o capta a ess\u00eancia do reconhecido encanto do Algarve, combinando pitorescas enseadas com areais dourados e as paisagens serenas de lagoas protegidas. Praias como a Praia da Fal\u00e9sia destacam-se pelas suas ic\u00f3nicas fal\u00e9sias vermelhas, enquanto as ilhas de restinga da Ria Formosa proporcionam um santu\u00e1rio tranquilo com \u00e1guas calmas. Com proximidade a grandes cidades como Vilamoura e Faro, estas praias possuem excelentes instala\u00e7\u00f5es, ofertas de desportos aqu\u00e1ticos e uma infinidade de op\u00e7\u00f5es gastron\u00f3micas e de entretenimento.<\/p>\n<ol start=\"075\">\n<li><a href=\"https:\/\/algarverealestate.com\/pt\/wp-content\/uploads\/2026\/01\/algarve-portugal-beaches-map.jpg\">ver n\u00famero de praia no mapa<\/a><\/li>\n<\/ol>\n<figure class=\"wp-block-image\"><img src=\"https:\/\/algarverealestate.com\/pt\/wp-content\/uploads\/2026\/01\/075-salgados-beach.jpg\" width=\"1400\" height=\"934\" class=\"wp-image-8707\" alt=\"Praia dos Salgados no inverno\" srcset=\"https:\/\/algarverealestate.com\/pt\/wp-content\/uploads\/2026\/01\/075-salgados-beach-125x83.jpg 125w, https:\/\/algarverealestate.com\/pt\/wp-content\/uploads\/2026\/01\/075-salgados-beach-150x150.jpg 150w, https:\/\/algarverealestate.com\/pt\/wp-content\/uploads\/2026\/01\/075-salgados-beach-300x200.jpg 300w, https:\/\/algarverealestate.com\/pt\/wp-content\/uploads\/2026\/01\/075-salgados-beach-430x293.jpg 430w, https:\/\/algarverealestate.com\/pt\/wp-content\/uploads\/2026\/01\/075-salgados-beach-768x512.jpg 768w, https:\/\/algarverealestate.com\/pt\/wp-content\/uploads\/2026\/01\/075-salgados-beach-880x586.jpg 880w, https:\/\/algarverealestate.com\/pt\/wp-content\/uploads\/2026\/01\/075-salgados-beach.jpg 1400w\" sizes=\"(max-width: 1400px) 100vw, 1400px\" loading=\"lazy\" decoding=\"async\"><figcaption><em>Praia dos Salgados no inverno<\/em> Esta praia estende-se por quase 5 km, desde a praia de Arma\u00e7\u00e3o de P\u00eara at\u00e9 \u00e0 praia da Gal\u00e9. Atr\u00e1s encontra-se o log\u00f3tipo dos Salgados, uma \u00e1rea natural protegida procurada para a observa\u00e7\u00e3o de aves.<\/figcaption><\/figure>\n<ol start=\"76\">\n<li><a href=\"https:\/\/algarverealestate.com\/pt\/wp-content\/uploads\/2026\/01\/algarve-portugal-beaches-map.jpg\">ver n\u00famero de praia no mapa<\/a><\/li>\n<\/ol>\n<figure class=\"wp-block-image\"><img src=\"https:\/\/algarverealestate.com\/pt\/wp-content\/uploads\/2026\/01\/76-gale-beach-01.jpg\" width=\"1400\" height=\"1050\" class=\"wp-image-8708\" alt=\"praia da Gal\u00e9\" srcset=\"https:\/\/algarverealestate.com\/pt\/wp-content\/uploads\/2026\/01\/76-gale-beach-01-125x83.jpg 125w, https:\/\/algarverealestate.com\/pt\/wp-content\/uploads\/2026\/01\/76-gale-beach-01-150x150.jpg 150w, https:\/\/algarverealestate.com\/pt\/wp-content\/uploads\/2026\/01\/76-gale-beach-01-300x225.jpg 300w, https:\/\/algarverealestate.com\/pt\/wp-content\/uploads\/2026\/01\/76-gale-beach-01-430x293.jpg 430w, https:\/\/algarverealestate.com\/pt\/wp-content\/uploads\/2026\/01\/76-gale-beach-01-768x576.jpg 768w, https:\/\/algarverealestate.com\/pt\/wp-content\/uploads\/2026\/01\/76-gale-beach-01-880x586.jpg 880w, https:\/\/algarverealestate.com\/pt\/wp-content\/uploads\/2026\/01\/76-gale-beach-01.jpg 1400w\" sizes=\"(max-width: 1400px) 100vw, 1400px\" loading=\"lazy\" decoding=\"async\"><figcaption><em>praia da Gal\u00e9<\/em>Praia mista com extenso areal at\u00e9 \u00e0 Praia dos Salgados, e rochas calc\u00e1rias a nascente, com pequenas enseadas<\/figcaption><\/figure>\n<ol start=\"76\">\n<li><a href=\"https:\/\/algarverealestate.com\/pt\/wp-content\/uploads\/2026\/01\/algarve-portugal-beaches-map.jpg\">ver n\u00famero de praia no mapa<\/a><\/li>\n<\/ol>\n<figure class=\"wp-block-image\"><img src=\"https:\/\/algarverealestate.com\/pt\/wp-content\/uploads\/2026\/01\/76-gale-beach-02.jpg\" width=\"1400\" height=\"1050\" class=\"wp-image-8709\" alt=\"praia da Gal\u00e9\" srcset=\"https:\/\/algarverealestate.com\/pt\/wp-content\/uploads\/2026\/01\/76-gale-beach-02-125x83.jpg 125w, https:\/\/algarverealestate.com\/pt\/wp-content\/uploads\/2026\/01\/76-gale-beach-02-150x150.jpg 150w, https:\/\/algarverealestate.com\/pt\/wp-content\/uploads\/2026\/01\/76-gale-beach-02-300x225.jpg 300w, https:\/\/algarverealestate.com\/pt\/wp-content\/uploads\/2026\/01\/76-gale-beach-02-430x293.jpg 430w, https:\/\/algarverealestate.com\/pt\/wp-content\/uploads\/2026\/01\/76-gale-beach-02-768x576.jpg 768w, https:\/\/algarverealestate.com\/pt\/wp-content\/uploads\/2026\/01\/76-gale-beach-02-880x586.jpg 880w, https:\/\/algarverealestate.com\/pt\/wp-content\/uploads\/2026\/01\/76-gale-beach-02.jpg 1400w\" sizes=\"(max-width: 1400px) 100vw, 1400px\" loading=\"lazy\" decoding=\"async\"><figcaption>praia da Gal\u00e9<\/figcaption><\/figure>\n<ol start=\"76\">\n<li><a href=\"https:\/\/algarverealestate.com\/pt\/wp-content\/uploads\/2026\/01\/algarve-portugal-beaches-map.jpg\">ver n\u00famero de praia no mapa<\/a><\/li>\n<\/ol>\n<figure class=\"wp-block-image\"><img src=\"https:\/\/algarverealestate.com\/pt\/wp-content\/uploads\/2026\/01\/76-gale-beach-03.jpg\" width=\"1400\" height=\"1050\" class=\"wp-image-8710\" alt=\"praia da Gal\u00e9\" srcset=\"https:\/\/algarverealestate.com\/pt\/wp-content\/uploads\/2026\/01\/76-gale-beach-03-125x83.jpg 125w, https:\/\/algarverealestate.com\/pt\/wp-content\/uploads\/2026\/01\/76-gale-beach-03-150x150.jpg 150w, https:\/\/algarverealestate.com\/pt\/wp-content\/uploads\/2026\/01\/76-gale-beach-03-300x225.jpg 300w, https:\/\/algarverealestate.com\/pt\/wp-content\/uploads\/2026\/01\/76-gale-beach-03-430x293.jpg 430w, https:\/\/algarverealestate.com\/pt\/wp-content\/uploads\/2026\/01\/76-gale-beach-03-768x576.jpg 768w, https:\/\/algarverealestate.com\/pt\/wp-content\/uploads\/2026\/01\/76-gale-beach-03-880x586.jpg 880w, https:\/\/algarverealestate.com\/pt\/wp-content\/uploads\/2026\/01\/76-gale-beach-03.jpg 1400w\" sizes=\"(max-width: 1400px) 100vw, 1400px\" loading=\"lazy\" decoding=\"async\"><figcaption>praia da Gal\u00e9<\/figcaption><\/figure>\n<ol start=\"76\">\n<li><a href=\"https:\/\/algarverealestate.com\/pt\/wp-content\/uploads\/2026\/01\/algarve-portugal-beaches-map.jpg\">ver n\u00famero de praia no mapa<\/a><\/li>\n<\/ol>\n<figure class=\"wp-block-image\"><img src=\"https:\/\/algarverealestate.com\/pt\/wp-content\/uploads\/2026\/01\/76-gale-beach-04.jpg\" width=\"1400\" height=\"1050\" class=\"wp-image-8711\" alt=\"praia da Gal\u00e9\" srcset=\"https:\/\/algarverealestate.com\/pt\/wp-content\/uploads\/2026\/01\/76-gale-beach-04-125x83.jpg 125w, https:\/\/algarverealestate.com\/pt\/wp-content\/uploads\/2026\/01\/76-gale-beach-04-150x150.jpg 150w, https:\/\/algarverealestate.com\/pt\/wp-content\/uploads\/2026\/01\/76-gale-beach-04-300x225.jpg 300w, https:\/\/algarverealestate.com\/pt\/wp-content\/uploads\/2026\/01\/76-gale-beach-04-430x293.jpg 430w, https:\/\/algarverealestate.com\/pt\/wp-content\/uploads\/2026\/01\/76-gale-beach-04-768x576.jpg 768w, https:\/\/algarverealestate.com\/pt\/wp-content\/uploads\/2026\/01\/76-gale-beach-04-880x586.jpg 880w, https:\/\/algarverealestate.com\/pt\/wp-content\/uploads\/2026\/01\/76-gale-beach-04.jpg 1400w\" sizes=\"(max-width: 1400px) 100vw, 1400px\" loading=\"lazy\" decoding=\"async\"><figcaption>praia da Gal\u00e9<\/figcaption><\/figure>\n<ol start=\"76\">\n<li><a href=\"https:\/\/algarverealestate.com\/pt\/wp-content\/uploads\/2026\/01\/algarve-portugal-beaches-map.jpg\">ver n\u00famero de praia no mapa<\/a><\/li>\n<\/ol>\n<figure class=\"wp-block-image\"><img src=\"https:\/\/algarverealestate.com\/pt\/wp-content\/uploads\/2026\/01\/76-gale-beach-05.jpg\" width=\"1400\" height=\"1050\" class=\"wp-image-8712\" alt=\"praia da Gal\u00e9\" srcset=\"https:\/\/algarverealestate.com\/pt\/wp-content\/uploads\/2026\/01\/76-gale-beach-05-125x83.jpg 125w, https:\/\/algarverealestate.com\/pt\/wp-content\/uploads\/2026\/01\/76-gale-beach-05-150x150.jpg 150w, https:\/\/algarverealestate.com\/pt\/wp-content\/uploads\/2026\/01\/76-gale-beach-05-300x225.jpg 300w, https:\/\/algarverealestate.com\/pt\/wp-content\/uploads\/2026\/01\/76-gale-beach-05-430x293.jpg 430w, https:\/\/algarverealestate.com\/pt\/wp-content\/uploads\/2026\/01\/76-gale-beach-05-768x576.jpg 768w, https:\/\/algarverealestate.com\/pt\/wp-content\/uploads\/2026\/01\/76-gale-beach-05-880x586.jpg 880w, https:\/\/algarverealestate.com\/pt\/wp-content\/uploads\/2026\/01\/76-gale-beach-05.jpg 1400w\" sizes=\"(max-width: 1400px) 100vw, 1400px\" loading=\"lazy\" decoding=\"async\"><figcaption>praia da Gal\u00e9<\/figcaption><\/figure>\n<ol start=\"76\">\n<li><a href=\"https:\/\/algarverealestate.com\/pt\/wp-content\/uploads\/2026\/01\/algarve-portugal-beaches-map.jpg\">ver n\u00famero de praia no mapa<\/a><\/li>\n<\/ol>\n<figure class=\"wp-block-image\"><img src=\"https:\/\/algarverealestate.com\/pt\/wp-content\/uploads\/2026\/01\/76-gale-beach-06.jpg\" width=\"1400\" height=\"1050\" class=\"wp-image-8447\" alt=\"praia da Gal\u00e9\" srcset=\"https:\/\/algarverealestate.com\/pt\/wp-content\/uploads\/2026\/01\/76-gale-beach-06-125x83.jpg 125w, https:\/\/algarverealestate.com\/pt\/wp-content\/uploads\/2026\/01\/76-gale-beach-06-150x150.jpg 150w, https:\/\/algarverealestate.com\/pt\/wp-content\/uploads\/2026\/01\/76-gale-beach-06-300x225.jpg 300w, https:\/\/algarverealestate.com\/pt\/wp-content\/uploads\/2026\/01\/76-gale-beach-06-430x293.jpg 430w, https:\/\/algarverealestate.com\/pt\/wp-content\/uploads\/2026\/01\/76-gale-beach-06-768x576.jpg 768w, https:\/\/algarverealestate.com\/pt\/wp-content\/uploads\/2026\/01\/76-gale-beach-06-880x586.jpg 880w, https:\/\/algarverealestate.com\/pt\/wp-content\/uploads\/2026\/01\/76-gale-beach-06.jpg 1400w\" sizes=\"(max-width: 1400px) 100vw, 1400px\" loading=\"lazy\" decoding=\"async\"><figcaption>praia da Gal\u00e9<\/figcaption><\/figure>\n<ol start=\"77\">\n<li><a href=\"https:\/\/algarverealestate.com\/pt\/wp-content\/uploads\/2026\/01\/algarve-portugal-beaches-map.jpg\">ver n\u00famero de praia no mapa<\/a><\/li>\n<\/ol>\n<figure class=\"wp-block-image\"><img src=\"https:\/\/algarverealestate.com\/pt\/wp-content\/uploads\/2026\/01\/77-manuel-lourenco-beach.jpg\" width=\"1400\" height=\"1050\" class=\"wp-image-8713\" alt=\"Praia Manuel Louren\u00e7o\" srcset=\"https:\/\/algarverealestate.com\/pt\/wp-content\/uploads\/2026\/01\/77-manuel-lourenco-beach-125x83.jpg 125w, https:\/\/algarverealestate.com\/pt\/wp-content\/uploads\/2026\/01\/77-manuel-lourenco-beach-150x150.jpg 150w, https:\/\/algarverealestate.com\/pt\/wp-content\/uploads\/2026\/01\/77-manuel-lourenco-beach-300x225.jpg 300w, https:\/\/algarverealestate.com\/pt\/wp-content\/uploads\/2026\/01\/77-manuel-lourenco-beach-430x293.jpg 430w, https:\/\/algarverealestate.com\/pt\/wp-content\/uploads\/2026\/01\/77-manuel-lourenco-beach-768x576.jpg 768w, https:\/\/algarverealestate.com\/pt\/wp-content\/uploads\/2026\/01\/77-manuel-lourenco-beach-880x586.jpg 880w, https:\/\/algarverealestate.com\/pt\/wp-content\/uploads\/2026\/01\/77-manuel-lourenco-beach.jpg 1400w\" sizes=\"(max-width: 1400px) 100vw, 1400px\" loading=\"lazy\" decoding=\"async\"><figcaption>Praia Manuel Louren\u00e7o<\/figcaption><\/figure>\n<ol start=\"79\">\n<li><a href=\"https:\/\/algarverealestate.com\/pt\/wp-content\/uploads\/2026\/01\/algarve-portugal-beaches-map.jpg\">ver n\u00famero de praia no mapa<\/a><\/li>\n<\/ol>\n<figure class=\"wp-block-image\"><img src=\"https:\/\/algarverealestate.com\/pt\/wp-content\/uploads\/2026\/01\/79-castelo-beach-02.jpg\" width=\"1400\" height=\"933\" class=\"wp-image-8714\" alt=\"praia do castelo\" srcset=\"https:\/\/algarverealestate.com\/pt\/wp-content\/uploads\/2026\/01\/79-castelo-beach-02-125x83.jpg 125w, https:\/\/algarverealestate.com\/pt\/wp-content\/uploads\/2026\/01\/79-castelo-beach-02-150x150.jpg 150w, https:\/\/algarverealestate.com\/pt\/wp-content\/uploads\/2026\/01\/79-castelo-beach-02-300x200.jpg 300w, https:\/\/algarverealestate.com\/pt\/wp-content\/uploads\/2026\/01\/79-castelo-beach-02-430x293.jpg 430w, https:\/\/algarverealestate.com\/pt\/wp-content\/uploads\/2026\/01\/79-castelo-beach-02-768x512.jpg 768w, https:\/\/algarverealestate.com\/pt\/wp-content\/uploads\/2026\/01\/79-castelo-beach-02-880x586.jpg 880w, https:\/\/algarverealestate.com\/pt\/wp-content\/uploads\/2026\/01\/79-castelo-beach-02.jpg 1400w\" sizes=\"(max-width: 1400px) 100vw, 1400px\" loading=\"lazy\" decoding=\"async\"><figcaption>praia do castelo<\/figcaption><\/figure>\n<ol start=\"79\">\n<li><a href=\"https:\/\/algarverealestate.com\/pt\/wp-content\/uploads\/2026\/01\/algarve-portugal-beaches-map.jpg\">ver n\u00famero de praia no mapa<\/a><\/li>\n<\/ol>\n<figure class=\"wp-block-image\"><img src=\"https:\/\/algarverealestate.com\/pt\/wp-content\/uploads\/2026\/01\/79-castelo-beach-03.jpg\" width=\"1400\" height=\"933\" class=\"wp-image-8715\" alt=\"praia do castelo\" srcset=\"https:\/\/algarverealestate.com\/pt\/wp-content\/uploads\/2026\/01\/79-castelo-beach-03-125x83.jpg 125w, https:\/\/algarverealestate.com\/pt\/wp-content\/uploads\/2026\/01\/79-castelo-beach-03-150x150.jpg 150w, https:\/\/algarverealestate.com\/pt\/wp-content\/uploads\/2026\/01\/79-castelo-beach-03-300x200.jpg 300w, https:\/\/algarverealestate.com\/pt\/wp-content\/uploads\/2026\/01\/79-castelo-beach-03-430x293.jpg 430w, https:\/\/algarverealestate.com\/pt\/wp-content\/uploads\/2026\/01\/79-castelo-beach-03-768x512.jpg 768w, https:\/\/algarverealestate.com\/pt\/wp-content\/uploads\/2026\/01\/79-castelo-beach-03-880x586.jpg 880w, https:\/\/algarverealestate.com\/pt\/wp-content\/uploads\/2026\/01\/79-castelo-beach-03.jpg 1400w\" sizes=\"(max-width: 1400px) 100vw, 1400px\" loading=\"lazy\" decoding=\"async\"><figcaption>praia do castelo<\/figcaption><\/figure>\n<ol start=\"80\">\n<li><a href=\"https:\/\/algarverealestate.com\/pt\/wp-content\/uploads\/2026\/01\/algarve-portugal-beaches-map.jpg\">ver n\u00famero de praia no mapa<\/a><\/li>\n<\/ol>\n<figure class=\"wp-block-image\"><img src=\"https:\/\/algarverealestate.com\/pt\/wp-content\/uploads\/2026\/01\/80-coelha-beach.jpg\" width=\"1400\" height=\"932\" class=\"wp-image-8716\" alt=\"praia da coelha\" srcset=\"https:\/\/algarverealestate.com\/pt\/wp-content\/uploads\/2026\/01\/80-coelha-beach-125x83.jpg 125w, https:\/\/algarverealestate.com\/pt\/wp-content\/uploads\/2026\/01\/80-coelha-beach-150x150.jpg 150w, https:\/\/algarverealestate.com\/pt\/wp-content\/uploads\/2026\/01\/80-coelha-beach-300x200.jpg 300w, https:\/\/algarverealestate.com\/pt\/wp-content\/uploads\/2026\/01\/80-coelha-beach-430x293.jpg 430w, https:\/\/algarverealestate.com\/pt\/wp-content\/uploads\/2026\/01\/80-coelha-beach-768x511.jpg 768w, https:\/\/algarverealestate.com\/pt\/wp-content\/uploads\/2026\/01\/80-coelha-beach-880x586.jpg 880w, https:\/\/algarverealestate.com\/pt\/wp-content\/uploads\/2026\/01\/80-coelha-beach.jpg 1400w\" sizes=\"(max-width: 1400px) 100vw, 1400px\" loading=\"lazy\" decoding=\"async\"><figcaption>praia da coelha<\/figcaption><\/figure>\n<ol start=\"81\">\n<li><a href=\"https:\/\/algarverealestate.com\/pt\/wp-content\/uploads\/2026\/01\/algarve-portugal-beaches-map.jpg\">ver n\u00famero de praia no mapa<\/a><\/li>\n<\/ol>\n<figure class=\"wp-block-image\"><img src=\"https:\/\/algarverealestate.com\/pt\/wp-content\/uploads\/2026\/01\/81-sao-rafael-beach.jpg\" width=\"1400\" height=\"933\" class=\"wp-image-8717\" alt=\"praia de sao rafael\" srcset=\"https:\/\/algarverealestate.com\/pt\/wp-content\/uploads\/2026\/01\/81-sao-rafael-beach-125x83.jpg 125w, https:\/\/algarverealestate.com\/pt\/wp-content\/uploads\/2026\/01\/81-sao-rafael-beach-150x150.jpg 150w, https:\/\/algarverealestate.com\/pt\/wp-content\/uploads\/2026\/01\/81-sao-rafael-beach-300x200.jpg 300w, https:\/\/algarverealestate.com\/pt\/wp-content\/uploads\/2026\/01\/81-sao-rafael-beach-430x293.jpg 430w, https:\/\/algarverealestate.com\/pt\/wp-content\/uploads\/2026\/01\/81-sao-rafael-beach-768x512.jpg 768w, https:\/\/algarverealestate.com\/pt\/wp-content\/uploads\/2026\/01\/81-sao-rafael-beach-880x586.jpg 880w, https:\/\/algarverealestate.com\/pt\/wp-content\/uploads\/2026\/01\/81-sao-rafael-beach.jpg 1400w\" sizes=\"(max-width: 1400px) 100vw, 1400px\" loading=\"lazy\" decoding=\"async\"><figcaption>praia de sao rafael<\/figcaption><\/figure>\n<ol start=\"82\">\n<li><a href=\"https:\/\/algarverealestate.com\/pt\/wp-content\/uploads\/2026\/01\/algarve-portugal-beaches-map.jpg\">ver n\u00famero de praia no mapa<\/a><\/li>\n<\/ol>\n<figure class=\"wp-block-image\"><img src=\"https:\/\/algarverealestate.com\/pt\/wp-content\/uploads\/2026\/01\/82-arrifes-beach.jpg\" width=\"1400\" height=\"930\" class=\"wp-image-8719\" alt=\"praia dos arrifes\" srcset=\"https:\/\/algarverealestate.com\/pt\/wp-content\/uploads\/2026\/01\/82-arrifes-beach-125x83.jpg 125w, https:\/\/algarverealestate.com\/pt\/wp-content\/uploads\/2026\/01\/82-arrifes-beach-150x150.jpg 150w, https:\/\/algarverealestate.com\/pt\/wp-content\/uploads\/2026\/01\/82-arrifes-beach-300x199.jpg 300w, https:\/\/algarverealestate.com\/pt\/wp-content\/uploads\/2026\/01\/82-arrifes-beach-430x293.jpg 430w, https:\/\/algarverealestate.com\/pt\/wp-content\/uploads\/2026\/01\/82-arrifes-beach-768x510.jpg 768w, https:\/\/algarverealestate.com\/pt\/wp-content\/uploads\/2026\/01\/82-arrifes-beach-880x586.jpg 880w, https:\/\/algarverealestate.com\/pt\/wp-content\/uploads\/2026\/01\/82-arrifes-beach.jpg 1400w\" sizes=\"(max-width: 1400px) 100vw, 1400px\" loading=\"lazy\" decoding=\"async\"><figcaption>praia dos arrifes<\/figcaption><\/figure>\n<ol start=\"83\">\n<li><a href=\"https:\/\/algarverealestate.com\/pt\/wp-content\/uploads\/2026\/01\/algarve-portugal-beaches-map.jpg\">ver n\u00famero de praia no mapa<\/a><\/li>\n<\/ol>\n<figure class=\"wp-block-image\"><img src=\"https:\/\/algarverealestate.com\/pt\/wp-content\/uploads\/2026\/01\/83-peneco.jpg\" width=\"1400\" height=\"937\" class=\"wp-image-8721\" alt=\"Praia do Peneco no centro de Albufeira\" srcset=\"https:\/\/algarverealestate.com\/pt\/wp-content\/uploads\/2026\/01\/83-peneco-125x83.jpg 125w, https:\/\/algarverealestate.com\/pt\/wp-content\/uploads\/2026\/01\/83-peneco-150x150.jpg 150w, https:\/\/algarverealestate.com\/pt\/wp-content\/uploads\/2026\/01\/83-peneco-300x201.jpg 300w, https:\/\/algarverealestate.com\/pt\/wp-content\/uploads\/2026\/01\/83-peneco-430x293.jpg 430w, https:\/\/algarverealestate.com\/pt\/wp-content\/uploads\/2026\/01\/83-peneco-768x514.jpg 768w, https:\/\/algarverealestate.com\/pt\/wp-content\/uploads\/2026\/01\/83-peneco-880x586.jpg 880w, https:\/\/algarverealestate.com\/pt\/wp-content\/uploads\/2026\/01\/83-peneco.jpg 1400w\" sizes=\"(max-width: 1400px) 100vw, 1400px\" loading=\"lazy\" decoding=\"async\"><figcaption>Praia do Peneco no centro de Albufeira<\/figcaption><\/figure>\n<ol start=\"84\">\n<li><a href=\"https:\/\/algarverealestate.com\/pt\/wp-content\/uploads\/2026\/01\/algarve-portugal-beaches-map.jpg\">ver n\u00famero de praia no mapa<\/a><\/li>\n<\/ol>\n<figure class=\"wp-block-image\"><img src=\"https:\/\/algarverealestate.com\/pt\/wp-content\/uploads\/2026\/01\/84-fishermans-beach-01.jpg\" width=\"1400\" height=\"788\" class=\"wp-image-8723\" alt=\"Praia dos Pescadores\" srcset=\"https:\/\/algarverealestate.com\/pt\/wp-content\/uploads\/2026\/01\/84-fishermans-beach-01-125x83.jpg 125w, https:\/\/algarverealestate.com\/pt\/wp-content\/uploads\/2026\/01\/84-fishermans-beach-01-150x150.jpg 150w, https:\/\/algarverealestate.com\/pt\/wp-content\/uploads\/2026\/01\/84-fishermans-beach-01-300x169.jpg 300w, https:\/\/algarverealestate.com\/pt\/wp-content\/uploads\/2026\/01\/84-fishermans-beach-01-430x293.jpg 430w, https:\/\/algarverealestate.com\/pt\/wp-content\/uploads\/2026\/01\/84-fishermans-beach-01-768x432.jpg 768w, https:\/\/algarverealestate.com\/pt\/wp-content\/uploads\/2026\/01\/84-fishermans-beach-01-880x586.jpg 880w, https:\/\/algarverealestate.com\/pt\/wp-content\/uploads\/2026\/01\/84-fishermans-beach-01.jpg 1400w\" sizes=\"(max-width: 1400px) 100vw, 1400px\" loading=\"lazy\" decoding=\"async\"><figcaption><em>Praia dos Pescadores<\/em>localizada na zona velha de Albufeira, com servi\u00e7os pr\u00f3ximos, restaurantes com esplanada, com a cidade atr\u00e1s em forma de afiteatro<\/figcaption><\/figure>\n<ol start=\"84\">\n<li><a href=\"https:\/\/algarverealestate.com\/pt\/wp-content\/uploads\/2026\/01\/algarve-portugal-beaches-map.jpg\">ver n\u00famero de praia no mapa<\/a><\/li>\n<\/ol>\n<figure class=\"wp-block-image\"><img src=\"https:\/\/algarverealestate.com\/pt\/wp-content\/uploads\/2026\/01\/84-fishermans-beach-02.jpg\" width=\"1400\" height=\"933\" class=\"wp-image-8724\" alt=\"Praia dos Pescadores no centro de Albufeira\" srcset=\"https:\/\/algarverealestate.com\/pt\/wp-content\/uploads\/2026\/01\/84-fishermans-beach-02-125x83.jpg 125w, https:\/\/algarverealestate.com\/pt\/wp-content\/uploads\/2026\/01\/84-fishermans-beach-02-150x150.jpg 150w, https:\/\/algarverealestate.com\/pt\/wp-content\/uploads\/2026\/01\/84-fishermans-beach-02-300x200.jpg 300w, https:\/\/algarverealestate.com\/pt\/wp-content\/uploads\/2026\/01\/84-fishermans-beach-02-430x293.jpg 430w, https:\/\/algarverealestate.com\/pt\/wp-content\/uploads\/2026\/01\/84-fishermans-beach-02-768x512.jpg 768w, https:\/\/algarverealestate.com\/pt\/wp-content\/uploads\/2026\/01\/84-fishermans-beach-02-880x586.jpg 880w, https:\/\/algarverealestate.com\/pt\/wp-content\/uploads\/2026\/01\/84-fishermans-beach-02.jpg 1400w\" sizes=\"(max-width: 1400px) 100vw, 1400px\" loading=\"lazy\" decoding=\"async\"><figcaption>Praia dos Pescadores no centro de Albufeira<\/figcaption><\/figure>\n<ol start=\"84\">\n<li><a href=\"https:\/\/algarverealestate.com\/pt\/wp-content\/uploads\/2026\/01\/algarve-portugal-beaches-map.jpg\">ver n\u00famero de praia no mapa<\/a><\/li>\n<\/ol>\n<figure class=\"wp-block-image\"><img src=\"https:\/\/algarverealestate.com\/pt\/wp-content\/uploads\/2026\/01\/84-fishermans-beach-03.jpg\" width=\"1400\" height=\"933\" class=\"wp-image-8725\" alt=\"\" srcset=\"https:\/\/algarverealestate.com\/pt\/wp-content\/uploads\/2026\/01\/84-fishermans-beach-03-125x83.jpg 125w, https:\/\/algarverealestate.com\/pt\/wp-content\/uploads\/2026\/01\/84-fishermans-beach-03-150x150.jpg 150w, https:\/\/algarverealestate.com\/pt\/wp-content\/uploads\/2026\/01\/84-fishermans-beach-03-300x200.jpg 300w, https:\/\/algarverealestate.com\/pt\/wp-content\/uploads\/2026\/01\/84-fishermans-beach-03-430x293.jpg 430w, https:\/\/algarverealestate.com\/pt\/wp-content\/uploads\/2026\/01\/84-fishermans-beach-03-768x512.jpg 768w, https:\/\/algarverealestate.com\/pt\/wp-content\/uploads\/2026\/01\/84-fishermans-beach-03-880x586.jpg 880w, https:\/\/algarverealestate.com\/pt\/wp-content\/uploads\/2026\/01\/84-fishermans-beach-03.jpg 1400w\" sizes=\"(max-width: 1400px) 100vw, 1400px\" loading=\"lazy\" decoding=\"async\"><\/figure>\n<ol start=\"84\">\n<li><a href=\"https:\/\/algarverealestate.com\/pt\/wp-content\/uploads\/2026\/01\/algarve-portugal-beaches-map.jpg\">ver n\u00famero de praia no mapa<\/a><\/li>\n<\/ol>\n<figure class=\"wp-block-image\"><img src=\"https:\/\/algarverealestate.com\/pt\/wp-content\/uploads\/2026\/01\/84-fishermans-beach-04.jpg\" width=\"1400\" height=\"933\" class=\"wp-image-8726\" alt=\"\" srcset=\"https:\/\/algarverealestate.com\/pt\/wp-content\/uploads\/2026\/01\/84-fishermans-beach-04-125x83.jpg 125w, https:\/\/algarverealestate.com\/pt\/wp-content\/uploads\/2026\/01\/84-fishermans-beach-04-150x150.jpg 150w, https:\/\/algarverealestate.com\/pt\/wp-content\/uploads\/2026\/01\/84-fishermans-beach-04-300x200.jpg 300w, https:\/\/algarverealestate.com\/pt\/wp-content\/uploads\/2026\/01\/84-fishermans-beach-04-430x293.jpg 430w, https:\/\/algarverealestate.com\/pt\/wp-content\/uploads\/2026\/01\/84-fishermans-beach-04-768x512.jpg 768w, https:\/\/algarverealestate.com\/pt\/wp-content\/uploads\/2026\/01\/84-fishermans-beach-04-880x586.jpg 880w, https:\/\/algarverealestate.com\/pt\/wp-content\/uploads\/2026\/01\/84-fishermans-beach-04.jpg 1400w\" sizes=\"(max-width: 1400px) 100vw, 1400px\" loading=\"lazy\" decoding=\"async\"><\/figure>\n<ol start=\"84\">\n<li><a href=\"https:\/\/algarverealestate.com\/pt\/wp-content\/uploads\/2026\/01\/algarve-portugal-beaches-map.jpg\">ver n\u00famero de praia no mapa<\/a><\/li>\n<\/ol>\n<figure class=\"wp-block-image\"><img src=\"https:\/\/algarverealestate.com\/pt\/wp-content\/uploads\/2026\/01\/84-fishermans-beach-05.jpg\" width=\"1400\" height=\"788\" class=\"wp-image-8727\" alt=\"\" srcset=\"https:\/\/algarverealestate.com\/pt\/wp-content\/uploads\/2026\/01\/84-fishermans-beach-05-125x83.jpg 125w, https:\/\/algarverealestate.com\/pt\/wp-content\/uploads\/2026\/01\/84-fishermans-beach-05-150x150.jpg 150w, https:\/\/algarverealestate.com\/pt\/wp-content\/uploads\/2026\/01\/84-fishermans-beach-05-300x169.jpg 300w, https:\/\/algarverealestate.com\/pt\/wp-content\/uploads\/2026\/01\/84-fishermans-beach-05-430x293.jpg 430w, https:\/\/algarverealestate.com\/pt\/wp-content\/uploads\/2026\/01\/84-fishermans-beach-05-768x432.jpg 768w, https:\/\/algarverealestate.com\/pt\/wp-content\/uploads\/2026\/01\/84-fishermans-beach-05-880x586.jpg 880w, https:\/\/algarverealestate.com\/pt\/wp-content\/uploads\/2026\/01\/84-fishermans-beach-05.jpg 1400w\" sizes=\"(max-width: 1400px) 100vw, 1400px\" loading=\"lazy\" decoding=\"async\"><\/figure>\n<ol start=\"85\">\n<li><a href=\"https:\/\/algarverealestate.com\/pt\/wp-content\/uploads\/2026\/01\/algarve-portugal-beaches-map.jpg\">ver n\u00famero de praia no mapa<\/a><\/li>\n<\/ol>\n<figure class=\"wp-block-image\"><img src=\"https:\/\/algarverealestate.com\/pt\/wp-content\/uploads\/2026\/01\/85-inatel-beach.jpg\" width=\"1400\" height=\"933\" class=\"wp-image-8728\" alt=\"Praia do Inatel, junto \u00e0 praia dos Pescadores em Albufeira\" srcset=\"https:\/\/algarverealestate.com\/pt\/wp-content\/uploads\/2026\/01\/85-inatel-beach-125x83.jpg 125w, https:\/\/algarverealestate.com\/pt\/wp-content\/uploads\/2026\/01\/85-inatel-beach-150x150.jpg 150w, https:\/\/algarverealestate.com\/pt\/wp-content\/uploads\/2026\/01\/85-inatel-beach-300x200.jpg 300w, https:\/\/algarverealestate.com\/pt\/wp-content\/uploads\/2026\/01\/85-inatel-beach-430x293.jpg 430w, https:\/\/algarverealestate.com\/pt\/wp-content\/uploads\/2026\/01\/85-inatel-beach-768x512.jpg 768w, https:\/\/algarverealestate.com\/pt\/wp-content\/uploads\/2026\/01\/85-inatel-beach-880x586.jpg 880w, https:\/\/algarverealestate.com\/pt\/wp-content\/uploads\/2026\/01\/85-inatel-beach.jpg 1400w\" sizes=\"(max-width: 1400px) 100vw, 1400px\" loading=\"lazy\" decoding=\"async\"><figcaption>Praia do Inatel, junto \u00e0 praia dos Pescadores em Albufeira<\/figcaption><\/figure>\n<ol start=\"086\">\n<li><a href=\"https:\/\/algarverealestate.com\/pt\/wp-content\/uploads\/2026\/01\/algarve-portugal-beaches-map.jpg\">ver n\u00famero de praia no mapa<\/a><\/li>\n<\/ol>\n<figure class=\"wp-block-image\"><img src=\"https:\/\/algarverealestate.com\/pt\/wp-content\/uploads\/2026\/01\/086-alemao-beach.jpg\" width=\"1400\" height=\"937\" class=\"wp-image-8729\" alt=\"praia do alem\u00e3o\" srcset=\"https:\/\/algarverealestate.com\/pt\/wp-content\/uploads\/2026\/01\/086-alemao-beach-125x83.jpg 125w, https:\/\/algarverealestate.com\/pt\/wp-content\/uploads\/2026\/01\/086-alemao-beach-150x150.jpg 150w, https:\/\/algarverealestate.com\/pt\/wp-content\/uploads\/2026\/01\/086-alemao-beach-300x201.jpg 300w, https:\/\/algarverealestate.com\/pt\/wp-content\/uploads\/2026\/01\/086-alemao-beach-430x293.jpg 430w, https:\/\/algarverealestate.com\/pt\/wp-content\/uploads\/2026\/01\/086-alemao-beach-768x514.jpg 768w, https:\/\/algarverealestate.com\/pt\/wp-content\/uploads\/2026\/01\/086-alemao-beach-880x586.jpg 880w, https:\/\/algarverealestate.com\/pt\/wp-content\/uploads\/2026\/01\/086-alemao-beach.jpg 1400w\" sizes=\"(max-width: 1400px) 100vw, 1400px\" loading=\"lazy\" decoding=\"async\"><figcaption>praia do alem\u00e3o<\/figcaption><\/figure>\n<ol start=\"91\">\n<li><a href=\"https:\/\/algarverealestate.com\/pt\/wp-content\/uploads\/2026\/01\/algarve-portugal-beaches-map.jpg\">ver n\u00famero de praia no mapa<\/a><\/li>\n<\/ol>\n<figure class=\"wp-block-image\"><img src=\"https:\/\/algarverealestate.com\/pt\/wp-content\/uploads\/2026\/01\/91-olhos-de-agua.jpg\" width=\"1400\" height=\"933\" class=\"wp-image-8730\" alt=\"Perspectiva a\u00e9rea dos Olhos d\" srcset=\"https:\/\/algarverealestate.com\/pt\/wp-content\/uploads\/2026\/01\/91-olhos-de-agua-125x83.jpg 125w, https:\/\/algarverealestate.com\/pt\/wp-content\/uploads\/2026\/01\/91-olhos-de-agua-150x150.jpg 150w, https:\/\/algarverealestate.com\/pt\/wp-content\/uploads\/2026\/01\/91-olhos-de-agua-300x200.jpg 300w, https:\/\/algarverealestate.com\/pt\/wp-content\/uploads\/2026\/01\/91-olhos-de-agua-430x293.jpg 430w, https:\/\/algarverealestate.com\/pt\/wp-content\/uploads\/2026\/01\/91-olhos-de-agua-768x512.jpg 768w, https:\/\/algarverealestate.com\/pt\/wp-content\/uploads\/2026\/01\/91-olhos-de-agua-880x586.jpg 880w, https:\/\/algarverealestate.com\/pt\/wp-content\/uploads\/2026\/01\/91-olhos-de-agua.jpg 1400w\" sizes=\"(max-width: 1400px) 100vw, 1400px\" loading=\"lazy\" decoding=\"async\"><figcaption>Perspectiva a\u00e9rea dos Olhos d&#8217;\u00c1gua, uma tradicional praia de pescadores. Deste ponto de vista, a intrincada tape\u00e7aria de barcos, redes e as \u00e1guas azuis se desdobram abaixo de voc\u00ea, oferecendo uma vis\u00e3o \u00fanica de um estilo de vida atemporal em meio a uma beleza natural de tirar o f\u00f4lego.<\/figcaption><\/figure>\n<ol start=\"91\">\n<li><a href=\"https:\/\/algarverealestate.com\/pt\/wp-content\/uploads\/2026\/01\/algarve-portugal-beaches-map.jpg\">ver n\u00famero de praia no mapa<\/a><\/li>\n<\/ol>\n<figure class=\"wp-block-image\"><img src=\"https:\/\/algarverealestate.com\/pt\/wp-content\/uploads\/2026\/01\/91-olhos-de-agua-beach-01.jpg\" width=\"1400\" height=\"933\" class=\"wp-image-8732\" alt=\"Praia dos Olhos de \u00c1gua em Fevereiro\" srcset=\"https:\/\/algarverealestate.com\/pt\/wp-content\/uploads\/2026\/01\/91-olhos-de-agua-beach-01-125x83.jpg 125w, https:\/\/algarverealestate.com\/pt\/wp-content\/uploads\/2026\/01\/91-olhos-de-agua-beach-01-150x150.jpg 150w, https:\/\/algarverealestate.com\/pt\/wp-content\/uploads\/2026\/01\/91-olhos-de-agua-beach-01-300x200.jpg 300w, https:\/\/algarverealestate.com\/pt\/wp-content\/uploads\/2026\/01\/91-olhos-de-agua-beach-01-430x293.jpg 430w, https:\/\/algarverealestate.com\/pt\/wp-content\/uploads\/2026\/01\/91-olhos-de-agua-beach-01-768x512.jpg 768w, https:\/\/algarverealestate.com\/pt\/wp-content\/uploads\/2026\/01\/91-olhos-de-agua-beach-01-880x586.jpg 880w, https:\/\/algarverealestate.com\/pt\/wp-content\/uploads\/2026\/01\/91-olhos-de-agua-beach-01.jpg 1400w\" sizes=\"(max-width: 1400px) 100vw, 1400px\" loading=\"lazy\" decoding=\"async\"><figcaption>Praia dos Olhos de \u00c1gua em Fevereiro<\/figcaption><\/figure>\n<ol start=\"91\">\n<li><a href=\"https:\/\/algarverealestate.com\/pt\/wp-content\/uploads\/2026\/01\/algarve-portugal-beaches-map.jpg\">ver n\u00famero de praia no mapa<\/a><\/li>\n<\/ol>\n<figure class=\"wp-block-image\"><img src=\"https:\/\/algarverealestate.com\/pt\/wp-content\/uploads\/2026\/01\/91-olhos-de-agua-beach-02.jpg\" width=\"1400\" height=\"1050\" class=\"wp-image-8734\" alt=\"Olhos de \u00c1gua \u00e9 um destino de praia \u00fanico localizado na regi\u00e3o do Algarve, em Portugal. O seu nome, que significa &quot;olhos de \u00e1gua&quot;, deriva das nascentes naturais de \u00e1gua doce, ou &quot;olheiros&quot;, que podem ser vistas na mar\u00e9 baixa. Estas cativantes nascentes de \u00e1gua doce borbulham atrav\u00e9s da areia, proporcionando um delicioso contraste com a \u00e1gua salgada do mar circundante.\" srcset=\"https:\/\/algarverealestate.com\/pt\/wp-content\/uploads\/2026\/01\/91-olhos-de-agua-beach-02-125x83.jpg 125w, https:\/\/algarverealestate.com\/pt\/wp-content\/uploads\/2026\/01\/91-olhos-de-agua-beach-02-150x150.jpg 150w, https:\/\/algarverealestate.com\/pt\/wp-content\/uploads\/2026\/01\/91-olhos-de-agua-beach-02-300x225.jpg 300w, https:\/\/algarverealestate.com\/pt\/wp-content\/uploads\/2026\/01\/91-olhos-de-agua-beach-02-430x293.jpg 430w, https:\/\/algarverealestate.com\/pt\/wp-content\/uploads\/2026\/01\/91-olhos-de-agua-beach-02-768x576.jpg 768w, https:\/\/algarverealestate.com\/pt\/wp-content\/uploads\/2026\/01\/91-olhos-de-agua-beach-02-880x586.jpg 880w, https:\/\/algarverealestate.com\/pt\/wp-content\/uploads\/2026\/01\/91-olhos-de-agua-beach-02.jpg 1400w\" sizes=\"(max-width: 1400px) 100vw, 1400px\" loading=\"lazy\" decoding=\"async\"><figcaption>Olhos de \u00c1gua \u00e9 um destino de praia \u00fanico localizado na regi\u00e3o do Algarve, em Portugal. O seu nome, que significa &#8220;olhos de \u00e1gua&#8221;, deriva das nascentes naturais de \u00e1gua doce, ou &#8220;olheiros&#8221;, que podem ser vistas na mar\u00e9 baixa. Estas cativantes nascentes de \u00e1gua doce borbulham atrav\u00e9s da areia, proporcionando um delicioso contraste com a \u00e1gua salgada do mar circundante.<\/figcaption><\/figure>\n<ol start=\"91\">\n<li><a href=\"https:\/\/algarverealestate.com\/pt\/wp-content\/uploads\/2026\/01\/algarve-portugal-beaches-map.jpg\">ver n\u00famero de praia no mapa<\/a><\/li>\n<\/ol>\n<figure class=\"wp-block-image\"><img src=\"https:\/\/algarverealestate.com\/pt\/wp-content\/uploads\/2026\/01\/91-olhos-de-agua-beach-03.jpg\" width=\"1400\" height=\"1050\" class=\"wp-image-8736\" alt=\"Os visitantes de Olhos de \u00c1gua podem explorar estas maravilhas naturais, muitas vezes formando as suas pr\u00f3prias piscinas na areia, tornando-se um local intrigante para crian\u00e7as e adultos. Esta mistura distinta de ambientes de \u00e1gua doce e mar contribui para o ecossistema diversificado da \u00e1rea, oferecendo uma experi\u00eancia \u00fanica de ir \u00e0 praia como nenhuma outra.\" srcset=\"https:\/\/algarverealestate.com\/pt\/wp-content\/uploads\/2026\/01\/91-olhos-de-agua-beach-03-125x83.jpg 125w, https:\/\/algarverealestate.com\/pt\/wp-content\/uploads\/2026\/01\/91-olhos-de-agua-beach-03-150x150.jpg 150w, https:\/\/algarverealestate.com\/pt\/wp-content\/uploads\/2026\/01\/91-olhos-de-agua-beach-03-300x225.jpg 300w, https:\/\/algarverealestate.com\/pt\/wp-content\/uploads\/2026\/01\/91-olhos-de-agua-beach-03-430x293.jpg 430w, https:\/\/algarverealestate.com\/pt\/wp-content\/uploads\/2026\/01\/91-olhos-de-agua-beach-03-768x576.jpg 768w, https:\/\/algarverealestate.com\/pt\/wp-content\/uploads\/2026\/01\/91-olhos-de-agua-beach-03-880x586.jpg 880w, https:\/\/algarverealestate.com\/pt\/wp-content\/uploads\/2026\/01\/91-olhos-de-agua-beach-03.jpg 1400w\" sizes=\"(max-width: 1400px) 100vw, 1400px\" loading=\"lazy\" decoding=\"async\"><figcaption>Os visitantes de Olhos de \u00c1gua podem explorar estas maravilhas naturais, muitas vezes formando as suas pr\u00f3prias piscinas na areia, tornando-se um local intrigante para crian\u00e7as e adultos. Esta mistura distinta de ambientes de \u00e1gua doce e mar contribui para o ecossistema diversificado da \u00e1rea, oferecendo uma experi\u00eancia \u00fanica de ir \u00e0 praia como nenhuma outra.<\/figcaption><\/figure>\n<ol start=\"91\">\n<li><a href=\"https:\/\/algarverealestate.com\/pt\/wp-content\/uploads\/2026\/01\/algarve-portugal-beaches-map.jpg\">ver n\u00famero de praia no mapa<\/a><\/li>\n<\/ol>\n<figure class=\"wp-block-image\"><img src=\"https:\/\/algarverealestate.com\/pt\/wp-content\/uploads\/2026\/01\/91-olhos-de-agua-beach-04.jpg\" width=\"1400\" height=\"933\" class=\"wp-image-8737\" alt=\"pescadores de cana na praia dos Olhos de \u00c1gua\" srcset=\"https:\/\/algarverealestate.com\/pt\/wp-content\/uploads\/2026\/01\/91-olhos-de-agua-beach-04-125x83.jpg 125w, https:\/\/algarverealestate.com\/pt\/wp-content\/uploads\/2026\/01\/91-olhos-de-agua-beach-04-150x150.jpg 150w, https:\/\/algarverealestate.com\/pt\/wp-content\/uploads\/2026\/01\/91-olhos-de-agua-beach-04-300x200.jpg 300w, https:\/\/algarverealestate.com\/pt\/wp-content\/uploads\/2026\/01\/91-olhos-de-agua-beach-04-430x293.jpg 430w, https:\/\/algarverealestate.com\/pt\/wp-content\/uploads\/2026\/01\/91-olhos-de-agua-beach-04-768x512.jpg 768w, https:\/\/algarverealestate.com\/pt\/wp-content\/uploads\/2026\/01\/91-olhos-de-agua-beach-04-880x586.jpg 880w, https:\/\/algarverealestate.com\/pt\/wp-content\/uploads\/2026\/01\/91-olhos-de-agua-beach-04.jpg 1400w\" sizes=\"(max-width: 1400px) 100vw, 1400px\" loading=\"lazy\" decoding=\"async\"><figcaption>pescadores de cana na praia dos Olhos de \u00c1gua<\/figcaption><\/figure>\n<ol start=\"91\">\n<li><a href=\"https:\/\/algarverealestate.com\/pt\/wp-content\/uploads\/2026\/01\/algarve-portugal-beaches-map.jpg\">ver n\u00famero de praia no mapa<\/a><\/li>\n<\/ol>\n<figure class=\"wp-block-image\"><img src=\"https:\/\/algarverealestate.com\/pt\/wp-content\/uploads\/2026\/01\/91-olhos-de-agua-beach-05.jpg\" width=\"1400\" height=\"1050\" class=\"wp-image-8738\" alt=\"Ao longo da praia dos Olhos de \u00c1gua, encontrar\u00e1 trilhos pedonais ao longo da praia durante a mar\u00e9 baixa e pequenos caminhos sobre a fal\u00e9sia\" srcset=\"https:\/\/algarverealestate.com\/pt\/wp-content\/uploads\/2026\/01\/91-olhos-de-agua-beach-05-125x83.jpg 125w, https:\/\/algarverealestate.com\/pt\/wp-content\/uploads\/2026\/01\/91-olhos-de-agua-beach-05-150x150.jpg 150w, https:\/\/algarverealestate.com\/pt\/wp-content\/uploads\/2026\/01\/91-olhos-de-agua-beach-05-300x225.jpg 300w, https:\/\/algarverealestate.com\/pt\/wp-content\/uploads\/2026\/01\/91-olhos-de-agua-beach-05-430x293.jpg 430w, https:\/\/algarverealestate.com\/pt\/wp-content\/uploads\/2026\/01\/91-olhos-de-agua-beach-05-768x576.jpg 768w, https:\/\/algarverealestate.com\/pt\/wp-content\/uploads\/2026\/01\/91-olhos-de-agua-beach-05-880x586.jpg 880w, https:\/\/algarverealestate.com\/pt\/wp-content\/uploads\/2026\/01\/91-olhos-de-agua-beach-05.jpg 1400w\" sizes=\"(max-width: 1400px) 100vw, 1400px\" loading=\"lazy\" decoding=\"async\"><figcaption>Ao longo da praia dos Olhos de \u00c1gua, encontrar\u00e1 trilhos pedonais ao longo da praia durante a mar\u00e9 baixa e pequenos caminhos sobre a fal\u00e9sia<\/figcaption><\/figure>\n<ol start=\"91\">\n<li><a href=\"https:\/\/algarverealestate.com\/pt\/wp-content\/uploads\/2026\/01\/algarve-portugal-beaches-map.jpg\">ver n\u00famero de praia no mapa<\/a><\/li>\n<\/ol>\n<figure class=\"wp-block-image\"><img src=\"https:\/\/algarverealestate.com\/pt\/wp-content\/uploads\/2026\/01\/91-olhos-de-agua-beach-06.jpg\" width=\"1400\" height=\"1050\" class=\"wp-image-8739\" alt=\"Praia Olhos de \u00c1gua\" srcset=\"https:\/\/algarverealestate.com\/pt\/wp-content\/uploads\/2026\/01\/91-olhos-de-agua-beach-06-125x83.jpg 125w, https:\/\/algarverealestate.com\/pt\/wp-content\/uploads\/2026\/01\/91-olhos-de-agua-beach-06-150x150.jpg 150w, https:\/\/algarverealestate.com\/pt\/wp-content\/uploads\/2026\/01\/91-olhos-de-agua-beach-06-300x225.jpg 300w, https:\/\/algarverealestate.com\/pt\/wp-content\/uploads\/2026\/01\/91-olhos-de-agua-beach-06-430x293.jpg 430w, https:\/\/algarverealestate.com\/pt\/wp-content\/uploads\/2026\/01\/91-olhos-de-agua-beach-06-768x576.jpg 768w, https:\/\/algarverealestate.com\/pt\/wp-content\/uploads\/2026\/01\/91-olhos-de-agua-beach-06-880x586.jpg 880w, https:\/\/algarverealestate.com\/pt\/wp-content\/uploads\/2026\/01\/91-olhos-de-agua-beach-06.jpg 1400w\" sizes=\"(max-width: 1400px) 100vw, 1400px\" loading=\"lazy\" decoding=\"async\"><figcaption>Praia Olhos de \u00c1gua<\/figcaption><\/figure>\n<ol start=\"91\">\n<li><a href=\"https:\/\/algarverealestate.com\/pt\/wp-content\/uploads\/2026\/01\/algarve-portugal-beaches-map.jpg\">ver n\u00famero de praia no mapa<\/a><\/li>\n<\/ol>\n<figure class=\"wp-block-image\"><img src=\"https:\/\/algarverealestate.com\/pt\/wp-content\/uploads\/2026\/01\/91-olhos-de-agua-beach-07.jpg\" width=\"1400\" height=\"1050\" class=\"wp-image-8740\" alt=\"pequena praia a oeste de Olhos de \u00c1gua\" srcset=\"https:\/\/algarverealestate.com\/pt\/wp-content\/uploads\/2026\/01\/91-olhos-de-agua-beach-07-125x83.jpg 125w, https:\/\/algarverealestate.com\/pt\/wp-content\/uploads\/2026\/01\/91-olhos-de-agua-beach-07-150x150.jpg 150w, https:\/\/algarverealestate.com\/pt\/wp-content\/uploads\/2026\/01\/91-olhos-de-agua-beach-07-300x225.jpg 300w, https:\/\/algarverealestate.com\/pt\/wp-content\/uploads\/2026\/01\/91-olhos-de-agua-beach-07-430x293.jpg 430w, https:\/\/algarverealestate.com\/pt\/wp-content\/uploads\/2026\/01\/91-olhos-de-agua-beach-07-768x576.jpg 768w, https:\/\/algarverealestate.com\/pt\/wp-content\/uploads\/2026\/01\/91-olhos-de-agua-beach-07-880x586.jpg 880w, https:\/\/algarverealestate.com\/pt\/wp-content\/uploads\/2026\/01\/91-olhos-de-agua-beach-07.jpg 1400w\" sizes=\"(max-width: 1400px) 100vw, 1400px\" loading=\"lazy\" decoding=\"async\"><figcaption>pequena praia a oeste de Olhos de \u00c1gua<\/figcaption><\/figure>\n<ol start=\"91\">\n<li><a href=\"https:\/\/algarverealestate.com\/pt\/wp-content\/uploads\/2026\/01\/algarve-portugal-beaches-map.jpg\">ver n\u00famero de praia no mapa<\/a><\/li>\n<\/ol>\n<figure class=\"wp-block-image\"><img src=\"https:\/\/algarverealestate.com\/pt\/wp-content\/uploads\/2026\/01\/91-olhos-de-agua-beach-08.jpg\" width=\"1400\" height=\"1050\" class=\"wp-image-8741\" alt=\"Praia dos Olhos de \u00c1gua vista da esplanada do restaurante\" srcset=\"https:\/\/algarverealestate.com\/pt\/wp-content\/uploads\/2026\/01\/91-olhos-de-agua-beach-08-125x83.jpg 125w, https:\/\/algarverealestate.com\/pt\/wp-content\/uploads\/2026\/01\/91-olhos-de-agua-beach-08-150x150.jpg 150w, https:\/\/algarverealestate.com\/pt\/wp-content\/uploads\/2026\/01\/91-olhos-de-agua-beach-08-300x225.jpg 300w, https:\/\/algarverealestate.com\/pt\/wp-content\/uploads\/2026\/01\/91-olhos-de-agua-beach-08-430x293.jpg 430w, https:\/\/algarverealestate.com\/pt\/wp-content\/uploads\/2026\/01\/91-olhos-de-agua-beach-08-768x576.jpg 768w, https:\/\/algarverealestate.com\/pt\/wp-content\/uploads\/2026\/01\/91-olhos-de-agua-beach-08-880x586.jpg 880w, https:\/\/algarverealestate.com\/pt\/wp-content\/uploads\/2026\/01\/91-olhos-de-agua-beach-08.jpg 1400w\" sizes=\"(max-width: 1400px) 100vw, 1400px\" loading=\"lazy\" decoding=\"async\"><figcaption>Praia dos Olhos de \u00c1gua vista da esplanada do restaurante<\/figcaption><\/figure>\n<ol start=\"91\">\n<li><a href=\"https:\/\/algarverealestate.com\/pt\/wp-content\/uploads\/2026\/01\/algarve-portugal-beaches-map.jpg\">ver n\u00famero de praia no mapa<\/a><\/li>\n<\/ol>\n<figure class=\"wp-block-image\"><img src=\"https:\/\/algarverealestate.com\/pt\/wp-content\/uploads\/2026\/01\/91-olhos-de-agua-beach-09.jpg\" width=\"1400\" height=\"1050\" class=\"wp-image-8742\" alt=\"Praia Olhos d\" srcset=\"https:\/\/algarverealestate.com\/pt\/wp-content\/uploads\/2026\/01\/91-olhos-de-agua-beach-09-125x83.jpg 125w, https:\/\/algarverealestate.com\/pt\/wp-content\/uploads\/2026\/01\/91-olhos-de-agua-beach-09-150x150.jpg 150w, https:\/\/algarverealestate.com\/pt\/wp-content\/uploads\/2026\/01\/91-olhos-de-agua-beach-09-300x225.jpg 300w, https:\/\/algarverealestate.com\/pt\/wp-content\/uploads\/2026\/01\/91-olhos-de-agua-beach-09-430x293.jpg 430w, https:\/\/algarverealestate.com\/pt\/wp-content\/uploads\/2026\/01\/91-olhos-de-agua-beach-09-768x576.jpg 768w, https:\/\/algarverealestate.com\/pt\/wp-content\/uploads\/2026\/01\/91-olhos-de-agua-beach-09-880x586.jpg 880w, https:\/\/algarverealestate.com\/pt\/wp-content\/uploads\/2026\/01\/91-olhos-de-agua-beach-09.jpg 1400w\" sizes=\"(max-width: 1400px) 100vw, 1400px\" loading=\"lazy\" decoding=\"async\"><figcaption>Praia Olhos d&#8217;\u00c1gua<\/figcaption><\/figure>\n<ol start=\"91\">\n<li><a href=\"https:\/\/algarverealestate.com\/pt\/wp-content\/uploads\/2026\/01\/algarve-portugal-beaches-map.jpg\">ver n\u00famero de praia no mapa<\/a><\/li>\n<\/ol>\n<figure class=\"wp-block-image\"><img src=\"https:\/\/algarverealestate.com\/pt\/wp-content\/uploads\/2026\/01\/91-olhos-de-agua-beach-10.jpg\" width=\"1400\" height=\"1050\" class=\"wp-image-8743\" alt=\"Praia Olhos d\" srcset=\"https:\/\/algarverealestate.com\/pt\/wp-content\/uploads\/2026\/01\/91-olhos-de-agua-beach-10-125x83.jpg 125w, https:\/\/algarverealestate.com\/pt\/wp-content\/uploads\/2026\/01\/91-olhos-de-agua-beach-10-150x150.jpg 150w, https:\/\/algarverealestate.com\/pt\/wp-content\/uploads\/2026\/01\/91-olhos-de-agua-beach-10-300x225.jpg 300w, https:\/\/algarverealestate.com\/pt\/wp-content\/uploads\/2026\/01\/91-olhos-de-agua-beach-10-430x293.jpg 430w, https:\/\/algarverealestate.com\/pt\/wp-content\/uploads\/2026\/01\/91-olhos-de-agua-beach-10-768x576.jpg 768w, https:\/\/algarverealestate.com\/pt\/wp-content\/uploads\/2026\/01\/91-olhos-de-agua-beach-10-880x586.jpg 880w, https:\/\/algarverealestate.com\/pt\/wp-content\/uploads\/2026\/01\/91-olhos-de-agua-beach-10.jpg 1400w\" sizes=\"(max-width: 1400px) 100vw, 1400px\" loading=\"lazy\" decoding=\"async\"><figcaption>Praia Olhos d&#8217;\u00c1gua<\/figcaption><\/figure>\n<ol start=\"91\">\n<li><a href=\"https:\/\/algarverealestate.com\/pt\/wp-content\/uploads\/2026\/01\/algarve-portugal-beaches-map.jpg\">ver n\u00famero de praia no mapa<\/a><\/li>\n<\/ol>\n<figure class=\"wp-block-image\"><img src=\"https:\/\/algarverealestate.com\/pt\/wp-content\/uploads\/2026\/01\/91-olhos-de-agua-beach-11.jpg\" width=\"1400\" height=\"1050\" class=\"wp-image-8745\" alt=\"Tradicional barco de pesca do Sr. Guerreiro, um dos conceituados pescadores da vila de Olhos de \u00c1gua\" srcset=\"https:\/\/algarverealestate.com\/pt\/wp-content\/uploads\/2026\/01\/91-olhos-de-agua-beach-11-125x83.jpg 125w, https:\/\/algarverealestate.com\/pt\/wp-content\/uploads\/2026\/01\/91-olhos-de-agua-beach-11-150x150.jpg 150w, https:\/\/algarverealestate.com\/pt\/wp-content\/uploads\/2026\/01\/91-olhos-de-agua-beach-11-300x225.jpg 300w, https:\/\/algarverealestate.com\/pt\/wp-content\/uploads\/2026\/01\/91-olhos-de-agua-beach-11-430x293.jpg 430w, https:\/\/algarverealestate.com\/pt\/wp-content\/uploads\/2026\/01\/91-olhos-de-agua-beach-11-768x576.jpg 768w, https:\/\/algarverealestate.com\/pt\/wp-content\/uploads\/2026\/01\/91-olhos-de-agua-beach-11-880x586.jpg 880w, https:\/\/algarverealestate.com\/pt\/wp-content\/uploads\/2026\/01\/91-olhos-de-agua-beach-11.jpg 1400w\" sizes=\"(max-width: 1400px) 100vw, 1400px\" loading=\"lazy\" decoding=\"async\"><figcaption>Tradicional barco de pesca do Sr. Guerreiro, um dos conceituados pescadores da vila de Olhos de \u00c1gua<\/figcaption><\/figure>\n<ol start=\"91\">\n<li><a href=\"https:\/\/algarverealestate.com\/pt\/wp-content\/uploads\/2026\/01\/algarve-portugal-beaches-map.jpg\">ver n\u00famero de praia no mapa<\/a><\/li>\n<\/ol>\n<figure class=\"wp-block-image\"><img src=\"https:\/\/algarverealestate.com\/pt\/wp-content\/uploads\/2026\/01\/91-olhos-de-agua-beach-12.jpg\" width=\"1400\" height=\"1050\" class=\"wp-image-8747\" alt=\"A arte de consertar redes de pesca ainda \u00e9 feita de forma tradicional.\" srcset=\"https:\/\/algarverealestate.com\/pt\/wp-content\/uploads\/2026\/01\/91-olhos-de-agua-beach-12-125x83.jpg 125w, https:\/\/algarverealestate.com\/pt\/wp-content\/uploads\/2026\/01\/91-olhos-de-agua-beach-12-150x150.jpg 150w, https:\/\/algarverealestate.com\/pt\/wp-content\/uploads\/2026\/01\/91-olhos-de-agua-beach-12-300x225.jpg 300w, https:\/\/algarverealestate.com\/pt\/wp-content\/uploads\/2026\/01\/91-olhos-de-agua-beach-12-430x293.jpg 430w, https:\/\/algarverealestate.com\/pt\/wp-content\/uploads\/2026\/01\/91-olhos-de-agua-beach-12-768x576.jpg 768w, https:\/\/algarverealestate.com\/pt\/wp-content\/uploads\/2026\/01\/91-olhos-de-agua-beach-12-880x586.jpg 880w, https:\/\/algarverealestate.com\/pt\/wp-content\/uploads\/2026\/01\/91-olhos-de-agua-beach-12.jpg 1400w\" sizes=\"(max-width: 1400px) 100vw, 1400px\" loading=\"lazy\" decoding=\"async\"><figcaption>A arte de consertar redes de pesca ainda \u00e9 feita de forma tradicional.<\/figcaption><\/figure>\n<ol start=\"91\">\n<li><a href=\"https:\/\/algarverealestate.com\/pt\/wp-content\/uploads\/2026\/01\/algarve-portugal-beaches-map.jpg\">ver n\u00famero de praia no mapa<\/a><\/li>\n<\/ol>\n<figure class=\"wp-block-image\"><img src=\"https:\/\/algarverealestate.com\/pt\/wp-content\/uploads\/2026\/01\/91-olhos-de-agua-beach-13.jpg\" width=\"1400\" height=\"933\" class=\"wp-image-8749\" alt=\"Praia de Olhos de \u00c1gua no inverno\" srcset=\"https:\/\/algarverealestate.com\/pt\/wp-content\/uploads\/2026\/01\/91-olhos-de-agua-beach-13-125x83.jpg 125w, https:\/\/algarverealestate.com\/pt\/wp-content\/uploads\/2026\/01\/91-olhos-de-agua-beach-13-150x150.jpg 150w, https:\/\/algarverealestate.com\/pt\/wp-content\/uploads\/2026\/01\/91-olhos-de-agua-beach-13-300x200.jpg 300w, https:\/\/algarverealestate.com\/pt\/wp-content\/uploads\/2026\/01\/91-olhos-de-agua-beach-13-430x293.jpg 430w, https:\/\/algarverealestate.com\/pt\/wp-content\/uploads\/2026\/01\/91-olhos-de-agua-beach-13-768x512.jpg 768w, https:\/\/algarverealestate.com\/pt\/wp-content\/uploads\/2026\/01\/91-olhos-de-agua-beach-13-880x586.jpg 880w, https:\/\/algarverealestate.com\/pt\/wp-content\/uploads\/2026\/01\/91-olhos-de-agua-beach-13.jpg 1400w\" sizes=\"(max-width: 1400px) 100vw, 1400px\" loading=\"lazy\" decoding=\"async\"><figcaption>Praia de Olhos de \u00c1gua no inverno<\/figcaption><\/figure>\n<ol start=\"91\">\n<li><a href=\"https:\/\/algarverealestate.com\/pt\/wp-content\/uploads\/2026\/01\/algarve-portugal-beaches-map.jpg\">ver n\u00famero de praia no mapa<\/a><\/li>\n<\/ol>\n<figure class=\"wp-block-image\"><img src=\"https:\/\/algarverealestate.com\/pt\/wp-content\/uploads\/2026\/01\/91-olhos-de-agua-beach-14.jpg\" width=\"1400\" height=\"933\" class=\"wp-image-8750\" alt=\"Esplanadas dos Olhos de \u00c1gua com vista para a praia\" srcset=\"https:\/\/algarverealestate.com\/pt\/wp-content\/uploads\/2026\/01\/91-olhos-de-agua-beach-14-125x83.jpg 125w, https:\/\/algarverealestate.com\/pt\/wp-content\/uploads\/2026\/01\/91-olhos-de-agua-beach-14-150x150.jpg 150w, https:\/\/algarverealestate.com\/pt\/wp-content\/uploads\/2026\/01\/91-olhos-de-agua-beach-14-300x200.jpg 300w, https:\/\/algarverealestate.com\/pt\/wp-content\/uploads\/2026\/01\/91-olhos-de-agua-beach-14-430x293.jpg 430w, https:\/\/algarverealestate.com\/pt\/wp-content\/uploads\/2026\/01\/91-olhos-de-agua-beach-14-768x512.jpg 768w, https:\/\/algarverealestate.com\/pt\/wp-content\/uploads\/2026\/01\/91-olhos-de-agua-beach-14-880x586.jpg 880w, https:\/\/algarverealestate.com\/pt\/wp-content\/uploads\/2026\/01\/91-olhos-de-agua-beach-14.jpg 1400w\" sizes=\"(max-width: 1400px) 100vw, 1400px\" loading=\"lazy\" decoding=\"async\"><figcaption>Esplanadas dos Olhos de \u00c1gua com vista para a praia<\/figcaption><\/figure>\n<ol start=\"91\">\n<li><a href=\"https:\/\/algarverealestate.com\/pt\/wp-content\/uploads\/2026\/01\/algarve-portugal-beaches-map.jpg\">ver n\u00famero de praia no mapa<\/a><\/li>\n<\/ol>\n<figure class=\"wp-block-image\"><img src=\"https:\/\/algarverealestate.com\/pt\/wp-content\/uploads\/2026\/01\/91-olhos-de-agua-beach-15.jpg\" width=\"1400\" height=\"933\" class=\"wp-image-8751\" alt=\"Praia tradicional de pescadores de Olhos de \u00c1gua\" srcset=\"https:\/\/algarverealestate.com\/pt\/wp-content\/uploads\/2026\/01\/91-olhos-de-agua-beach-15-125x83.jpg 125w, https:\/\/algarverealestate.com\/pt\/wp-content\/uploads\/2026\/01\/91-olhos-de-agua-beach-15-150x150.jpg 150w, https:\/\/algarverealestate.com\/pt\/wp-content\/uploads\/2026\/01\/91-olhos-de-agua-beach-15-300x200.jpg 300w, https:\/\/algarverealestate.com\/pt\/wp-content\/uploads\/2026\/01\/91-olhos-de-agua-beach-15-430x293.jpg 430w, https:\/\/algarverealestate.com\/pt\/wp-content\/uploads\/2026\/01\/91-olhos-de-agua-beach-15-768x512.jpg 768w, https:\/\/algarverealestate.com\/pt\/wp-content\/uploads\/2026\/01\/91-olhos-de-agua-beach-15-880x586.jpg 880w, https:\/\/algarverealestate.com\/pt\/wp-content\/uploads\/2026\/01\/91-olhos-de-agua-beach-15.jpg 1400w\" sizes=\"(max-width: 1400px) 100vw, 1400px\" loading=\"lazy\" decoding=\"async\"><figcaption>Praia tradicional de pescadores de Olhos de \u00c1gua<\/figcaption><\/figure>\n<ol start=\"91\">\n<li><a href=\"https:\/\/algarverealestate.com\/pt\/wp-content\/uploads\/2026\/01\/algarve-portugal-beaches-map.jpg\">ver n\u00famero de praia no mapa<\/a><\/li>\n<\/ol>\n<figure class=\"wp-block-image\"><img src=\"https:\/\/algarverealestate.com\/pt\/wp-content\/uploads\/2026\/01\/91-olhos-de-agua-beach-16.jpg\" width=\"1400\" height=\"773\" class=\"wp-image-8752\" alt=\"Praia tradicional de pescadores de Olhos de \u00c1gua\" srcset=\"https:\/\/algarverealestate.com\/pt\/wp-content\/uploads\/2026\/01\/91-olhos-de-agua-beach-16-125x83.jpg 125w, https:\/\/algarverealestate.com\/pt\/wp-content\/uploads\/2026\/01\/91-olhos-de-agua-beach-16-150x150.jpg 150w, https:\/\/algarverealestate.com\/pt\/wp-content\/uploads\/2026\/01\/91-olhos-de-agua-beach-16-300x166.jpg 300w, https:\/\/algarverealestate.com\/pt\/wp-content\/uploads\/2026\/01\/91-olhos-de-agua-beach-16-430x293.jpg 430w, https:\/\/algarverealestate.com\/pt\/wp-content\/uploads\/2026\/01\/91-olhos-de-agua-beach-16-768x424.jpg 768w, https:\/\/algarverealestate.com\/pt\/wp-content\/uploads\/2026\/01\/91-olhos-de-agua-beach-16-880x586.jpg 880w, https:\/\/algarverealestate.com\/pt\/wp-content\/uploads\/2026\/01\/91-olhos-de-agua-beach-16.jpg 1400w\" sizes=\"(max-width: 1400px) 100vw, 1400px\" loading=\"lazy\" decoding=\"async\"><figcaption>Praia tradicional de pescadores de Olhos de \u00c1gua<\/figcaption><\/figure>\n<ol start=\"91\">\n<li><a href=\"https:\/\/algarverealestate.com\/pt\/wp-content\/uploads\/2026\/01\/algarve-portugal-beaches-map.jpg\">ver n\u00famero de praia no mapa<\/a><\/li>\n<\/ol>\n<figure class=\"wp-block-image\"><img src=\"https:\/\/algarverealestate.com\/pt\/wp-content\/uploads\/2026\/01\/91-olhos-de-agua-beach-17.jpg\" width=\"1400\" height=\"1050\" class=\"wp-image-8754\" alt=\"Junto \u00e0 praia de Olhos de \u00c1gua encontrar\u00e1 pequenas praias escondidas nas fal\u00e9sias.\" srcset=\"https:\/\/algarverealestate.com\/pt\/wp-content\/uploads\/2026\/01\/91-olhos-de-agua-beach-17-125x83.jpg 125w, https:\/\/algarverealestate.com\/pt\/wp-content\/uploads\/2026\/01\/91-olhos-de-agua-beach-17-150x150.jpg 150w, https:\/\/algarverealestate.com\/pt\/wp-content\/uploads\/2026\/01\/91-olhos-de-agua-beach-17-300x225.jpg 300w, https:\/\/algarverealestate.com\/pt\/wp-content\/uploads\/2026\/01\/91-olhos-de-agua-beach-17-430x293.jpg 430w, https:\/\/algarverealestate.com\/pt\/wp-content\/uploads\/2026\/01\/91-olhos-de-agua-beach-17-768x576.jpg 768w, https:\/\/algarverealestate.com\/pt\/wp-content\/uploads\/2026\/01\/91-olhos-de-agua-beach-17-880x586.jpg 880w, https:\/\/algarverealestate.com\/pt\/wp-content\/uploads\/2026\/01\/91-olhos-de-agua-beach-17.jpg 1400w\" sizes=\"(max-width: 1400px) 100vw, 1400px\" loading=\"lazy\" decoding=\"async\"><figcaption>Junto \u00e0 praia de Olhos de \u00c1gua encontrar\u00e1 pequenas praias escondidas nas fal\u00e9sias.<\/figcaption><\/figure>\n<ol start=\"91\">\n<li><a href=\"https:\/\/algarverealestate.com\/pt\/wp-content\/uploads\/2026\/01\/algarve-portugal-beaches-map.jpg\">ver n\u00famero de praia no mapa<\/a><\/li>\n<\/ol>\n<figure class=\"wp-block-image\"><img src=\"https:\/\/algarverealestate.com\/pt\/wp-content\/uploads\/2026\/01\/91-olhos-de-agua-beach-18.jpg\" width=\"1400\" height=\"1050\" class=\"wp-image-8756\" alt=\"Nas fal\u00e9sias da praia dos Olhos de \u00c1gua\" srcset=\"https:\/\/algarverealestate.com\/pt\/wp-content\/uploads\/2026\/01\/91-olhos-de-agua-beach-18-125x83.jpg 125w, https:\/\/algarverealestate.com\/pt\/wp-content\/uploads\/2026\/01\/91-olhos-de-agua-beach-18-150x150.jpg 150w, https:\/\/algarverealestate.com\/pt\/wp-content\/uploads\/2026\/01\/91-olhos-de-agua-beach-18-300x225.jpg 300w, https:\/\/algarverealestate.com\/pt\/wp-content\/uploads\/2026\/01\/91-olhos-de-agua-beach-18-430x293.jpg 430w, https:\/\/algarverealestate.com\/pt\/wp-content\/uploads\/2026\/01\/91-olhos-de-agua-beach-18-768x576.jpg 768w, https:\/\/algarverealestate.com\/pt\/wp-content\/uploads\/2026\/01\/91-olhos-de-agua-beach-18-880x586.jpg 880w, https:\/\/algarverealestate.com\/pt\/wp-content\/uploads\/2026\/01\/91-olhos-de-agua-beach-18.jpg 1400w\" sizes=\"(max-width: 1400px) 100vw, 1400px\" loading=\"lazy\" decoding=\"async\"><figcaption>Nas fal\u00e9sias da praia dos Olhos de \u00c1gua<\/figcaption><\/figure>\n<ol start=\"92\">\n<li><a href=\"https:\/\/algarverealestate.com\/pt\/wp-content\/uploads\/2026\/01\/algarve-portugal-beaches-map.jpg\">ver n\u00famero de praia no mapa<\/a><\/li>\n<\/ol>\n<figure class=\"wp-block-image\"><img src=\"https:\/\/algarverealestate.com\/pt\/wp-content\/uploads\/2026\/01\/92-barranco-beach.jpg\" width=\"1400\" height=\"788\" class=\"wp-image-8448\" alt=\"Barranco, praia dos Olhos de \u00c0gua\" srcset=\"https:\/\/algarverealestate.com\/pt\/wp-content\/uploads\/2026\/01\/92-barranco-beach-125x83.jpg 125w, https:\/\/algarverealestate.com\/pt\/wp-content\/uploads\/2026\/01\/92-barranco-beach-150x150.jpg 150w, https:\/\/algarverealestate.com\/pt\/wp-content\/uploads\/2026\/01\/92-barranco-beach-300x169.jpg 300w, https:\/\/algarverealestate.com\/pt\/wp-content\/uploads\/2026\/01\/92-barranco-beach-430x293.jpg 430w, https:\/\/algarverealestate.com\/pt\/wp-content\/uploads\/2026\/01\/92-barranco-beach-768x432.jpg 768w, https:\/\/algarverealestate.com\/pt\/wp-content\/uploads\/2026\/01\/92-barranco-beach-880x586.jpg 880w, https:\/\/algarverealestate.com\/pt\/wp-content\/uploads\/2026\/01\/92-barranco-beach.jpg 1400w\" sizes=\"(max-width: 1400px) 100vw, 1400px\" loading=\"lazy\" decoding=\"async\"><figcaption>Barranco, praia dos Olhos de \u00c0gua<\/figcaption><\/figure>\n<ol start=\"92\">\n<li><a href=\"https:\/\/algarverealestate.com\/pt\/wp-content\/uploads\/2026\/01\/algarve-portugal-beaches-map.jpg\">ver n\u00famero de praia no mapa<\/a><\/li>\n<\/ol>\n<figure class=\"wp-block-image\"><img loading=\"lazy\" decoding=\"async\" class=\"size-full wp-image-83720\" src=\"https:\/\/algarverealestate.com\/property\/92-barranco-beach-1.jpg\" alt=\"vista desde o miradouro da praia do Barranco das Belharucas, praia dos Pine Cliffs at\u00e9 \u00e0 praia da Fal\u00e9sia,\" width=\"1400\" height=\"933\" \/><figcaption>vista desde o miradouro da praia do Barranco das Belharucas, praia dos Pine Cliffs at\u00e9 \u00e0 praia da Fal\u00e9sia,<\/figcaption><\/figure>\n<ol start=\"92\">\n<li><a href=\"https:\/\/algarverealestate.com\/pt\/wp-content\/uploads\/2026\/01\/algarve-portugal-beaches-map.jpg\">ver n\u00famero de praia no mapa<\/a><\/li>\n<\/ol>\n<figure class=\"wp-block-image\"><img src=\"https:\/\/algarverealestate.com\/pt\/wp-content\/uploads\/2026\/01\/92-barranco-beach-01.jpg\" width=\"1400\" height=\"1050\" class=\"wp-image-8757\" alt=\"Pescador na praia do Barranco\" srcset=\"https:\/\/algarverealestate.com\/pt\/wp-content\/uploads\/2026\/01\/92-barranco-beach-01-125x83.jpg 125w, https:\/\/algarverealestate.com\/pt\/wp-content\/uploads\/2026\/01\/92-barranco-beach-01-150x150.jpg 150w, https:\/\/algarverealestate.com\/pt\/wp-content\/uploads\/2026\/01\/92-barranco-beach-01-300x225.jpg 300w, https:\/\/algarverealestate.com\/pt\/wp-content\/uploads\/2026\/01\/92-barranco-beach-01-430x293.jpg 430w, https:\/\/algarverealestate.com\/pt\/wp-content\/uploads\/2026\/01\/92-barranco-beach-01-768x576.jpg 768w, https:\/\/algarverealestate.com\/pt\/wp-content\/uploads\/2026\/01\/92-barranco-beach-01-880x586.jpg 880w, https:\/\/algarverealestate.com\/pt\/wp-content\/uploads\/2026\/01\/92-barranco-beach-01.jpg 1400w\" sizes=\"(max-width: 1400px) 100vw, 1400px\" loading=\"lazy\" decoding=\"async\"><figcaption>Pescador na praia do Barranco<\/figcaption><\/figure>\n<ol start=\"92\">\n<li><a href=\"https:\/\/algarverealestate.com\/pt\/wp-content\/uploads\/2026\/01\/algarve-portugal-beaches-map.jpg\">ver n\u00famero de praia no mapa<\/a><\/li>\n<\/ol>\n<figure class=\"wp-block-image\"><img src=\"https:\/\/algarverealestate.com\/pt\/wp-content\/uploads\/2026\/01\/92-barranco-beach-02.jpg\" width=\"1400\" height=\"1050\" class=\"wp-image-8758\" alt=\"Praia do Barranco das Belharucas inverno\" srcset=\"https:\/\/algarverealestate.com\/pt\/wp-content\/uploads\/2026\/01\/92-barranco-beach-02-125x83.jpg 125w, https:\/\/algarverealestate.com\/pt\/wp-content\/uploads\/2026\/01\/92-barranco-beach-02-150x150.jpg 150w, https:\/\/algarverealestate.com\/pt\/wp-content\/uploads\/2026\/01\/92-barranco-beach-02-300x225.jpg 300w, https:\/\/algarverealestate.com\/pt\/wp-content\/uploads\/2026\/01\/92-barranco-beach-02-430x293.jpg 430w, https:\/\/algarverealestate.com\/pt\/wp-content\/uploads\/2026\/01\/92-barranco-beach-02-768x576.jpg 768w, https:\/\/algarverealestate.com\/pt\/wp-content\/uploads\/2026\/01\/92-barranco-beach-02-880x586.jpg 880w, https:\/\/algarverealestate.com\/pt\/wp-content\/uploads\/2026\/01\/92-barranco-beach-02.jpg 1400w\" sizes=\"(max-width: 1400px) 100vw, 1400px\" loading=\"lazy\" decoding=\"async\"><figcaption>Praia do Barranco das Belharucas inverno<\/figcaption><\/figure>\n<ol start=\"92\">\n<li><a href=\"https:\/\/algarverealestate.com\/pt\/wp-content\/uploads\/2026\/01\/algarve-portugal-beaches-map.jpg\">ver n\u00famero de praia no mapa<\/a><\/li>\n<\/ol>\n<figure class=\"wp-block-image\"><img src=\"https:\/\/algarverealestate.com\/pt\/wp-content\/uploads\/2026\/01\/92-barranco-beach-03.jpg\" width=\"1400\" height=\"933\" class=\"wp-image-8759\" alt=\"Praia do Barranco das Belharucas ver\u00e3o\" srcset=\"https:\/\/algarverealestate.com\/pt\/wp-content\/uploads\/2026\/01\/92-barranco-beach-03-125x83.jpg 125w, https:\/\/algarverealestate.com\/pt\/wp-content\/uploads\/2026\/01\/92-barranco-beach-03-150x150.jpg 150w, https:\/\/algarverealestate.com\/pt\/wp-content\/uploads\/2026\/01\/92-barranco-beach-03-300x200.jpg 300w, https:\/\/algarverealestate.com\/pt\/wp-content\/uploads\/2026\/01\/92-barranco-beach-03-430x293.jpg 430w, https:\/\/algarverealestate.com\/pt\/wp-content\/uploads\/2026\/01\/92-barranco-beach-03-768x512.jpg 768w, https:\/\/algarverealestate.com\/pt\/wp-content\/uploads\/2026\/01\/92-barranco-beach-03-880x586.jpg 880w, https:\/\/algarverealestate.com\/pt\/wp-content\/uploads\/2026\/01\/92-barranco-beach-03.jpg 1400w\" sizes=\"(max-width: 1400px) 100vw, 1400px\" loading=\"lazy\" decoding=\"async\"><figcaption>Praia do Barranco das Belharucas ver\u00e3o<\/figcaption><\/figure>\n<ol start=\"92\">\n<li><a href=\"https:\/\/algarverealestate.com\/pt\/wp-content\/uploads\/2026\/01\/algarve-portugal-beaches-map.jpg\">ver n\u00famero de praia no mapa<\/a><\/li>\n<\/ol>\n<figure class=\"wp-block-image\"><img src=\"https:\/\/algarverealestate.com\/pt\/wp-content\/uploads\/2026\/01\/92-barranco-beach-04.jpg\" width=\"1400\" height=\"933\" class=\"wp-image-8760\" alt=\"Mar\u00e9 baixa na praia do Barranco das Belharucas\" srcset=\"https:\/\/algarverealestate.com\/pt\/wp-content\/uploads\/2026\/01\/92-barranco-beach-04-125x83.jpg 125w, https:\/\/algarverealestate.com\/pt\/wp-content\/uploads\/2026\/01\/92-barranco-beach-04-150x150.jpg 150w, https:\/\/algarverealestate.com\/pt\/wp-content\/uploads\/2026\/01\/92-barranco-beach-04-300x200.jpg 300w, https:\/\/algarverealestate.com\/pt\/wp-content\/uploads\/2026\/01\/92-barranco-beach-04-430x293.jpg 430w, https:\/\/algarverealestate.com\/pt\/wp-content\/uploads\/2026\/01\/92-barranco-beach-04-768x512.jpg 768w, https:\/\/algarverealestate.com\/pt\/wp-content\/uploads\/2026\/01\/92-barranco-beach-04-880x586.jpg 880w, https:\/\/algarverealestate.com\/pt\/wp-content\/uploads\/2026\/01\/92-barranco-beach-04.jpg 1400w\" sizes=\"(max-width: 1400px) 100vw, 1400px\" loading=\"lazy\" decoding=\"async\"><figcaption>Mar\u00e9 baixa na praia do Barranco das Belharucas<\/figcaption><\/figure>\n<ol start=\"92\">\n<li><a href=\"https:\/\/algarverealestate.com\/pt\/wp-content\/uploads\/2026\/01\/algarve-portugal-beaches-map.jpg\">ver n\u00famero de praia no mapa<\/a><\/li>\n<\/ol>\n<figure class=\"wp-block-image\"><img src=\"https:\/\/algarverealestate.com\/pt\/wp-content\/uploads\/2026\/01\/92-barranco-das-belharucas.jpg\" width=\"1400\" height=\"933\" class=\"wp-image-8761\" alt=\"Barranco das Belharucas e vista a\u00e9rea da praia de Pine Cliffs\" srcset=\"https:\/\/algarverealestate.com\/pt\/wp-content\/uploads\/2026\/01\/92-barranco-das-belharucas-125x83.jpg 125w, https:\/\/algarverealestate.com\/pt\/wp-content\/uploads\/2026\/01\/92-barranco-das-belharucas-150x150.jpg 150w, https:\/\/algarverealestate.com\/pt\/wp-content\/uploads\/2026\/01\/92-barranco-das-belharucas-300x200.jpg 300w, https:\/\/algarverealestate.com\/pt\/wp-content\/uploads\/2026\/01\/92-barranco-das-belharucas-430x293.jpg 430w, https:\/\/algarverealestate.com\/pt\/wp-content\/uploads\/2026\/01\/92-barranco-das-belharucas-768x512.jpg 768w, https:\/\/algarverealestate.com\/pt\/wp-content\/uploads\/2026\/01\/92-barranco-das-belharucas-880x586.jpg 880w, https:\/\/algarverealestate.com\/pt\/wp-content\/uploads\/2026\/01\/92-barranco-das-belharucas.jpg 1400w\" sizes=\"(max-width: 1400px) 100vw, 1400px\" loading=\"lazy\" decoding=\"async\"><figcaption>Barranco das Belharucas e vista a\u00e9rea da praia de Pine Cliffs<\/figcaption><\/figure>\n<ol start=\"93\">\n<li><a href=\"https:\/\/algarverealestate.com\/pt\/wp-content\/uploads\/2026\/01\/algarve-portugal-beaches-map.jpg\">ver n\u00famero de praia no mapa<\/a><\/li>\n<\/ol>\n<figure class=\"wp-block-image\"><img src=\"https:\/\/algarverealestate.com\/pt\/wp-content\/uploads\/2026\/01\/93-falesia-acoteias.jpg\" width=\"1024\" height=\"768\" class=\"wp-image-8762\" alt=\"Praia da Fal\u00e9sia A\u00e7oteias\" srcset=\"https:\/\/algarverealestate.com\/pt\/wp-content\/uploads\/2026\/01\/93-falesia-acoteias-125x83.jpg 125w, https:\/\/algarverealestate.com\/pt\/wp-content\/uploads\/2026\/01\/93-falesia-acoteias-150x150.jpg 150w, https:\/\/algarverealestate.com\/pt\/wp-content\/uploads\/2026\/01\/93-falesia-acoteias-300x225.jpg 300w, https:\/\/algarverealestate.com\/pt\/wp-content\/uploads\/2026\/01\/93-falesia-acoteias-430x293.jpg 430w, https:\/\/algarverealestate.com\/pt\/wp-content\/uploads\/2026\/01\/93-falesia-acoteias-768x576.jpg 768w, https:\/\/algarverealestate.com\/pt\/wp-content\/uploads\/2026\/01\/93-falesia-acoteias-880x586.jpg 880w, https:\/\/algarverealestate.com\/pt\/wp-content\/uploads\/2026\/01\/93-falesia-acoteias.jpg 1024w\" sizes=\"(max-width: 1024px) 100vw, 1024px\" loading=\"lazy\" decoding=\"async\"><figcaption>Praia da Fal\u00e9sia A\u00e7oteias<\/figcaption><\/figure>\n<ol start=\"93\">\n<li><a href=\"https:\/\/algarverealestate.com\/pt\/wp-content\/uploads\/2026\/01\/algarve-portugal-beaches-map.jpg\">ver n\u00famero de praia no mapa<\/a><\/li>\n<\/ol>\n<figure class=\"wp-block-image\"><img src=\"https:\/\/algarverealestate.com\/pt\/wp-content\/uploads\/2026\/01\/93-falesia-acoteias-1.jpg\" width=\"1400\" height=\"787\" class=\"wp-image-8763\" alt=\"Praia da Fal\u00e9sia A\u00e7oteias\" srcset=\"https:\/\/algarverealestate.com\/pt\/wp-content\/uploads\/2026\/01\/93-falesia-acoteias-1-125x83.jpg 125w, https:\/\/algarverealestate.com\/pt\/wp-content\/uploads\/2026\/01\/93-falesia-acoteias-1-150x150.jpg 150w, https:\/\/algarverealestate.com\/pt\/wp-content\/uploads\/2026\/01\/93-falesia-acoteias-1-300x169.jpg 300w, https:\/\/algarverealestate.com\/pt\/wp-content\/uploads\/2026\/01\/93-falesia-acoteias-1-430x293.jpg 430w, https:\/\/algarverealestate.com\/pt\/wp-content\/uploads\/2026\/01\/93-falesia-acoteias-1-768x432.jpg 768w, https:\/\/algarverealestate.com\/pt\/wp-content\/uploads\/2026\/01\/93-falesia-acoteias-1-880x586.jpg 880w, https:\/\/algarverealestate.com\/pt\/wp-content\/uploads\/2026\/01\/93-falesia-acoteias-1.jpg 1400w\" sizes=\"(max-width: 1400px) 100vw, 1400px\" loading=\"lazy\" decoding=\"async\"><figcaption>Praia da Fal\u00e9sia A\u00e7oteias<\/figcaption><\/figure>\n<ol start=\"94\">\n<li><a href=\"https:\/\/algarverealestate.com\/pt\/wp-content\/uploads\/2026\/01\/algarve-portugal-beaches-map.jpg\">ver n\u00famero de praia no mapa<\/a><\/li>\n<\/ol>\n<figure class=\"wp-block-image\"><img src=\"https:\/\/algarverealestate.com\/pt\/wp-content\/uploads\/2026\/01\/94-falesia-beach-01.jpg\" width=\"1400\" height=\"933\" class=\"wp-image-8765\" alt=\"Estendendo-se aproximadamente 5 quil\u00f3metros desde Vilamoura at\u00e9 \u00e0 Praia do Barranco perto de Olhos de \u00c1gua em Albufeira, a Praia da Fal\u00e9sia oferece uma das experi\u00eancias de praia de maior qualidade em Portugal.\" srcset=\"https:\/\/algarverealestate.com\/pt\/wp-content\/uploads\/2026\/01\/94-falesia-beach-01-125x83.jpg 125w, https:\/\/algarverealestate.com\/pt\/wp-content\/uploads\/2026\/01\/94-falesia-beach-01-150x150.jpg 150w, https:\/\/algarverealestate.com\/pt\/wp-content\/uploads\/2026\/01\/94-falesia-beach-01-300x200.jpg 300w, https:\/\/algarverealestate.com\/pt\/wp-content\/uploads\/2026\/01\/94-falesia-beach-01-430x293.jpg 430w, https:\/\/algarverealestate.com\/pt\/wp-content\/uploads\/2026\/01\/94-falesia-beach-01-768x512.jpg 768w, https:\/\/algarverealestate.com\/pt\/wp-content\/uploads\/2026\/01\/94-falesia-beach-01-880x586.jpg 880w, https:\/\/algarverealestate.com\/pt\/wp-content\/uploads\/2026\/01\/94-falesia-beach-01.jpg 1400w\" sizes=\"(max-width: 1400px) 100vw, 1400px\" loading=\"lazy\" decoding=\"async\"><figcaption>Estendendo-se aproximadamente 5 quil\u00f3metros desde Vilamoura at\u00e9 \u00e0 Praia do Barranco perto de Olhos de \u00c1gua em Albufeira, a Praia da Fal\u00e9sia oferece uma das experi\u00eancias de praia de maior qualidade em Portugal.<\/figcaption><\/figure>\n<ol start=\"94\">\n<li><a href=\"https:\/\/algarverealestate.com\/pt\/wp-content\/uploads\/2026\/01\/algarve-portugal-beaches-map.jpg\">ver n\u00famero de praia no mapa<\/a><\/li>\n<\/ol>\n<figure class=\"wp-block-image\"><img src=\"https:\/\/algarverealestate.com\/pt\/wp-content\/uploads\/2026\/01\/94-falesia-beach-02.jpg\" width=\"1400\" height=\"933\" class=\"wp-image-8767\" alt=\"passeios todo o ano junto ao mar na praia da Fal\u00e9sia\" srcset=\"https:\/\/algarverealestate.com\/pt\/wp-content\/uploads\/2026\/01\/94-falesia-beach-02-125x83.jpg 125w, https:\/\/algarverealestate.com\/pt\/wp-content\/uploads\/2026\/01\/94-falesia-beach-02-150x150.jpg 150w, https:\/\/algarverealestate.com\/pt\/wp-content\/uploads\/2026\/01\/94-falesia-beach-02-300x200.jpg 300w, https:\/\/algarverealestate.com\/pt\/wp-content\/uploads\/2026\/01\/94-falesia-beach-02-430x293.jpg 430w, https:\/\/algarverealestate.com\/pt\/wp-content\/uploads\/2026\/01\/94-falesia-beach-02-768x512.jpg 768w, https:\/\/algarverealestate.com\/pt\/wp-content\/uploads\/2026\/01\/94-falesia-beach-02-880x586.jpg 880w, https:\/\/algarverealestate.com\/pt\/wp-content\/uploads\/2026\/01\/94-falesia-beach-02.jpg 1400w\" sizes=\"(max-width: 1400px) 100vw, 1400px\" loading=\"lazy\" decoding=\"async\"><figcaption>passeios todo o ano junto ao mar na praia da Fal\u00e9sia<\/figcaption><\/figure>\n<ol start=\"94\">\n<li><a href=\"https:\/\/algarverealestate.com\/pt\/wp-content\/uploads\/2026\/01\/algarve-portugal-beaches-map.jpg\">ver n\u00famero de praia no mapa<\/a><\/li>\n<\/ol>\n<figure class=\"wp-block-image\"><img src=\"https:\/\/algarverealestate.com\/pt\/wp-content\/uploads\/2026\/01\/94-falesia-beach-03.jpg\" width=\"1400\" height=\"933\" class=\"wp-image-8768\" alt=\"cores da praia da Fal\u00e9sia\" srcset=\"https:\/\/algarverealestate.com\/pt\/wp-content\/uploads\/2026\/01\/94-falesia-beach-03-125x83.jpg 125w, https:\/\/algarverealestate.com\/pt\/wp-content\/uploads\/2026\/01\/94-falesia-beach-03-150x150.jpg 150w, https:\/\/algarverealestate.com\/pt\/wp-content\/uploads\/2026\/01\/94-falesia-beach-03-300x200.jpg 300w, https:\/\/algarverealestate.com\/pt\/wp-content\/uploads\/2026\/01\/94-falesia-beach-03-430x293.jpg 430w, https:\/\/algarverealestate.com\/pt\/wp-content\/uploads\/2026\/01\/94-falesia-beach-03-768x512.jpg 768w, https:\/\/algarverealestate.com\/pt\/wp-content\/uploads\/2026\/01\/94-falesia-beach-03-880x586.jpg 880w, https:\/\/algarverealestate.com\/pt\/wp-content\/uploads\/2026\/01\/94-falesia-beach-03.jpg 1400w\" sizes=\"(max-width: 1400px) 100vw, 1400px\" loading=\"lazy\" decoding=\"async\"><figcaption>cores da praia da Fal\u00e9sia<\/figcaption><\/figure>\n<ol start=\"94\">\n<li><a href=\"https:\/\/algarverealestate.com\/pt\/wp-content\/uploads\/2026\/01\/algarve-portugal-beaches-map.jpg\">ver n\u00famero de praia no mapa<\/a><\/li>\n<\/ol>\n<figure class=\"wp-block-image\"><img src=\"https:\/\/algarverealestate.com\/pt\/wp-content\/uploads\/2026\/01\/94-falesia-beach-04.jpg\" width=\"1400\" height=\"933\" class=\"wp-image-8769\" alt=\"Vista das A\u00e7oteias a poente da praia da Fal\u00e9sia\" srcset=\"https:\/\/algarverealestate.com\/pt\/wp-content\/uploads\/2026\/01\/94-falesia-beach-04-125x83.jpg 125w, https:\/\/algarverealestate.com\/pt\/wp-content\/uploads\/2026\/01\/94-falesia-beach-04-150x150.jpg 150w, https:\/\/algarverealestate.com\/pt\/wp-content\/uploads\/2026\/01\/94-falesia-beach-04-300x200.jpg 300w, https:\/\/algarverealestate.com\/pt\/wp-content\/uploads\/2026\/01\/94-falesia-beach-04-430x293.jpg 430w, https:\/\/algarverealestate.com\/pt\/wp-content\/uploads\/2026\/01\/94-falesia-beach-04-768x512.jpg 768w, https:\/\/algarverealestate.com\/pt\/wp-content\/uploads\/2026\/01\/94-falesia-beach-04-880x586.jpg 880w, https:\/\/algarverealestate.com\/pt\/wp-content\/uploads\/2026\/01\/94-falesia-beach-04.jpg 1400w\" sizes=\"(max-width: 1400px) 100vw, 1400px\" loading=\"lazy\" decoding=\"async\"><figcaption>Vista das A\u00e7oteias a poente da praia da Fal\u00e9sia<\/figcaption><\/figure>\n<ol start=\"94\">\n<li><a href=\"https:\/\/algarverealestate.com\/pt\/wp-content\/uploads\/2026\/01\/algarve-portugal-beaches-map.jpg\">ver n\u00famero de praia no mapa<\/a><\/li>\n<\/ol>\n<figure class=\"wp-block-image\"><img src=\"https:\/\/algarverealestate.com\/pt\/wp-content\/uploads\/2026\/01\/94-falesia-beach-05.jpg\" width=\"1400\" height=\"1050\" class=\"wp-image-8770\" alt=\"entrada da praia das A\u00e7oteias\" srcset=\"https:\/\/algarverealestate.com\/pt\/wp-content\/uploads\/2026\/01\/94-falesia-beach-05-125x83.jpg 125w, https:\/\/algarverealestate.com\/pt\/wp-content\/uploads\/2026\/01\/94-falesia-beach-05-150x150.jpg 150w, https:\/\/algarverealestate.com\/pt\/wp-content\/uploads\/2026\/01\/94-falesia-beach-05-300x225.jpg 300w, https:\/\/algarverealestate.com\/pt\/wp-content\/uploads\/2026\/01\/94-falesia-beach-05-430x293.jpg 430w, https:\/\/algarverealestate.com\/pt\/wp-content\/uploads\/2026\/01\/94-falesia-beach-05-768x576.jpg 768w, https:\/\/algarverealestate.com\/pt\/wp-content\/uploads\/2026\/01\/94-falesia-beach-05-880x586.jpg 880w, https:\/\/algarverealestate.com\/pt\/wp-content\/uploads\/2026\/01\/94-falesia-beach-05.jpg 1400w\" sizes=\"(max-width: 1400px) 100vw, 1400px\" loading=\"lazy\" decoding=\"async\"><figcaption>entrada da praia das A\u00e7oteias<\/figcaption><\/figure>\n<ol start=\"94\">\n<li><a href=\"https:\/\/algarverealestate.com\/pt\/wp-content\/uploads\/2026\/01\/algarve-portugal-beaches-map.jpg\">ver n\u00famero de praia no mapa<\/a><\/li>\n<\/ol>\n<figure class=\"wp-block-image\"><img src=\"https:\/\/algarverealestate.com\/pt\/wp-content\/uploads\/2026\/01\/94-falesia-beach-06.jpg\" width=\"1400\" height=\"933\" class=\"wp-image-8771\" alt=\"parapente sobre as fal\u00e9sias da praia da Fal\u00e9sia\" srcset=\"https:\/\/algarverealestate.com\/pt\/wp-content\/uploads\/2026\/01\/94-falesia-beach-06-125x83.jpg 125w, https:\/\/algarverealestate.com\/pt\/wp-content\/uploads\/2026\/01\/94-falesia-beach-06-150x150.jpg 150w, https:\/\/algarverealestate.com\/pt\/wp-content\/uploads\/2026\/01\/94-falesia-beach-06-300x200.jpg 300w, https:\/\/algarverealestate.com\/pt\/wp-content\/uploads\/2026\/01\/94-falesia-beach-06-430x293.jpg 430w, https:\/\/algarverealestate.com\/pt\/wp-content\/uploads\/2026\/01\/94-falesia-beach-06-768x512.jpg 768w, https:\/\/algarverealestate.com\/pt\/wp-content\/uploads\/2026\/01\/94-falesia-beach-06-880x586.jpg 880w, https:\/\/algarverealestate.com\/pt\/wp-content\/uploads\/2026\/01\/94-falesia-beach-06.jpg 1400w\" sizes=\"(max-width: 1400px) 100vw, 1400px\" loading=\"lazy\" decoding=\"async\"><figcaption>parapente sobre as fal\u00e9sias da praia da Fal\u00e9sia<\/figcaption><\/figure>\n<ol start=\"94\">\n<li><a href=\"https:\/\/algarverealestate.com\/pt\/wp-content\/uploads\/2026\/01\/algarve-portugal-beaches-map.jpg\">ver n\u00famero de praia no mapa<\/a><\/li>\n<\/ol>\n<figure class=\"wp-block-image\"><img src=\"https:\/\/algarverealestate.com\/pt\/wp-content\/uploads\/2026\/01\/94-time-flies.jpg\" width=\"1400\" height=\"1050\" class=\"wp-image-8772\" alt=\"P\u00f4r do sol em 2009...\" srcset=\"https:\/\/algarverealestate.com\/pt\/wp-content\/uploads\/2026\/01\/94-time-flies-125x83.jpg 125w, https:\/\/algarverealestate.com\/pt\/wp-content\/uploads\/2026\/01\/94-time-flies-150x150.jpg 150w, https:\/\/algarverealestate.com\/pt\/wp-content\/uploads\/2026\/01\/94-time-flies-300x225.jpg 300w, https:\/\/algarverealestate.com\/pt\/wp-content\/uploads\/2026\/01\/94-time-flies-430x293.jpg 430w, https:\/\/algarverealestate.com\/pt\/wp-content\/uploads\/2026\/01\/94-time-flies-768x576.jpg 768w, https:\/\/algarverealestate.com\/pt\/wp-content\/uploads\/2026\/01\/94-time-flies-880x586.jpg 880w, https:\/\/algarverealestate.com\/pt\/wp-content\/uploads\/2026\/01\/94-time-flies.jpg 1400w\" sizes=\"(max-width: 1400px) 100vw, 1400px\" loading=\"lazy\" decoding=\"async\"><figcaption>P\u00f4r do sol em 2009&#8230;<\/figcaption><\/figure>\n<ol start=\"095\">\n<li><a href=\"https:\/\/algarverealestate.com\/pt\/wp-content\/uploads\/2026\/01\/algarve-portugal-beaches-map.jpg\">ver n\u00famero de praia no mapa<\/a><\/li>\n<\/ol>\n<figure class=\"wp-block-image\"><img src=\"https:\/\/algarverealestate.com\/pt\/wp-content\/uploads\/2026\/01\/095-rocha-baixinha-01.jpg\" width=\"1024\" height=\"768\" class=\"wp-image-8773\" alt=\"Para al\u00e9m da praia da fal\u00e9sia, a vida desenrola-se naturalmente, marcada pelas tradi\u00e7\u00f5es pastoris e agr\u00edcolas. Os pastores cuidam de seus rebanhos enquanto os fazendeiros cultivam a terra f\u00e9rtil, mantendo vivas as pr\u00e1ticas ancestrais. Este sert\u00e3o pac\u00edfico apresenta um forte, mas belo contraste com a praia, oferecendo um vislumbre da rica vida rural da regi\u00e3o e da tranquilidade que vem com ela.\" srcset=\"https:\/\/algarverealestate.com\/pt\/wp-content\/uploads\/2026\/01\/095-rocha-baixinha-01-125x83.jpg 125w, https:\/\/algarverealestate.com\/pt\/wp-content\/uploads\/2026\/01\/095-rocha-baixinha-01-150x150.jpg 150w, https:\/\/algarverealestate.com\/pt\/wp-content\/uploads\/2026\/01\/095-rocha-baixinha-01-300x225.jpg 300w, https:\/\/algarverealestate.com\/pt\/wp-content\/uploads\/2026\/01\/095-rocha-baixinha-01-430x293.jpg 430w, https:\/\/algarverealestate.com\/pt\/wp-content\/uploads\/2026\/01\/095-rocha-baixinha-01-768x576.jpg 768w, https:\/\/algarverealestate.com\/pt\/wp-content\/uploads\/2026\/01\/095-rocha-baixinha-01-880x586.jpg 880w, https:\/\/algarverealestate.com\/pt\/wp-content\/uploads\/2026\/01\/095-rocha-baixinha-01.jpg 1024w\" sizes=\"(max-width: 1024px) 100vw, 1024px\" loading=\"lazy\" decoding=\"async\"><figcaption>Para al\u00e9m da praia da fal\u00e9sia, a vida desenrola-se naturalmente, marcada pelas tradi\u00e7\u00f5es pastoris e agr\u00edcolas. Os pastores cuidam de seus rebanhos enquanto os fazendeiros cultivam a terra f\u00e9rtil, mantendo vivas as pr\u00e1ticas ancestrais. Este sert\u00e3o pac\u00edfico apresenta um forte, mas belo contraste com a praia, oferecendo um vislumbre da rica vida rural da regi\u00e3o e da tranquilidade que vem com ela.<\/figcaption><\/figure>\n<ol start=\"095\">\n<li><a href=\"https:\/\/algarverealestate.com\/pt\/wp-content\/uploads\/2026\/01\/algarve-portugal-beaches-map.jpg\">ver n\u00famero de praia no mapa<\/a><\/li>\n<\/ol>\n<figure class=\"wp-block-image\"><img src=\"https:\/\/algarverealestate.com\/pt\/wp-content\/uploads\/2026\/01\/095-rocha-baixinha-02.jpg\" width=\"1400\" height=\"934\" class=\"wp-image-344\" alt=\"Praia da Rocha Baixa\" srcset=\"https:\/\/algarverealestate.com\/pt\/wp-content\/uploads\/2026\/01\/095-rocha-baixinha-02-125x83.jpg 125w, https:\/\/algarverealestate.com\/pt\/wp-content\/uploads\/2026\/01\/095-rocha-baixinha-02-150x150.jpg 150w, https:\/\/algarverealestate.com\/pt\/wp-content\/uploads\/2026\/01\/095-rocha-baixinha-02-300x200.jpg 300w, https:\/\/algarverealestate.com\/pt\/wp-content\/uploads\/2026\/01\/095-rocha-baixinha-02-375x250.jpg 375w, https:\/\/algarverealestate.com\/pt\/wp-content\/uploads\/2026\/01\/095-rocha-baixinha-02.jpg 1400w\" sizes=\"(max-width: 1400px) 100vw, 1400px\" loading=\"lazy\" decoding=\"async\"><figcaption>Praia da Rocha Baixa<\/figcaption><\/figure>\n<ol start=\"095\">\n<li><a href=\"https:\/\/algarverealestate.com\/pt\/wp-content\/uploads\/2026\/01\/algarve-portugal-beaches-map.jpg\">ver n\u00famero de praia no mapa<\/a><\/li>\n<\/ol>\n<figure class=\"wp-block-image\"><img src=\"https:\/\/algarverealestate.com\/pt\/wp-content\/uploads\/2026\/01\/095-rocha-baixinha-03.jpg\" width=\"1400\" height=\"933\" class=\"wp-image-346\" alt=\"Praia da Rocha Baixa\" srcset=\"https:\/\/algarverealestate.com\/pt\/wp-content\/uploads\/2026\/01\/095-rocha-baixinha-03-125x83.jpg 125w, https:\/\/algarverealestate.com\/pt\/wp-content\/uploads\/2026\/01\/095-rocha-baixinha-03-150x150.jpg 150w, https:\/\/algarverealestate.com\/pt\/wp-content\/uploads\/2026\/01\/095-rocha-baixinha-03-300x200.jpg 300w, https:\/\/algarverealestate.com\/pt\/wp-content\/uploads\/2026\/01\/095-rocha-baixinha-03-375x250.jpg 375w, https:\/\/algarverealestate.com\/pt\/wp-content\/uploads\/2026\/01\/095-rocha-baixinha-03.jpg 1400w\" sizes=\"(max-width: 1400px) 100vw, 1400px\" loading=\"lazy\" decoding=\"async\"><figcaption>Praia da Rocha Baixa<\/figcaption><\/figure>\n<ol start=\"095\">\n<li><a href=\"https:\/\/algarverealestate.com\/pt\/wp-content\/uploads\/2026\/01\/algarve-portugal-beaches-map.jpg\">ver n\u00famero de praia no mapa<\/a><\/li>\n<\/ol>\n<figure class=\"wp-block-image\"><img src=\"https:\/\/algarverealestate.com\/pt\/wp-content\/uploads\/2026\/01\/095-rocha-baixinha-04.jpg\" width=\"1400\" height=\"933\" class=\"wp-image-348\" alt=\"Experimente um p\u00f4r-do-sol encantador na Praia da Fal\u00e9sia, no Algarve. Esta localiza\u00e7\u00e3o cativante \u00e9 uma escolha regular para os entusiastas de caminhadas e caminhadas, oferecendo v\u00e1rios pontos de entrada ao longo do trecho de praia de Vilamoura a Albufeira. Partindo da Praia da Fal\u00e9sia em Vilamoura junto \u00e0 marina, a dist\u00e2ncia total at\u00e9 \u00e0 Praia do Barranco \u00e9 de 5 quil\u00f3metros. No entanto, durante a mar\u00e9 baixa, pode explorar ainda mais, chegando a Olhos de \u00c1gua e estendendo-se at\u00e9 ao final de Albufeira, cerca de 12 quil\u00f3metros a p\u00e9 em cada sentido. Observe que certas se\u00e7\u00f5es do caminho exigem uma caminhada no topo do penhasco, adicionando um toque de aventura \u00e0 sua explora\u00e7\u00e3o \u00e0 beira-mar\" srcset=\"https:\/\/algarverealestate.com\/pt\/wp-content\/uploads\/2026\/01\/095-rocha-baixinha-04-125x83.jpg 125w, https:\/\/algarverealestate.com\/pt\/wp-content\/uploads\/2026\/01\/095-rocha-baixinha-04-150x150.jpg 150w, https:\/\/algarverealestate.com\/pt\/wp-content\/uploads\/2026\/01\/095-rocha-baixinha-04-300x200.jpg 300w, https:\/\/algarverealestate.com\/pt\/wp-content\/uploads\/2026\/01\/095-rocha-baixinha-04-375x250.jpg 375w, https:\/\/algarverealestate.com\/pt\/wp-content\/uploads\/2026\/01\/095-rocha-baixinha-04.jpg 1400w\" sizes=\"(max-width: 1400px) 100vw, 1400px\" loading=\"lazy\" decoding=\"async\"><figcaption>Experimente um p\u00f4r-do-sol encantador na Praia da Fal\u00e9sia, no Algarve. Esta localiza\u00e7\u00e3o cativante \u00e9 uma escolha regular para os entusiastas de caminhadas e caminhadas, oferecendo v\u00e1rios pontos de entrada ao longo do trecho de praia de Vilamoura a Albufeira. Partindo da Praia da Fal\u00e9sia em Vilamoura junto \u00e0 marina, a dist\u00e2ncia total at\u00e9 \u00e0 Praia do Barranco \u00e9 de 5 quil\u00f3metros. No entanto, durante a mar\u00e9 baixa, pode explorar ainda mais, chegando a Olhos de \u00c1gua e estendendo-se at\u00e9 ao final de Albufeira, cerca de 12 quil\u00f3metros a p\u00e9 em cada sentido. Observe que certas se\u00e7\u00f5es do caminho exigem uma caminhada no topo do penhasco, adicionando um toque de aventura \u00e0 sua explora\u00e7\u00e3o \u00e0 beira-mar<\/figcaption><\/figure>\n<ol start=\"95\">\n<li><a href=\"https:\/\/algarverealestate.com\/pt\/wp-content\/uploads\/2026\/01\/algarve-portugal-beaches-map.jpg\">ver n\u00famero de praia no mapa<\/a><\/li>\n<\/ol>\n<figure class=\"wp-block-image\"><img src=\"https:\/\/algarverealestate.com\/pt\/wp-content\/uploads\/2026\/01\/95-falesia-rocha-baixinha.jpg\" width=\"1400\" height=\"1050\" class=\"wp-image-8774\" alt=\"Vista oeste em mar\u00e7o. Um ambiente sereno na Praia da Fal\u00e9sia na Rocha Baixinha. Com um caminho pedestre \u00e0 beira do penhasco tra\u00e7ando seu contorno, a praia se torna um cen\u00e1rio de atividades tranquilas. Os parapentes pontilhando o c\u00e9u claro adicionam uma dimens\u00e3o emocionante, enquanto os banhistas, desfrutando de um passeio nas areias imaculadas, contribuem para a atmosfera vibrante e pac\u00edfica\" srcset=\"https:\/\/algarverealestate.com\/pt\/wp-content\/uploads\/2026\/01\/95-falesia-rocha-baixinha-125x83.jpg 125w, https:\/\/algarverealestate.com\/pt\/wp-content\/uploads\/2026\/01\/95-falesia-rocha-baixinha-150x150.jpg 150w, https:\/\/algarverealestate.com\/pt\/wp-content\/uploads\/2026\/01\/95-falesia-rocha-baixinha-300x225.jpg 300w, https:\/\/algarverealestate.com\/pt\/wp-content\/uploads\/2026\/01\/95-falesia-rocha-baixinha-430x293.jpg 430w, https:\/\/algarverealestate.com\/pt\/wp-content\/uploads\/2026\/01\/95-falesia-rocha-baixinha-768x576.jpg 768w, https:\/\/algarverealestate.com\/pt\/wp-content\/uploads\/2026\/01\/95-falesia-rocha-baixinha-880x586.jpg 880w, https:\/\/algarverealestate.com\/pt\/wp-content\/uploads\/2026\/01\/95-falesia-rocha-baixinha.jpg 1400w\" sizes=\"(max-width: 1400px) 100vw, 1400px\" loading=\"lazy\" decoding=\"async\"><figcaption>Vista oeste em mar\u00e7o. Um ambiente sereno na Praia da Fal\u00e9sia na Rocha Baixinha. Com um caminho pedestre \u00e0 beira do penhasco tra\u00e7ando seu contorno, a praia se torna um cen\u00e1rio de atividades tranquilas. Os parapentes pontilhando o c\u00e9u claro adicionam uma dimens\u00e3o emocionante, enquanto os banhistas, desfrutando de um passeio nas areias imaculadas, contribuem para a atmosfera vibrante e pac\u00edfica<\/figcaption><\/figure>\n<ol start=\"95\">\n<li><a href=\"https:\/\/algarverealestate.com\/pt\/wp-content\/uploads\/2026\/01\/algarve-portugal-beaches-map.jpg\">ver n\u00famero de praia no mapa<\/a><\/li>\n<\/ol>\n<figure class=\"wp-block-image\"><img src=\"https:\/\/algarverealestate.com\/pt\/wp-content\/uploads\/2026\/01\/95-falesia-rocha-baixinha-east.jpg\" width=\"1400\" height=\"1050\" class=\"wp-image-8776\" alt=\"Perspetiva Este da Praia da Fal\u00e9sia Rocha Baixinha, onde o horizonte se encontra com o azul do mar. O fasc\u00ednio pr\u00f3ximo de Vilamoura fica a apenas 10 minutos a p\u00e9, tornando este local uma mistura id\u00edlica de praia serena e resort vibrante\" srcset=\"https:\/\/algarverealestate.com\/pt\/wp-content\/uploads\/2026\/01\/95-falesia-rocha-baixinha-east-125x83.jpg 125w, https:\/\/algarverealestate.com\/pt\/wp-content\/uploads\/2026\/01\/95-falesia-rocha-baixinha-east-150x150.jpg 150w, https:\/\/algarverealestate.com\/pt\/wp-content\/uploads\/2026\/01\/95-falesia-rocha-baixinha-east-300x225.jpg 300w, https:\/\/algarverealestate.com\/pt\/wp-content\/uploads\/2026\/01\/95-falesia-rocha-baixinha-east-430x293.jpg 430w, https:\/\/algarverealestate.com\/pt\/wp-content\/uploads\/2026\/01\/95-falesia-rocha-baixinha-east-768x576.jpg 768w, https:\/\/algarverealestate.com\/pt\/wp-content\/uploads\/2026\/01\/95-falesia-rocha-baixinha-east-880x586.jpg 880w, https:\/\/algarverealestate.com\/pt\/wp-content\/uploads\/2026\/01\/95-falesia-rocha-baixinha-east.jpg 1400w\" sizes=\"(max-width: 1400px) 100vw, 1400px\" loading=\"lazy\" decoding=\"async\"><figcaption>Perspetiva Este da Praia da Fal\u00e9sia Rocha Baixinha, onde o horizonte se encontra com o azul do mar. O fasc\u00ednio pr\u00f3ximo de Vilamoura fica a apenas 10 minutos a p\u00e9, tornando este local uma mistura id\u00edlica de praia serena e resort vibrante<\/figcaption><\/figure>\n<ol start=\"96\">\n<li><a href=\"https:\/\/algarverealestate.com\/pt\/wp-content\/uploads\/2026\/01\/algarve-portugal-beaches-map.jpg\">ver n\u00famero de praia no mapa<\/a><\/li>\n<\/ol>\n<figure class=\"wp-block-image\"><img src=\"https:\/\/algarverealestate.com\/pt\/wp-content\/uploads\/2026\/01\/96-falesia-beach-01.jpg\" width=\"1400\" height=\"1050\" class=\"wp-image-8777\" alt=\"A Praia da Fal\u00e9sia, conhecida pelo seu extenso areal, oferece uma experi\u00eancia de praia \u00fanica devido ao seu caracter\u00edstico efeito de mar\u00e9 baixa. A \u00e1gua permanece at\u00e9 a cintura mesmo a 10 metros da costa, criando uma \u00e1rea rasa estendida perfeita para uma variedade de atividades. Quer pretenda nadar sem pressa, praticar desportos aqu\u00e1ticos ou simplesmente desfrutar das calmas ondas que o rodeiam, a Praia da Fal\u00e9sia \u00e9 o cen\u00e1rio perfeito.\" srcset=\"https:\/\/algarverealestate.com\/pt\/wp-content\/uploads\/2026\/01\/96-falesia-beach-01-125x83.jpg 125w, https:\/\/algarverealestate.com\/pt\/wp-content\/uploads\/2026\/01\/96-falesia-beach-01-150x150.jpg 150w, https:\/\/algarverealestate.com\/pt\/wp-content\/uploads\/2026\/01\/96-falesia-beach-01-300x225.jpg 300w, https:\/\/algarverealestate.com\/pt\/wp-content\/uploads\/2026\/01\/96-falesia-beach-01-430x293.jpg 430w, https:\/\/algarverealestate.com\/pt\/wp-content\/uploads\/2026\/01\/96-falesia-beach-01-768x576.jpg 768w, https:\/\/algarverealestate.com\/pt\/wp-content\/uploads\/2026\/01\/96-falesia-beach-01-880x586.jpg 880w, https:\/\/algarverealestate.com\/pt\/wp-content\/uploads\/2026\/01\/96-falesia-beach-01.jpg 1400w\" sizes=\"(max-width: 1400px) 100vw, 1400px\" loading=\"lazy\" decoding=\"async\"><figcaption>A Praia da Fal\u00e9sia, conhecida pelo seu extenso areal, oferece uma experi\u00eancia de praia \u00fanica devido ao seu caracter\u00edstico efeito de mar\u00e9 baixa. A \u00e1gua permanece at\u00e9 a cintura mesmo a 10 metros da costa, criando uma \u00e1rea rasa estendida perfeita para uma variedade de atividades. Quer pretenda nadar sem pressa, praticar desportos aqu\u00e1ticos ou simplesmente desfrutar das calmas ondas que o rodeiam, a Praia da Fal\u00e9sia \u00e9 o cen\u00e1rio perfeito.<\/figcaption><\/figure>\n<ol start=\"96\">\n<li><a href=\"https:\/\/algarverealestate.com\/pt\/wp-content\/uploads\/2026\/01\/algarve-portugal-beaches-map.jpg\">ver n\u00famero de praia no mapa<\/a><\/li>\n<\/ol>\n<figure class=\"wp-block-image\"><img src=\"https:\/\/algarverealestate.com\/pt\/wp-content\/uploads\/2026\/01\/96-falesia-beach-02.jpg\" width=\"1400\" height=\"1050\" class=\"wp-image-8778\" alt=\"vista da praia da Fal\u00e9sia a partir do cais de estibordo da marina de Vilamoura\" srcset=\"https:\/\/algarverealestate.com\/pt\/wp-content\/uploads\/2026\/01\/96-falesia-beach-02-125x83.jpg 125w, https:\/\/algarverealestate.com\/pt\/wp-content\/uploads\/2026\/01\/96-falesia-beach-02-150x150.jpg 150w, https:\/\/algarverealestate.com\/pt\/wp-content\/uploads\/2026\/01\/96-falesia-beach-02-300x225.jpg 300w, https:\/\/algarverealestate.com\/pt\/wp-content\/uploads\/2026\/01\/96-falesia-beach-02-430x293.jpg 430w, https:\/\/algarverealestate.com\/pt\/wp-content\/uploads\/2026\/01\/96-falesia-beach-02-768x576.jpg 768w, https:\/\/algarverealestate.com\/pt\/wp-content\/uploads\/2026\/01\/96-falesia-beach-02-880x586.jpg 880w, https:\/\/algarverealestate.com\/pt\/wp-content\/uploads\/2026\/01\/96-falesia-beach-02.jpg 1400w\" sizes=\"(max-width: 1400px) 100vw, 1400px\" loading=\"lazy\" decoding=\"async\"><figcaption>vista da praia da Fal\u00e9sia a partir do cais de estibordo da marina de Vilamoura<\/figcaption><\/figure>\n<ol start=\"96\">\n<li><a href=\"https:\/\/algarverealestate.com\/pt\/wp-content\/uploads\/2026\/01\/algarve-portugal-beaches-map.jpg\">ver n\u00famero de praia no mapa<\/a><\/li>\n<\/ol>\n<figure class=\"wp-block-image\"><img src=\"https:\/\/algarverealestate.com\/pt\/wp-content\/uploads\/2026\/01\/96-falesia-beach-03.jpg\" width=\"1400\" height=\"933\" class=\"wp-image-8779\" alt=\"A Praia da Fal\u00e9sia n\u00e3o s\u00f3 oferece belezas naturais e aventuras ao ar livre, mas tamb\u00e9m um cen\u00e1rio gastron\u00f4mico pr\u00f3spero. Aqui, pode saborear o peixe acabado de pescar servido nos restaurantes locais, proporcionando um verdadeiro sabor a mar. Entre essas joias culin\u00e1rias est\u00e1 um renomado restaurante tailand\u00eas, conhecido por sua culin\u00e1ria requintada. Mas n\u00e3o \u00e9 apenas a comida que atrai as pessoas - as vistas panor\u00e2micas s\u00e3o de tirar o f\u00f4lego, contribuindo para a experi\u00eancia gastron\u00f4mica geral. Al\u00e9m disso, n\u00e3o perca as festas nas tardes de domingo, um evento que combina boa comida, vistas panor\u00e2micas e entretenimento ao vivo, tornando-o um local imperd\u00edvel em sua viagem \u00e0 praia.\" srcset=\"https:\/\/algarverealestate.com\/pt\/wp-content\/uploads\/2026\/01\/96-falesia-beach-03-125x83.jpg 125w, https:\/\/algarverealestate.com\/pt\/wp-content\/uploads\/2026\/01\/96-falesia-beach-03-150x150.jpg 150w, https:\/\/algarverealestate.com\/pt\/wp-content\/uploads\/2026\/01\/96-falesia-beach-03-300x200.jpg 300w, https:\/\/algarverealestate.com\/pt\/wp-content\/uploads\/2026\/01\/96-falesia-beach-03-430x293.jpg 430w, https:\/\/algarverealestate.com\/pt\/wp-content\/uploads\/2026\/01\/96-falesia-beach-03-768x512.jpg 768w, https:\/\/algarverealestate.com\/pt\/wp-content\/uploads\/2026\/01\/96-falesia-beach-03-880x586.jpg 880w, https:\/\/algarverealestate.com\/pt\/wp-content\/uploads\/2026\/01\/96-falesia-beach-03.jpg 1400w\" sizes=\"(max-width: 1400px) 100vw, 1400px\" loading=\"lazy\" decoding=\"async\"><figcaption>A Praia da Fal\u00e9sia n\u00e3o s\u00f3 oferece belezas naturais e aventuras ao ar livre, mas tamb\u00e9m um cen\u00e1rio gastron\u00f4mico pr\u00f3spero. Aqui, pode saborear o peixe acabado de pescar servido nos restaurantes locais, proporcionando um verdadeiro sabor a mar. Entre essas joias culin\u00e1rias est\u00e1 um renomado restaurante tailand\u00eas, conhecido por sua culin\u00e1ria requintada. Mas n\u00e3o \u00e9 apenas a comida que atrai as pessoas &#8211; as vistas panor\u00e2micas s\u00e3o de tirar o f\u00f4lego, contribuindo para a experi\u00eancia gastron\u00f4mica geral. Al\u00e9m disso, n\u00e3o perca as festas nas tardes de domingo, um evento que combina boa comida, vistas panor\u00e2micas e entretenimento ao vivo, tornando-o um local imperd\u00edvel em sua viagem \u00e0 praia.<\/figcaption><\/figure>\n<ol start=\"96\">\n<li><a href=\"https:\/\/algarverealestate.com\/pt\/wp-content\/uploads\/2026\/01\/algarve-portugal-beaches-map.jpg\">ver n\u00famero de praia no mapa<\/a><\/li>\n<\/ol>\n<figure class=\"wp-block-image\"><img src=\"https:\/\/algarverealestate.com\/pt\/wp-content\/uploads\/2026\/01\/96-falesia-rocha-baixinha.jpg\" width=\"1400\" height=\"1050\" class=\"wp-image-8449\" alt=\"Estrela do mar na praia da Fal\u00e9sia rocha Baixinha\" srcset=\"https:\/\/algarverealestate.com\/pt\/wp-content\/uploads\/2026\/01\/96-falesia-rocha-baixinha-125x83.jpg 125w, https:\/\/algarverealestate.com\/pt\/wp-content\/uploads\/2026\/01\/96-falesia-rocha-baixinha-150x150.jpg 150w, https:\/\/algarverealestate.com\/pt\/wp-content\/uploads\/2026\/01\/96-falesia-rocha-baixinha-300x225.jpg 300w, https:\/\/algarverealestate.com\/pt\/wp-content\/uploads\/2026\/01\/96-falesia-rocha-baixinha-430x293.jpg 430w, https:\/\/algarverealestate.com\/pt\/wp-content\/uploads\/2026\/01\/96-falesia-rocha-baixinha-768x576.jpg 768w, https:\/\/algarverealestate.com\/pt\/wp-content\/uploads\/2026\/01\/96-falesia-rocha-baixinha-880x586.jpg 880w, https:\/\/algarverealestate.com\/pt\/wp-content\/uploads\/2026\/01\/96-falesia-rocha-baixinha.jpg 1400w\" sizes=\"(max-width: 1400px) 100vw, 1400px\" loading=\"lazy\" decoding=\"async\"><figcaption>Estrela do mar na praia da Fal\u00e9sia rocha Baixinha<\/figcaption><\/figure>\n<ol start=\"96\">\n<li><a href=\"https:\/\/algarverealestate.com\/pt\/wp-content\/uploads\/2026\/01\/algarve-portugal-beaches-map.jpg\">ver n\u00famero de praia no mapa<\/a><\/li>\n<\/ol>\n<figure class=\"wp-block-image\"><img src=\"https:\/\/algarverealestate.com\/pt\/wp-content\/uploads\/2026\/01\/96-falesia-vilamoura-boat-trips.jpg\" width=\"1400\" height=\"931\" class=\"wp-image-8450\" alt=\"Condor de Vilamoura, passeios de barco. Gra\u00e7as \u00e0 sua proximidade \u00e0 marina, a Praia da Fal\u00e9sia proporciona um f\u00e1cil acesso a passeios de barco e a um clube n\u00e1utico, oferecendo uma forma estimulante de explorar a deslumbrante costa algarvia de uma perspetiva diferente.\" srcset=\"https:\/\/algarverealestate.com\/pt\/wp-content\/uploads\/2026\/01\/96-falesia-vilamoura-boat-trips-125x83.jpg 125w, https:\/\/algarverealestate.com\/pt\/wp-content\/uploads\/2026\/01\/96-falesia-vilamoura-boat-trips-150x150.jpg 150w, https:\/\/algarverealestate.com\/pt\/wp-content\/uploads\/2026\/01\/96-falesia-vilamoura-boat-trips-300x200.jpg 300w, https:\/\/algarverealestate.com\/pt\/wp-content\/uploads\/2026\/01\/96-falesia-vilamoura-boat-trips-430x293.jpg 430w, https:\/\/algarverealestate.com\/pt\/wp-content\/uploads\/2026\/01\/96-falesia-vilamoura-boat-trips-768x511.jpg 768w, https:\/\/algarverealestate.com\/pt\/wp-content\/uploads\/2026\/01\/96-falesia-vilamoura-boat-trips-880x586.jpg 880w, https:\/\/algarverealestate.com\/pt\/wp-content\/uploads\/2026\/01\/96-falesia-vilamoura-boat-trips.jpg 1400w\" sizes=\"(max-width: 1400px) 100vw, 1400px\" loading=\"lazy\" decoding=\"async\"><figcaption>Condor de Vilamoura, passeios de barco. Gra\u00e7as \u00e0 sua proximidade \u00e0 marina, a Praia da Fal\u00e9sia proporciona um f\u00e1cil acesso a passeios de barco e a um clube n\u00e1utico, oferecendo uma forma estimulante de explorar a deslumbrante costa algarvia de uma perspetiva diferente.<\/figcaption><\/figure>\n<ol start=\"96\">\n<li><a href=\"https:\/\/algarverealestate.com\/pt\/wp-content\/uploads\/2026\/01\/algarve-portugal-beaches-map.jpg\">ver n\u00famero de praia no mapa<\/a><\/li>\n<\/ol>\n<figure class=\"wp-block-image\"><img src=\"https:\/\/algarverealestate.com\/pt\/wp-content\/uploads\/2026\/01\/96-vela-vilamoura.jpg\" width=\"1400\" height=\"1050\" class=\"wp-image-8451\" alt=\"O vizinho clube de vela CIMAV e o Vilamoura SAILING adicionam uma camada extra de aventura \u00e0 sua estadia na Praia da Fal\u00e9sia. Atendendo aos entusiastas da n\u00e1utica, este clube oferece atividades esportivas \u00e0 vela que podem tornar suas f\u00e9rias na praia ainda mais emocionantes. Seja voc\u00ea um velejador experiente ou um iniciante em busca de algo novo, essas oportunidades esportivas oferecem uma maneira \u00fanica de se envolver com o mar. Aqui, voc\u00ea pode aproveitar o vento, navegar pelas \u00e1guas e experimentar a emo\u00e7\u00e3o de velejar.\" srcset=\"https:\/\/algarverealestate.com\/pt\/wp-content\/uploads\/2026\/01\/96-vela-vilamoura-125x83.jpg 125w, https:\/\/algarverealestate.com\/pt\/wp-content\/uploads\/2026\/01\/96-vela-vilamoura-150x150.jpg 150w, https:\/\/algarverealestate.com\/pt\/wp-content\/uploads\/2026\/01\/96-vela-vilamoura-300x225.jpg 300w, https:\/\/algarverealestate.com\/pt\/wp-content\/uploads\/2026\/01\/96-vela-vilamoura-430x293.jpg 430w, https:\/\/algarverealestate.com\/pt\/wp-content\/uploads\/2026\/01\/96-vela-vilamoura-768x576.jpg 768w, https:\/\/algarverealestate.com\/pt\/wp-content\/uploads\/2026\/01\/96-vela-vilamoura-880x586.jpg 880w, https:\/\/algarverealestate.com\/pt\/wp-content\/uploads\/2026\/01\/96-vela-vilamoura.jpg 1400w\" sizes=\"(max-width: 1400px) 100vw, 1400px\" loading=\"lazy\" decoding=\"async\"><figcaption>O vizinho clube de vela CIMAV e o Vilamoura SAILING adicionam uma camada extra de aventura \u00e0 sua estadia na Praia da Fal\u00e9sia. Atendendo aos entusiastas da n\u00e1utica, este clube oferece atividades esportivas \u00e0 vela que podem tornar suas f\u00e9rias na praia ainda mais emocionantes. Seja voc\u00ea um velejador experiente ou um iniciante em busca de algo novo, essas oportunidades esportivas oferecem uma maneira \u00fanica de se envolver com o mar. Aqui, voc\u00ea pode aproveitar o vento, navegar pelas \u00e1guas e experimentar a emo\u00e7\u00e3o de velejar.<\/figcaption><\/figure>\n<ol start=\"97\">\n<li><a href=\"https:\/\/algarverealestate.com\/pt\/wp-content\/uploads\/2026\/01\/algarve-portugal-beaches-map.jpg\">ver n\u00famero de praia no mapa<\/a><\/li>\n<\/ol>\n<figure class=\"wp-block-image\"><img src=\"https:\/\/algarverealestate.com\/pt\/wp-content\/uploads\/2026\/01\/97-vilamoura-beach-01.jpg\" width=\"1400\" height=\"933\" class=\"wp-image-8780\" alt=\"A praia de Vilamoura situa-se em frente \u00e0 zona de hot\u00e9is litoral e do casino de Vilamoura, entre o molhe de estibordo da Marina de Vilamoura e o Porto de pesca de Quarteira. A praia de Vilamoura disp\u00f5e de v\u00e1rios restaurantes e bares de praia com esplanadas. Os hot\u00e9is mais perto desta praia s\u00e3o o Tivoli Marina Hotel, o hotel Vila Gal\u00e9 e o Hotel Crowne Plaza. Na linha de tr\u00e1s vai encontrar o centro tur\u00edstico de Vilamoura.\" srcset=\"https:\/\/algarverealestate.com\/pt\/wp-content\/uploads\/2026\/01\/97-vilamoura-beach-01-125x83.jpg 125w, https:\/\/algarverealestate.com\/pt\/wp-content\/uploads\/2026\/01\/97-vilamoura-beach-01-150x150.jpg 150w, https:\/\/algarverealestate.com\/pt\/wp-content\/uploads\/2026\/01\/97-vilamoura-beach-01-300x200.jpg 300w, https:\/\/algarverealestate.com\/pt\/wp-content\/uploads\/2026\/01\/97-vilamoura-beach-01-430x293.jpg 430w, https:\/\/algarverealestate.com\/pt\/wp-content\/uploads\/2026\/01\/97-vilamoura-beach-01-768x512.jpg 768w, https:\/\/algarverealestate.com\/pt\/wp-content\/uploads\/2026\/01\/97-vilamoura-beach-01-880x586.jpg 880w, https:\/\/algarverealestate.com\/pt\/wp-content\/uploads\/2026\/01\/97-vilamoura-beach-01.jpg 1400w\" sizes=\"(max-width: 1400px) 100vw, 1400px\" loading=\"lazy\" decoding=\"async\"><figcaption>A praia de Vilamoura situa-se em frente \u00e0 zona de hot\u00e9is litoral e do casino de Vilamoura, entre o molhe de estibordo da Marina de Vilamoura e o Porto de pesca de Quarteira. A praia de Vilamoura disp\u00f5e de v\u00e1rios restaurantes e bares de praia com esplanadas. Os hot\u00e9is mais perto desta praia s\u00e3o o Tivoli Marina Hotel, o hotel Vila Gal\u00e9 e o Hotel Crowne Plaza. Na linha de tr\u00e1s vai encontrar o centro tur\u00edstico de Vilamoura.<\/figcaption><\/figure>\n<ol start=\"97\">\n<li><a href=\"https:\/\/algarverealestate.com\/pt\/wp-content\/uploads\/2026\/01\/algarve-portugal-beaches-map.jpg\">ver n\u00famero de praia no mapa<\/a><\/li>\n<\/ol>\n<figure class=\"wp-block-image\"><img src=\"https:\/\/algarverealestate.com\/pt\/wp-content\/uploads\/2026\/01\/97-vilamoura-beach-02.jpg\" width=\"1400\" height=\"931\" class=\"wp-image-8781\" alt=\"A praia e Vilamoura \u00e9 muito visitada pelos h\u00f3spedes dos hot\u00e9is situados em frente \u00e0 praia. Nesta fotografia podemos apreciar a vista da praia de Vilamoura desde um quarto do hotel Tivoli Marina\" srcset=\"https:\/\/algarverealestate.com\/pt\/wp-content\/uploads\/2026\/01\/97-vilamoura-beach-02-125x83.jpg 125w, https:\/\/algarverealestate.com\/pt\/wp-content\/uploads\/2026\/01\/97-vilamoura-beach-02-150x150.jpg 150w, https:\/\/algarverealestate.com\/pt\/wp-content\/uploads\/2026\/01\/97-vilamoura-beach-02-300x200.jpg 300w, https:\/\/algarverealestate.com\/pt\/wp-content\/uploads\/2026\/01\/97-vilamoura-beach-02-430x293.jpg 430w, https:\/\/algarverealestate.com\/pt\/wp-content\/uploads\/2026\/01\/97-vilamoura-beach-02-768x511.jpg 768w, https:\/\/algarverealestate.com\/pt\/wp-content\/uploads\/2026\/01\/97-vilamoura-beach-02-880x586.jpg 880w, https:\/\/algarverealestate.com\/pt\/wp-content\/uploads\/2026\/01\/97-vilamoura-beach-02.jpg 1400w\" sizes=\"(max-width: 1400px) 100vw, 1400px\" loading=\"lazy\" decoding=\"async\"><figcaption>A praia e Vilamoura \u00e9 muito visitada pelos h\u00f3spedes dos hot\u00e9is situados em frente \u00e0 praia. Nesta fotografia podemos apreciar a vista da praia de Vilamoura desde um quarto do hotel Tivoli Marina<\/figcaption><\/figure>\n<ol start=\"98\">\n<li><a href=\"https:\/\/algarverealestate.com\/pt\/wp-content\/uploads\/2026\/01\/algarve-portugal-beaches-map.jpg\">ver n\u00famero de praia no mapa<\/a><\/li>\n<\/ol>\n<figure class=\"wp-block-image\"><img src=\"https:\/\/algarverealestate.com\/pt\/wp-content\/uploads\/2026\/01\/98-quarteira-beach-01.jpg\" width=\"1400\" height=\"1050\" class=\"wp-image-357\" alt=\"Quarteira \u00e9 uma cidade conhecida pelo seu passeio mar\u00edtimo. As suas praias, separadas por quebra-mares, s\u00e3o vigiadas durante a \u00e9poca balnear, garantindo uma experi\u00eancia mar\u00edtima segura e agrad\u00e1vel. A \u00e1rea \u00e9 abundante com uma ampla gama de instala\u00e7\u00f5es, incluindo restaurantes, bares, hot\u00e9is, padarias, lojas e servi\u00e7os, atendendo a todas as suas necessidades. Dada a sua natureza familiar e a multiplicidade de amenidades, Quarteira tornou-se um destino popular para fam\u00edlias que procuram uma vida agitada na cidade \u00e0 beira-mar. A atmosfera vibrante da cidade combinada com a beleza serena das suas praias fazem de Quarteira um local procurado tanto para relaxamento como para entretenimento.\" srcset=\"https:\/\/algarverealestate.com\/pt\/wp-content\/uploads\/2026\/01\/98-quarteira-beach-01-125x83.jpg 125w, https:\/\/algarverealestate.com\/pt\/wp-content\/uploads\/2026\/01\/98-quarteira-beach-01-150x150.jpg 150w, https:\/\/algarverealestate.com\/pt\/wp-content\/uploads\/2026\/01\/98-quarteira-beach-01-300x225.jpg 300w, https:\/\/algarverealestate.com\/pt\/wp-content\/uploads\/2026\/01\/98-quarteira-beach-01-375x250.jpg 375w, https:\/\/algarverealestate.com\/pt\/wp-content\/uploads\/2026\/01\/98-quarteira-beach-01.jpg 1400w\" sizes=\"(max-width: 1400px) 100vw, 1400px\" loading=\"lazy\" decoding=\"async\"><figcaption>Quarteira \u00e9 uma cidade conhecida pelo seu passeio mar\u00edtimo. As suas praias, separadas por quebra-mares, s\u00e3o vigiadas durante a \u00e9poca balnear, garantindo uma experi\u00eancia mar\u00edtima segura e agrad\u00e1vel. A \u00e1rea \u00e9 abundante com uma ampla gama de instala\u00e7\u00f5es, incluindo restaurantes, bares, hot\u00e9is, padarias, lojas e servi\u00e7os, atendendo a todas as suas necessidades. Dada a sua natureza familiar e a multiplicidade de amenidades, Quarteira tornou-se um destino popular para fam\u00edlias que procuram uma vida agitada na cidade \u00e0 beira-mar. A atmosfera vibrante da cidade combinada com a beleza serena das suas praias fazem de Quarteira um local procurado tanto para relaxamento como para entretenimento.<\/figcaption><\/figure>\n<ol start=\"98\">\n<li><a href=\"https:\/\/algarverealestate.com\/pt\/wp-content\/uploads\/2026\/01\/algarve-portugal-beaches-map.jpg\">ver n\u00famero de praia no mapa<\/a><\/li>\n<\/ol>\n<figure class=\"wp-block-image\"><img src=\"https:\/\/algarverealestate.com\/pt\/wp-content\/uploads\/2026\/01\/98-quarteira-beach-02.jpg\" width=\"1400\" height=\"933\" class=\"wp-image-359\" alt=\"P\u00f4r do sol de Quarteira\" srcset=\"https:\/\/algarverealestate.com\/pt\/wp-content\/uploads\/2026\/01\/98-quarteira-beach-02-125x83.jpg 125w, https:\/\/algarverealestate.com\/pt\/wp-content\/uploads\/2026\/01\/98-quarteira-beach-02-150x150.jpg 150w, https:\/\/algarverealestate.com\/pt\/wp-content\/uploads\/2026\/01\/98-quarteira-beach-02-300x200.jpg 300w, https:\/\/algarverealestate.com\/pt\/wp-content\/uploads\/2026\/01\/98-quarteira-beach-02-375x250.jpg 375w, https:\/\/algarverealestate.com\/pt\/wp-content\/uploads\/2026\/01\/98-quarteira-beach-02.jpg 1400w\" sizes=\"(max-width: 1400px) 100vw, 1400px\" loading=\"lazy\" decoding=\"async\"><figcaption>P\u00f4r do sol de Quarteira<\/figcaption><\/figure>\n<ol start=\"98\">\n<li><a href=\"https:\/\/algarverealestate.com\/pt\/wp-content\/uploads\/2026\/01\/algarve-portugal-beaches-map.jpg\">ver n\u00famero de praia no mapa<\/a><\/li>\n<\/ol>\n<figure class=\"wp-block-image\"><img src=\"https:\/\/algarverealestate.com\/pt\/wp-content\/uploads\/2026\/01\/98-quarteira-beach-04.jpg\" width=\"1400\" height=\"1050\" class=\"wp-image-361\" alt=\"praias de quarteira\" srcset=\"https:\/\/algarverealestate.com\/pt\/wp-content\/uploads\/2026\/01\/98-quarteira-beach-04-125x83.jpg 125w, https:\/\/algarverealestate.com\/pt\/wp-content\/uploads\/2026\/01\/98-quarteira-beach-04-150x150.jpg 150w, https:\/\/algarverealestate.com\/pt\/wp-content\/uploads\/2026\/01\/98-quarteira-beach-04-300x225.jpg 300w, https:\/\/algarverealestate.com\/pt\/wp-content\/uploads\/2026\/01\/98-quarteira-beach-04-375x250.jpg 375w, https:\/\/algarverealestate.com\/pt\/wp-content\/uploads\/2026\/01\/98-quarteira-beach-04.jpg 1400w\" sizes=\"(max-width: 1400px) 100vw, 1400px\" loading=\"lazy\" decoding=\"async\"><figcaption>praias de quarteira<\/figcaption><\/figure>\n<ol start=\"98\">\n<li><a href=\"https:\/\/algarverealestate.com\/pt\/wp-content\/uploads\/2026\/01\/algarve-portugal-beaches-map.jpg\">ver n\u00famero de praia no mapa<\/a><\/li>\n<\/ol>\n<figure class=\"wp-block-image\"><img src=\"https:\/\/algarverealestate.com\/pt\/wp-content\/uploads\/2026\/01\/98-quarteira-beach-05.jpg\" width=\"1400\" height=\"1050\" class=\"wp-image-363\" alt=\"monumento aos pescadores em frente \u00e0 praia de Quarteira\" srcset=\"https:\/\/algarverealestate.com\/pt\/wp-content\/uploads\/2026\/01\/98-quarteira-beach-05-125x83.jpg 125w, https:\/\/algarverealestate.com\/pt\/wp-content\/uploads\/2026\/01\/98-quarteira-beach-05-150x150.jpg 150w, https:\/\/algarverealestate.com\/pt\/wp-content\/uploads\/2026\/01\/98-quarteira-beach-05-300x225.jpg 300w, https:\/\/algarverealestate.com\/pt\/wp-content\/uploads\/2026\/01\/98-quarteira-beach-05-375x250.jpg 375w, https:\/\/algarverealestate.com\/pt\/wp-content\/uploads\/2026\/01\/98-quarteira-beach-05.jpg 1400w\" sizes=\"(max-width: 1400px) 100vw, 1400px\" loading=\"lazy\" decoding=\"async\"><figcaption>monumento aos pescadores em frente \u00e0 praia de Quarteira<\/figcaption><\/figure>\n<ol start=\"98\">\n<li><a href=\"https:\/\/algarverealestate.com\/pt\/wp-content\/uploads\/2026\/01\/algarve-portugal-beaches-map.jpg\">ver n\u00famero de praia no mapa<\/a><\/li>\n<\/ol>\n<figure class=\"wp-block-image\"><img src=\"https:\/\/algarverealestate.com\/pt\/wp-content\/uploads\/2026\/01\/98-quarteira-beach-06.jpg\" width=\"1400\" height=\"933\" class=\"wp-image-365\" alt=\"praias de Quarteira vistas do mar com skyline ao fundo\" srcset=\"https:\/\/algarverealestate.com\/pt\/wp-content\/uploads\/2026\/01\/98-quarteira-beach-06-125x83.jpg 125w, https:\/\/algarverealestate.com\/pt\/wp-content\/uploads\/2026\/01\/98-quarteira-beach-06-150x150.jpg 150w, https:\/\/algarverealestate.com\/pt\/wp-content\/uploads\/2026\/01\/98-quarteira-beach-06-300x200.jpg 300w, https:\/\/algarverealestate.com\/pt\/wp-content\/uploads\/2026\/01\/98-quarteira-beach-06-375x250.jpg 375w, https:\/\/algarverealestate.com\/pt\/wp-content\/uploads\/2026\/01\/98-quarteira-beach-06.jpg 1400w\" sizes=\"(max-width: 1400px) 100vw, 1400px\" loading=\"lazy\" decoding=\"async\"><figcaption>praias de Quarteira vistas do mar com skyline ao fundo<\/figcaption><\/figure>\n<ol start=\"98\">\n<li><a href=\"https:\/\/algarverealestate.com\/pt\/wp-content\/uploads\/2026\/01\/algarve-portugal-beaches-map.jpg\">ver n\u00famero de praia no mapa<\/a><\/li>\n<\/ol>\n<figure class=\"wp-block-image\"><img src=\"https:\/\/algarverealestate.com\/pt\/wp-content\/uploads\/2026\/01\/98-quarteira-beach-07.jpg\" width=\"1400\" height=\"1050\" class=\"wp-image-367\" alt=\"praias de quarteira\" srcset=\"https:\/\/algarverealestate.com\/pt\/wp-content\/uploads\/2026\/01\/98-quarteira-beach-07-125x83.jpg 125w, https:\/\/algarverealestate.com\/pt\/wp-content\/uploads\/2026\/01\/98-quarteira-beach-07-150x150.jpg 150w, https:\/\/algarverealestate.com\/pt\/wp-content\/uploads\/2026\/01\/98-quarteira-beach-07-300x225.jpg 300w, https:\/\/algarverealestate.com\/pt\/wp-content\/uploads\/2026\/01\/98-quarteira-beach-07-375x250.jpg 375w, https:\/\/algarverealestate.com\/pt\/wp-content\/uploads\/2026\/01\/98-quarteira-beach-07.jpg 1400w\" sizes=\"(max-width: 1400px) 100vw, 1400px\" loading=\"lazy\" decoding=\"async\"><figcaption>praias de quarteira<\/figcaption><\/figure>\n<ol start=\"98\">\n<li><a href=\"https:\/\/algarverealestate.com\/pt\/wp-content\/uploads\/2026\/01\/algarve-portugal-beaches-map.jpg\">ver n\u00famero de praia no mapa<\/a><\/li>\n<\/ol>\n<figure class=\"wp-block-image\"><img src=\"https:\/\/algarverealestate.com\/pt\/wp-content\/uploads\/2026\/01\/98-quarteira-beach-08.jpg\" width=\"1400\" height=\"1050\" class=\"wp-image-369\" alt=\"praias de quarteira\" srcset=\"https:\/\/algarverealestate.com\/pt\/wp-content\/uploads\/2026\/01\/98-quarteira-beach-08-125x83.jpg 125w, https:\/\/algarverealestate.com\/pt\/wp-content\/uploads\/2026\/01\/98-quarteira-beach-08-150x150.jpg 150w, https:\/\/algarverealestate.com\/pt\/wp-content\/uploads\/2026\/01\/98-quarteira-beach-08-300x225.jpg 300w, https:\/\/algarverealestate.com\/pt\/wp-content\/uploads\/2026\/01\/98-quarteira-beach-08-375x250.jpg 375w, https:\/\/algarverealestate.com\/pt\/wp-content\/uploads\/2026\/01\/98-quarteira-beach-08.jpg 1400w\" sizes=\"(max-width: 1400px) 100vw, 1400px\" loading=\"lazy\" decoding=\"async\"><figcaption>praias de quarteira<\/figcaption><\/figure>\n<ol start=\"98\">\n<li><a href=\"https:\/\/algarverealestate.com\/pt\/wp-content\/uploads\/2026\/01\/algarve-portugal-beaches-map.jpg\">ver n\u00famero de praia no mapa<\/a><\/li>\n<\/ol>\n<figure class=\"wp-block-image\"><img src=\"https:\/\/algarverealestate.com\/pt\/wp-content\/uploads\/2026\/01\/98-quarteira-beach-09.jpg\" width=\"1400\" height=\"933\" class=\"wp-image-371\" alt=\"Vista a\u00e9rea das praias de Quarteira de inverno\" srcset=\"https:\/\/algarverealestate.com\/pt\/wp-content\/uploads\/2026\/01\/98-quarteira-beach-09-125x83.jpg 125w, https:\/\/algarverealestate.com\/pt\/wp-content\/uploads\/2026\/01\/98-quarteira-beach-09-150x150.jpg 150w, https:\/\/algarverealestate.com\/pt\/wp-content\/uploads\/2026\/01\/98-quarteira-beach-09-300x200.jpg 300w, https:\/\/algarverealestate.com\/pt\/wp-content\/uploads\/2026\/01\/98-quarteira-beach-09-375x250.jpg 375w, https:\/\/algarverealestate.com\/pt\/wp-content\/uploads\/2026\/01\/98-quarteira-beach-09.jpg 1400w\" sizes=\"(max-width: 1400px) 100vw, 1400px\" loading=\"lazy\" decoding=\"async\"><figcaption>Vista a\u00e9rea das praias de Quarteira de inverno<\/figcaption><\/figure>\n<ol start=\"98\">\n<li><a href=\"https:\/\/algarverealestate.com\/pt\/wp-content\/uploads\/2026\/01\/algarve-portugal-beaches-map.jpg\">ver n\u00famero de praia no mapa<\/a><\/li>\n<\/ol>\n<figure class=\"wp-block-image\"><img src=\"https:\/\/algarverealestate.com\/pt\/wp-content\/uploads\/2026\/01\/98-quarteira-beach-sunset-10.jpg\" width=\"1400\" height=\"1050\" class=\"wp-image-8783\" alt=\"Quarteira praia inverno janeiro p\u00f4r do sol\" srcset=\"https:\/\/algarverealestate.com\/pt\/wp-content\/uploads\/2026\/01\/98-quarteira-beach-sunset-10-125x83.jpg 125w, https:\/\/algarverealestate.com\/pt\/wp-content\/uploads\/2026\/01\/98-quarteira-beach-sunset-10-150x150.jpg 150w, https:\/\/algarverealestate.com\/pt\/wp-content\/uploads\/2026\/01\/98-quarteira-beach-sunset-10-300x225.jpg 300w, https:\/\/algarverealestate.com\/pt\/wp-content\/uploads\/2026\/01\/98-quarteira-beach-sunset-10-430x293.jpg 430w, https:\/\/algarverealestate.com\/pt\/wp-content\/uploads\/2026\/01\/98-quarteira-beach-sunset-10-768x576.jpg 768w, https:\/\/algarverealestate.com\/pt\/wp-content\/uploads\/2026\/01\/98-quarteira-beach-sunset-10-880x586.jpg 880w, https:\/\/algarverealestate.com\/pt\/wp-content\/uploads\/2026\/01\/98-quarteira-beach-sunset-10.jpg 1400w\" sizes=\"(max-width: 1400px) 100vw, 1400px\" loading=\"lazy\" decoding=\"async\"><figcaption>Quarteira praia inverno janeiro p\u00f4r do sol<\/figcaption><\/figure>\n<ol start=\"99\">\n<li><a href=\"https:\/\/algarverealestate.com\/pt\/wp-content\/uploads\/2026\/01\/algarve-portugal-beaches-map.jpg\">ver n\u00famero de praia no mapa<\/a><\/li>\n<\/ol>\n<figure class=\"wp-block-image\"><img src=\"https:\/\/algarverealestate.com\/pt\/wp-content\/uploads\/2026\/01\/99-forte-novo.jpg\" width=\"1400\" height=\"1050\" class=\"wp-image-8785\" alt=\"Praia do Forte Novo no inverno\" srcset=\"https:\/\/algarverealestate.com\/pt\/wp-content\/uploads\/2026\/01\/99-forte-novo-125x83.jpg 125w, https:\/\/algarverealestate.com\/pt\/wp-content\/uploads\/2026\/01\/99-forte-novo-150x150.jpg 150w, https:\/\/algarverealestate.com\/pt\/wp-content\/uploads\/2026\/01\/99-forte-novo-300x225.jpg 300w, https:\/\/algarverealestate.com\/pt\/wp-content\/uploads\/2026\/01\/99-forte-novo-430x293.jpg 430w, https:\/\/algarverealestate.com\/pt\/wp-content\/uploads\/2026\/01\/99-forte-novo-768x576.jpg 768w, https:\/\/algarverealestate.com\/pt\/wp-content\/uploads\/2026\/01\/99-forte-novo-880x586.jpg 880w, https:\/\/algarverealestate.com\/pt\/wp-content\/uploads\/2026\/01\/99-forte-novo.jpg 1400w\" sizes=\"(max-width: 1400px) 100vw, 1400px\" loading=\"lazy\" decoding=\"async\"><figcaption>Praia do Forte Novo no inverno<\/figcaption><\/figure>\n<ol start=\"99\">\n<li><a href=\"https:\/\/algarverealestate.com\/pt\/wp-content\/uploads\/2026\/01\/algarve-portugal-beaches-map.jpg\">ver n\u00famero de praia no mapa<\/a><\/li>\n<\/ol>\n<figure class=\"wp-block-image\"><img src=\"https:\/\/algarverealestate.com\/pt\/wp-content\/uploads\/2026\/01\/99-forte-novo-01.jpg\" width=\"1400\" height=\"933\" class=\"wp-image-8787\" alt=\"Praia do Forte Novo\" srcset=\"https:\/\/algarverealestate.com\/pt\/wp-content\/uploads\/2026\/01\/99-forte-novo-01-125x83.jpg 125w, https:\/\/algarverealestate.com\/pt\/wp-content\/uploads\/2026\/01\/99-forte-novo-01-150x150.jpg 150w, https:\/\/algarverealestate.com\/pt\/wp-content\/uploads\/2026\/01\/99-forte-novo-01-300x200.jpg 300w, https:\/\/algarverealestate.com\/pt\/wp-content\/uploads\/2026\/01\/99-forte-novo-01-430x293.jpg 430w, https:\/\/algarverealestate.com\/pt\/wp-content\/uploads\/2026\/01\/99-forte-novo-01-768x512.jpg 768w, https:\/\/algarverealestate.com\/pt\/wp-content\/uploads\/2026\/01\/99-forte-novo-01-880x586.jpg 880w, https:\/\/algarverealestate.com\/pt\/wp-content\/uploads\/2026\/01\/99-forte-novo-01.jpg 1400w\" sizes=\"(max-width: 1400px) 100vw, 1400px\" loading=\"lazy\" decoding=\"async\"><figcaption>Praia do Forte Novo<\/figcaption><\/figure>\n<ol start=\"99\">\n<li><a href=\"https:\/\/algarverealestate.com\/pt\/wp-content\/uploads\/2026\/01\/algarve-portugal-beaches-map.jpg\">ver n\u00famero de praia no mapa<\/a><\/li>\n<\/ol>\n<figure class=\"wp-block-image\"><img src=\"https:\/\/algarverealestate.com\/pt\/wp-content\/uploads\/2026\/01\/99-forte-novo-02.jpg\" width=\"1400\" height=\"933\" class=\"wp-image-8788\" alt=\"Praia do Forte Novo\" srcset=\"https:\/\/algarverealestate.com\/pt\/wp-content\/uploads\/2026\/01\/99-forte-novo-02-125x83.jpg 125w, https:\/\/algarverealestate.com\/pt\/wp-content\/uploads\/2026\/01\/99-forte-novo-02-150x150.jpg 150w, https:\/\/algarverealestate.com\/pt\/wp-content\/uploads\/2026\/01\/99-forte-novo-02-300x200.jpg 300w, https:\/\/algarverealestate.com\/pt\/wp-content\/uploads\/2026\/01\/99-forte-novo-02-430x293.jpg 430w, https:\/\/algarverealestate.com\/pt\/wp-content\/uploads\/2026\/01\/99-forte-novo-02-768x512.jpg 768w, https:\/\/algarverealestate.com\/pt\/wp-content\/uploads\/2026\/01\/99-forte-novo-02-880x586.jpg 880w, https:\/\/algarverealestate.com\/pt\/wp-content\/uploads\/2026\/01\/99-forte-novo-02.jpg 1400w\" sizes=\"(max-width: 1400px) 100vw, 1400px\" loading=\"lazy\" decoding=\"async\"><figcaption>Praia do Forte Novo<\/figcaption><\/figure>\n<ol start=\"100\">\n<li><a href=\"https:\/\/algarverealestate.com\/pt\/wp-content\/uploads\/2026\/01\/algarve-portugal-beaches-map.jpg\">ver n\u00famero de praia no mapa<\/a><\/li>\n<\/ol>\n<figure class=\"wp-block-image\"><img src=\"https:\/\/algarverealestate.com\/pt\/wp-content\/uploads\/2026\/01\/100-almargem.jpg\" width=\"1400\" height=\"933\" class=\"wp-image-8789\" alt=\"Praia do Almargem\" srcset=\"https:\/\/algarverealestate.com\/pt\/wp-content\/uploads\/2026\/01\/100-almargem-125x83.jpg 125w, https:\/\/algarverealestate.com\/pt\/wp-content\/uploads\/2026\/01\/100-almargem-150x150.jpg 150w, https:\/\/algarverealestate.com\/pt\/wp-content\/uploads\/2026\/01\/100-almargem-300x200.jpg 300w, https:\/\/algarverealestate.com\/pt\/wp-content\/uploads\/2026\/01\/100-almargem-430x293.jpg 430w, https:\/\/algarverealestate.com\/pt\/wp-content\/uploads\/2026\/01\/100-almargem-768x512.jpg 768w, https:\/\/algarverealestate.com\/pt\/wp-content\/uploads\/2026\/01\/100-almargem-880x586.jpg 880w, https:\/\/algarverealestate.com\/pt\/wp-content\/uploads\/2026\/01\/100-almargem.jpg 1400w\" sizes=\"(max-width: 1400px) 100vw, 1400px\" loading=\"lazy\" decoding=\"async\"><figcaption>Praia do Almargem<\/figcaption><\/figure>\n<ol start=\"102\">\n<li><a href=\"https:\/\/algarverealestate.com\/pt\/wp-content\/uploads\/2026\/01\/algarve-portugal-beaches-map.jpg\">ver n\u00famero de praia no mapa<\/a><\/li>\n<\/ol>\n<figure class=\"wp-block-image\"><img src=\"https:\/\/algarverealestate.com\/pt\/wp-content\/uploads\/2026\/01\/102-trafal-beach.jpg\" width=\"1024\" height=\"768\" class=\"wp-image-8791\" alt=\"praia do trafal\" srcset=\"https:\/\/algarverealestate.com\/pt\/wp-content\/uploads\/2026\/01\/102-trafal-beach-125x83.jpg 125w, https:\/\/algarverealestate.com\/pt\/wp-content\/uploads\/2026\/01\/102-trafal-beach-150x150.jpg 150w, https:\/\/algarverealestate.com\/pt\/wp-content\/uploads\/2026\/01\/102-trafal-beach-300x225.jpg 300w, https:\/\/algarverealestate.com\/pt\/wp-content\/uploads\/2026\/01\/102-trafal-beach-430x293.jpg 430w, https:\/\/algarverealestate.com\/pt\/wp-content\/uploads\/2026\/01\/102-trafal-beach-768x576.jpg 768w, https:\/\/algarverealestate.com\/pt\/wp-content\/uploads\/2026\/01\/102-trafal-beach-880x586.jpg 880w, https:\/\/algarverealestate.com\/pt\/wp-content\/uploads\/2026\/01\/102-trafal-beach.jpg 1024w\" sizes=\"(max-width: 1024px) 100vw, 1024px\" loading=\"lazy\" decoding=\"async\"><figcaption>praia do trafal<\/figcaption><\/figure>\n<ol start=\"103\">\n<li><a href=\"https:\/\/algarverealestate.com\/pt\/wp-content\/uploads\/2026\/01\/algarve-portugal-beaches-map.jpg\">ver n\u00famero de praia no mapa<\/a><\/li>\n<\/ol>\n<figure class=\"wp-block-image\"><img src=\"https:\/\/algarverealestate.com\/pt\/wp-content\/uploads\/2026\/01\/103-vale-do-lobo-beach-01.jpg\" width=\"1400\" height=\"933\" class=\"wp-image-8452\" alt=\"Praias de Vale do Lobo\" srcset=\"https:\/\/algarverealestate.com\/pt\/wp-content\/uploads\/2026\/01\/103-vale-do-lobo-beach-01-125x83.jpg 125w, https:\/\/algarverealestate.com\/pt\/wp-content\/uploads\/2026\/01\/103-vale-do-lobo-beach-01-150x150.jpg 150w, https:\/\/algarverealestate.com\/pt\/wp-content\/uploads\/2026\/01\/103-vale-do-lobo-beach-01-300x200.jpg 300w, https:\/\/algarverealestate.com\/pt\/wp-content\/uploads\/2026\/01\/103-vale-do-lobo-beach-01-430x293.jpg 430w, https:\/\/algarverealestate.com\/pt\/wp-content\/uploads\/2026\/01\/103-vale-do-lobo-beach-01-768x512.jpg 768w, https:\/\/algarverealestate.com\/pt\/wp-content\/uploads\/2026\/01\/103-vale-do-lobo-beach-01-880x586.jpg 880w, https:\/\/algarverealestate.com\/pt\/wp-content\/uploads\/2026\/01\/103-vale-do-lobo-beach-01.jpg 1400w\" sizes=\"(max-width: 1400px) 100vw, 1400px\" loading=\"lazy\" decoding=\"async\"><figcaption><em>Praias de Vale do Lobo<\/em>Uma caracter\u00edstica not\u00e1vel das praias de Vale do Lobo \u00e9 a sua proximidade aos campos de golfe, resultando numa transi\u00e7\u00e3o suave das costas arenosas para as \u00e1reas relvadas adjacentes do golfe curso. Ao se aproximar do campo de golfe, voc\u00ea encontrar\u00e1 trechos de praia onde o litoral arenoso encontra os fairways e greens bem cuidados do campo de golfe. Isto cria um contraste fascinante entre o ambiente tradicional da praia e a paisagem bem cuidada do campo de golfe.Vale do Lobo \u00e9 tamb\u00e9m conhecido pelo seu famoso buraco 16 no campo de golfe. Este buraco em particular \u00e9 amplamente reconhecido e admirado por seu design desafiador e vistas deslumbrantes, aumentando o fasc\u00ednio da \u00e1rea.<\/figcaption><\/figure>\n<ol start=\"103\">\n<li><a href=\"https:\/\/algarverealestate.com\/pt\/wp-content\/uploads\/2026\/01\/algarve-portugal-beaches-map.jpg\">ver n\u00famero de praia no mapa<\/a><\/li>\n<\/ol>\n<figure class=\"wp-block-image\"><img src=\"https:\/\/algarverealestate.com\/pt\/wp-content\/uploads\/2026\/01\/103-vale-do-lobo-beach-02.jpg\" width=\"1400\" height=\"700\" class=\"wp-image-379\" alt=\"praia do campo de golfe de Vale do Lobo\" srcset=\"https:\/\/algarverealestate.com\/pt\/wp-content\/uploads\/2026\/01\/103-vale-do-lobo-beach-02-125x83.jpg 125w, https:\/\/algarverealestate.com\/pt\/wp-content\/uploads\/2026\/01\/103-vale-do-lobo-beach-02-150x150.jpg 150w, https:\/\/algarverealestate.com\/pt\/wp-content\/uploads\/2026\/01\/103-vale-do-lobo-beach-02-300x150.jpg 300w, https:\/\/algarverealestate.com\/pt\/wp-content\/uploads\/2026\/01\/103-vale-do-lobo-beach-02-375x250.jpg 375w, https:\/\/algarverealestate.com\/pt\/wp-content\/uploads\/2026\/01\/103-vale-do-lobo-beach-02.jpg 1400w\" sizes=\"(max-width: 1400px) 100vw, 1400px\" loading=\"lazy\" decoding=\"async\"><figcaption>praia do campo de golfe de Vale do Lobo<\/figcaption><\/figure>\n<ol start=\"103\">\n<li><a href=\"https:\/\/algarverealestate.com\/pt\/wp-content\/uploads\/2026\/01\/algarve-portugal-beaches-map.jpg\">ver n\u00famero de praia no mapa<\/a><\/li>\n<\/ol>\n<figure class=\"wp-block-image\"><img src=\"https:\/\/algarverealestate.com\/pt\/wp-content\/uploads\/2026\/01\/103-vale-do-lobo-beach-03.jpg\" width=\"1400\" height=\"933\" class=\"wp-image-381\" alt=\"A Praia de Vale do Lobo possui um extenso areal que se estende por cerca de 14 quil\u00f3metros, desde o Forte Novo em Quarteira at\u00e9 Faro\" srcset=\"https:\/\/algarverealestate.com\/pt\/wp-content\/uploads\/2026\/01\/103-vale-do-lobo-beach-03-125x83.jpg 125w, https:\/\/algarverealestate.com\/pt\/wp-content\/uploads\/2026\/01\/103-vale-do-lobo-beach-03-150x150.jpg 150w, https:\/\/algarverealestate.com\/pt\/wp-content\/uploads\/2026\/01\/103-vale-do-lobo-beach-03-300x200.jpg 300w, https:\/\/algarverealestate.com\/pt\/wp-content\/uploads\/2026\/01\/103-vale-do-lobo-beach-03-375x250.jpg 375w, https:\/\/algarverealestate.com\/pt\/wp-content\/uploads\/2026\/01\/103-vale-do-lobo-beach-03.jpg 1400w\" sizes=\"(max-width: 1400px) 100vw, 1400px\" loading=\"lazy\" decoding=\"async\"><figcaption>A Praia de Vale do Lobo possui um extenso areal que se estende por cerca de 14 quil\u00f3metros, desde o Forte Novo em Quarteira at\u00e9 Faro<\/figcaption><\/figure>\n<ol start=\"103\">\n<li><a href=\"https:\/\/algarverealestate.com\/pt\/wp-content\/uploads\/2026\/01\/algarve-portugal-beaches-map.jpg\">ver n\u00famero de praia no mapa<\/a><\/li>\n<\/ol>\n<figure class=\"wp-block-image\"><img src=\"https:\/\/algarverealestate.com\/pt\/wp-content\/uploads\/2026\/01\/103-vale-do-lobo-beach-04.jpg\" width=\"1400\" height=\"933\" class=\"wp-image-8793\" alt=\"A vista da praia de Vale do Lobo para oeste abrange o trecho paisag\u00edstico da costa que conduz \u00e0 cidade de Quarteira e ao Oceano Atl\u00e2ntico.\" srcset=\"https:\/\/algarverealestate.com\/pt\/wp-content\/uploads\/2026\/01\/103-vale-do-lobo-beach-04-125x83.jpg 125w, https:\/\/algarverealestate.com\/pt\/wp-content\/uploads\/2026\/01\/103-vale-do-lobo-beach-04-150x150.jpg 150w, https:\/\/algarverealestate.com\/pt\/wp-content\/uploads\/2026\/01\/103-vale-do-lobo-beach-04-300x200.jpg 300w, https:\/\/algarverealestate.com\/pt\/wp-content\/uploads\/2026\/01\/103-vale-do-lobo-beach-04-430x293.jpg 430w, https:\/\/algarverealestate.com\/pt\/wp-content\/uploads\/2026\/01\/103-vale-do-lobo-beach-04-768x512.jpg 768w, https:\/\/algarverealestate.com\/pt\/wp-content\/uploads\/2026\/01\/103-vale-do-lobo-beach-04-880x586.jpg 880w, https:\/\/algarverealestate.com\/pt\/wp-content\/uploads\/2026\/01\/103-vale-do-lobo-beach-04.jpg 1400w\" sizes=\"(max-width: 1400px) 100vw, 1400px\" loading=\"lazy\" decoding=\"async\"><figcaption>A vista da praia de Vale do Lobo para oeste abrange o trecho paisag\u00edstico da costa que conduz \u00e0 cidade de Quarteira e ao Oceano Atl\u00e2ntico.<\/figcaption><\/figure>\n<ol start=\"103\">\n<li><a href=\"https:\/\/algarverealestate.com\/pt\/wp-content\/uploads\/2026\/01\/algarve-portugal-beaches-map.jpg\">ver n\u00famero de praia no mapa<\/a><\/li>\n<\/ol>\n<figure class=\"wp-block-image\"><img src=\"https:\/\/algarverealestate.com\/pt\/wp-content\/uploads\/2026\/01\/103-vale-do-lobo-beach-05.jpg\" width=\"1400\" height=\"934\" class=\"wp-image-8795\" alt=\"A vista do buraco 16 do campo de golfe de Vale do Lobo oferece um panorama espetacular que combina o verde luxuriante dos fairways com a beleza deslumbrante da praia adjacente. Quando os jogadores de golfe est\u00e3o na caixa do tee ou no fairway, eles s\u00e3o brindados com uma cena pitoresca onde o campo de golfe meticulosamente mantido se funde perfeitamente com as praias arenosas e as \u00e1guas azuis do oceano.\" srcset=\"https:\/\/algarverealestate.com\/pt\/wp-content\/uploads\/2026\/01\/103-vale-do-lobo-beach-05-125x83.jpg 125w, https:\/\/algarverealestate.com\/pt\/wp-content\/uploads\/2026\/01\/103-vale-do-lobo-beach-05-150x150.jpg 150w, https:\/\/algarverealestate.com\/pt\/wp-content\/uploads\/2026\/01\/103-vale-do-lobo-beach-05-300x200.jpg 300w, https:\/\/algarverealestate.com\/pt\/wp-content\/uploads\/2026\/01\/103-vale-do-lobo-beach-05-430x293.jpg 430w, https:\/\/algarverealestate.com\/pt\/wp-content\/uploads\/2026\/01\/103-vale-do-lobo-beach-05-768x512.jpg 768w, https:\/\/algarverealestate.com\/pt\/wp-content\/uploads\/2026\/01\/103-vale-do-lobo-beach-05-880x586.jpg 880w, https:\/\/algarverealestate.com\/pt\/wp-content\/uploads\/2026\/01\/103-vale-do-lobo-beach-05.jpg 1400w\" sizes=\"(max-width: 1400px) 100vw, 1400px\" loading=\"lazy\" decoding=\"async\"><figcaption>A vista do buraco 16 do campo de golfe de Vale do Lobo oferece um panorama espetacular que combina o verde luxuriante dos fairways com a beleza deslumbrante da praia adjacente. Quando os jogadores de golfe est\u00e3o na caixa do tee ou no fairway, eles s\u00e3o brindados com uma cena pitoresca onde o campo de golfe meticulosamente mantido se funde perfeitamente com as praias arenosas e as \u00e1guas azuis do oceano.<\/figcaption><\/figure>\n<ol start=\"103\">\n<li><a href=\"https:\/\/algarverealestate.com\/pt\/wp-content\/uploads\/2026\/01\/algarve-portugal-beaches-map.jpg\">ver n\u00famero de praia no mapa<\/a><\/li>\n<\/ol>\n<figure class=\"wp-block-image\"><img src=\"https:\/\/algarverealestate.com\/pt\/wp-content\/uploads\/2026\/01\/103-vale-do-lobo-beach-06.jpg\" width=\"1400\" height=\"933\" class=\"wp-image-385\" alt=\"Praia de Vale do Lobo vista para Faro\" srcset=\"https:\/\/algarverealestate.com\/pt\/wp-content\/uploads\/2026\/01\/103-vale-do-lobo-beach-06-125x83.jpg 125w, https:\/\/algarverealestate.com\/pt\/wp-content\/uploads\/2026\/01\/103-vale-do-lobo-beach-06-150x150.jpg 150w, https:\/\/algarverealestate.com\/pt\/wp-content\/uploads\/2026\/01\/103-vale-do-lobo-beach-06-300x200.jpg 300w, https:\/\/algarverealestate.com\/pt\/wp-content\/uploads\/2026\/01\/103-vale-do-lobo-beach-06-375x250.jpg 375w, https:\/\/algarverealestate.com\/pt\/wp-content\/uploads\/2026\/01\/103-vale-do-lobo-beach-06.jpg 1400w\" sizes=\"(max-width: 1400px) 100vw, 1400px\" loading=\"lazy\" decoding=\"async\"><figcaption>Praia de Vale do Lobo vista para Faro<\/figcaption><\/figure>\n<ol start=\"103\">\n<li><a href=\"https:\/\/algarverealestate.com\/pt\/wp-content\/uploads\/2026\/01\/algarve-portugal-beaches-map.jpg\">ver n\u00famero de praia no mapa<\/a><\/li>\n<\/ol>\n<figure class=\"wp-block-image\"><img src=\"https:\/\/algarverealestate.com\/pt\/wp-content\/uploads\/2026\/01\/103-vale-do-lobo-beach-07.jpg\" width=\"1400\" height=\"964\" class=\"wp-image-387\" alt=\"Praia de Vale do Lobo vista para Quarteira\" srcset=\"https:\/\/algarverealestate.com\/pt\/wp-content\/uploads\/2026\/01\/103-vale-do-lobo-beach-07-125x83.jpg 125w, https:\/\/algarverealestate.com\/pt\/wp-content\/uploads\/2026\/01\/103-vale-do-lobo-beach-07-150x150.jpg 150w, https:\/\/algarverealestate.com\/pt\/wp-content\/uploads\/2026\/01\/103-vale-do-lobo-beach-07-300x207.jpg 300w, https:\/\/algarverealestate.com\/pt\/wp-content\/uploads\/2026\/01\/103-vale-do-lobo-beach-07-375x250.jpg 375w, https:\/\/algarverealestate.com\/pt\/wp-content\/uploads\/2026\/01\/103-vale-do-lobo-beach-07.jpg 1400w\" sizes=\"(max-width: 1400px) 100vw, 1400px\" loading=\"lazy\" decoding=\"async\"><figcaption>Praia de Vale do Lobo vista para Quarteira<\/figcaption><\/figure>\n<ol start=\"104\">\n<li><a href=\"https:\/\/algarverealestate.com\/pt\/wp-content\/uploads\/2026\/01\/algarve-portugal-beaches-map.jpg\">ver n\u00famero de praia no mapa<\/a><\/li>\n<\/ol>\n<figure class=\"wp-block-image\"><img src=\"https:\/\/algarverealestate.com\/pt\/wp-content\/uploads\/2026\/01\/104-garrao.jpg\" width=\"1400\" height=\"1050\" class=\"wp-image-389\" alt=\"As praias do Garr\u00e3o e do Anc\u00e3o s\u00e3o duas das joias escondidas do Algarve, aninhadas entre as \u00e1reas movimentadas da Quinta do Lago e Vale do Lobo. Ambas as praias possuem areia dourada e \u00e1guas cristalinas e azuis, proporcionando um cen\u00e1rio id\u00edlico para os banhistas relaxarem e aproveitarem o sol.\" srcset=\"https:\/\/algarverealestate.com\/pt\/wp-content\/uploads\/2026\/01\/104-garrao-125x83.jpg 125w, https:\/\/algarverealestate.com\/pt\/wp-content\/uploads\/2026\/01\/104-garrao-150x150.jpg 150w, https:\/\/algarverealestate.com\/pt\/wp-content\/uploads\/2026\/01\/104-garrao-300x225.jpg 300w, https:\/\/algarverealestate.com\/pt\/wp-content\/uploads\/2026\/01\/104-garrao-375x250.jpg 375w, https:\/\/algarverealestate.com\/pt\/wp-content\/uploads\/2026\/01\/104-garrao.jpg 1400w\" sizes=\"(max-width: 1400px) 100vw, 1400px\" loading=\"lazy\" decoding=\"async\"><figcaption>As praias do Garr\u00e3o e do Anc\u00e3o s\u00e3o duas das joias escondidas do Algarve, aninhadas entre as \u00e1reas movimentadas da Quinta do Lago e Vale do Lobo. Ambas as praias possuem areia dourada e \u00e1guas cristalinas e azuis, proporcionando um cen\u00e1rio id\u00edlico para os banhistas relaxarem e aproveitarem o sol.<\/figcaption><\/figure>\n<ol start=\"105\">\n<li><a href=\"https:\/\/algarverealestate.com\/pt\/wp-content\/uploads\/2026\/01\/algarve-portugal-beaches-map.jpg\">ver n\u00famero de praia no mapa<\/a><\/li>\n<\/ol>\n<figure class=\"wp-block-image\"><img src=\"https:\/\/algarverealestate.com\/pt\/wp-content\/uploads\/2026\/01\/105-ancao-beach-02.jpg\" width=\"1400\" height=\"933\" class=\"wp-image-391\" alt=\"A Praia de An\u00e7\u00e3o, situada entre a Quinta do Lago e Vale do Lobo, \u00e9 conhecida n\u00e3o s\u00f3 pela sua beleza natural deslumbrante como tamb\u00e9m pela sua excelente oferta gastron\u00f3mica. Esta \u00e1rea \u00e0 beira-mar abriga uma variedade de estabelecimentos gastron\u00f4micos, desde caf\u00e9s \u00e0 beira-mar at\u00e9 restaurantes sofisticados.\" srcset=\"https:\/\/algarverealestate.com\/pt\/wp-content\/uploads\/2026\/01\/105-ancao-beach-02-125x83.jpg 125w, https:\/\/algarverealestate.com\/pt\/wp-content\/uploads\/2026\/01\/105-ancao-beach-02-150x150.jpg 150w, https:\/\/algarverealestate.com\/pt\/wp-content\/uploads\/2026\/01\/105-ancao-beach-02-300x200.jpg 300w, https:\/\/algarverealestate.com\/pt\/wp-content\/uploads\/2026\/01\/105-ancao-beach-02-375x250.jpg 375w, https:\/\/algarverealestate.com\/pt\/wp-content\/uploads\/2026\/01\/105-ancao-beach-02.jpg 1400w\" sizes=\"(max-width: 1400px) 100vw, 1400px\" loading=\"lazy\" decoding=\"async\"><figcaption>A Praia de An\u00e7\u00e3o, situada entre a Quinta do Lago e Vale do Lobo, \u00e9 conhecida n\u00e3o s\u00f3 pela sua beleza natural deslumbrante como tamb\u00e9m pela sua excelente oferta gastron\u00f3mica. Esta \u00e1rea \u00e0 beira-mar abriga uma variedade de estabelecimentos gastron\u00f4micos, desde caf\u00e9s \u00e0 beira-mar at\u00e9 restaurantes sofisticados.<\/figcaption><\/figure>\n<ol start=\"105\">\n<li><a href=\"https:\/\/algarverealestate.com\/pt\/wp-content\/uploads\/2026\/01\/algarve-portugal-beaches-map.jpg\">ver n\u00famero de praia no mapa<\/a><\/li>\n<\/ol>\n<figure class=\"wp-block-image\"><img src=\"https:\/\/algarverealestate.com\/pt\/wp-content\/uploads\/2026\/01\/105-garrao-01.jpg\" width=\"1400\" height=\"1052\" class=\"wp-image-393\" alt=\"paddle surf em frente \u00e0 praia do Garr\u00e3o\" srcset=\"https:\/\/algarverealestate.com\/pt\/wp-content\/uploads\/2026\/01\/105-garrao-01-125x83.jpg 125w, https:\/\/algarverealestate.com\/pt\/wp-content\/uploads\/2026\/01\/105-garrao-01-150x150.jpg 150w, https:\/\/algarverealestate.com\/pt\/wp-content\/uploads\/2026\/01\/105-garrao-01-300x225.jpg 300w, https:\/\/algarverealestate.com\/pt\/wp-content\/uploads\/2026\/01\/105-garrao-01-375x250.jpg 375w, https:\/\/algarverealestate.com\/pt\/wp-content\/uploads\/2026\/01\/105-garrao-01.jpg 1400w\" sizes=\"(max-width: 1400px) 100vw, 1400px\" loading=\"lazy\" decoding=\"async\"><figcaption>paddle surf em frente \u00e0 praia do Garr\u00e3o<\/figcaption><\/figure>\n<ol start=\"105\">\n<li><a href=\"https:\/\/algarverealestate.com\/pt\/wp-content\/uploads\/2026\/01\/algarve-portugal-beaches-map.jpg\">ver n\u00famero de praia no mapa<\/a><\/li>\n<\/ol>\n<figure class=\"wp-block-image\"><img src=\"https:\/\/algarverealestate.com\/pt\/wp-content\/uploads\/2026\/01\/105-garrao-02.jpg\" width=\"1400\" height=\"1050\" class=\"wp-image-395\" alt=\"Praia do Anc\u00e3o\" srcset=\"https:\/\/algarverealestate.com\/pt\/wp-content\/uploads\/2026\/01\/105-garrao-02-125x83.jpg 125w, https:\/\/algarverealestate.com\/pt\/wp-content\/uploads\/2026\/01\/105-garrao-02-150x150.jpg 150w, https:\/\/algarverealestate.com\/pt\/wp-content\/uploads\/2026\/01\/105-garrao-02-300x225.jpg 300w, https:\/\/algarverealestate.com\/pt\/wp-content\/uploads\/2026\/01\/105-garrao-02-375x250.jpg 375w, https:\/\/algarverealestate.com\/pt\/wp-content\/uploads\/2026\/01\/105-garrao-02.jpg 1400w\" sizes=\"(max-width: 1400px) 100vw, 1400px\" loading=\"lazy\" decoding=\"async\"><figcaption>Praia do Anc\u00e3o<\/figcaption><\/figure>\n<ol start=\"106\">\n<li><a href=\"https:\/\/algarverealestate.com\/pt\/wp-content\/uploads\/2026\/01\/algarve-portugal-beaches-map.jpg\">ver n\u00famero de praia no mapa<\/a><\/li>\n<\/ol>\n<figure class=\"wp-block-image\"><img src=\"https:\/\/algarverealestate.com\/pt\/wp-content\/uploads\/2026\/01\/106-garrao-beach-01.jpg\" width=\"1400\" height=\"933\" class=\"wp-image-397\" alt=\"praia do garr\u00e3o\" srcset=\"https:\/\/algarverealestate.com\/pt\/wp-content\/uploads\/2026\/01\/106-garrao-beach-01-125x83.jpg 125w, https:\/\/algarverealestate.com\/pt\/wp-content\/uploads\/2026\/01\/106-garrao-beach-01-150x150.jpg 150w, https:\/\/algarverealestate.com\/pt\/wp-content\/uploads\/2026\/01\/106-garrao-beach-01-300x200.jpg 300w, https:\/\/algarverealestate.com\/pt\/wp-content\/uploads\/2026\/01\/106-garrao-beach-01-375x250.jpg 375w, https:\/\/algarverealestate.com\/pt\/wp-content\/uploads\/2026\/01\/106-garrao-beach-01.jpg 1400w\" sizes=\"(max-width: 1400px) 100vw, 1400px\" loading=\"lazy\" decoding=\"async\"><figcaption>praia do garr\u00e3o<\/figcaption><\/figure>\n<ol start=\"107\">\n<li><a href=\"https:\/\/algarverealestate.com\/pt\/wp-content\/uploads\/2026\/01\/algarve-portugal-beaches-map.jpg\">ver n\u00famero de praia no mapa<\/a><\/li>\n<\/ol>\n<figure class=\"wp-block-image\"><img src=\"https:\/\/algarverealestate.com\/pt\/wp-content\/uploads\/2026\/01\/107-quinta-do-lago-beach.jpg\" width=\"1400\" height=\"933\" class=\"wp-image-399\" alt=\"Praia Quinta do Lago\" srcset=\"https:\/\/algarverealestate.com\/pt\/wp-content\/uploads\/2026\/01\/107-quinta-do-lago-beach-125x83.jpg 125w, https:\/\/algarverealestate.com\/pt\/wp-content\/uploads\/2026\/01\/107-quinta-do-lago-beach-150x150.jpg 150w, https:\/\/algarverealestate.com\/pt\/wp-content\/uploads\/2026\/01\/107-quinta-do-lago-beach-300x200.jpg 300w, https:\/\/algarverealestate.com\/pt\/wp-content\/uploads\/2026\/01\/107-quinta-do-lago-beach-375x250.jpg 375w, https:\/\/algarverealestate.com\/pt\/wp-content\/uploads\/2026\/01\/107-quinta-do-lago-beach.jpg 1400w\" sizes=\"(max-width: 1400px) 100vw, 1400px\" loading=\"lazy\" decoding=\"async\"><figcaption>Praia Quinta do Lago<\/figcaption><\/figure>\n<ol start=\"107\">\n<li><a href=\"https:\/\/algarverealestate.com\/pt\/wp-content\/uploads\/2026\/01\/algarve-portugal-beaches-map.jpg\">ver n\u00famero de praia no mapa<\/a><\/li>\n<\/ol>\n<figure class=\"wp-block-image\"><img src=\"https:\/\/algarverealestate.com\/pt\/wp-content\/uploads\/2026\/01\/107-quinta-do-lago-beach-access.jpg\" width=\"1400\" height=\"933\" class=\"wp-image-8453\" alt=\"A Praia da Quinta do Lago, acess\u00edvel atrav\u00e9s de uma ponte, fica apenas a 500 metros a p\u00e9. Esta conveniente ponte de liga\u00e7\u00e3o permite aos visitantes um f\u00e1cil acesso \u00e0s margens imaculadas da Quinta do Lago. Ao atravessar a ponte, voc\u00ea ser\u00e1 saudado pela beleza tranquila da praia, com sua areia macia e \u00e1guas cristalinas. A proximidade e acessibilidade da praia permitem uma transi\u00e7\u00e3o perfeita da encantadora \u00e1rea de resort da Quinta do Lago para o esplendor natural da costa.\" srcset=\"https:\/\/algarverealestate.com\/pt\/wp-content\/uploads\/2026\/01\/107-quinta-do-lago-beach-access-125x83.jpg 125w, https:\/\/algarverealestate.com\/pt\/wp-content\/uploads\/2026\/01\/107-quinta-do-lago-beach-access-150x150.jpg 150w, https:\/\/algarverealestate.com\/pt\/wp-content\/uploads\/2026\/01\/107-quinta-do-lago-beach-access-300x200.jpg 300w, https:\/\/algarverealestate.com\/pt\/wp-content\/uploads\/2026\/01\/107-quinta-do-lago-beach-access-430x293.jpg 430w, https:\/\/algarverealestate.com\/pt\/wp-content\/uploads\/2026\/01\/107-quinta-do-lago-beach-access-768x512.jpg 768w, https:\/\/algarverealestate.com\/pt\/wp-content\/uploads\/2026\/01\/107-quinta-do-lago-beach-access-880x586.jpg 880w, https:\/\/algarverealestate.com\/pt\/wp-content\/uploads\/2026\/01\/107-quinta-do-lago-beach-access.jpg 1400w\" sizes=\"(max-width: 1400px) 100vw, 1400px\" loading=\"lazy\" decoding=\"async\"><figcaption>A Praia da Quinta do Lago, acess\u00edvel atrav\u00e9s de uma ponte, fica apenas a 500 metros a p\u00e9. Esta conveniente ponte de liga\u00e7\u00e3o permite aos visitantes um f\u00e1cil acesso \u00e0s margens imaculadas da Quinta do Lago. Ao atravessar a ponte, voc\u00ea ser\u00e1 saudado pela beleza tranquila da praia, com sua areia macia e \u00e1guas cristalinas. A proximidade e acessibilidade da praia permitem uma transi\u00e7\u00e3o perfeita da encantadora \u00e1rea de resort da Quinta do Lago para o esplendor natural da costa.<\/figcaption><\/figure>\n<ol start=\"108\">\n<li><a href=\"https:\/\/algarverealestate.com\/pt\/wp-content\/uploads\/2026\/01\/algarve-portugal-beaches-map.jpg\">ver n\u00famero de praia no mapa<\/a><\/li>\n<\/ol>\n<figure class=\"wp-block-image\"><img src=\"https:\/\/algarverealestate.com\/pt\/wp-content\/uploads\/2026\/01\/108-faro-island-beach.jpg\" width=\"1400\" height=\"754\" class=\"wp-image-401\" alt=\"Inverno na praia de Faro\" srcset=\"https:\/\/algarverealestate.com\/pt\/wp-content\/uploads\/2026\/01\/108-faro-island-beach-125x83.jpg 125w, https:\/\/algarverealestate.com\/pt\/wp-content\/uploads\/2026\/01\/108-faro-island-beach-150x150.jpg 150w, https:\/\/algarverealestate.com\/pt\/wp-content\/uploads\/2026\/01\/108-faro-island-beach-300x162.jpg 300w, https:\/\/algarverealestate.com\/pt\/wp-content\/uploads\/2026\/01\/108-faro-island-beach-375x250.jpg 375w, https:\/\/algarverealestate.com\/pt\/wp-content\/uploads\/2026\/01\/108-faro-island-beach.jpg 1400w\" sizes=\"(max-width: 1400px) 100vw, 1400px\" loading=\"lazy\" decoding=\"async\"><figcaption>Inverno na praia de Faro<\/figcaption><\/figure>\n<ol start=\"108\">\n<li><a href=\"https:\/\/algarverealestate.com\/pt\/wp-content\/uploads\/2026\/01\/algarve-portugal-beaches-map.jpg\">ver n\u00famero de praia no mapa<\/a><\/li>\n<\/ol>\n<figure class=\"wp-block-image\"><img src=\"https:\/\/algarverealestate.com\/pt\/wp-content\/uploads\/2026\/01\/108-faro-island-beach-bridge.jpg\" width=\"1400\" height=\"1050\" class=\"wp-image-403\" alt=\"A Ilha da Praia de Faro, tamb\u00e9m conhecida como Ilha de Faro, \u00e9 facilmente acess\u00edvel a partir do continente atrav\u00e9s de uma ponte que atravessa a deslumbrante Ria Formosa. Esta ponte oferece uma conex\u00e3o conveniente e direta, permitindo que os visitantes cheguem facilmente \u00e0s praias da ilha e arredores pitorescos. Ao atravessar a ponte, voc\u00ea ter\u00e1 uma vista deslumbrante da Ria Formosa, um parque natural protegido conhecido por seus diversos ecossistemas e abundante avifauna.\" srcset=\"https:\/\/algarverealestate.com\/pt\/wp-content\/uploads\/2026\/01\/108-faro-island-beach-bridge-125x83.jpg 125w, https:\/\/algarverealestate.com\/pt\/wp-content\/uploads\/2026\/01\/108-faro-island-beach-bridge-150x150.jpg 150w, https:\/\/algarverealestate.com\/pt\/wp-content\/uploads\/2026\/01\/108-faro-island-beach-bridge-300x225.jpg 300w, https:\/\/algarverealestate.com\/pt\/wp-content\/uploads\/2026\/01\/108-faro-island-beach-bridge-375x250.jpg 375w, https:\/\/algarverealestate.com\/pt\/wp-content\/uploads\/2026\/01\/108-faro-island-beach-bridge.jpg 1400w\" sizes=\"(max-width: 1400px) 100vw, 1400px\" loading=\"lazy\" decoding=\"async\"><figcaption>A Ilha da Praia de Faro, tamb\u00e9m conhecida como Ilha de Faro, \u00e9 facilmente acess\u00edvel a partir do continente atrav\u00e9s de uma ponte que atravessa a deslumbrante Ria Formosa. Esta ponte oferece uma conex\u00e3o conveniente e direta, permitindo que os visitantes cheguem facilmente \u00e0s praias da ilha e arredores pitorescos. Ao atravessar a ponte, voc\u00ea ter\u00e1 uma vista deslumbrante da Ria Formosa, um parque natural protegido conhecido por seus diversos ecossistemas e abundante avifauna.<\/figcaption><\/figure>\n<ol start=\"109\">\n<li><a href=\"https:\/\/algarverealestate.com\/pt\/wp-content\/uploads\/2026\/01\/algarve-portugal-beaches-map.jpg\">ver n\u00famero de praia no mapa<\/a><\/li>\n<\/ol>\n<figure class=\"wp-block-image\"><img src=\"https:\/\/algarverealestate.com\/pt\/wp-content\/uploads\/2026\/01\/109-barrinha7.jpg\" width=\"1400\" height=\"935\" class=\"wp-image-405\" alt=\"A Praia da Barrinha de Faro \u00e9 uma deslumbrante joia costeira localizada perto de Faro, Portugal. Esta praia \u00e9 conhecida pela sua beleza natural e enquadramento \u00fanico, pois est\u00e1 aninhada entre o Oceano Atl\u00e2ntico e a pitoresca Ria Formosa.\" srcset=\"https:\/\/algarverealestate.com\/pt\/wp-content\/uploads\/2026\/01\/109-barrinha7-125x83.jpg 125w, https:\/\/algarverealestate.com\/pt\/wp-content\/uploads\/2026\/01\/109-barrinha7-150x150.jpg 150w, https:\/\/algarverealestate.com\/pt\/wp-content\/uploads\/2026\/01\/109-barrinha7-300x200.jpg 300w, https:\/\/algarverealestate.com\/pt\/wp-content\/uploads\/2026\/01\/109-barrinha7-375x250.jpg 375w, https:\/\/algarverealestate.com\/pt\/wp-content\/uploads\/2026\/01\/109-barrinha7.jpg 1400w\" sizes=\"(max-width: 1400px) 100vw, 1400px\" loading=\"lazy\" decoding=\"async\"><figcaption>A Praia da Barrinha de Faro \u00e9 uma deslumbrante joia costeira localizada perto de Faro, Portugal. Esta praia \u00e9 conhecida pela sua beleza natural e enquadramento \u00fanico, pois est\u00e1 aninhada entre o Oceano Atl\u00e2ntico e a pitoresca Ria Formosa.<\/figcaption><\/figure>\n<ol start=\"110\">\n<li><a href=\"https:\/\/algarverealestate.com\/pt\/wp-content\/uploads\/2026\/01\/algarve-portugal-beaches-map.jpg\">ver n\u00famero de praia no mapa<\/a><\/li>\n<\/ol>\n<figure class=\"wp-block-image\"><img src=\"https:\/\/algarverealestate.com\/pt\/wp-content\/uploads\/2026\/01\/110-deserta-island-beach.jpg\" width=\"1400\" height=\"1029\" class=\"wp-image-8454\" alt=\"A Praia da Ilha Deserta, tamb\u00e9m conhecida como Ilha Deserta, \u00e9 um para\u00edso intocado situado no Parque Natural da Ria Formosa, perto de Faro, Portugal. Esta ilha \u00e9 desabitada, proporcionando aos visitantes uma experi\u00eancia costeira isolada e intocada.\" srcset=\"https:\/\/algarverealestate.com\/pt\/wp-content\/uploads\/2026\/01\/110-deserta-island-beach-125x83.jpg 125w, https:\/\/algarverealestate.com\/pt\/wp-content\/uploads\/2026\/01\/110-deserta-island-beach-150x150.jpg 150w, https:\/\/algarverealestate.com\/pt\/wp-content\/uploads\/2026\/01\/110-deserta-island-beach-300x221.jpg 300w, https:\/\/algarverealestate.com\/pt\/wp-content\/uploads\/2026\/01\/110-deserta-island-beach-430x293.jpg 430w, https:\/\/algarverealestate.com\/pt\/wp-content\/uploads\/2026\/01\/110-deserta-island-beach-768x564.jpg 768w, https:\/\/algarverealestate.com\/pt\/wp-content\/uploads\/2026\/01\/110-deserta-island-beach-880x586.jpg 880w, https:\/\/algarverealestate.com\/pt\/wp-content\/uploads\/2026\/01\/110-deserta-island-beach.jpg 1400w\" sizes=\"(max-width: 1400px) 100vw, 1400px\" loading=\"lazy\" decoding=\"async\"><figcaption>A Praia da Ilha Deserta, tamb\u00e9m conhecida como Ilha Deserta, \u00e9 um para\u00edso intocado situado no Parque Natural da Ria Formosa, perto de Faro, Portugal. Esta ilha \u00e9 desabitada, proporcionando aos visitantes uma experi\u00eancia costeira isolada e intocada.<\/p>\n<p>O acesso \u00e0 Ilha Deserta \u00e9 normalmente feito de barco, oferecendo uma sensa\u00e7\u00e3o de aventura ao embarcar numa curta viagem pelas \u00e1guas cintilantes.<\/figcaption><\/figure>\n<ol start=\"111\">\n<li><a href=\"https:\/\/algarverealestate.com\/pt\/wp-content\/uploads\/2026\/01\/algarve-portugal-beaches-map.jpg\">ver n\u00famero de praia no mapa<\/a><\/li>\n<\/ol>\n<figure class=\"wp-block-image\"><img src=\"https:\/\/algarverealestate.com\/pt\/wp-content\/uploads\/2026\/01\/111-aldeia-do-farol.jpg\" width=\"1400\" height=\"933\" class=\"wp-image-8797\" alt=\"A Aldeia do Farol \u00e9 conhecida pelo seu ambiente descontra\u00eddo e ambiente tradicional de vila piscat\u00f3ria. A vila \u00e9 uma cole\u00e7\u00e3o de casas coloridas e ruas estreitas, criando um cen\u00e1rio pitoresco e pitoresco. \u00c9 um lugar onde o tempo parece desacelerar, permitindo que os visitantes relaxem e mergulhem na cultura local.\" srcset=\"https:\/\/algarverealestate.com\/pt\/wp-content\/uploads\/2026\/01\/111-aldeia-do-farol-125x83.jpg 125w, https:\/\/algarverealestate.com\/pt\/wp-content\/uploads\/2026\/01\/111-aldeia-do-farol-150x150.jpg 150w, https:\/\/algarverealestate.com\/pt\/wp-content\/uploads\/2026\/01\/111-aldeia-do-farol-300x200.jpg 300w, https:\/\/algarverealestate.com\/pt\/wp-content\/uploads\/2026\/01\/111-aldeia-do-farol-430x293.jpg 430w, https:\/\/algarverealestate.com\/pt\/wp-content\/uploads\/2026\/01\/111-aldeia-do-farol-768x512.jpg 768w, https:\/\/algarverealestate.com\/pt\/wp-content\/uploads\/2026\/01\/111-aldeia-do-farol-880x586.jpg 880w, https:\/\/algarverealestate.com\/pt\/wp-content\/uploads\/2026\/01\/111-aldeia-do-farol.jpg 1400w\" sizes=\"(max-width: 1400px) 100vw, 1400px\" loading=\"lazy\" decoding=\"async\"><figcaption>A Aldeia do Farol \u00e9 conhecida pelo seu ambiente descontra\u00eddo e ambiente tradicional de vila piscat\u00f3ria. A vila \u00e9 uma cole\u00e7\u00e3o de casas coloridas e ruas estreitas, criando um cen\u00e1rio pitoresco e pitoresco. \u00c9 um lugar onde o tempo parece desacelerar, permitindo que os visitantes relaxem e mergulhem na cultura local.<\/figcaption><\/figure>\n<ol start=\"111\">\n<li><a href=\"https:\/\/algarverealestate.com\/pt\/wp-content\/uploads\/2026\/01\/algarve-portugal-beaches-map.jpg\">ver n\u00famero de praia no mapa<\/a><\/li>\n<\/ol>\n<figure class=\"wp-block-image\"><img src=\"https:\/\/algarverealestate.com\/pt\/wp-content\/uploads\/2026\/01\/111-farol.jpg\" width=\"1400\" height=\"930\" class=\"wp-image-8799\" alt=\"Praia do Farol, localizada na Ilha da Culatra no Parque Natural da Ria Formosa perto de Faro. A Praia do Farol tem o nome do pitoresco farol, Farol do Cabo de Santa Maria, que se ergue orgulhosamente na ilha. O farol agrega charme \u00e0 praia e serve de ponto de refer\u00eancia para os visitantes.\" srcset=\"https:\/\/algarverealestate.com\/pt\/wp-content\/uploads\/2026\/01\/111-farol-125x83.jpg 125w, https:\/\/algarverealestate.com\/pt\/wp-content\/uploads\/2026\/01\/111-farol-150x150.jpg 150w, https:\/\/algarverealestate.com\/pt\/wp-content\/uploads\/2026\/01\/111-farol-300x199.jpg 300w, https:\/\/algarverealestate.com\/pt\/wp-content\/uploads\/2026\/01\/111-farol-430x293.jpg 430w, https:\/\/algarverealestate.com\/pt\/wp-content\/uploads\/2026\/01\/111-farol-768x510.jpg 768w, https:\/\/algarverealestate.com\/pt\/wp-content\/uploads\/2026\/01\/111-farol-880x586.jpg 880w, https:\/\/algarverealestate.com\/pt\/wp-content\/uploads\/2026\/01\/111-farol.jpg 1400w\" sizes=\"(max-width: 1400px) 100vw, 1400px\" loading=\"lazy\" decoding=\"async\"><figcaption>Praia do Farol, localizada na Ilha da Culatra no Parque Natural da Ria Formosa perto de Faro. A Praia do Farol tem o nome do pitoresco farol, Farol do Cabo de Santa Maria, que se ergue orgulhosamente na ilha. O farol agrega charme \u00e0 praia e serve de ponto de refer\u00eancia para os visitantes.<\/figcaption><\/figure>\n<ol start=\"113\">\n<li><a href=\"https:\/\/algarverealestate.com\/pt\/wp-content\/uploads\/2026\/01\/algarve-portugal-beaches-map.jpg\">ver n\u00famero de praia no mapa<\/a><\/li>\n<\/ol>\n<figure class=\"wp-block-image\"><img src=\"https:\/\/algarverealestate.com\/pt\/wp-content\/uploads\/2026\/01\/113-culatra-point-01.jpg\" width=\"1400\" height=\"1050\" class=\"wp-image-409\" alt=\"Ponto da ilha da Culatra com mar\u00e9 baixa, com a cidade de Olh\u00e3o ao fundo\" srcset=\"https:\/\/algarverealestate.com\/pt\/wp-content\/uploads\/2026\/01\/113-culatra-point-01-125x83.jpg 125w, https:\/\/algarverealestate.com\/pt\/wp-content\/uploads\/2026\/01\/113-culatra-point-01-150x150.jpg 150w, https:\/\/algarverealestate.com\/pt\/wp-content\/uploads\/2026\/01\/113-culatra-point-01-300x225.jpg 300w, https:\/\/algarverealestate.com\/pt\/wp-content\/uploads\/2026\/01\/113-culatra-point-01-375x250.jpg 375w, https:\/\/algarverealestate.com\/pt\/wp-content\/uploads\/2026\/01\/113-culatra-point-01.jpg 1400w\" sizes=\"(max-width: 1400px) 100vw, 1400px\" loading=\"lazy\" decoding=\"async\"><figcaption>Ponto da ilha da Culatra com mar\u00e9 baixa, com a cidade de Olh\u00e3o ao fundo<\/figcaption><\/figure>\n<ol start=\"113\">\n<li><a href=\"https:\/\/algarverealestate.com\/pt\/wp-content\/uploads\/2026\/01\/algarve-portugal-beaches-map.jpg\">ver n\u00famero de praia no mapa<\/a><\/li>\n<\/ol>\n<figure class=\"wp-block-image\"><img src=\"https:\/\/algarverealestate.com\/pt\/wp-content\/uploads\/2026\/01\/113-culatra-point-02.jpg\" width=\"1400\" height=\"1050\" class=\"wp-image-411\" alt=\"barcos na ponta da ilha da Culatra\" srcset=\"https:\/\/algarverealestate.com\/pt\/wp-content\/uploads\/2026\/01\/113-culatra-point-02-125x83.jpg 125w, https:\/\/algarverealestate.com\/pt\/wp-content\/uploads\/2026\/01\/113-culatra-point-02-150x150.jpg 150w, https:\/\/algarverealestate.com\/pt\/wp-content\/uploads\/2026\/01\/113-culatra-point-02-300x225.jpg 300w, https:\/\/algarverealestate.com\/pt\/wp-content\/uploads\/2026\/01\/113-culatra-point-02-375x250.jpg 375w, https:\/\/algarverealestate.com\/pt\/wp-content\/uploads\/2026\/01\/113-culatra-point-02.jpg 1400w\" sizes=\"(max-width: 1400px) 100vw, 1400px\" loading=\"lazy\" decoding=\"async\"><figcaption>barcos na ponta da ilha da Culatra<\/figcaption><\/figure>\n<ol start=\"113\">\n<li><a href=\"https:\/\/algarverealestate.com\/pt\/wp-content\/uploads\/2026\/01\/algarve-portugal-beaches-map.jpg\">ver n\u00famero de praia no mapa<\/a><\/li>\n<\/ol>\n<figure class=\"wp-block-image\"><img src=\"https:\/\/algarverealestate.com\/pt\/wp-content\/uploads\/2026\/01\/113-culatra-point-03.jpg\" width=\"1400\" height=\"1050\" class=\"wp-image-413\" alt=\"Ponto da ilha da Culatra com mar\u00e9 baixa, com a cidade de Olh\u00e3o ao fundo\" srcset=\"https:\/\/algarverealestate.com\/pt\/wp-content\/uploads\/2026\/01\/113-culatra-point-03-125x83.jpg 125w, https:\/\/algarverealestate.com\/pt\/wp-content\/uploads\/2026\/01\/113-culatra-point-03-150x150.jpg 150w, https:\/\/algarverealestate.com\/pt\/wp-content\/uploads\/2026\/01\/113-culatra-point-03-300x225.jpg 300w, https:\/\/algarverealestate.com\/pt\/wp-content\/uploads\/2026\/01\/113-culatra-point-03-375x250.jpg 375w, https:\/\/algarverealestate.com\/pt\/wp-content\/uploads\/2026\/01\/113-culatra-point-03.jpg 1400w\" sizes=\"(max-width: 1400px) 100vw, 1400px\" loading=\"lazy\" decoding=\"async\"><figcaption>Ponto da ilha da Culatra com mar\u00e9 baixa, com a cidade de Olh\u00e3o ao fundo<\/figcaption><\/figure>\n<ol start=\"113\">\n<li><a href=\"https:\/\/algarverealestate.com\/pt\/wp-content\/uploads\/2026\/01\/algarve-portugal-beaches-map.jpg\">ver n\u00famero de praia no mapa<\/a><\/li>\n<\/ol>\n<figure class=\"wp-block-image\"><img src=\"https:\/\/algarverealestate.com\/pt\/wp-content\/uploads\/2026\/01\/113-culatra-point-04.jpg\" width=\"1400\" height=\"1050\" class=\"wp-image-415\" alt=\"clima de ver\u00e3o nas \u00e1guas transparentes da Culatra\" srcset=\"https:\/\/algarverealestate.com\/pt\/wp-content\/uploads\/2026\/01\/113-culatra-point-04-125x83.jpg 125w, https:\/\/algarverealestate.com\/pt\/wp-content\/uploads\/2026\/01\/113-culatra-point-04-150x150.jpg 150w, https:\/\/algarverealestate.com\/pt\/wp-content\/uploads\/2026\/01\/113-culatra-point-04-300x225.jpg 300w, https:\/\/algarverealestate.com\/pt\/wp-content\/uploads\/2026\/01\/113-culatra-point-04-375x250.jpg 375w, https:\/\/algarverealestate.com\/pt\/wp-content\/uploads\/2026\/01\/113-culatra-point-04.jpg 1400w\" sizes=\"(max-width: 1400px) 100vw, 1400px\" loading=\"lazy\" decoding=\"async\"><figcaption>clima de ver\u00e3o nas \u00e1guas transparentes da Culatra<\/figcaption><\/figure>\n<ol start=\"113\">\n<li><a href=\"https:\/\/algarverealestate.com\/pt\/wp-content\/uploads\/2026\/01\/algarve-portugal-beaches-map.jpg\">ver n\u00famero de praia no mapa<\/a><\/li>\n<\/ol>\n<figure class=\"wp-block-image\"><img src=\"https:\/\/algarverealestate.com\/pt\/wp-content\/uploads\/2026\/01\/113-img_8847.jpg\" width=\"1400\" height=\"1050\" class=\"wp-image-417\" alt=\"veleiros ancorados na Culatra Ria Formosa\" srcset=\"https:\/\/algarverealestate.com\/pt\/wp-content\/uploads\/2026\/01\/113-img_8847-125x83.jpg 125w, https:\/\/algarverealestate.com\/pt\/wp-content\/uploads\/2026\/01\/113-img_8847-150x150.jpg 150w, https:\/\/algarverealestate.com\/pt\/wp-content\/uploads\/2026\/01\/113-img_8847-300x225.jpg 300w, https:\/\/algarverealestate.com\/pt\/wp-content\/uploads\/2026\/01\/113-img_8847-375x250.jpg 375w, https:\/\/algarverealestate.com\/pt\/wp-content\/uploads\/2026\/01\/113-img_8847.jpg 1400w\" sizes=\"(max-width: 1400px) 100vw, 1400px\" loading=\"lazy\" decoding=\"async\"><figcaption>veleiros ancorados na Culatra Ria Formosa<\/figcaption><\/figure>\n<h2>Praias do Sotavento Algarvio (Sotavento) &#8211; Da Armona a Vila Real de Santo Ant\u00f3nio<\/h2>\n<p>As praias do Sotavento Algarvio, desde a id\u00edlica ilha de Armona at\u00e9 \u00e0 hist\u00f3rica cidade de Vila Real de Santo Ant\u00f3nio, perto da fronteira espanhola, distinguem-se pelas suas \u00e1guas calmas e quentes. Protegidas pelas ilhas de restinga e pelo vasto sistema lagunar da Ria Formosa, estas praias renunciam \u00e0s fal\u00e9sias acidentadas t\u00edpicas de outras partes do Algarve, apresentando dunas suaves que se fundem perfeitamente no horizonte. A paisagem costeira aqui \u00e9 complementada por pitorescas aldeias piscat\u00f3rias e as \u00fanicas Salinas (salinas), pintando um quadro sereno da vida costeira tradicional do Algarve.<\/p>\n<ol start=\"117\">\n<li><a href=\"https:\/\/algarverealestate.com\/pt\/wp-content\/uploads\/2026\/01\/algarve-portugal-beaches-map.jpg\">ver n\u00famero de praia no mapa<\/a><\/li>\n<\/ol>\n<figure class=\"wp-block-image\"><img src=\"https:\/\/algarverealestate.com\/pt\/wp-content\/uploads\/2026\/01\/117-fuseta.jpg\" width=\"1400\" height=\"933\" class=\"wp-image-419\" alt=\"A Praia da Fuseta possui uma paisagem deslumbrante com a sua extens\u00e3o plana de areia branca que se estende a perder de vista. As areias cristalinas criam um cen\u00e1rio pitoresco, oferecendo amplo espa\u00e7o para banhos de sol, constru\u00e7\u00e3o de castelos de areia ou simplesmente passear ao longo da costa.\" srcset=\"https:\/\/algarverealestate.com\/pt\/wp-content\/uploads\/2026\/01\/117-fuseta-125x83.jpg 125w, https:\/\/algarverealestate.com\/pt\/wp-content\/uploads\/2026\/01\/117-fuseta-150x150.jpg 150w, https:\/\/algarverealestate.com\/pt\/wp-content\/uploads\/2026\/01\/117-fuseta-300x200.jpg 300w, https:\/\/algarverealestate.com\/pt\/wp-content\/uploads\/2026\/01\/117-fuseta-375x250.jpg 375w, https:\/\/algarverealestate.com\/pt\/wp-content\/uploads\/2026\/01\/117-fuseta.jpg 1400w\" sizes=\"(max-width: 1400px) 100vw, 1400px\" loading=\"lazy\" decoding=\"async\"><figcaption>A Praia da Fuseta possui uma paisagem deslumbrante com a sua extens\u00e3o plana de areia branca que se estende a perder de vista. As areias cristalinas criam um cen\u00e1rio pitoresco, oferecendo amplo espa\u00e7o para banhos de sol, constru\u00e7\u00e3o de castelos de areia ou simplesmente passear ao longo da costa.<\/figcaption><\/figure>\n<ol start=\"117\">\n<li><a href=\"https:\/\/algarverealestate.com\/pt\/wp-content\/uploads\/2026\/01\/algarve-portugal-beaches-map.jpg\">ver n\u00famero de praia no mapa<\/a><\/li>\n<\/ol>\n<figure class=\"wp-block-image\"><img src=\"https:\/\/algarverealestate.com\/pt\/wp-content\/uploads\/2026\/01\/117-img_7202.jpg\" width=\"1400\" height=\"933\" class=\"wp-image-421\" alt=\"A Fuseta \u00e9 a presen\u00e7a de marisqueiras locais que se dedicam \u00e0 apanha de bivalves como am\u00eaijoas e berbig\u00f5es. Voc\u00ea pode observar esses pescadores tradicionais em a\u00e7\u00e3o, mergulhando nas \u00e1guas rasas para coletar essas deliciosas iguarias do mar.\" srcset=\"https:\/\/algarverealestate.com\/pt\/wp-content\/uploads\/2026\/01\/117-img_7202-125x83.jpg 125w, https:\/\/algarverealestate.com\/pt\/wp-content\/uploads\/2026\/01\/117-img_7202-150x150.jpg 150w, https:\/\/algarverealestate.com\/pt\/wp-content\/uploads\/2026\/01\/117-img_7202-300x200.jpg 300w, https:\/\/algarverealestate.com\/pt\/wp-content\/uploads\/2026\/01\/117-img_7202-375x250.jpg 375w, https:\/\/algarverealestate.com\/pt\/wp-content\/uploads\/2026\/01\/117-img_7202.jpg 1400w\" sizes=\"(max-width: 1400px) 100vw, 1400px\" loading=\"lazy\" decoding=\"async\"><figcaption>A Fuseta \u00e9 a presen\u00e7a de marisqueiras locais que se dedicam \u00e0 apanha de bivalves como am\u00eaijoas e berbig\u00f5es. Voc\u00ea pode observar esses pescadores tradicionais em a\u00e7\u00e3o, mergulhando nas \u00e1guas rasas para coletar essas deliciosas iguarias do mar.<\/figcaption><\/figure>\n<ol start=\"118\">\n<li><a href=\"https:\/\/algarverealestate.com\/pt\/wp-content\/uploads\/2026\/01\/algarve-portugal-beaches-map.jpg\">ver n\u00famero de praia no mapa<\/a><\/li>\n<\/ol>\n<figure class=\"wp-block-image\"><img src=\"https:\/\/algarverealestate.com\/pt\/wp-content\/uploads\/2026\/01\/118-img_7194.jpg\" width=\"1400\" height=\"933\" class=\"wp-image-8455\" alt=\"Praia Fuseta Barra Nova\" srcset=\"https:\/\/algarverealestate.com\/pt\/wp-content\/uploads\/2026\/01\/118-img_7194-125x83.jpg 125w, https:\/\/algarverealestate.com\/pt\/wp-content\/uploads\/2026\/01\/118-img_7194-150x150.jpg 150w, https:\/\/algarverealestate.com\/pt\/wp-content\/uploads\/2026\/01\/118-img_7194-300x200.jpg 300w, https:\/\/algarverealestate.com\/pt\/wp-content\/uploads\/2026\/01\/118-img_7194-430x293.jpg 430w, https:\/\/algarverealestate.com\/pt\/wp-content\/uploads\/2026\/01\/118-img_7194-768x512.jpg 768w, https:\/\/algarverealestate.com\/pt\/wp-content\/uploads\/2026\/01\/118-img_7194-880x586.jpg 880w, https:\/\/algarverealestate.com\/pt\/wp-content\/uploads\/2026\/01\/118-img_7194.jpg 1400w\" sizes=\"(max-width: 1400px) 100vw, 1400px\" loading=\"lazy\" decoding=\"async\"><figcaption>Praia Fuseta Barra Nova<\/figcaption><\/figure>\n<ol start=\"119\">\n<li><a href=\"https:\/\/algarverealestate.com\/pt\/wp-content\/uploads\/2026\/01\/algarve-portugal-beaches-map.jpg\">ver n\u00famero de praia no mapa<\/a><\/li>\n<\/ol>\n<figure class=\"wp-block-image\"><img src=\"https:\/\/algarverealestate.com\/pt\/wp-content\/uploads\/2026\/01\/119-tesos-beach-fuseta-01.jpg\" width=\"1400\" height=\"933\" class=\"wp-image-423\" alt=\"Praia dos Tesos na Fuseta\" srcset=\"https:\/\/algarverealestate.com\/pt\/wp-content\/uploads\/2026\/01\/119-tesos-beach-fuseta-01-125x83.jpg 125w, https:\/\/algarverealestate.com\/pt\/wp-content\/uploads\/2026\/01\/119-tesos-beach-fuseta-01-150x150.jpg 150w, https:\/\/algarverealestate.com\/pt\/wp-content\/uploads\/2026\/01\/119-tesos-beach-fuseta-01-300x200.jpg 300w, https:\/\/algarverealestate.com\/pt\/wp-content\/uploads\/2026\/01\/119-tesos-beach-fuseta-01-375x250.jpg 375w, https:\/\/algarverealestate.com\/pt\/wp-content\/uploads\/2026\/01\/119-tesos-beach-fuseta-01.jpg 1400w\" sizes=\"(max-width: 1400px) 100vw, 1400px\" loading=\"lazy\" decoding=\"async\"><figcaption><em>Praia dos Tesos na Fuseta<\/em>A Praia dos Tesos na Fuseta \u00e9 uma praia \u00fanica e historicamente significativa situada dentro da lagoa. O nome &#8220;Tesos&#8221; tem um significado especial, pois se refere a uma \u00e9poca em que as pessoas da aldeia n\u00e3o tinham dinheiro para pagar uma passagem ou n\u00e3o tinham acesso a um barco para chegar \u00e0 outra margem. &#8220;Tesos&#8221; significa &#8220;sem dinheiro&#8221; em portugu\u00eas, representando os desafios financeiros enfrentados pela comunidade local.Esta praia tem um charme nost\u00e1lgico e serve como testemunho da resili\u00eancia e desenvoltura dos habitantes da vila . Tornou-se um local acess\u00edvel e apreciado por moradores e visitantes, oferecendo um ambiente tranquilo e pitoresco para um dia de relaxamento e divers\u00e3o.Tesos Beach fornece uma conex\u00e3o entre a vila e a lagoa, permitindo pessoas possam desfrutar das belezas naturais da regi\u00e3o sem a necessidade de transporte adicional. Com \u00e1guas calmas e ambiente tranquilo, a Praia de Tesos \u00e9 um testemunho do sentido de comunidade e das experi\u00eancias partilhadas que moldaram a hist\u00f3ria e o car\u00e1cter da Fuseta.<\/figcaption><\/figure>\n<ol start=\"119\">\n<li><a href=\"https:\/\/algarverealestate.com\/pt\/wp-content\/uploads\/2026\/01\/algarve-portugal-beaches-map.jpg\">ver n\u00famero de praia no mapa<\/a><\/li>\n<\/ol>\n<figure class=\"wp-block-image\"><img src=\"https:\/\/algarverealestate.com\/pt\/wp-content\/uploads\/2026\/01\/119-tesos-beach-fuseta-02.jpg\" width=\"1400\" height=\"933\" class=\"wp-image-425\" alt=\"A &quot;Antiga Esta\u00e7\u00e3o Salva-Vidas da Fuseta&quot;\" srcset=\"https:\/\/algarverealestate.com\/pt\/wp-content\/uploads\/2026\/01\/119-tesos-beach-fuseta-02-125x83.jpg 125w, https:\/\/algarverealestate.com\/pt\/wp-content\/uploads\/2026\/01\/119-tesos-beach-fuseta-02-150x150.jpg 150w, https:\/\/algarverealestate.com\/pt\/wp-content\/uploads\/2026\/01\/119-tesos-beach-fuseta-02-300x200.jpg 300w, https:\/\/algarverealestate.com\/pt\/wp-content\/uploads\/2026\/01\/119-tesos-beach-fuseta-02-375x250.jpg 375w, https:\/\/algarverealestate.com\/pt\/wp-content\/uploads\/2026\/01\/119-tesos-beach-fuseta-02.jpg 1400w\" sizes=\"(max-width: 1400px) 100vw, 1400px\" loading=\"lazy\" decoding=\"async\"><figcaption><em>A &#8220;Antiga Esta\u00e7\u00e3o Salva-Vidas da Fuseta&#8221;<\/em>A &#8220;Antiga Esta\u00e7\u00e3o Salva-Vidas da Fuseta&#8221; \u00e9 a antiga esta\u00e7\u00e3o de salva-vidas da Fuseta. Este edif\u00edcio hist\u00f3rico desempenhou um papel crucial nas opera\u00e7\u00f5es de resgate mar\u00edtimo no passado, servindo de base para a tripula\u00e7\u00e3o do bote salva-vidas local. O seu objetivo era responder a emerg\u00eancias no mar e prestar assist\u00eancia a embarca\u00e7\u00f5es em perigo.A Antiga Esta\u00e7\u00e3o Salva-Vidas da Fuseta \u00e9 uma mem\u00f3ria do patrim\u00f3nio mar\u00edtimo e dos bravos indiv\u00edduos que se dedicaram a salvar vidas ao longo da costa. Embora j\u00e1 n\u00e3o cumpra a sua fun\u00e7\u00e3o original, o edif\u00edcio tem um significado cultural e hist\u00f3rico na Fuseta.<\/figcaption><\/figure>\n<ol start=\"119\">\n<li><a href=\"https:\/\/algarverealestate.com\/pt\/wp-content\/uploads\/2026\/01\/algarve-portugal-beaches-map.jpg\">ver n\u00famero de praia no mapa<\/a><\/li>\n<\/ol>\n<figure class=\"wp-block-image\"><img src=\"https:\/\/algarverealestate.com\/pt\/wp-content\/uploads\/2026\/01\/119-tesos-beach-fuseta-03.jpg\" width=\"1400\" height=\"933\" class=\"wp-image-427\" alt=\"P\u00f4r-do-sol na Fuseta. A Antiga Esta\u00e7\u00e3o Salva-Vidas da Fuseta, um edif\u00edcio hist\u00f3rico, ergue-se orgulhosamente no lado esquerdo da moldura, a sua silhueta criando um contraste marcante com o c\u00e9u colorido.\" srcset=\"https:\/\/algarverealestate.com\/pt\/wp-content\/uploads\/2026\/01\/119-tesos-beach-fuseta-03-125x83.jpg 125w, https:\/\/algarverealestate.com\/pt\/wp-content\/uploads\/2026\/01\/119-tesos-beach-fuseta-03-150x150.jpg 150w, https:\/\/algarverealestate.com\/pt\/wp-content\/uploads\/2026\/01\/119-tesos-beach-fuseta-03-300x200.jpg 300w, https:\/\/algarverealestate.com\/pt\/wp-content\/uploads\/2026\/01\/119-tesos-beach-fuseta-03-375x250.jpg 375w, https:\/\/algarverealestate.com\/pt\/wp-content\/uploads\/2026\/01\/119-tesos-beach-fuseta-03.jpg 1400w\" sizes=\"(max-width: 1400px) 100vw, 1400px\" loading=\"lazy\" decoding=\"async\"><figcaption>P\u00f4r-do-sol na Fuseta. A Antiga Esta\u00e7\u00e3o Salva-Vidas da Fuseta, um edif\u00edcio hist\u00f3rico, ergue-se orgulhosamente no lado esquerdo da moldura, a sua silhueta criando um contraste marcante com o c\u00e9u colorido.<\/figcaption><\/figure>\n<ol start=\"122\">\n<li><a href=\"https:\/\/algarverealestate.com\/pt\/wp-content\/uploads\/2026\/01\/algarve-portugal-beaches-map.jpg\">ver n\u00famero de praia no mapa<\/a><\/li>\n<\/ol>\n<figure class=\"wp-block-image\"><img src=\"https:\/\/algarverealestate.com\/pt\/wp-content\/uploads\/2026\/01\/122-terra-estreira-beach.jpg\" width=\"1024\" height=\"768\" class=\"wp-image-429\" alt=\"Praia da Terra Estreita, Santa Luzia\" srcset=\"https:\/\/algarverealestate.com\/pt\/wp-content\/uploads\/2026\/01\/122-terra-estreira-beach-125x83.jpg 125w, https:\/\/algarverealestate.com\/pt\/wp-content\/uploads\/2026\/01\/122-terra-estreira-beach-150x150.jpg 150w, https:\/\/algarverealestate.com\/pt\/wp-content\/uploads\/2026\/01\/122-terra-estreira-beach-300x225.jpg 300w, https:\/\/algarverealestate.com\/pt\/wp-content\/uploads\/2026\/01\/122-terra-estreira-beach-375x250.jpg 375w, https:\/\/algarverealestate.com\/pt\/wp-content\/uploads\/2026\/01\/122-terra-estreira-beach.jpg 1024w\" sizes=\"(max-width: 1024px) 100vw, 1024px\" loading=\"lazy\" decoding=\"async\"><figcaption>Praia da Terra Estreita, Santa Luzia<\/figcaption><\/figure>\n<ol start=\"123\">\n<li><a href=\"https:\/\/algarverealestate.com\/pt\/wp-content\/uploads\/2026\/01\/algarve-portugal-beaches-map.jpg\">ver n\u00famero de praia no mapa<\/a><\/li>\n<\/ol>\n<figure class=\"wp-block-image\"><img src=\"https:\/\/algarverealestate.com\/pt\/wp-content\/uploads\/2026\/01\/123-tavira-island-005.jpg\" width=\"1400\" height=\"1050\" class=\"wp-image-431\" alt=\"Praia da Ilha de Tavira, um para\u00edso de areia intocada e extenso localizado no Algarve, Portugal. Acess\u00edvel apenas por barco, esta longa faixa de areia oferece um ref\u00fagio tranquilo para os banhistas. Delicie-se com as ofertas de restaurantes \u00e0 beira-mar e aproveite o sol em espregui\u00e7adeiras confort\u00e1veis. Do lado poente da praia, abrace a liberdade do naturismo.\" srcset=\"https:\/\/algarverealestate.com\/pt\/wp-content\/uploads\/2026\/01\/123-tavira-island-005-125x83.jpg 125w, https:\/\/algarverealestate.com\/pt\/wp-content\/uploads\/2026\/01\/123-tavira-island-005-150x150.jpg 150w, https:\/\/algarverealestate.com\/pt\/wp-content\/uploads\/2026\/01\/123-tavira-island-005-300x225.jpg 300w, https:\/\/algarverealestate.com\/pt\/wp-content\/uploads\/2026\/01\/123-tavira-island-005-375x250.jpg 375w, https:\/\/algarverealestate.com\/pt\/wp-content\/uploads\/2026\/01\/123-tavira-island-005.jpg 1400w\" sizes=\"(max-width: 1400px) 100vw, 1400px\" loading=\"lazy\" decoding=\"async\"><figcaption>Praia da Ilha de Tavira, um para\u00edso de areia intocada e extenso localizado no Algarve, Portugal. Acess\u00edvel apenas por barco, esta longa faixa de areia oferece um ref\u00fagio tranquilo para os banhistas. Delicie-se com as ofertas de restaurantes \u00e0 beira-mar e aproveite o sol em espregui\u00e7adeiras confort\u00e1veis. Do lado poente da praia, abrace a liberdade do naturismo.<\/figcaption><\/figure>\n<ol start=\"124\">\n<li><a href=\"https:\/\/algarverealestate.com\/pt\/wp-content\/uploads\/2026\/01\/algarve-portugal-beaches-map.jpg\">ver n\u00famero de praia no mapa<\/a><\/li>\n<\/ol>\n<figure class=\"wp-block-image\"><img loading=\"lazy\" decoding=\"async\" class=\"size-full wp-image-84177\" src=\"https:\/\/algarverealestate.com\/property\/124-cabanas-beach-1.jpg\" alt=\"Praia de Cabanas de Tavira\" width=\"1400\" height=\"1052\" \/><figcaption>Praia de Cabanas de Tavira<\/figcaption><\/figure>\n<ol start=\"124\">\n<li><a href=\"https:\/\/algarverealestate.com\/pt\/wp-content\/uploads\/2026\/01\/algarve-portugal-beaches-map.jpg\">ver n\u00famero de praia no mapa<\/a><\/li>\n<\/ol>\n<figure class=\"wp-block-image\"><img src=\"https:\/\/algarverealestate.com\/pt\/wp-content\/uploads\/2026\/01\/124-cabanas-beach-2.jpg\" width=\"1400\" height=\"1041\" class=\"wp-image-433\" alt=\"Praia de Cabanas de Tavira\" srcset=\"https:\/\/algarverealestate.com\/pt\/wp-content\/uploads\/2026\/01\/124-cabanas-beach-2-125x83.jpg 125w, https:\/\/algarverealestate.com\/pt\/wp-content\/uploads\/2026\/01\/124-cabanas-beach-2-150x150.jpg 150w, https:\/\/algarverealestate.com\/pt\/wp-content\/uploads\/2026\/01\/124-cabanas-beach-2-300x223.jpg 300w, https:\/\/algarverealestate.com\/pt\/wp-content\/uploads\/2026\/01\/124-cabanas-beach-2-375x250.jpg 375w, https:\/\/algarverealestate.com\/pt\/wp-content\/uploads\/2026\/01\/124-cabanas-beach-2.jpg 1400w\" sizes=\"(max-width: 1400px) 100vw, 1400px\" loading=\"lazy\" decoding=\"async\"><figcaption>Praia de Cabanas de Tavira<\/figcaption><\/figure>\n<ol start=\"125\">\n<li><a href=\"https:\/\/algarverealestate.com\/pt\/wp-content\/uploads\/2026\/01\/algarve-portugal-beaches-map.jpg\">ver n\u00famero de praia no mapa<\/a><\/li>\n<\/ol>\n<figure class=\"wp-block-image\"><img src=\"https:\/\/algarverealestate.com\/pt\/wp-content\/uploads\/2026\/01\/125-cacela-velha-beach-01.jpg\" width=\"1400\" height=\"1050\" class=\"wp-image-435\" alt=\"A vila de Cacela Velha e a praia da F\u00e1brica\" srcset=\"https:\/\/algarverealestate.com\/pt\/wp-content\/uploads\/2026\/01\/125-cacela-velha-beach-01-125x83.jpg 125w, https:\/\/algarverealestate.com\/pt\/wp-content\/uploads\/2026\/01\/125-cacela-velha-beach-01-150x150.jpg 150w, https:\/\/algarverealestate.com\/pt\/wp-content\/uploads\/2026\/01\/125-cacela-velha-beach-01-300x225.jpg 300w, https:\/\/algarverealestate.com\/pt\/wp-content\/uploads\/2026\/01\/125-cacela-velha-beach-01-375x250.jpg 375w, https:\/\/algarverealestate.com\/pt\/wp-content\/uploads\/2026\/01\/125-cacela-velha-beach-01.jpg 1400w\" sizes=\"(max-width: 1400px) 100vw, 1400px\" loading=\"lazy\" decoding=\"async\"><figcaption><em>A vila de Cacela Velha e a praia da F\u00e1brica<\/em>A charmosa vila de Cacela Velha situada na pitoresca praia, com casas caiadas de branco e ruas em cal\u00e7ada, sobranceira ao Parque Natural da Ria Formosa.<\/figcaption><\/figure>\n<ol start=\"125\">\n<li><a href=\"https:\/\/algarverealestate.com\/pt\/wp-content\/uploads\/2026\/01\/algarve-portugal-beaches-map.jpg\">ver n\u00famero de praia no mapa<\/a><\/li>\n<\/ol>\n<figure class=\"wp-block-image\"><img src=\"https:\/\/algarverealestate.com\/pt\/wp-content\/uploads\/2026\/01\/125-cacela-velha-beach-01.jpg\" width=\"1400\" height=\"1050\" class=\"wp-image-435\" alt=\"Praia de Cacela Velha F\u00e1brica\" srcset=\"https:\/\/algarverealestate.com\/pt\/wp-content\/uploads\/2026\/01\/125-cacela-velha-beach-01-125x83.jpg 125w, https:\/\/algarverealestate.com\/pt\/wp-content\/uploads\/2026\/01\/125-cacela-velha-beach-01-150x150.jpg 150w, https:\/\/algarverealestate.com\/pt\/wp-content\/uploads\/2026\/01\/125-cacela-velha-beach-01-300x225.jpg 300w, https:\/\/algarverealestate.com\/pt\/wp-content\/uploads\/2026\/01\/125-cacela-velha-beach-01-375x250.jpg 375w, https:\/\/algarverealestate.com\/pt\/wp-content\/uploads\/2026\/01\/125-cacela-velha-beach-01.jpg 1400w\" sizes=\"(max-width: 1400px) 100vw, 1400px\" loading=\"lazy\" decoding=\"async\"><figcaption>Praia de Cacela Velha F\u00e1brica<\/figcaption><\/figure>\n<ol start=\"125\">\n<li><a href=\"https:\/\/algarverealestate.com\/pt\/wp-content\/uploads\/2026\/01\/algarve-portugal-beaches-map.jpg\">ver n\u00famero de praia no mapa<\/a><\/li>\n<\/ol>\n<figure class=\"wp-block-image\"><img src=\"https:\/\/algarverealestate.com\/pt\/wp-content\/uploads\/2026\/01\/125-cacela-velha-beach02.jpg\" width=\"1400\" height=\"933\" class=\"wp-image-437\" alt=\"Praia de Cacela Velha F\u00e1brica\" srcset=\"https:\/\/algarverealestate.com\/pt\/wp-content\/uploads\/2026\/01\/125-cacela-velha-beach02-125x83.jpg 125w, https:\/\/algarverealestate.com\/pt\/wp-content\/uploads\/2026\/01\/125-cacela-velha-beach02-150x150.jpg 150w, https:\/\/algarverealestate.com\/pt\/wp-content\/uploads\/2026\/01\/125-cacela-velha-beach02-300x200.jpg 300w, https:\/\/algarverealestate.com\/pt\/wp-content\/uploads\/2026\/01\/125-cacela-velha-beach02-375x250.jpg 375w, https:\/\/algarverealestate.com\/pt\/wp-content\/uploads\/2026\/01\/125-cacela-velha-beach02.jpg 1400w\" sizes=\"(max-width: 1400px) 100vw, 1400px\" loading=\"lazy\" decoding=\"async\"><figcaption>Praia de Cacela Velha F\u00e1brica<\/figcaption><\/figure>\n<ol start=\"125\">\n<li><a href=\"https:\/\/algarverealestate.com\/pt\/wp-content\/uploads\/2026\/01\/algarve-portugal-beaches-map.jpg\">ver n\u00famero de praia no mapa<\/a><\/li>\n<\/ol>\n<figure class=\"wp-block-image\"><img src=\"https:\/\/algarverealestate.com\/pt\/wp-content\/uploads\/2026\/01\/125-cacela-velha-beach-02.jpg\" width=\"1400\" height=\"1050\" class=\"wp-image-439\" alt=\"Cacela Velha est\u00e1 separada da praia oce\u00e2nica por uma praia interior com lagoa de sal na Ria Formosa, onde os marisqueiros apanham bivalves para as iguarias locais...\" srcset=\"https:\/\/algarverealestate.com\/pt\/wp-content\/uploads\/2026\/01\/125-cacela-velha-beach-02-125x83.jpg 125w, https:\/\/algarverealestate.com\/pt\/wp-content\/uploads\/2026\/01\/125-cacela-velha-beach-02-150x150.jpg 150w, https:\/\/algarverealestate.com\/pt\/wp-content\/uploads\/2026\/01\/125-cacela-velha-beach-02-300x225.jpg 300w, https:\/\/algarverealestate.com\/pt\/wp-content\/uploads\/2026\/01\/125-cacela-velha-beach-02-375x250.jpg 375w, https:\/\/algarverealestate.com\/pt\/wp-content\/uploads\/2026\/01\/125-cacela-velha-beach-02.jpg 1400w\" sizes=\"(max-width: 1400px) 100vw, 1400px\" loading=\"lazy\" decoding=\"async\"><figcaption>Cacela Velha est\u00e1 separada da praia oce\u00e2nica por uma praia interior com lagoa de sal na Ria Formosa, onde os marisqueiros apanham bivalves para as iguarias locais&#8230;<\/figcaption><\/figure>\n<ol start=\"125\">\n<li><a href=\"https:\/\/algarverealestate.com\/pt\/wp-content\/uploads\/2026\/01\/algarve-portugal-beaches-map.jpg\">ver n\u00famero de praia no mapa<\/a><\/li>\n<\/ol>\n<figure class=\"wp-block-image\"><img src=\"https:\/\/algarverealestate.com\/pt\/wp-content\/uploads\/2026\/01\/125-cacela-velha-beach-03.jpg\" width=\"1400\" height=\"1050\" class=\"wp-image-8800\" alt=\"Cacela Velha e a Ria Formosa\" srcset=\"https:\/\/algarverealestate.com\/pt\/wp-content\/uploads\/2026\/01\/125-cacela-velha-beach-03-125x83.jpg 125w, https:\/\/algarverealestate.com\/pt\/wp-content\/uploads\/2026\/01\/125-cacela-velha-beach-03-150x150.jpg 150w, https:\/\/algarverealestate.com\/pt\/wp-content\/uploads\/2026\/01\/125-cacela-velha-beach-03-300x225.jpg 300w, https:\/\/algarverealestate.com\/pt\/wp-content\/uploads\/2026\/01\/125-cacela-velha-beach-03-430x293.jpg 430w, https:\/\/algarverealestate.com\/pt\/wp-content\/uploads\/2026\/01\/125-cacela-velha-beach-03-768x576.jpg 768w, https:\/\/algarverealestate.com\/pt\/wp-content\/uploads\/2026\/01\/125-cacela-velha-beach-03-880x586.jpg 880w, https:\/\/algarverealestate.com\/pt\/wp-content\/uploads\/2026\/01\/125-cacela-velha-beach-03.jpg 1400w\" sizes=\"(max-width: 1400px) 100vw, 1400px\" loading=\"lazy\" decoding=\"async\"><figcaption>Cacela Velha e a Ria Formosa<\/figcaption><\/figure>\n<ol start=\"125\">\n<li><a href=\"https:\/\/algarverealestate.com\/pt\/wp-content\/uploads\/2026\/01\/algarve-portugal-beaches-map.jpg\">ver n\u00famero de praia no mapa<\/a><\/li>\n<\/ol>\n<figure class=\"wp-block-image\"><img src=\"https:\/\/algarverealestate.com\/pt\/wp-content\/uploads\/2026\/01\/125-cacela-velha-beach-04.jpg\" width=\"1400\" height=\"1051\" class=\"wp-image-8801\" alt=\"A passagem para a praia \u00e9 feita em pequenos barcos tradicionais, mediante um pagamento simb\u00f3lico\" srcset=\"https:\/\/algarverealestate.com\/pt\/wp-content\/uploads\/2026\/01\/125-cacela-velha-beach-04-125x83.jpg 125w, https:\/\/algarverealestate.com\/pt\/wp-content\/uploads\/2026\/01\/125-cacela-velha-beach-04-150x150.jpg 150w, https:\/\/algarverealestate.com\/pt\/wp-content\/uploads\/2026\/01\/125-cacela-velha-beach-04-300x225.jpg 300w, https:\/\/algarverealestate.com\/pt\/wp-content\/uploads\/2026\/01\/125-cacela-velha-beach-04-430x293.jpg 430w, https:\/\/algarverealestate.com\/pt\/wp-content\/uploads\/2026\/01\/125-cacela-velha-beach-04-768x577.jpg 768w, https:\/\/algarverealestate.com\/pt\/wp-content\/uploads\/2026\/01\/125-cacela-velha-beach-04-880x586.jpg 880w, https:\/\/algarverealestate.com\/pt\/wp-content\/uploads\/2026\/01\/125-cacela-velha-beach-04.jpg 1400w\" sizes=\"(max-width: 1400px) 100vw, 1400px\" loading=\"lazy\" decoding=\"async\"><figcaption>A passagem para a praia \u00e9 feita em pequenos barcos tradicionais, mediante um pagamento simb\u00f3lico<\/figcaption><\/figure>\n<ol start=\"128\">\n<li><a href=\"https:\/\/algarverealestate.com\/pt\/wp-content\/uploads\/2026\/01\/algarve-portugal-beaches-map.jpg\">ver n\u00famero de praia no mapa<\/a><\/li>\n<\/ol>\n<figure class=\"wp-block-image\"><img src=\"https:\/\/algarverealestate.com\/pt\/wp-content\/uploads\/2026\/01\/128-alagoa-altura-beach.jpg\" width=\"1023\" height=\"768\" class=\"wp-image-8802\" alt=\"Alagoa Praia de Altura\" srcset=\"https:\/\/algarverealestate.com\/pt\/wp-content\/uploads\/2026\/01\/128-alagoa-altura-beach-125x83.jpg 125w, https:\/\/algarverealestate.com\/pt\/wp-content\/uploads\/2026\/01\/128-alagoa-altura-beach-150x150.jpg 150w, https:\/\/algarverealestate.com\/pt\/wp-content\/uploads\/2026\/01\/128-alagoa-altura-beach-300x225.jpg 300w, https:\/\/algarverealestate.com\/pt\/wp-content\/uploads\/2026\/01\/128-alagoa-altura-beach-430x293.jpg 430w, https:\/\/algarverealestate.com\/pt\/wp-content\/uploads\/2026\/01\/128-alagoa-altura-beach-768x577.jpg 768w, https:\/\/algarverealestate.com\/pt\/wp-content\/uploads\/2026\/01\/128-alagoa-altura-beach-880x586.jpg 880w, https:\/\/algarverealestate.com\/pt\/wp-content\/uploads\/2026\/01\/128-alagoa-altura-beach.jpg 1023w\" sizes=\"(max-width: 1023px) 100vw, 1023px\" loading=\"lazy\" decoding=\"async\"><figcaption>Alagoa Praia de Altura<\/figcaption><\/figure>\n<ol start=\"130\">\n<li><a href=\"https:\/\/algarverealestate.com\/pt\/wp-content\/uploads\/2026\/01\/algarve-portugal-beaches-map.jpg\">ver n\u00famero de praia no mapa<\/a><\/li>\n<\/ol>\n<figure class=\"wp-block-image\"><img src=\"https:\/\/algarverealestate.com\/pt\/wp-content\/uploads\/2026\/01\/130-cabeco-beach.jpg\" width=\"1023\" height=\"768\" class=\"wp-image-444\" alt=\"praia do cabe\u00e7o\" srcset=\"https:\/\/algarverealestate.com\/pt\/wp-content\/uploads\/2026\/01\/130-cabeco-beach-125x83.jpg 125w, https:\/\/algarverealestate.com\/pt\/wp-content\/uploads\/2026\/01\/130-cabeco-beach-150x150.jpg 150w, https:\/\/algarverealestate.com\/pt\/wp-content\/uploads\/2026\/01\/130-cabeco-beach-300x225.jpg 300w, https:\/\/algarverealestate.com\/pt\/wp-content\/uploads\/2026\/01\/130-cabeco-beach-375x250.jpg 375w, https:\/\/algarverealestate.com\/pt\/wp-content\/uploads\/2026\/01\/130-cabeco-beach.jpg 1023w\" sizes=\"(max-width: 1023px) 100vw, 1023px\" loading=\"lazy\" decoding=\"async\"><figcaption>praia do cabe\u00e7o<\/figcaption><\/figure>\n<ol start=\"131\">\n<li><a href=\"https:\/\/algarverealestate.com\/pt\/wp-content\/uploads\/2026\/01\/algarve-portugal-beaches-map.jpg\">ver n\u00famero de praia no mapa<\/a><\/li>\n<\/ol>\n<figure class=\"wp-block-image\"><img src=\"https:\/\/algarverealestate.com\/pt\/wp-content\/uploads\/2026\/01\/131-monte-gordo-beach.jpg\" width=\"1400\" height=\"933\" class=\"wp-image-446\" alt=\"Vista a\u00e9rea da praia e vila de Monte Gordo\" srcset=\"https:\/\/algarverealestate.com\/pt\/wp-content\/uploads\/2026\/01\/131-monte-gordo-beach-125x83.jpg 125w, https:\/\/algarverealestate.com\/pt\/wp-content\/uploads\/2026\/01\/131-monte-gordo-beach-150x150.jpg 150w, https:\/\/algarverealestate.com\/pt\/wp-content\/uploads\/2026\/01\/131-monte-gordo-beach-300x200.jpg 300w, https:\/\/algarverealestate.com\/pt\/wp-content\/uploads\/2026\/01\/131-monte-gordo-beach-375x250.jpg 375w, https:\/\/algarverealestate.com\/pt\/wp-content\/uploads\/2026\/01\/131-monte-gordo-beach.jpg 1400w\" sizes=\"(max-width: 1400px) 100vw, 1400px\" loading=\"lazy\" decoding=\"async\"><figcaption><em>Vista a\u00e9rea da praia e vila de Monte Gordo<\/em><br \/>Um panorama deslumbrante que capta a beleza da praia e da vila de Monte Gordo de uma perspetiva elevada, estendendo-se at\u00e9 \u00e0 fronteira do Rio Guadiana.<\/figcaption><\/figure>\n<ol start=\"131\">\n<li><a href=\"https:\/\/algarverealestate.com\/pt\/wp-content\/uploads\/2026\/01\/algarve-portugal-beaches-map.jpg\">ver n\u00famero de praia no mapa<\/a><\/li>\n<\/ol>\n<figure class=\"wp-block-image\"><img src=\"https:\/\/algarverealestate.com\/pt\/wp-content\/uploads\/2026\/01\/131-monte-gordo-beach-01.jpg\" width=\"1400\" height=\"933\" class=\"wp-image-448\" alt=\"Monte Gordo foi inicialmente uma pequena vila piscat\u00f3ria que se transformou gradualmente num p\u00f3lo tur\u00edstico devido \u00e0 sua atractiva praia familiar e de f\u00e1cil acesso, uma longa extens\u00e3o de areia dourada e fofa que se estende por cerca de 3 quil\u00f3metros, ladeada por um sistema de dunas e florestas de pinheiros, criando um ambiente paisag\u00edstico e tranquilo.\" srcset=\"https:\/\/algarverealestate.com\/pt\/wp-content\/uploads\/2026\/01\/131-monte-gordo-beach-01-125x83.jpg 125w, https:\/\/algarverealestate.com\/pt\/wp-content\/uploads\/2026\/01\/131-monte-gordo-beach-01-150x150.jpg 150w, https:\/\/algarverealestate.com\/pt\/wp-content\/uploads\/2026\/01\/131-monte-gordo-beach-01-300x200.jpg 300w, https:\/\/algarverealestate.com\/pt\/wp-content\/uploads\/2026\/01\/131-monte-gordo-beach-01-375x250.jpg 375w, https:\/\/algarverealestate.com\/pt\/wp-content\/uploads\/2026\/01\/131-monte-gordo-beach-01.jpg 1400w\" sizes=\"(max-width: 1400px) 100vw, 1400px\" loading=\"lazy\" decoding=\"async\"><figcaption>Monte Gordo foi inicialmente uma pequena vila piscat\u00f3ria que se transformou gradualmente num p\u00f3lo tur\u00edstico devido \u00e0 sua atractiva praia familiar e de f\u00e1cil acesso, uma longa extens\u00e3o de areia dourada e fofa que se estende por cerca de 3 quil\u00f3metros, ladeada por um sistema de dunas e florestas de pinheiros, criando um ambiente paisag\u00edstico e tranquilo.<\/figcaption><\/figure>\n<ol start=\"132\">\n<li><a href=\"https:\/\/algarverealestate.com\/pt\/wp-content\/uploads\/2026\/01\/algarve-portugal-beaches-map.jpg\">ver n\u00famero de praia no mapa<\/a><\/li>\n<\/ol>\n<figure class=\"wp-block-image\"><img src=\"https:\/\/algarverealestate.com\/pt\/wp-content\/uploads\/2026\/01\/132-santo-antonio-beach-01.jpg\" width=\"1400\" height=\"933\" class=\"wp-image-450\" alt=\"A praia de Santo Ant\u00f3nio \u00e9 conhecida pelo seu extenso areal dourado, tal como a praia de Monte Gordo. O litoral nesta zona estende-se at\u00e9 Vila Real de Santo Ant\u00f3nio, situada nas margens do rio Guadiana, fronteira natural entre Portugal e a vila espanhola de Ayamonte. A praia de Santo Ant\u00f3nio\/Monte Gordo est\u00e1 rodeada por um bonito pinhal.\" srcset=\"https:\/\/algarverealestate.com\/pt\/wp-content\/uploads\/2026\/01\/132-santo-antonio-beach-01-125x83.jpg 125w, https:\/\/algarverealestate.com\/pt\/wp-content\/uploads\/2026\/01\/132-santo-antonio-beach-01-150x150.jpg 150w, https:\/\/algarverealestate.com\/pt\/wp-content\/uploads\/2026\/01\/132-santo-antonio-beach-01-300x200.jpg 300w, https:\/\/algarverealestate.com\/pt\/wp-content\/uploads\/2026\/01\/132-santo-antonio-beach-01-375x250.jpg 375w, https:\/\/algarverealestate.com\/pt\/wp-content\/uploads\/2026\/01\/132-santo-antonio-beach-01.jpg 1400w\" sizes=\"(max-width: 1400px) 100vw, 1400px\" loading=\"lazy\" decoding=\"async\"><figcaption>A praia de Santo Ant\u00f3nio \u00e9 conhecida pelo seu extenso areal dourado, tal como a praia de Monte Gordo. O litoral nesta zona estende-se at\u00e9 Vila Real de Santo Ant\u00f3nio, situada nas margens do rio Guadiana, fronteira natural entre Portugal e a vila espanhola de Ayamonte. A praia de Santo Ant\u00f3nio\/Monte Gordo est\u00e1 rodeada por um bonito pinhal.<\/figcaption><\/figure>\n<ol start=\"132\">\n<li><a href=\"https:\/\/algarverealestate.com\/pt\/wp-content\/uploads\/2026\/01\/algarve-portugal-beaches-map.jpg\">ver n\u00famero de praia no mapa<\/a><\/li>\n<\/ol>\n<figure class=\"wp-block-image\"><img src=\"https:\/\/algarverealestate.com\/pt\/wp-content\/uploads\/2026\/01\/132-santo-antonio-beach-05.jpg\" width=\"1400\" height=\"933\" class=\"wp-image-452\" alt=\"Praia de Santo Ant\u00f3nio com pinheiros a enquadrar a orla de areia dourada.\" srcset=\"https:\/\/algarverealestate.com\/pt\/wp-content\/uploads\/2026\/01\/132-santo-antonio-beach-05-125x83.jpg 125w, https:\/\/algarverealestate.com\/pt\/wp-content\/uploads\/2026\/01\/132-santo-antonio-beach-05-150x150.jpg 150w, https:\/\/algarverealestate.com\/pt\/wp-content\/uploads\/2026\/01\/132-santo-antonio-beach-05-300x200.jpg 300w, https:\/\/algarverealestate.com\/pt\/wp-content\/uploads\/2026\/01\/132-santo-antonio-beach-05-375x250.jpg 375w, https:\/\/algarverealestate.com\/pt\/wp-content\/uploads\/2026\/01\/132-santo-antonio-beach-05.jpg 1400w\" sizes=\"(max-width: 1400px) 100vw, 1400px\" loading=\"lazy\" decoding=\"async\"><figcaption>Praia de Santo Ant\u00f3nio com pinheiros a enquadrar a orla de areia dourada.<\/figcaption><\/figure>\n<h2>Praias algarvias em centenas de imagens<\/h2>\n<figure class=\"wp-block-image\"><img src=\"https:\/\/algarverealestate.com\/pt\/wp-content\/uploads\/2026\/01\/134-all-beaches-of-algarve.jpg\" width=\"1400\" height=\"784\" class=\"wp-image-8457\" alt=\"Algarve em Cem Imagens\" srcset=\"https:\/\/algarverealestate.com\/pt\/wp-content\/uploads\/2026\/01\/134-all-beaches-of-algarve-125x83.jpg 125w, https:\/\/algarverealestate.com\/pt\/wp-content\/uploads\/2026\/01\/134-all-beaches-of-algarve-150x150.jpg 150w, https:\/\/algarverealestate.com\/pt\/wp-content\/uploads\/2026\/01\/134-all-beaches-of-algarve-300x168.jpg 300w, https:\/\/algarverealestate.com\/pt\/wp-content\/uploads\/2026\/01\/134-all-beaches-of-algarve-430x293.jpg 430w, https:\/\/algarverealestate.com\/pt\/wp-content\/uploads\/2026\/01\/134-all-beaches-of-algarve-768x430.jpg 768w, https:\/\/algarverealestate.com\/pt\/wp-content\/uploads\/2026\/01\/134-all-beaches-of-algarve-880x586.jpg 880w, https:\/\/algarverealestate.com\/pt\/wp-content\/uploads\/2026\/01\/134-all-beaches-of-algarve.jpg 1400w\" sizes=\"(max-width: 1400px) 100vw, 1400px\" loading=\"lazy\" decoding=\"async\"><figcaption><em>Algarve em Cem Imagens<\/em><br \/>Paisagens deslumbrantes e beleza diversificada do Algarve, enquanto apresentamos um caleidosc\u00f3pio de uma centena de imagens hipnotizantes. De praias ensolaradas com \u00e1guas azul-turquesa a fal\u00e9sias escarpadas com vista para o Oceano Atl\u00e2ntico, cada quadro captura a ess\u00eancia desta regi\u00e3o encantadora.<\/figcaption><\/figure>\n","protected":false},"featured_media":8430,"parent":0,"menu_order":0,"template":"","meta":[],"class_list":["post-8388","algarve","type-algarve","status-publish","has-post-thumbnail","hentry"],"_links":{"self":[{"href":"https:\/\/algarverealestate.com\/pt\/wp-json\/wp\/v2\/algarve\/8388","targetHints":{"allow":["GET"]}}],"collection":[{"href":"https:\/\/algarverealestate.com\/pt\/wp-json\/wp\/v2\/algarve"}],"about":[{"href":"https:\/\/algarverealestate.com\/pt\/wp-json\/wp\/v2\/types\/algarve"}],"wp:featuredmedia":[{"embeddable":true,"href":"https:\/\/algarverealestate.com\/pt\/wp-json\/wp\/v2\/media\/8430"}],"wp:attachment":[{"href":"https:\/\/algarverealestate.com\/pt\/wp-json\/wp\/v2\/media?parent=8388"}],"curies":[{"name":"wp","href":"https:\/\/api.w.org\/{rel}","templated":true}]}}