
{"id":6256,"date":"2023-10-19T08:17:59","date_gmt":"2023-10-19T08:17:59","guid":{"rendered":"https:\/\/algarverealestate.com\/fr\/portugal\/046-plage-de-prainha\/"},"modified":"2026-02-04T13:22:57","modified_gmt":"2026-02-04T13:22:57","slug":"046-plage-de-prainha","status":"publish","type":"algarve","link":"https:\/\/algarverealestate.com\/fr\/algarve\/046-plage-de-prainha\/","title":{"rendered":"046 Plage de Prainha"},"content":{"rendered":"<ol start=\"46\">\n<li><a href=\"https:\/\/algarverealestate.com\/property\/algarve-portugal-beaches-map.jpg\">voir dans le map<\/a><\/li>\n<\/ol>\n<figure class=\"wp-block-image\"><img src=\"https:\/\/algarverealestate.com\/fr\/wp-content\/uploads\/2026\/01\/46-prainha-01.jpg\" width=\"1200\" height=\"800\" class=\"wp-image-6170\" alt=\"Prainha Beach\" srcset=\"https:\/\/algarverealestate.com\/fr\/wp-content\/uploads\/2026\/01\/46-prainha-01-125x83.jpg 125w, https:\/\/algarverealestate.com\/fr\/wp-content\/uploads\/2026\/01\/46-prainha-01-150x150.jpg 150w, https:\/\/algarverealestate.com\/fr\/wp-content\/uploads\/2026\/01\/46-prainha-01-300x200.jpg 300w, https:\/\/algarverealestate.com\/fr\/wp-content\/uploads\/2026\/01\/46-prainha-01-375x250.jpg 375w, https:\/\/algarverealestate.com\/fr\/wp-content\/uploads\/2026\/01\/46-prainha-01-1200x800.jpg 1200w\" sizes=\"(max-width: 1200px) 100vw, 1200px\" loading=\"eager\" decoding=\"async\" fetchpriority=\"high\"><figcaption><em>Prainha Beach<\/em><br \/>Situ\u00e9 \u00e0 l&#8217;est d&#8217;Alvor, en route vers Portim\u00e3o, Portugal.<\/figcaption><\/figure>\n<ol start=\"46\">\n<li><a href=\"https:\/\/algarverealestate.com\/property\/algarve-portugal-beaches-map.jpg\">voir dans le map<\/a><\/li>\n<\/ol>\n<figure class=\"wp-block-image\"><img src=\"https:\/\/algarverealestate.com\/fr\/wp-content\/uploads\/2026\/01\/46-prainha-02.jpg\" width=\"1200\" height=\"800\" class=\"wp-image-6171\" alt=\"Plage de Prainha, Alvor \u00e0 Portim\u00e3o, Portugal\" srcset=\"https:\/\/algarverealestate.com\/fr\/wp-content\/uploads\/2026\/01\/46-prainha-02-125x83.jpg 125w, https:\/\/algarverealestate.com\/fr\/wp-content\/uploads\/2026\/01\/46-prainha-02-150x150.jpg 150w, https:\/\/algarverealestate.com\/fr\/wp-content\/uploads\/2026\/01\/46-prainha-02-300x200.jpg 300w, https:\/\/algarverealestate.com\/fr\/wp-content\/uploads\/2026\/01\/46-prainha-02-375x250.jpg 375w, https:\/\/algarverealestate.com\/fr\/wp-content\/uploads\/2026\/01\/46-prainha-02-1200x800.jpg 1200w\" sizes=\"(max-width: 1200px) 100vw, 1200px\" loading=\"lazy\" decoding=\"async\"><figcaption>Plage de Prainha, Alvor \u00e0 Portim\u00e3o, Portugal<\/figcaption><\/figure>\n<ol start=\"46\">\n<li><a href=\"https:\/\/algarverealestate.com\/property\/algarve-portugal-beaches-map.jpg\">voir dans le map<\/a><\/li>\n<\/ol>\n<figure class=\"wp-block-image\"><img src=\"https:\/\/algarverealestate.com\/fr\/wp-content\/uploads\/2026\/01\/46-prainha-03.jpg\" width=\"1200\" height=\"800\" class=\"wp-image-6172\" alt=\"Grottes calcaires de la plage de Prainha, Alvor \u00e0 Portim\u00e3o, Portugal\" srcset=\"https:\/\/algarverealestate.com\/fr\/wp-content\/uploads\/2026\/01\/46-prainha-03-125x83.jpg 125w, https:\/\/algarverealestate.com\/fr\/wp-content\/uploads\/2026\/01\/46-prainha-03-150x150.jpg 150w, https:\/\/algarverealestate.com\/fr\/wp-content\/uploads\/2026\/01\/46-prainha-03-300x200.jpg 300w, https:\/\/algarverealestate.com\/fr\/wp-content\/uploads\/2026\/01\/46-prainha-03-375x250.jpg 375w, https:\/\/algarverealestate.com\/fr\/wp-content\/uploads\/2026\/01\/46-prainha-03-1200x800.jpg 1200w\" sizes=\"(max-width: 1200px) 100vw, 1200px\" loading=\"lazy\" decoding=\"async\"><figcaption>Grottes calcaires de la plage de Prainha, Alvor \u00e0 Portim\u00e3o, Portugal<\/figcaption><\/figure>\n<ol start=\"46\">\n<li><a href=\"https:\/\/algarverealestate.com\/property\/algarve-portugal-beaches-map.jpg\">voir dans le map<\/a><\/li>\n<\/ol>\n<figure class=\"wp-block-image\"><img src=\"https:\/\/algarverealestate.com\/fr\/wp-content\/uploads\/2026\/01\/46-prainha-04.jpg\" width=\"1200\" height=\"605\" class=\"wp-image-6173\" alt=\"Plage cach\u00e9e de la plage de Prainha, Alvor \u00e0 Portim\u00e3o, Portugal\" srcset=\"https:\/\/algarverealestate.com\/fr\/wp-content\/uploads\/2026\/01\/46-prainha-04-125x83.jpg 125w, https:\/\/algarverealestate.com\/fr\/wp-content\/uploads\/2026\/01\/46-prainha-04-150x150.jpg 150w, https:\/\/algarverealestate.com\/fr\/wp-content\/uploads\/2026\/01\/46-prainha-04-300x151.jpg 300w, https:\/\/algarverealestate.com\/fr\/wp-content\/uploads\/2026\/01\/46-prainha-04-375x250.jpg 375w, https:\/\/algarverealestate.com\/fr\/wp-content\/uploads\/2026\/01\/46-prainha-04-1200x605.jpg 1200w\" sizes=\"(max-width: 1200px) 100vw, 1200px\" loading=\"lazy\" decoding=\"async\"><figcaption>Plage cach\u00e9e de la plage de Prainha, Alvor \u00e0 Portim\u00e3o, Portugal<\/figcaption><\/figure>\n<ol start=\"46\">\n<li><a href=\"https:\/\/algarverealestate.com\/property\/algarve-portugal-beaches-map.jpg\">voir dans le map<\/a><\/li>\n<\/ol>\n<figure class=\"wp-block-image\"><img src=\"https:\/\/algarverealestate.com\/fr\/wp-content\/uploads\/2026\/01\/46-prainha-05.jpg\" width=\"1200\" height=\"800\" class=\"wp-image-6174\" alt=\"Plage de Prainha, Alvor \u00e0 Portim\u00e3o, Portugal\" srcset=\"https:\/\/algarverealestate.com\/fr\/wp-content\/uploads\/2026\/01\/46-prainha-05-125x83.jpg 125w, https:\/\/algarverealestate.com\/fr\/wp-content\/uploads\/2026\/01\/46-prainha-05-150x150.jpg 150w, https:\/\/algarverealestate.com\/fr\/wp-content\/uploads\/2026\/01\/46-prainha-05-300x200.jpg 300w, https:\/\/algarverealestate.com\/fr\/wp-content\/uploads\/2026\/01\/46-prainha-05-375x250.jpg 375w, https:\/\/algarverealestate.com\/fr\/wp-content\/uploads\/2026\/01\/46-prainha-05-1200x800.jpg 1200w\" sizes=\"(max-width: 1200px) 100vw, 1200px\" loading=\"lazy\" decoding=\"async\"><figcaption>Plage de Prainha, Alvor \u00e0 Portim\u00e3o, Portugal<\/figcaption><\/figure>\n<ol start=\"46\">\n<li><a href=\"https:\/\/algarverealestate.com\/property\/algarve-portugal-beaches-map.jpg\">voir dans le map<\/a><\/li>\n<\/ol>\n<figure class=\"wp-block-image\"><img src=\"https:\/\/algarverealestate.com\/fr\/wp-content\/uploads\/2026\/01\/46-prainha-06.jpg\" width=\"1200\" height=\"800\" class=\"wp-image-6175\" alt=\"Plage de Prainha, Alvor \u00e0 Portim\u00e3o, Portugal\" srcset=\"https:\/\/algarverealestate.com\/fr\/wp-content\/uploads\/2026\/01\/46-prainha-06-125x83.jpg 125w, https:\/\/algarverealestate.com\/fr\/wp-content\/uploads\/2026\/01\/46-prainha-06-150x150.jpg 150w, https:\/\/algarverealestate.com\/fr\/wp-content\/uploads\/2026\/01\/46-prainha-06-300x200.jpg 300w, https:\/\/algarverealestate.com\/fr\/wp-content\/uploads\/2026\/01\/46-prainha-06-375x250.jpg 375w, https:\/\/algarverealestate.com\/fr\/wp-content\/uploads\/2026\/01\/46-prainha-06-1200x800.jpg 1200w\" sizes=\"(max-width: 1200px) 100vw, 1200px\" loading=\"lazy\" decoding=\"async\"><figcaption>Plage de Prainha, Alvor \u00e0 Portim\u00e3o, Portugal<\/figcaption><\/figure>\n<ol start=\"46\">\n<li><a href=\"https:\/\/algarverealestate.com\/property\/algarve-portugal-beaches-map.jpg\">voir dans le map<\/a><\/li>\n<\/ol>\n<figure class=\"wp-block-image\"><img src=\"https:\/\/algarverealestate.com\/fr\/wp-content\/uploads\/2026\/01\/46-prainha-07.jpg\" width=\"1200\" height=\"800\" class=\"wp-image-6176\" alt=\"Plage de Prainha depuis la falaise, Alvor \u00e0 Portim\u00e3o, Portugal\" srcset=\"https:\/\/algarverealestate.com\/fr\/wp-content\/uploads\/2026\/01\/46-prainha-07-125x83.jpg 125w, https:\/\/algarverealestate.com\/fr\/wp-content\/uploads\/2026\/01\/46-prainha-07-150x150.jpg 150w, https:\/\/algarverealestate.com\/fr\/wp-content\/uploads\/2026\/01\/46-prainha-07-300x200.jpg 300w, https:\/\/algarverealestate.com\/fr\/wp-content\/uploads\/2026\/01\/46-prainha-07-375x250.jpg 375w, https:\/\/algarverealestate.com\/fr\/wp-content\/uploads\/2026\/01\/46-prainha-07-1200x800.jpg 1200w\" sizes=\"(max-width: 1200px) 100vw, 1200px\" loading=\"lazy\" decoding=\"async\"><figcaption>Plage de Prainha depuis la falaise, Alvor \u00e0 Portim\u00e3o, Portugal<\/figcaption><\/figure>\n<ol start=\"46\">\n<li><a href=\"https:\/\/algarverealestate.com\/property\/algarve-portugal-beaches-map.jpg\">voir dans le map<\/a><\/li>\n<\/ol>\n<figure class=\"wp-block-image\"><img src=\"https:\/\/algarverealestate.com\/fr\/wp-content\/uploads\/2026\/01\/46-prainha-08.jpg\" width=\"1200\" height=\"800\" class=\"wp-image-6177\" alt=\"Plage de Prainha, Alvor \u00e0 Portim\u00e3o, Portugal\" srcset=\"https:\/\/algarverealestate.com\/fr\/wp-content\/uploads\/2026\/01\/46-prainha-08-125x83.jpg 125w, https:\/\/algarverealestate.com\/fr\/wp-content\/uploads\/2026\/01\/46-prainha-08-150x150.jpg 150w, https:\/\/algarverealestate.com\/fr\/wp-content\/uploads\/2026\/01\/46-prainha-08-300x200.jpg 300w, https:\/\/algarverealestate.com\/fr\/wp-content\/uploads\/2026\/01\/46-prainha-08-375x250.jpg 375w, https:\/\/algarverealestate.com\/fr\/wp-content\/uploads\/2026\/01\/46-prainha-08-1200x800.jpg 1200w\" sizes=\"(max-width: 1200px) 100vw, 1200px\" loading=\"lazy\" decoding=\"async\"><figcaption>Plage de Prainha, Alvor \u00e0 Portim\u00e3o, Portugal<\/figcaption><\/figure>\n<ol start=\"46\">\n<li><a href=\"https:\/\/algarverealestate.com\/property\/algarve-portugal-beaches-map.jpg\">voir dans le map<\/a><\/li>\n<\/ol>\n<figure class=\"wp-block-image\"><img src=\"https:\/\/algarverealestate.com\/fr\/wp-content\/uploads\/2026\/01\/46-prainha-09.jpg\" width=\"1200\" height=\"800\" class=\"wp-image-6178\" alt=\"Plage de Prainha, Alvor \u00e0 Portim\u00e3o, Portugal\" srcset=\"https:\/\/algarverealestate.com\/fr\/wp-content\/uploads\/2026\/01\/46-prainha-09-125x83.jpg 125w, https:\/\/algarverealestate.com\/fr\/wp-content\/uploads\/2026\/01\/46-prainha-09-150x150.jpg 150w, https:\/\/algarverealestate.com\/fr\/wp-content\/uploads\/2026\/01\/46-prainha-09-300x200.jpg 300w, https:\/\/algarverealestate.com\/fr\/wp-content\/uploads\/2026\/01\/46-prainha-09-375x250.jpg 375w, https:\/\/algarverealestate.com\/fr\/wp-content\/uploads\/2026\/01\/46-prainha-09-1200x800.jpg 1200w\" sizes=\"(max-width: 1200px) 100vw, 1200px\" loading=\"lazy\" decoding=\"async\"><figcaption>Plage de Prainha, Alvor \u00e0 Portim\u00e3o, Portugal<\/figcaption><\/figure>\n<ol start=\"46\">\n<li><a href=\"https:\/\/algarverealestate.com\/property\/algarve-portugal-beaches-map.jpg\">voir dans le map<\/a><\/li>\n<\/ol>\n<figure class=\"wp-block-image\"><img src=\"https:\/\/algarverealestate.com\/fr\/wp-content\/uploads\/2026\/01\/46-prainha-10-1.jpg\" width=\"1200\" height=\"800\" class=\"wp-image-5463\" alt=\"Plage de Prainha, Alvor \u00e0 Portim\u00e3o, Portugal\" srcset=\"https:\/\/algarverealestate.com\/fr\/wp-content\/uploads\/2026\/01\/46-prainha-10-1-125x83.jpg 125w, https:\/\/algarverealestate.com\/fr\/wp-content\/uploads\/2026\/01\/46-prainha-10-1-150x150.jpg 150w, https:\/\/algarverealestate.com\/fr\/wp-content\/uploads\/2026\/01\/46-prainha-10-1-300x200.jpg 300w, https:\/\/algarverealestate.com\/fr\/wp-content\/uploads\/2026\/01\/46-prainha-10-1-375x250.jpg 375w, https:\/\/algarverealestate.com\/fr\/wp-content\/uploads\/2026\/01\/46-prainha-10-1-1200x800.jpg 1200w\" sizes=\"(max-width: 1200px) 100vw, 1200px\" loading=\"lazy\" decoding=\"async\"><figcaption>Plage de Prainha, Alvor \u00e0 Portim\u00e3o, Portugal<\/figcaption><\/figure>\n<ol start=\"46\">\n<li><a href=\"https:\/\/algarverealestate.com\/property\/algarve-portugal-beaches-map.jpg\">voir dans le map<\/a><\/li>\n<\/ol>\n<figure class=\"wp-block-image\"><img src=\"https:\/\/algarverealestate.com\/fr\/wp-content\/uploads\/2026\/01\/46-prainha-11-1.jpg\" width=\"1200\" height=\"800\" class=\"wp-image-5464\" alt=\"Plage de Prainha, Alvor \u00e0 Portim\u00e3o, Portugal\" srcset=\"https:\/\/algarverealestate.com\/fr\/wp-content\/uploads\/2026\/01\/46-prainha-11-1-125x83.jpg 125w, https:\/\/algarverealestate.com\/fr\/wp-content\/uploads\/2026\/01\/46-prainha-11-1-150x150.jpg 150w, https:\/\/algarverealestate.com\/fr\/wp-content\/uploads\/2026\/01\/46-prainha-11-1-300x200.jpg 300w, https:\/\/algarverealestate.com\/fr\/wp-content\/uploads\/2026\/01\/46-prainha-11-1-375x250.jpg 375w, https:\/\/algarverealestate.com\/fr\/wp-content\/uploads\/2026\/01\/46-prainha-11-1-1200x800.jpg 1200w\" sizes=\"(max-width: 1200px) 100vw, 1200px\" loading=\"lazy\" decoding=\"async\"><figcaption>Plage de Prainha, Alvor \u00e0 Portim\u00e3o, Portugal<\/figcaption><\/figure>\n<ol start=\"46\">\n<li><a href=\"https:\/\/algarverealestate.com\/property\/algarve-portugal-beaches-map.jpg\">voir dans le map<\/a><\/li>\n<\/ol>\n<figure class=\"wp-block-image\"><img src=\"https:\/\/algarverealestate.com\/fr\/wp-content\/uploads\/2026\/01\/46-prainha-12-1.jpg\" width=\"1200\" height=\"900\" class=\"wp-image-5465\" alt=\"Plage de Prainha, Alvor \u00e0 Portim\u00e3o, Portugal\" srcset=\"https:\/\/algarverealestate.com\/fr\/wp-content\/uploads\/2026\/01\/46-prainha-12-1-125x83.jpg 125w, https:\/\/algarverealestate.com\/fr\/wp-content\/uploads\/2026\/01\/46-prainha-12-1-150x150.jpg 150w, https:\/\/algarverealestate.com\/fr\/wp-content\/uploads\/2026\/01\/46-prainha-12-1-300x225.jpg 300w, https:\/\/algarverealestate.com\/fr\/wp-content\/uploads\/2026\/01\/46-prainha-12-1-375x250.jpg 375w, https:\/\/algarverealestate.com\/fr\/wp-content\/uploads\/2026\/01\/46-prainha-12-1-1200x900.jpg 1200w\" sizes=\"(max-width: 1200px) 100vw, 1200px\" loading=\"lazy\" decoding=\"async\"><figcaption>Plage de Prainha, Alvor \u00e0 Portim\u00e3o, Portugal<\/figcaption><\/figure>\n","protected":false},"featured_media":6170,"parent":0,"menu_order":0,"template":"","meta":[],"class_list":["post-6256","algarve","type-algarve","status-publish","has-post-thumbnail","hentry"],"_links":{"self":[{"href":"https:\/\/algarverealestate.com\/fr\/wp-json\/wp\/v2\/algarve\/6256","targetHints":{"allow":["GET"]}}],"collection":[{"href":"https:\/\/algarverealestate.com\/fr\/wp-json\/wp\/v2\/algarve"}],"about":[{"href":"https:\/\/algarverealestate.com\/fr\/wp-json\/wp\/v2\/types\/algarve"}],"wp:featuredmedia":[{"embeddable":true,"href":"https:\/\/algarverealestate.com\/fr\/wp-json\/wp\/v2\/media\/6170"}],"wp:attachment":[{"href":"https:\/\/algarverealestate.com\/fr\/wp-json\/wp\/v2\/media?parent=6256"}],"curies":[{"name":"wp","href":"https:\/\/api.w.org\/{rel}","templated":true}]}}